{"id":1215,"date":"2024-12-26T23:14:08","date_gmt":"2024-12-26T22:14:08","guid":{"rendered":"https:\/\/www.rers-evry-bdd.fr\/?page_id=1215"},"modified":"2025-04-29T14:13:13","modified_gmt":"2025-04-29T12:13:13","slug":"nos-projets","status":"publish","type":"page","link":"https:\/\/www.rers-evry-bdd.fr\/index.php\/demandes-offres-savoirs-rers-centre-essonne\/nos-projets\/","title":{"rendered":"Nos projets"},"content":{"rendered":"\t\t<div data-elementor-type=\"wp-page\" data-elementor-id=\"1215\" class=\"elementor elementor-1215\" data-elementor-post-type=\"page\">\n\t\t\t\t<div class=\"elementor-element elementor-element-6cd36a0 e-flex e-con-boxed e-con e-parent\" data-id=\"6cd36a0\" data-element_type=\"container\" data-e-type=\"container\">\n\t\t\t\t\t<div class=\"e-con-inner\">\n\t\t<div class=\"elementor-element elementor-element-5398f4f e-con-full e-flex e-con e-child\" data-id=\"5398f4f\" data-element_type=\"container\" data-e-type=\"container\">\n\t\t\t\t<div class=\"elementor-element elementor-element-b29fa5e elementor-widget elementor-widget-image\" data-id=\"b29fa5e\" data-element_type=\"widget\" data-e-type=\"widget\" data-widget_type=\"image.default\">\n\t\t\t\t\t\t\t\t\t\t\t\t\t\t\t<img decoding=\"async\" src=\"https:\/\/www.rers-evry-bdd.fr\/wp-content\/uploads\/elementor\/thumbs\/ville_apprenante-qz3btgwpjzd9g46t85chxrtv8cwm4x27ojig0g6igc.jpeg\" title=\"ville_apprenante\" alt=\"ville_apprenante\" loading=\"lazy\" \/>\t\t\t\t\t\t\t\t\t\t\t\t\t\t\t<\/div>\n\t\t\t\t<\/div>\n\t\t<div class=\"elementor-element elementor-element-60fd8ab e-con-full e-flex e-con e-child\" data-id=\"60fd8ab\" data-element_type=\"container\" data-e-type=\"container\">\n\t\t\t\t<div class=\"elementor-element elementor-element-a9848cc elementor-widget elementor-widget-image\" data-id=\"a9848cc\" data-element_type=\"widget\" data-e-type=\"widget\" data-widget_type=\"image.default\">\n\t\t\t\t\t\t\t\t\t\t\t\t\t\t\t<img decoding=\"async\" src=\"https:\/\/www.rers-evry-bdd.fr\/wp-content\/uploads\/2024\/12\/ville_apprenante_unesco.jpg\" title=\"\" alt=\"\" loading=\"lazy\" \/>\t\t\t\t\t\t\t\t\t\t\t\t\t\t\t<\/div>\n\t\t\t\t<\/div>\n\t\t\t\t\t<\/div>\n\t\t\t\t<\/div>\n\t\t<div class=\"elementor-element elementor-element-523eefc2 e-flex e-con-boxed e-con e-parent\" data-id=\"523eefc2\" data-element_type=\"container\" data-e-type=\"container\">\n\t\t\t\t\t<div class=\"e-con-inner\">\n\t\t\t\t<div class=\"elementor-element elementor-element-9807839 elementor-widget elementor-widget-text-editor\" data-id=\"9807839\" data-element_type=\"widget\" data-e-type=\"widget\" data-widget_type=\"text-editor.default\">\n\t\t\t\t\t\t\t\t\t<h2 class=\"wp-block-heading\"><strong>2020 Naissance du projet<\/strong><\/h2>\n<p><strong>Le r\u00e9seau RERS d\u2019\u00c9vry Centre Essonne avec\u00a0<\/strong><strong>\u00c9vry-Courcouronnes, Ville Apprenante<\/strong><\/p>\n<p>Une Ville Apprenante, c\u2019est une ville qui mobilise toutes ses forces vives pour assurer \u00e0 ses habitants un apprentissage de qualit\u00e9 tout au long de la vie, de l\u2019\u00e9ducation de base \u00e0 l\u2019enseignement sup\u00e9rieur, sans oublier l\u2019\u00e9ducation informelle.<br \/>Cr\u00e9\u00e9 en 2012 et coordonn\u00e9 par l\u2019UNESCO le\u00a0<strong>r\u00e9seau international des Villes Apprenantes<\/strong>\u00a0compte aujourd\u2019hui pr\u00e8s de 356 villes membres dans 79 pays. Apr\u00e8s Clermont-Ferrand et Mantes-la-Jolie, \u00c9vry-Courcouronnes et Montpellier ont \u00e9t\u00e9 les 3e et 4e villes fran\u00e7aises \u00e0 \u00eatre labellis\u00e9es. Ce r\u00e9seau fournit aux villes membres l\u2019inspiration, le savoir-faire et les bonnes pratiques pour l\u2019apprentissage tout au long de la vie. Il vise \u00e0 stimuler le dialogue et les partenariats sur les politiques d\u2019apprentissage entre les villes, \u00e0 identifier les strat\u00e9gies efficaces et les bonnes pratiques, partager des id\u00e9es, \u00e9laborer des outils concrets au service du bien commun.<br \/>Nous sommes persuad\u00e9s que notre \u201cd\u00e9marche\u201d d\u2019<strong>\u00e9changes r\u00e9ciproques de savoirs<\/strong>\u00a0est une bonne fa\u00e7on d\u2019apprendre tout au long de la vie. Nous participons \u00e0 cette n\u00e9cessit\u00e9 port\u00e9e par la ville dans le cadre du projet de l\u2019UNESCO.<\/p>\n<p>Nous nous sommes r\u00e9unis une premi\u00e8re fois sur ce th\u00e8me le vendredi 26 juin 2020 avec Claire H\u00e9ber-Suffrin : d\u00e9couverte du projet, diff\u00e9rences avec le projet \u201cCit\u00e9 \u00c9ducative\u201d, comment apporter nos savoir-faire dans l\u2019apprentissage tout au long de la vie ? comment participer ?&#8230;<\/p>\n<p>\u00a0<\/p>\n<p><strong>Le samedi 19 septembre 2020 c\u2019\u00e9tait le lancement de la \u201cVille Apprenante\u201d \u00e0 \u00c9vry-Courcouronnes.<\/strong><br \/>Dans un premier temps, dans un amphi de l\u2019Universit\u00e9, le maire et le pr\u00e9fet de l\u2019Essonne ont pris la parole pour expliquer l\u2019importance qu\u2019ils accordent \u00e0 ce projet ainsi que tous les atouts qu\u2019avait la ville avec ses 35000 \u201c\u00e9tudiants\u201d. Puis une table ronde anim\u00e9e par Claire H\u00e9ber-Suffrin r\u00e9unissait le directeur du G\u00e9nop\u00f4le, une gardienne d\u2019immeuble, le directeur du th\u00e9\u00e2tre de l\u2019Agora, la responsable de l\u2019association Oser (Pr\u00e9vention, \u00e9ducateurs sp\u00e9cialis\u00e9s), le pr\u00e9sident de l\u2019universit\u00e9, tous acteurs de la formation, de l\u2019\u00e9ducation populaire et de l\u2019\u00e9ducation \u201cinformelle\u201d. Ils ont chacun parl\u00e9 de leur exp\u00e9rience de la formation tout au long de la vie, souhaitant des lieux de formation formelle ouverts et accessibles, insistant sur la n\u00e9cessit\u00e9 de faire de tous les lieux, de toutes les rencontres, des occasions d\u2019\u00e9ducation populaire de tous, par tous, pour tous. Les R\u00e9seaux d\u2019\u00c9changes R\u00e9ciproques de Savoirs\u00ae le savent bien : chacun est porteur de savoirs n\u00e9cessaires \u00e0 tous. Claire a conclu que ce projet de \u201cVille Apprenante\u201d o\u00f9 chaque institution, chaque structure, chaque association, chaque citoyen apporte ses savoirs et ses pratiques, \u00e9tait enthousiasmant.\u00a0 Nous partageons cet avis et participerons avec tous nos moyens.<\/p>\n<p>\u201cPasser de 35000 \u201c\u00e9tudiants\u201d \u00e0 70000 apprenants\u201d a donn\u00e9 comme objectif le maire dans sa conclusion. Dans un deuxi\u00e8me temps, sur la place des Droits de l\u2019Homme, il y a eu la pr\u00e9sentation du logo \u201cVille Apprenante\u201d. Puis s\u2019est tenu un Forum des Savoirs o\u00f9 plusieurs institutions et associations (dont le RERS \u00c9vry centre-Essonne) pr\u00e9sentaient leurs savoirs et savoir-faire.<br \/>C.T.<\/p>\n<p>En lire plus, acc\u00e9der \u00e0 la page \u00ab\u00a0<a href=\"https:\/\/www.rers-evry-bdd.fr\/wp-content\/uploads\/2024\/12\/ECMag2019nov_web.pdf\" target=\"_blank\" rel=\"noopener\">\u00c9VRY-COURCOURONNES, VILLE FRANCAISE LABELLIS\u00c9E VILLE APPRENANTE DE L&rsquo;UNESCO<\/a>\u00a0\u00bb\u00a0du site<strong>\u00a0<a href=\"http:\/\/www.evrycourcouronnes.fr\/\" target=\"_blank\" rel=\"noopener\">www.evrycourcouronnes.fr<\/a><\/strong><\/p>\n<!-- \/wp:paragraph --><!-- wp:image {\"id\":161} -->\n<p>\u00a0<\/p>\n<!-- \/wp:paragraph -->\t\t\t\t\t\t\t\t<\/div>\n\t\t\t\t\t<\/div>\n\t\t\t\t<\/div>\n\t\t\t\t<\/div>\n\t\t","protected":false},"excerpt":{"rendered":"<p>2020 Naissance du projet Le r\u00e9seau RERS d\u2019\u00c9vry Centre Essonne avec\u00a0\u00c9vry-Courcouronnes, Ville Apprenante Une Ville Apprenante, c\u2019est une ville qui mobilise toutes ses forces vives pour assurer \u00e0 ses habitants [&hellip;]<\/p>\n","protected":false},"author":1,"featured_media":0,"parent":26,"menu_order":15,"comment_status":"closed","ping_status":"closed","template":"elementor_theme","meta":{"_acf_changed":false,"_uag_custom_page_level_css":"","site-sidebar-layout":"default","site-content-layout":"","ast-site-content-layout":"default","site-content-style":"default","site-sidebar-style":"default","ast-global-header-display":"","ast-banner-title-visibility":"","ast-main-header-display":"","ast-hfb-above-header-display":"","ast-hfb-below-header-display":"","ast-hfb-mobile-header-display":"","site-post-title":"","ast-breadcrumbs-content":"","ast-featured-img":"","footer-sml-layout":"","ast-disable-related-posts":"","theme-transparent-header-meta":"","adv-header-id-meta":"","stick-header-meta":"","header-above-stick-meta":"","header-main-stick-meta":"","header-below-stick-meta":"","astra-migrate-meta-layouts":"default","ast-page-background-enabled":"default","ast-page-background-meta":{"desktop":{"background-color":"var(--ast-global-color-5)","background-image":"","background-repeat":"repeat","background-position":"center center","background-size":"auto","background-attachment":"scroll","background-type":"","background-media":"","overlay-type":"","overlay-color":"","overlay-opacity":"","overlay-gradient":""},"tablet":{"background-color":"","background-image":"","background-repeat":"repeat","background-position":"center center","background-size":"auto","background-attachment":"scroll","background-type":"","background-media":"","overlay-type":"","overlay-color":"","overlay-opacity":"","overlay-gradient":""},"mobile":{"background-color":"","background-image":"","background-repeat":"repeat","background-position":"center center","background-size":"auto","background-attachment":"scroll","background-type":"","background-media":"","overlay-type":"","overlay-color":"","overlay-opacity":"","overlay-gradient":""}},"ast-content-background-meta":{"desktop":{"background-color":"var(--ast-global-color-4)","background-image":"","background-repeat":"repeat","background-position":"center center","background-size":"auto","background-attachment":"scroll","background-type":"","background-media":"","overlay-type":"","overlay-color":"","overlay-opacity":"","overlay-gradient":""},"tablet":{"background-color":"var(--ast-global-color-4)","background-image":"","background-repeat":"repeat","background-position":"center center","background-size":"auto","background-attachment":"scroll","background-type":"","background-media":"","overlay-type":"","overlay-color":"","overlay-opacity":"","overlay-gradient":""},"mobile":{"background-color":"var(--ast-global-color-4)","background-image":"","background-repeat":"repeat","background-position":"center center","background-size":"auto","background-attachment":"scroll","background-type":"","background-media":"","overlay-type":"","overlay-color":"","overlay-opacity":"","overlay-gradient":""}},"_EventAllDay":false,"_EventTimezone":"","_EventStartDate":"","_EventEndDate":"","_EventStartDateUTC":"","_EventEndDateUTC":"","_EventShowMap":false,"_EventShowMapLink":false,"_EventURL":"","_EventCost":"","_EventCostDescription":"","_EventCurrencySymbol":"","_EventCurrencyCode":"","_EventCurrencyPosition":"","_EventDateTimeSeparator":"","_EventTimeRangeSeparator":"","_EventOrganizerID":[],"_EventVenueID":[],"_OrganizerEmail":"","_OrganizerPhone":"","_OrganizerWebsite":"","_VenueAddress":"","_VenueCity":"","_VenueCountry":"","_VenueProvince":"","_VenueState":"","_VenueZip":"","_VenuePhone":"","_VenueURL":"","_VenueStateProvince":"","_VenueLat":"","_VenueLng":"","_VenueShowMap":false,"_VenueShowMapLink":false,"footnotes":""},"class_list":["post-1215","page","type-page","status-publish","hentry"],"acf":[],"uagb_featured_image_src":{"full":false,"thumbnail":false,"medium":false,"medium_large":false,"large":false,"1536x1536":false,"2048x2048":false},"uagb_author_info":{"display_name":"fbred","author_link":"https:\/\/www.rers-evry-bdd.fr\/author\/fbred\/"},"uagb_comment_info":0,"uagb_excerpt":"2020 Naissance du projet Le r\u00e9seau RERS d\u2019\u00c9vry Centre Essonne avec\u00a0\u00c9vry-Courcouronnes, Ville Apprenante Une Ville Apprenante, c\u2019est une ville qui mobilise toutes ses forces vives pour assurer \u00e0 ses habitants [&hellip;]","_links":{"self":[{"href":"https:\/\/www.rers-evry-bdd.fr\/index.php\/wp-json\/wp\/v2\/pages\/1215","targetHints":{"allow":["GET"]}}],"collection":[{"href":"https:\/\/www.rers-evry-bdd.fr\/index.php\/wp-json\/wp\/v2\/pages"}],"about":[{"href":"https:\/\/www.rers-evry-bdd.fr\/index.php\/wp-json\/wp\/v2\/types\/page"}],"author":[{"embeddable":true,"href":"https:\/\/www.rers-evry-bdd.fr\/index.php\/wp-json\/wp\/v2\/users\/1"}],"replies":[{"embeddable":true,"href":"https:\/\/www.rers-evry-bdd.fr\/index.php\/wp-json\/wp\/v2\/comments?post=1215"}],"version-history":[{"count":34,"href":"https:\/\/www.rers-evry-bdd.fr\/index.php\/wp-json\/wp\/v2\/pages\/1215\/revisions"}],"predecessor-version":[{"id":6485,"href":"https:\/\/www.rers-evry-bdd.fr\/index.php\/wp-json\/wp\/v2\/pages\/1215\/revisions\/6485"}],"up":[{"embeddable":true,"href":"https:\/\/www.rers-evry-bdd.fr\/index.php\/wp-json\/wp\/v2\/pages\/26"}],"wp:attachment":[{"href":"https:\/\/www.rers-evry-bdd.fr\/index.php\/wp-json\/wp\/v2\/media?parent=1215"}],"curies":[{"name":"wp","href":"https:\/\/api.w.org\/{rel}","templated":true}]}}