{"id":20,"date":"2018-10-15T02:33:31","date_gmt":"2018-10-15T00:33:31","guid":{"rendered":"https:\/\/www.rers-evry-bdd.fr\/index.php\/ou-nous-trouver\/"},"modified":"2026-04-10T19:27:31","modified_gmt":"2026-04-10T17:27:31","slug":"ou-nous-rencontrer-rers-centre-essonne","status":"publish","type":"page","link":"https:\/\/www.rers-evry-bdd.fr\/index.php\/ou-nous-rencontrer-rers-centre-essonne\/","title":{"rendered":"O\u00f9 nous trouver ?"},"content":{"rendered":"\t\t<div data-elementor-type=\"wp-page\" data-elementor-id=\"20\" class=\"elementor elementor-20\" data-elementor-post-type=\"page\">\n\t\t\t\t<div class=\"elementor-element elementor-element-306bf9ad e-flex e-con-boxed e-con e-parent\" data-id=\"306bf9ad\" data-element_type=\"container\" data-e-type=\"container\">\n\t\t\t\t\t<div class=\"e-con-inner\">\n\t\t\t\t<div class=\"elementor-element elementor-element-24447ff2 elementor-widget elementor-widget-theme-site-logo elementor-widget-image\" data-id=\"24447ff2\" data-element_type=\"widget\" data-e-type=\"widget\" data-widget_type=\"theme-site-logo.default\">\n\t\t\t\t\t\t\t\t\t\t\t<a href=\"https:\/\/www.rers-evry-bdd.fr\">\n\t\t\t<img fetchpriority=\"high\" decoding=\"async\" width=\"1270\" height=\"270\" src=\"https:\/\/www.rers-evry-bdd.fr\/wp-content\/uploads\/2025\/02\/bandeau_offres_demandes_texte.webp\" class=\"attachment-full size-full wp-image-2789\" alt=\"\" srcset=\"https:\/\/www.rers-evry-bdd.fr\/wp-content\/uploads\/2025\/02\/bandeau_offres_demandes_texte.webp 1270w, https:\/\/www.rers-evry-bdd.fr\/wp-content\/uploads\/2025\/02\/bandeau_offres_demandes_texte-300x64.webp 300w, https:\/\/www.rers-evry-bdd.fr\/wp-content\/uploads\/2025\/02\/bandeau_offres_demandes_texte-1024x218.webp 1024w, https:\/\/www.rers-evry-bdd.fr\/wp-content\/uploads\/2025\/02\/bandeau_offres_demandes_texte-768x163.webp 768w\" sizes=\"(max-width: 1270px) 100vw, 1270px\" \/>\t\t\t\t<\/a>\n\t\t\t\t\t\t\t\t\t\t\t<\/div>\n\t\t\t\t<div class=\"elementor-element elementor-element-26c91fd0 elementor-nav-menu__align-start elementor-nav-menu--dropdown-mobile elementor-nav-menu__text-align-aside elementor-widget elementor-widget-nav-menu\" data-id=\"26c91fd0\" data-element_type=\"widget\" data-e-type=\"widget\" data-settings=\"{&quot;submenu_icon&quot;:{&quot;value&quot;:&quot;&lt;svg aria-hidden=\\&quot;true\\&quot; class=\\&quot;fa-svg-chevron-down e-font-icon-svg e-fas-chevron-down\\&quot; viewBox=\\&quot;0 0 448 512\\&quot; xmlns=\\&quot;http:\\\/\\\/www.w3.org\\\/2000\\\/svg\\&quot;&gt;&lt;path d=\\&quot;M207.029 381.476L12.686 187.132c-9.373-9.373-9.373-24.569 0-33.941l22.667-22.667c9.357-9.357 24.522-9.375 33.901-.04L224 284.505l154.745-154.021c9.379-9.335 24.544-9.317 33.901.04l22.667 22.667c9.373 9.373 9.373 24.569 0 33.941L240.971 381.476c-9.373 9.372-24.569 9.372-33.942 0z\\&quot;&gt;&lt;\\\/path&gt;&lt;\\\/svg&gt;&quot;,&quot;library&quot;:&quot;fa-solid&quot;},&quot;layout&quot;:&quot;horizontal&quot;}\" data-widget_type=\"nav-menu.default\">\n\t\t\t\t\t\t\t\t<nav aria-label=\"Menu\" class=\"elementor-nav-menu--main elementor-nav-menu__container elementor-nav-menu--layout-horizontal e--pointer-none\">\n\t\t\t\t<ul id=\"menu-1-26c91fd0\" class=\"elementor-nav-menu\"><li class=\"menu-item menu-item-type-post_type menu-item-object-page menu-item-home menu-item-6054\"><a href=\"https:\/\/www.rers-evry-bdd.fr\/\" class=\"elementor-item menu-link\">Accueil<\/a><\/li>\n<li class=\"menu-item menu-item-type-post_type menu-item-object-page menu-item-has-children menu-item-3654\"><a aria-expanded=\"false\" href=\"https:\/\/www.rers-evry-bdd.fr\/index.php\/qui-sommes-nous\/\" class=\"elementor-item menu-link\">Qui sommes-nous ?<span role=\"button\" class=\"dropdown-menu-toggle ast-header-navigation-arrow\" tabindex=\"0\" aria-expanded=\"false\" aria-label=\"Permutateur de Menu\" aria-haspopup=\"true\"><\/span><\/a>\n<ul class=\"sub-menu elementor-nav-menu--dropdown\">\n\t<li class=\"menu-item menu-item-type-post_type menu-item-object-page menu-item-2562\"><a href=\"https:\/\/www.rers-evry-bdd.fr\/index.php\/nos-valeurs-rers\/\" class=\"elementor-sub-item menu-link\">Nos valeurs<\/a><\/li>\n\t<li class=\"menu-item menu-item-type-post_type menu-item-object-page menu-item-2563\"><a href=\"https:\/\/www.rers-evry-bdd.fr\/index.php\/charte-rers-centre-essonne\/\" class=\"elementor-sub-item menu-link\">Charte des RERS<\/a><\/li>\n\t<li class=\"menu-item menu-item-type-post_type menu-item-object-page menu-item-2564\"><a href=\"https:\/\/www.rers-evry-bdd.fr\/index.php\/presentation-des-equipes\/\" class=\"elementor-sub-item menu-link\">L\u2019association et son organisation<\/a><\/li>\n\t<li class=\"menu-item menu-item-type-post_type menu-item-object-page menu-item-has-children menu-item-3788\"><a aria-expanded=\"false\" href=\"https:\/\/www.rers-evry-bdd.fr\/index.php\/communication\/\" class=\"elementor-sub-item menu-link\">La communication<span role=\"button\" class=\"dropdown-menu-toggle ast-header-navigation-arrow\" tabindex=\"0\" aria-expanded=\"false\" aria-label=\"Permutateur de Menu\" aria-haspopup=\"true\"><\/span><\/a>\n\t<ul class=\"sub-menu elementor-nav-menu--dropdown\">\n\t\t<li class=\"menu-item menu-item-type-post_type menu-item-object-page menu-item-2572\"><a href=\"https:\/\/www.rers-evry-bdd.fr\/index.php\/communication\/lettres-du-rers\/\" class=\"elementor-sub-item menu-link\">Les Lettres RERS<\/a><\/li>\n\t\t<li class=\"menu-item menu-item-type-post_type menu-item-object-page menu-item-2550\"><a href=\"https:\/\/www.rers-evry-bdd.fr\/index.php\/communication\/lir-lien-inter-rers\/\" class=\"elementor-sub-item menu-link\">LIR Lien Inter RERS<\/a><\/li>\n\t<\/ul>\n<\/li>\n\t<li class=\"menu-item menu-item-type-post_type menu-item-object-page menu-item-2565\"><a href=\"https:\/\/www.rers-evry-bdd.fr\/index.php\/partenaires-rers-centre-essonne\/\" class=\"elementor-sub-item menu-link\">Nos Partenaires<\/a><\/li>\n\t<li class=\"menu-item menu-item-type-post_type menu-item-object-page menu-item-has-children menu-item-4585\"><a aria-expanded=\"false\" href=\"https:\/\/www.rers-evry-bdd.fr\/index.php\/foresco-le-mouvement-des-rers\/\" class=\"elementor-sub-item menu-link\">FORESCO le Mouvement des RERS<span role=\"button\" class=\"dropdown-menu-toggle ast-header-navigation-arrow\" tabindex=\"0\" aria-expanded=\"false\" aria-label=\"Permutateur de Menu\" aria-haspopup=\"true\"><\/span><\/a>\n\t<ul class=\"sub-menu elementor-nav-menu--dropdown\">\n\t\t<li class=\"menu-item menu-item-type-post_type menu-item-object-page menu-item-8214\"><a href=\"https:\/\/www.rers-evry-bdd.fr\/index.php\/notre-histoire-nos-histoires-dans-le-reseau\/\" class=\"elementor-sub-item menu-link\">Fresque \u2013 Histoire des R\u00e9seaux<\/a><\/li>\n\t\t<li class=\"menu-item menu-item-type-post_type menu-item-object-page menu-item-4809\"><a href=\"https:\/\/www.rers-evry-bdd.fr\/index.php\/rencontres-automne-reseaux-des-rers\/\" class=\"elementor-sub-item menu-link\">Les Rencontres d\u2019automne<\/a><\/li>\n\t\t<li class=\"menu-item menu-item-type-post_type menu-item-object-page menu-item-3811\"><a href=\"https:\/\/www.rers-evry-bdd.fr\/index.php\/notre-histoire\/les-ags-de-foresco\/\" class=\"elementor-sub-item menu-link\">Les AGs de FORESCO<\/a><\/li>\n\t<\/ul>\n<\/li>\n\t<li class=\"menu-item menu-item-type-post_type menu-item-object-page menu-item-has-children menu-item-2566\"><a aria-expanded=\"false\" href=\"https:\/\/www.rers-evry-bdd.fr\/index.php\/notre-histoire\/\" class=\"elementor-sub-item menu-link\">Notre histoire<span role=\"button\" class=\"dropdown-menu-toggle ast-header-navigation-arrow\" tabindex=\"0\" aria-expanded=\"false\" aria-label=\"Permutateur de Menu\" aria-haspopup=\"true\"><\/span><\/a>\n\t<ul class=\"sub-menu elementor-nav-menu--dropdown\">\n\t\t<li class=\"menu-item menu-item-type-post_type menu-item-object-page menu-item-7936\"><a href=\"https:\/\/www.rers-evry-bdd.fr\/index.php\/notre-histoire-nos-histoires-dans-le-reseau\/\" class=\"elementor-sub-item menu-link\">Fresque \u2013 Histoire des R\u00e9seaux<\/a><\/li>\n\t\t<li class=\"menu-item menu-item-type-post_type menu-item-object-page menu-item-7692\"><a href=\"https:\/\/www.rers-evry-bdd.fr\/index.php\/qui-sommes-nous\/fete-des-45-ans\/\" class=\"elementor-sub-item menu-link\">F\u00eate des 45 ans<\/a><\/li>\n\t\t<li class=\"menu-item menu-item-type-post_type menu-item-object-page menu-item-2611\"><a href=\"https:\/\/www.rers-evry-bdd.fr\/index.php\/page-en-construction-2\/\" class=\"elementor-sub-item menu-link\">F\u00eate des 50 de FORESCO<\/a><\/li>\n\t<\/ul>\n<\/li>\n<\/ul>\n<\/li>\n<li class=\"menu-item menu-item-type-post_type menu-item-object-page menu-item-has-children menu-item-4611\"><a aria-expanded=\"false\" href=\"https:\/\/www.rers-evry-bdd.fr\/index.php\/demandes-offres-savoirs-rers-centre-essonne\/echanges-de-savoirs-evry-essonne\/\" class=\"elementor-item menu-link\">\u00c9changes de Savoirs<span role=\"button\" class=\"dropdown-menu-toggle ast-header-navigation-arrow\" tabindex=\"0\" aria-expanded=\"false\" aria-label=\"Permutateur de Menu\" aria-haspopup=\"true\"><\/span><\/a>\n<ul class=\"sub-menu elementor-nav-menu--dropdown\">\n\t<li class=\"menu-item menu-item-type-post_type menu-item-object-page menu-item-2568\"><a href=\"https:\/\/www.rers-evry-bdd.fr\/index.php\/demandes-offres-savoirs-rers-centre-essonne\/ca-se-passe-comment\/\" class=\"elementor-sub-item menu-link\">\u00c7a se passe comment ?<\/a><\/li>\n\t<li class=\"menu-item menu-item-type-post_type menu-item-object-page menu-item-2567\"><a href=\"https:\/\/www.rers-evry-bdd.fr\/index.php\/demandes-offres-savoirs-rers-centre-essonne\/\" class=\"elementor-sub-item menu-link\">Demandes\/Offres en attente\u2026<\/a><\/li>\n\t<li class=\"menu-item menu-item-type-post_type menu-item-object-page menu-item-has-children menu-item-2974\"><a aria-expanded=\"false\" href=\"https:\/\/www.rers-evry-bdd.fr\/index.php\/demandes-offres-savoirs-rers-centre-essonne\/echanges-collectifs-en-cours\/\" class=\"elementor-sub-item menu-link\">\u00c9changes collectifs de savoirs en cours<span role=\"button\" class=\"dropdown-menu-toggle ast-header-navigation-arrow\" tabindex=\"0\" aria-expanded=\"false\" aria-label=\"Permutateur de Menu\" aria-haspopup=\"true\"><\/span><\/a>\n\t<ul class=\"sub-menu elementor-nav-menu--dropdown\">\n\t\t<li class=\"menu-item menu-item-type-post_type menu-item-object-page menu-item-2569\"><a href=\"https:\/\/www.rers-evry-bdd.fr\/index.php\/demandes-offres-savoirs-rers-centre-essonne\/clas-rers-centre-essonne\/\" class=\"elementor-sub-item menu-link\">CLAS : les \u00e9changes de savoirs dans l\u2019accompagnement \u00e0 la scolarit\u00e9<\/a><\/li>\n\t\t<li class=\"menu-item menu-item-type-post_type menu-item-object-page menu-item-4949\"><a href=\"https:\/\/www.rers-evry-bdd.fr\/index.php\/demandes-offres-savoirs-rers-centre-essonne\/echanges-vacances-rers-centre-essonne\/\" class=\"elementor-sub-item menu-link\">Les \u00e9changes Vacances<\/a><\/li>\n\t\t<li class=\"menu-item menu-item-type-post_type menu-item-object-page menu-item-2578\"><a href=\"https:\/\/www.rers-evry-bdd.fr\/index.php\/demandes-offres-savoirs-rers-centre-essonne\/jardin-en-partage-rers-centre-essonne\/elementor-page-913\/\" class=\"elementor-sub-item menu-link\">Jardin en Partage<\/a><\/li>\n\t\t<li class=\"menu-item menu-item-type-post_type menu-item-object-page menu-item-3061\"><a href=\"https:\/\/www.rers-evry-bdd.fr\/index.php\/demandes-offres-savoirs-rers-centre-essonne\/echanges-collectifs-en-cours\/parlons-laicite\/\" class=\"elementor-sub-item menu-link\">Parlons La\u00efcit\u00e9<\/a><\/li>\n\t<\/ul>\n<\/li>\n\t<li class=\"menu-item menu-item-type-post_type menu-item-object-page menu-item-4596\"><a href=\"https:\/\/www.rers-evry-bdd.fr\/index.php\/page-en-construction-2\/exemple-echanges-de-savoirs-thesaurus\/\" class=\"elementor-sub-item menu-link\">Exemples d\u2019\u00e9changes de savoirs \u2013 th\u00e9saurus<\/a><\/li>\n<\/ul>\n<\/li>\n<li class=\"menu-item menu-item-type-post_type menu-item-object-page menu-item-has-children menu-item-4553\"><a aria-expanded=\"false\" href=\"https:\/\/www.rers-evry-bdd.fr\/index.php\/nos-projets\/\" class=\"elementor-item menu-link\">Nos projets<span role=\"button\" class=\"dropdown-menu-toggle ast-header-navigation-arrow\" tabindex=\"0\" aria-expanded=\"false\" aria-label=\"Permutateur de Menu\" aria-haspopup=\"true\"><\/span><\/a>\n<ul class=\"sub-menu elementor-nav-menu--dropdown\">\n\t<li class=\"menu-item menu-item-type-post_type menu-item-object-page menu-item-5020\"><a href=\"https:\/\/www.rers-evry-bdd.fr\/index.php\/projets-annee-rers-centre-essonne\/\" class=\"elementor-sub-item menu-link\">Les projets de l\u2019ann\u00e9e<\/a><\/li>\n\t<li class=\"menu-item menu-item-type-post_type menu-item-object-page menu-item-2577\"><a href=\"https:\/\/www.rers-evry-bdd.fr\/index.php\/clas-au-rers\/\" class=\"elementor-sub-item menu-link\">CLAS au RERS<\/a><\/li>\n\t<li class=\"menu-item menu-item-type-post_type menu-item-object-page menu-item-2570\"><a href=\"https:\/\/www.rers-evry-bdd.fr\/index.php\/demandes-offres-savoirs-rers-centre-essonne\/jardin-en-partage-rers-centre-essonne\/\" class=\"elementor-sub-item menu-link\">Jardin en Partage<\/a><\/li>\n\t<li class=\"menu-item menu-item-type-post_type menu-item-object-page menu-item-2554\"><a href=\"https:\/\/www.rers-evry-bdd.fr\/index.php\/ville-apprenante-evry-courcouronnes\/\" class=\"elementor-sub-item menu-link\">Avec \u00c9vry-Courcouronnes \u2013 Ville Apprenante<\/a><\/li>\n<\/ul>\n<\/li>\n<li class=\"menu-item menu-item-type-post_type menu-item-object-page menu-item-has-children menu-item-2555\"><a aria-expanded=\"false\" href=\"https:\/\/www.rers-evry-bdd.fr\/index.php\/demandes-offres-savoirs-rers-centre-essonne\/echanges-collectifs-en-cours\/formations-reciproques-rers\/\" class=\"elementor-item menu-link\">Nos formations<span role=\"button\" class=\"dropdown-menu-toggle ast-header-navigation-arrow\" tabindex=\"0\" aria-expanded=\"false\" aria-label=\"Permutateur de Menu\" aria-haspopup=\"true\"><\/span><\/a>\n<ul class=\"sub-menu elementor-nav-menu--dropdown\">\n\t<li class=\"menu-item menu-item-type-post_type menu-item-object-page menu-item-4491\"><a href=\"https:\/\/www.rers-evry-bdd.fr\/index.php\/co-formation-interne\/\" class=\"elementor-sub-item menu-link\">Co-formation interne<\/a><\/li>\n\t<li class=\"menu-item menu-item-type-post_type menu-item-object-page menu-item-4496\"><a href=\"https:\/\/www.rers-evry-bdd.fr\/index.php\/formations-foresco\/\" class=\"elementor-sub-item menu-link\">Formations FORESCO<\/a><\/li>\n<\/ul>\n<\/li>\n<li class=\"menu-item menu-item-type-post_type menu-item-object-page menu-item-2556\"><a href=\"https:\/\/www.rers-evry-bdd.fr\/index.php\/ou-nous-rencontrer-rers-centre-essonne\/\" class=\"elementor-item menu-link\">O\u00f9 nous trouver ?<\/a><\/li>\n<li class=\"menu-item menu-item-type-post_type menu-item-object-page menu-item-4454\"><a href=\"https:\/\/www.rers-evry-bdd.fr\/index.php\/ou-nous-rencontrer-rers-centre-essonne\/contacter-rers-evry-essonne\/\" class=\"elementor-item menu-link\">Nous contacter<\/a><\/li>\n<\/ul>\t\t\t<\/nav>\n\t\t\t\t\t\t<nav class=\"elementor-nav-menu--dropdown elementor-nav-menu__container\" aria-hidden=\"true\">\n\t\t\t\t<ul id=\"menu-2-26c91fd0\" class=\"elementor-nav-menu\"><li class=\"menu-item menu-item-type-post_type menu-item-object-page menu-item-home menu-item-6054\"><a href=\"https:\/\/www.rers-evry-bdd.fr\/\" class=\"elementor-item menu-link\" tabindex=\"-1\">Accueil<\/a><\/li>\n<li class=\"menu-item menu-item-type-post_type menu-item-object-page menu-item-has-children menu-item-3654\"><a aria-expanded=\"false\" href=\"https:\/\/www.rers-evry-bdd.fr\/index.php\/qui-sommes-nous\/\" class=\"elementor-item menu-link\" tabindex=\"-1\">Qui sommes-nous ?<span role=\"button\" class=\"dropdown-menu-toggle ast-header-navigation-arrow\" tabindex=\"0\" aria-expanded=\"false\" aria-label=\"Permutateur de Menu\" aria-haspopup=\"true\"><\/span><\/a>\n<ul class=\"sub-menu elementor-nav-menu--dropdown\">\n\t<li class=\"menu-item menu-item-type-post_type menu-item-object-page menu-item-2562\"><a href=\"https:\/\/www.rers-evry-bdd.fr\/index.php\/nos-valeurs-rers\/\" class=\"elementor-sub-item menu-link\" tabindex=\"-1\">Nos valeurs<\/a><\/li>\n\t<li class=\"menu-item menu-item-type-post_type menu-item-object-page menu-item-2563\"><a href=\"https:\/\/www.rers-evry-bdd.fr\/index.php\/charte-rers-centre-essonne\/\" class=\"elementor-sub-item menu-link\" tabindex=\"-1\">Charte des RERS<\/a><\/li>\n\t<li class=\"menu-item menu-item-type-post_type menu-item-object-page menu-item-2564\"><a href=\"https:\/\/www.rers-evry-bdd.fr\/index.php\/presentation-des-equipes\/\" class=\"elementor-sub-item menu-link\" tabindex=\"-1\">L\u2019association et son organisation<\/a><\/li>\n\t<li class=\"menu-item menu-item-type-post_type menu-item-object-page menu-item-has-children menu-item-3788\"><a aria-expanded=\"false\" href=\"https:\/\/www.rers-evry-bdd.fr\/index.php\/communication\/\" class=\"elementor-sub-item menu-link\" tabindex=\"-1\">La communication<span role=\"button\" class=\"dropdown-menu-toggle ast-header-navigation-arrow\" tabindex=\"0\" aria-expanded=\"false\" aria-label=\"Permutateur de Menu\" aria-haspopup=\"true\"><\/span><\/a>\n\t<ul class=\"sub-menu elementor-nav-menu--dropdown\">\n\t\t<li class=\"menu-item menu-item-type-post_type menu-item-object-page menu-item-2572\"><a href=\"https:\/\/www.rers-evry-bdd.fr\/index.php\/communication\/lettres-du-rers\/\" class=\"elementor-sub-item menu-link\" tabindex=\"-1\">Les Lettres RERS<\/a><\/li>\n\t\t<li class=\"menu-item menu-item-type-post_type menu-item-object-page menu-item-2550\"><a href=\"https:\/\/www.rers-evry-bdd.fr\/index.php\/communication\/lir-lien-inter-rers\/\" class=\"elementor-sub-item menu-link\" tabindex=\"-1\">LIR Lien Inter RERS<\/a><\/li>\n\t<\/ul>\n<\/li>\n\t<li class=\"menu-item menu-item-type-post_type menu-item-object-page menu-item-2565\"><a href=\"https:\/\/www.rers-evry-bdd.fr\/index.php\/partenaires-rers-centre-essonne\/\" class=\"elementor-sub-item menu-link\" tabindex=\"-1\">Nos Partenaires<\/a><\/li>\n\t<li class=\"menu-item menu-item-type-post_type menu-item-object-page menu-item-has-children menu-item-4585\"><a aria-expanded=\"false\" href=\"https:\/\/www.rers-evry-bdd.fr\/index.php\/foresco-le-mouvement-des-rers\/\" class=\"elementor-sub-item menu-link\" tabindex=\"-1\">FORESCO le Mouvement des RERS<span role=\"button\" class=\"dropdown-menu-toggle ast-header-navigation-arrow\" tabindex=\"0\" aria-expanded=\"false\" aria-label=\"Permutateur de Menu\" aria-haspopup=\"true\"><\/span><\/a>\n\t<ul class=\"sub-menu elementor-nav-menu--dropdown\">\n\t\t<li class=\"menu-item menu-item-type-post_type menu-item-object-page menu-item-8214\"><a href=\"https:\/\/www.rers-evry-bdd.fr\/index.php\/notre-histoire-nos-histoires-dans-le-reseau\/\" class=\"elementor-sub-item menu-link\" tabindex=\"-1\">Fresque \u2013 Histoire des R\u00e9seaux<\/a><\/li>\n\t\t<li class=\"menu-item menu-item-type-post_type menu-item-object-page menu-item-4809\"><a href=\"https:\/\/www.rers-evry-bdd.fr\/index.php\/rencontres-automne-reseaux-des-rers\/\" class=\"elementor-sub-item menu-link\" tabindex=\"-1\">Les Rencontres d\u2019automne<\/a><\/li>\n\t\t<li class=\"menu-item menu-item-type-post_type menu-item-object-page menu-item-3811\"><a href=\"https:\/\/www.rers-evry-bdd.fr\/index.php\/notre-histoire\/les-ags-de-foresco\/\" class=\"elementor-sub-item menu-link\" tabindex=\"-1\">Les AGs de FORESCO<\/a><\/li>\n\t<\/ul>\n<\/li>\n\t<li class=\"menu-item menu-item-type-post_type menu-item-object-page menu-item-has-children menu-item-2566\"><a aria-expanded=\"false\" href=\"https:\/\/www.rers-evry-bdd.fr\/index.php\/notre-histoire\/\" class=\"elementor-sub-item menu-link\" tabindex=\"-1\">Notre histoire<span role=\"button\" class=\"dropdown-menu-toggle ast-header-navigation-arrow\" tabindex=\"0\" aria-expanded=\"false\" aria-label=\"Permutateur de Menu\" aria-haspopup=\"true\"><\/span><\/a>\n\t<ul class=\"sub-menu elementor-nav-menu--dropdown\">\n\t\t<li class=\"menu-item menu-item-type-post_type menu-item-object-page menu-item-7936\"><a href=\"https:\/\/www.rers-evry-bdd.fr\/index.php\/notre-histoire-nos-histoires-dans-le-reseau\/\" class=\"elementor-sub-item menu-link\" tabindex=\"-1\">Fresque \u2013 Histoire des R\u00e9seaux<\/a><\/li>\n\t\t<li class=\"menu-item menu-item-type-post_type menu-item-object-page menu-item-7692\"><a href=\"https:\/\/www.rers-evry-bdd.fr\/index.php\/qui-sommes-nous\/fete-des-45-ans\/\" class=\"elementor-sub-item menu-link\" tabindex=\"-1\">F\u00eate des 45 ans<\/a><\/li>\n\t\t<li class=\"menu-item menu-item-type-post_type menu-item-object-page menu-item-2611\"><a href=\"https:\/\/www.rers-evry-bdd.fr\/index.php\/page-en-construction-2\/\" class=\"elementor-sub-item menu-link\" tabindex=\"-1\">F\u00eate des 50 de FORESCO<\/a><\/li>\n\t<\/ul>\n<\/li>\n<\/ul>\n<\/li>\n<li class=\"menu-item menu-item-type-post_type menu-item-object-page menu-item-has-children menu-item-4611\"><a aria-expanded=\"false\" href=\"https:\/\/www.rers-evry-bdd.fr\/index.php\/demandes-offres-savoirs-rers-centre-essonne\/echanges-de-savoirs-evry-essonne\/\" class=\"elementor-item menu-link\" tabindex=\"-1\">\u00c9changes de Savoirs<span role=\"button\" class=\"dropdown-menu-toggle ast-header-navigation-arrow\" tabindex=\"0\" aria-expanded=\"false\" aria-label=\"Permutateur de Menu\" aria-haspopup=\"true\"><\/span><\/a>\n<ul class=\"sub-menu elementor-nav-menu--dropdown\">\n\t<li class=\"menu-item menu-item-type-post_type menu-item-object-page menu-item-2568\"><a href=\"https:\/\/www.rers-evry-bdd.fr\/index.php\/demandes-offres-savoirs-rers-centre-essonne\/ca-se-passe-comment\/\" class=\"elementor-sub-item menu-link\" tabindex=\"-1\">\u00c7a se passe comment ?<\/a><\/li>\n\t<li class=\"menu-item menu-item-type-post_type menu-item-object-page menu-item-2567\"><a href=\"https:\/\/www.rers-evry-bdd.fr\/index.php\/demandes-offres-savoirs-rers-centre-essonne\/\" class=\"elementor-sub-item menu-link\" tabindex=\"-1\">Demandes\/Offres en attente\u2026<\/a><\/li>\n\t<li class=\"menu-item menu-item-type-post_type menu-item-object-page menu-item-has-children menu-item-2974\"><a aria-expanded=\"false\" href=\"https:\/\/www.rers-evry-bdd.fr\/index.php\/demandes-offres-savoirs-rers-centre-essonne\/echanges-collectifs-en-cours\/\" class=\"elementor-sub-item menu-link\" tabindex=\"-1\">\u00c9changes collectifs de savoirs en cours<span role=\"button\" class=\"dropdown-menu-toggle ast-header-navigation-arrow\" tabindex=\"0\" aria-expanded=\"false\" aria-label=\"Permutateur de Menu\" aria-haspopup=\"true\"><\/span><\/a>\n\t<ul class=\"sub-menu elementor-nav-menu--dropdown\">\n\t\t<li class=\"menu-item menu-item-type-post_type menu-item-object-page menu-item-2569\"><a href=\"https:\/\/www.rers-evry-bdd.fr\/index.php\/demandes-offres-savoirs-rers-centre-essonne\/clas-rers-centre-essonne\/\" class=\"elementor-sub-item menu-link\" tabindex=\"-1\">CLAS : les \u00e9changes de savoirs dans l\u2019accompagnement \u00e0 la scolarit\u00e9<\/a><\/li>\n\t\t<li class=\"menu-item menu-item-type-post_type menu-item-object-page menu-item-4949\"><a href=\"https:\/\/www.rers-evry-bdd.fr\/index.php\/demandes-offres-savoirs-rers-centre-essonne\/echanges-vacances-rers-centre-essonne\/\" class=\"elementor-sub-item menu-link\" tabindex=\"-1\">Les \u00e9changes Vacances<\/a><\/li>\n\t\t<li class=\"menu-item menu-item-type-post_type menu-item-object-page menu-item-2578\"><a href=\"https:\/\/www.rers-evry-bdd.fr\/index.php\/demandes-offres-savoirs-rers-centre-essonne\/jardin-en-partage-rers-centre-essonne\/elementor-page-913\/\" class=\"elementor-sub-item menu-link\" tabindex=\"-1\">Jardin en Partage<\/a><\/li>\n\t\t<li class=\"menu-item menu-item-type-post_type menu-item-object-page menu-item-3061\"><a href=\"https:\/\/www.rers-evry-bdd.fr\/index.php\/demandes-offres-savoirs-rers-centre-essonne\/echanges-collectifs-en-cours\/parlons-laicite\/\" class=\"elementor-sub-item menu-link\" tabindex=\"-1\">Parlons La\u00efcit\u00e9<\/a><\/li>\n\t<\/ul>\n<\/li>\n\t<li class=\"menu-item menu-item-type-post_type menu-item-object-page menu-item-4596\"><a href=\"https:\/\/www.rers-evry-bdd.fr\/index.php\/page-en-construction-2\/exemple-echanges-de-savoirs-thesaurus\/\" class=\"elementor-sub-item menu-link\" tabindex=\"-1\">Exemples d\u2019\u00e9changes de savoirs \u2013 th\u00e9saurus<\/a><\/li>\n<\/ul>\n<\/li>\n<li class=\"menu-item menu-item-type-post_type menu-item-object-page menu-item-has-children menu-item-4553\"><a aria-expanded=\"false\" href=\"https:\/\/www.rers-evry-bdd.fr\/index.php\/nos-projets\/\" class=\"elementor-item menu-link\" tabindex=\"-1\">Nos projets<span role=\"button\" class=\"dropdown-menu-toggle ast-header-navigation-arrow\" tabindex=\"0\" aria-expanded=\"false\" aria-label=\"Permutateur de Menu\" aria-haspopup=\"true\"><\/span><\/a>\n<ul class=\"sub-menu elementor-nav-menu--dropdown\">\n\t<li class=\"menu-item menu-item-type-post_type menu-item-object-page menu-item-5020\"><a href=\"https:\/\/www.rers-evry-bdd.fr\/index.php\/projets-annee-rers-centre-essonne\/\" class=\"elementor-sub-item menu-link\" tabindex=\"-1\">Les projets de l\u2019ann\u00e9e<\/a><\/li>\n\t<li class=\"menu-item menu-item-type-post_type menu-item-object-page menu-item-2577\"><a href=\"https:\/\/www.rers-evry-bdd.fr\/index.php\/clas-au-rers\/\" class=\"elementor-sub-item menu-link\" tabindex=\"-1\">CLAS au RERS<\/a><\/li>\n\t<li class=\"menu-item menu-item-type-post_type menu-item-object-page menu-item-2570\"><a href=\"https:\/\/www.rers-evry-bdd.fr\/index.php\/demandes-offres-savoirs-rers-centre-essonne\/jardin-en-partage-rers-centre-essonne\/\" class=\"elementor-sub-item menu-link\" tabindex=\"-1\">Jardin en Partage<\/a><\/li>\n\t<li class=\"menu-item menu-item-type-post_type menu-item-object-page menu-item-2554\"><a href=\"https:\/\/www.rers-evry-bdd.fr\/index.php\/ville-apprenante-evry-courcouronnes\/\" class=\"elementor-sub-item menu-link\" tabindex=\"-1\">Avec \u00c9vry-Courcouronnes \u2013 Ville Apprenante<\/a><\/li>\n<\/ul>\n<\/li>\n<li class=\"menu-item menu-item-type-post_type menu-item-object-page menu-item-has-children menu-item-2555\"><a aria-expanded=\"false\" href=\"https:\/\/www.rers-evry-bdd.fr\/index.php\/demandes-offres-savoirs-rers-centre-essonne\/echanges-collectifs-en-cours\/formations-reciproques-rers\/\" class=\"elementor-item menu-link\" tabindex=\"-1\">Nos formations<span role=\"button\" class=\"dropdown-menu-toggle ast-header-navigation-arrow\" tabindex=\"0\" aria-expanded=\"false\" aria-label=\"Permutateur de Menu\" aria-haspopup=\"true\"><\/span><\/a>\n<ul class=\"sub-menu elementor-nav-menu--dropdown\">\n\t<li class=\"menu-item menu-item-type-post_type menu-item-object-page menu-item-4491\"><a href=\"https:\/\/www.rers-evry-bdd.fr\/index.php\/co-formation-interne\/\" class=\"elementor-sub-item menu-link\" tabindex=\"-1\">Co-formation interne<\/a><\/li>\n\t<li class=\"menu-item menu-item-type-post_type menu-item-object-page menu-item-4496\"><a href=\"https:\/\/www.rers-evry-bdd.fr\/index.php\/formations-foresco\/\" class=\"elementor-sub-item menu-link\" tabindex=\"-1\">Formations FORESCO<\/a><\/li>\n<\/ul>\n<\/li>\n<li class=\"menu-item menu-item-type-post_type menu-item-object-page menu-item-2556\"><a href=\"https:\/\/www.rers-evry-bdd.fr\/index.php\/ou-nous-rencontrer-rers-centre-essonne\/\" class=\"elementor-item menu-link\" tabindex=\"-1\">O\u00f9 nous trouver ?<\/a><\/li>\n<li class=\"menu-item menu-item-type-post_type menu-item-object-page menu-item-4454\"><a href=\"https:\/\/www.rers-evry-bdd.fr\/index.php\/ou-nous-rencontrer-rers-centre-essonne\/contacter-rers-evry-essonne\/\" class=\"elementor-item menu-link\" tabindex=\"-1\">Nous contacter<\/a><\/li>\n<\/ul>\t\t\t<\/nav>\n\t\t\t\t\t\t<\/div>\n\t\t\t\t\t<\/div>\n\t\t\t\t<\/div>\n\t\t<div class=\"elementor-element elementor-element-408ec108 e-flex e-con-boxed e-con e-parent\" data-id=\"408ec108\" data-element_type=\"container\" data-e-type=\"container\">\n\t\t\t\t\t<div class=\"e-con-inner\">\n\t\t\t\t\t<\/div>\n\t\t\t\t<\/div>\n\t\t<div class=\"elementor-element elementor-element-6d52c8cc e-flex e-con-boxed e-con e-parent\" data-id=\"6d52c8cc\" data-element_type=\"container\" data-e-type=\"container\">\n\t\t\t\t\t<div class=\"e-con-inner\">\n\t\t\t\t<div class=\"elementor-element elementor-element-323ab05b elementor-widget elementor-widget-text-editor\" data-id=\"323ab05b\" data-element_type=\"widget\" data-e-type=\"widget\" data-widget_type=\"text-editor.default\">\n\t\t\t\t\t\t\t\t\t<p><span style=\"font-size: 14pt;\"><strong>\u00a0<\/strong><\/span><\/p><div class=\"entry-content\"><p style=\"text-align: left; font-family: Tahoma;\"><span style=\"color: #ff6600; font-size: 14pt;\"><span style=\"color: #800080;\"><strong>O\u00f9 nous trouver ?<\/strong><\/span> <span style=\"font-size: 10pt; color: #808080;\">(cliquer sur les plans pour acc\u00e9der \u00e0 Google Maps)<\/span><br \/><\/span><\/p><p style=\"text-align: left; font-family: Tahoma;\"><span style=\"font-size: 12pt;\"><strong>Espace RERS Les Passages centre-ville<\/strong>, si\u00e8ge social du R\u00e9seau d&rsquo;\u00c9changes R\u00e9ciproques de Savoirs<strong><sup>\u00ae<\/sup><\/strong> \u00c9vry Centre-Essonne. Il est situ\u00e9 au :<\/span><\/p><div id=\"jp-post-flair\" class=\"sharedaddy sd-like-enabled sd-sharing-enabled\">\u00a0<\/div><\/div>\t\t\t\t\t\t\t\t<\/div>\n\t\t\t\t\t<\/div>\n\t\t\t\t<\/div>\n\t\t<div class=\"elementor-element elementor-element-0b95b69 e-flex e-con-boxed e-con e-parent\" data-id=\"0b95b69\" data-element_type=\"container\" data-e-type=\"container\">\n\t\t\t\t\t<div class=\"e-con-inner\">\n\t\t<div class=\"elementor-element elementor-element-f995d23 e-con-full e-flex e-con e-child\" data-id=\"f995d23\" data-element_type=\"container\" data-e-type=\"container\">\n\t\t\t\t<div class=\"elementor-element elementor-element-9bb5550 elementor-widget elementor-widget-text-editor\" data-id=\"9bb5550\" data-element_type=\"widget\" data-e-type=\"widget\" data-widget_type=\"text-editor.default\">\n\t\t\t\t\t\t\t\t\t<p class=\"alignnone\">38 all\u00e9e Jean Rostand <br \/>\u00e0 \u00c9vry-Courcouronnes<br \/>t\u00e9l. : <strong>01 64 97 09 38<\/strong><br \/><em>(sur passerelle, pr\u00e8s de l\u2019\u00e9cole des Coquibus)<\/em><br \/><a href=\"mailto:contact@rers.fr\"><strong>contact@rers.fr<\/strong><\/a><br \/><a href=\"http:\/\/www.rers-evry.fr\/cont_centre_ville.htm\" target=\"_blank\" rel=\"noopener\">www.rers-evry.fr<\/a><\/p><div align=\"left\">Ouvert 10h &#8211; 12h \/ 13h &#8211; 18h du lundi au vendredi<\/div><div align=\"left\">\u00a0<\/div><div align=\"left\"><b><i><span style=\"color: #800080;\">Accueil\u00a0<\/span> : <\/i><\/b><\/div><div align=\"left\"><b><i>du lundi au vendredi de 10h \u00e0 18h<\/i><\/b><\/div><div align=\"left\">\u00a0<\/div>\t\t\t\t\t\t\t\t<\/div>\n\t\t\t\t<\/div>\n\t\t<div class=\"elementor-element elementor-element-c135f7a e-con-full e-flex e-con e-child\" data-id=\"c135f7a\" data-element_type=\"container\" data-e-type=\"container\">\n\t\t\t\t<div class=\"elementor-element elementor-element-309e876 elementor-widget elementor-widget-image\" data-id=\"309e876\" data-element_type=\"widget\" data-e-type=\"widget\" data-widget_type=\"image.default\">\n\t\t\t\t\t\t\t\t\t\t\t\t\t\t\t\t<a href=\"https:\/\/www.rers-evry-bdd.fr\/wp-content\/uploads\/2025\/04\/localisation_centre_ville_rers.png\" data-elementor-open-lightbox=\"yes\" data-elementor-lightbox-title=\"localisation_centre_ville_rers\" data-e-action-hash=\"#elementor-action%3Aaction%3Dlightbox%26settings%3DeyJpZCI6NTc1MywidXJsIjoiaHR0cHM6XC9cL3d3dy5yZXJzLWV2cnktYmRkLmZyXC93cC1jb250ZW50XC91cGxvYWRzXC8yMDI1XC8wNFwvbG9jYWxpc2F0aW9uX2NlbnRyZV92aWxsZV9yZXJzLndlYnAifQ%3D%3D\">\n\t\t\t\t\t\t\t<img decoding=\"async\" src=\"https:\/\/www.rers-evry-bdd.fr\/wp-content\/uploads\/elementor\/thumbs\/localisation_centre_ville_rers-r3rzpr8ur7nefi9x322rambn723u7p90exp08r1o9s.webp\" title=\"localisation_centre_ville_rers\" alt=\"localisation_centre_ville_rers\" loading=\"lazy\" \/>\t\t\t\t\t\t\t\t<\/a>\n\t\t\t\t\t\t\t\t\t\t\t\t\t\t\t<\/div>\n\t\t\t\t<\/div>\n\t\t\t\t\t<\/div>\n\t\t\t\t<\/div>\n\t\t<div class=\"elementor-element elementor-element-7524296 e-flex e-con-boxed e-con e-parent\" data-id=\"7524296\" data-element_type=\"container\" data-e-type=\"container\">\n\t\t\t\t\t<div class=\"e-con-inner\">\n\t\t<div class=\"elementor-element elementor-element-bcb9414 e-con-full e-flex e-con e-child\" data-id=\"bcb9414\" data-element_type=\"container\" data-e-type=\"container\">\n\t\t\t\t<div class=\"elementor-element elementor-element-a58b77a elementor-widget elementor-widget-image\" data-id=\"a58b77a\" data-element_type=\"widget\" data-e-type=\"widget\" data-widget_type=\"image.default\">\n\t\t\t\t\t\t\t\t\t\t\t\t\t\t\t\t<a href=\"https:\/\/www.rers-evry-bdd.fr\/wp-content\/uploads\/2025\/04\/localisation_pyramides_rers.webp\" data-elementor-open-lightbox=\"yes\" data-elementor-lightbox-title=\"localisation_pyramides_rers\" data-e-action-hash=\"#elementor-action%3Aaction%3Dlightbox%26settings%3DeyJpZCI6NTc2MywidXJsIjoiaHR0cHM6XC9cL3d3dy5yZXJzLWV2cnktYmRkLmZyXC93cC1jb250ZW50XC91cGxvYWRzXC8yMDI1XC8wNFwvbG9jYWxpc2F0aW9uX3B5cmFtaWRlc19yZXJzLndlYnAifQ%3D%3D\">\n\t\t\t\t\t\t\t<img decoding=\"async\" src=\"https:\/\/www.rers-evry-bdd.fr\/wp-content\/uploads\/elementor\/thumbs\/localisation_pyramides_rers-r3s02rchapg71bdz5oeysc770y0moyvc7akt8jrm74.webp\" title=\"localisation_pyramides_rers\" alt=\"localisation_pyramides_rers\" loading=\"lazy\" \/>\t\t\t\t\t\t\t\t<\/a>\n\t\t\t\t\t\t\t\t\t\t\t\t\t\t\t<\/div>\n\t\t\t\t<\/div>\n\t\t<div class=\"elementor-element elementor-element-b0a8922 e-con-full e-flex e-con e-child\" data-id=\"b0a8922\" data-element_type=\"container\" data-e-type=\"container\">\n\t\t\t\t<div class=\"elementor-element elementor-element-104f4ff elementor-widget elementor-widget-text-editor\" data-id=\"104f4ff\" data-element_type=\"widget\" data-e-type=\"widget\" data-widget_type=\"text-editor.default\">\n\t\t\t\t\t\t\t\t\t<p style=\"text-align: center;\">\u00a0<\/p><p style=\"text-align: center;\"><strong>Espace RERS Les Pyramides<\/strong>, situ\u00e9 au :<\/p><p style=\"text-align: center;\">402 ter square Jacques Pr\u00e9vert<br \/>\u00e0 \u00c9vry-Courcouronnes<br \/>t\u00e9l. : <strong>09 79 73 45 77<\/strong><br \/><a href=\"mailto:contact@rers.fr\"><strong>contact@rers.fr<\/strong><\/a><br \/><a href=\"http:\/\/www.rers-evry.fr\/cont_centre_ville.htm\" target=\"_blank\" rel=\"noopener\">www.rers-evry.fr<\/a><\/p><p>Ouvert 10h &#8211; 12h \/ 13h &#8211; 18h du lundi au vendredi<\/p>\t\t\t\t\t\t\t\t<\/div>\n\t\t\t\t<\/div>\n\t\t\t\t\t<\/div>\n\t\t\t\t<\/div>\n\t\t<div class=\"elementor-element elementor-element-fcf7e03 e-flex e-con-boxed e-con e-parent\" data-id=\"fcf7e03\" data-element_type=\"container\" data-e-type=\"container\">\n\t\t\t\t\t<div class=\"e-con-inner\">\n\t\t<div class=\"elementor-element elementor-element-f515fdf e-con-full e-flex e-con e-child\" data-id=\"f515fdf\" data-element_type=\"container\" data-e-type=\"container\">\n\t\t\t\t<div class=\"elementor-element elementor-element-3b75649 elementor-widget elementor-widget-text-editor\" data-id=\"3b75649\" data-element_type=\"widget\" data-e-type=\"widget\" data-widget_type=\"text-editor.default\">\n\t\t\t\t\t\t\t\t\t<p style=\"text-align: center;\">\u00a0<\/p><p style=\"text-align: center;\"><strong>Espace RERS Canal<\/strong>, situ\u00e9 au :<\/p><p style=\"text-align: center;\">1 place du Printemps<br \/>\u00e0 \u00c9vry-Courcouronnes<br \/>t\u00e9l. : <strong>01 69 36 91 11<\/strong><br \/><a href=\"mailto:contact@rers.fr\"><strong>contact@rers.fr<\/strong><\/a><br \/><a href=\"http:\/\/www.rers-evry.fr\/cont_centre_ville.htm\" target=\"_blank\" rel=\"noopener\">www.rers-evry.fr<\/a><\/p><p>Ouvert 10h &#8211; 12h \/ 13h &#8211; 18h du lundi au vendredi<\/p>\t\t\t\t\t\t\t\t<\/div>\n\t\t\t\t<\/div>\n\t\t<div class=\"elementor-element elementor-element-df05178 e-con-full e-flex e-con e-child\" data-id=\"df05178\" data-element_type=\"container\" data-e-type=\"container\">\n\t\t\t\t<div class=\"elementor-element elementor-element-cc018c3 elementor-widget elementor-widget-image\" data-id=\"cc018c3\" data-element_type=\"widget\" data-e-type=\"widget\" data-widget_type=\"image.default\">\n\t\t\t\t\t\t\t\t\t\t\t\t\t\t\t\t<a href=\"https:\/\/www.rers-evry-bdd.fr\/wp-content\/uploads\/2025\/04\/localisation_courcouronnes_rers.webp\" data-elementor-open-lightbox=\"yes\" data-elementor-lightbox-title=\"localisation_courcouronnes_rers\" data-e-action-hash=\"#elementor-action%3Aaction%3Dlightbox%26settings%3DeyJpZCI6NTc3MCwidXJsIjoiaHR0cHM6XC9cL3d3dy5yZXJzLWV2cnktYmRkLmZyXC93cC1jb250ZW50XC91cGxvYWRzXC8yMDI1XC8wNFwvbG9jYWxpc2F0aW9uX2NvdXJjb3Vyb25uZXNfcmVycy53ZWJwIn0%3D\">\n\t\t\t\t\t\t\t<img decoding=\"async\" src=\"https:\/\/www.rers-evry-bdd.fr\/wp-content\/uploads\/elementor\/thumbs\/localisation_courcouronnes_rers-r3s0d89rf9s6cy6h0pcd27318getflfpb46ioi8qw0.webp\" title=\"localisation_courcouronnes_rers\" alt=\"localisation_courcouronnes_rers\" loading=\"lazy\" \/>\t\t\t\t\t\t\t\t<\/a>\n\t\t\t\t\t\t\t\t\t\t\t\t\t\t\t<\/div>\n\t\t\t\t<\/div>\n\t\t\t\t\t<\/div>\n\t\t\t\t<\/div>\n\t\t<div class=\"elementor-element elementor-element-3b85b39 e-flex e-con-boxed e-con e-parent\" data-id=\"3b85b39\" data-element_type=\"container\" data-e-type=\"container\">\n\t\t\t\t\t<div class=\"e-con-inner\">\n\t\t\t\t<div class=\"elementor-element elementor-element-a76a351 elementor-widget elementor-widget-spacer\" data-id=\"a76a351\" data-element_type=\"widget\" data-e-type=\"widget\" data-widget_type=\"spacer.default\">\n\t\t\t\t\t\t\t<div class=\"elementor-spacer\">\n\t\t\t<div class=\"elementor-spacer-inner\"><\/div>\n\t\t<\/div>\n\t\t\t\t\t\t<\/div>\n\t\t\t\t<div class=\"elementor-element elementor-element-0496dcb elementor-widget elementor-widget-text-editor\" data-id=\"0496dcb\" data-element_type=\"widget\" data-e-type=\"widget\" data-widget_type=\"text-editor.default\">\n\t\t\t\t\t\t\t\t\t<div class=\"entry-content\"><p style=\"text-align: left; font-family: Tahoma;\"><span style=\"font-size: 12pt;\">Si\u00e8ge social de <strong>FORESCO<\/strong>, Mouvement des R\u00e9seaux d&rsquo;\u00c9changes R\u00e9ciproques de Savoirs<strong><sup>\u00ae<\/sup><\/strong> (o\u00f9 ont lieu certaines r\u00e9unions et des repas partag\u00e9s), situ\u00e9 au :<\/span><\/p><div id=\"jp-post-flair\" class=\"sharedaddy sd-like-enabled sd-sharing-enabled\">\u00a0<\/div><\/div>\t\t\t\t\t\t\t\t<\/div>\n\t\t\t\t\t<\/div>\n\t\t\t\t<\/div>\n\t\t<div class=\"elementor-element elementor-element-9ba5d42 e-flex e-con-boxed e-con e-parent\" data-id=\"9ba5d42\" data-element_type=\"container\" data-e-type=\"container\">\n\t\t\t\t\t<div class=\"e-con-inner\">\n\t\t<div class=\"elementor-element elementor-element-32e6d94 e-con-full e-flex e-con e-child\" data-id=\"32e6d94\" data-element_type=\"container\" data-e-type=\"container\">\n\t\t\t\t<div class=\"elementor-element elementor-element-aa43429 elementor-widget elementor-widget-image\" data-id=\"aa43429\" data-element_type=\"widget\" data-e-type=\"widget\" data-widget_type=\"image.default\">\n\t\t\t\t\t\t\t\t\t\t\t\t\t\t\t\t<a href=\"https:\/\/www.rers-evry-bdd.fr\/wp-content\/uploads\/2025\/04\/localisation_foresco_rers.png\" data-elementor-open-lightbox=\"yes\" data-elementor-lightbox-title=\"localisation_foresco_rers\" data-e-action-hash=\"#elementor-action%3Aaction%3Dlightbox%26settings%3DeyJpZCI6NTc3MiwidXJsIjoiaHR0cHM6XC9cL3d3dy5yZXJzLWV2cnktYmRkLmZyXC93cC1jb250ZW50XC91cGxvYWRzXC8yMDI1XC8wNFwvbG9jYWxpc2F0aW9uX2ZvcmVzY29fcmVycy53ZWJwIn0%3D\">\n\t\t\t\t\t\t\t<img decoding=\"async\" src=\"https:\/\/www.rers-evry-bdd.fr\/wp-content\/uploads\/elementor\/thumbs\/localisation_foresco_rers-r3s0mlptksm44ykba97ffbxihs7l6xnc9idtyuceu8.webp\" title=\"localisation_foresco_rers\" alt=\"localisation_foresco_rers\" loading=\"lazy\" \/>\t\t\t\t\t\t\t\t<\/a>\n\t\t\t\t\t\t\t\t\t\t\t\t\t\t\t<\/div>\n\t\t\t\t<\/div>\n\t\t<div class=\"elementor-element elementor-element-0820e5f e-con-full e-flex e-con e-child\" data-id=\"0820e5f\" data-element_type=\"container\" data-e-type=\"container\">\n\t\t\t\t<div class=\"elementor-element elementor-element-a6242d8 elementor-widget__width-initial elementor-widget elementor-widget-text-editor\" data-id=\"a6242d8\" data-element_type=\"widget\" data-e-type=\"widget\" data-widget_type=\"text-editor.default\">\n\t\t\t\t\t\t\t\t\t<p>3 bis cours Blaise Pascal<br \/>\u00e0 \u00c9vry-Courcouronnes<\/p><p><em>(entre la Poste et la rue, <\/em><br \/><em>\u00e0 mi-hauteur des escaliers)<\/em><\/p><p>t\u00e9l. : <strong>01 60 78 68 55\u00a0<\/strong><\/p><p><strong><a href=\"mailto:foresco@orange.fr\" target=\"_blank\" rel=\"noopener\">foresco@orange.fr<\/a><\/strong><br \/><a href=\"http:\/\/www.rers-asso.org\/index.htm\" target=\"_blank\" rel=\"noopener\">www.rers-asso.org<\/a><\/p><h4>\u00a0<\/h4>\t\t\t\t\t\t\t\t<\/div>\n\t\t\t\t<\/div>\n\t\t\t\t\t<\/div>\n\t\t\t\t<\/div>\n\t\t<div class=\"elementor-element elementor-element-30674b4 e-flex e-con-boxed e-con e-parent\" data-id=\"30674b4\" data-element_type=\"container\" data-e-type=\"container\">\n\t\t\t\t\t<div class=\"e-con-inner\">\n\t\t\t\t<div class=\"elementor-element elementor-element-78656d3 elementor-widget elementor-widget-text-editor\" data-id=\"78656d3\" data-element_type=\"widget\" data-e-type=\"widget\" data-widget_type=\"text-editor.default\">\n\t\t\t\t\t\t\t\t\t<p><b><i>Des \u00e9changes peuvent avoir lieu ponctuellement \u00e0 des horaires compl\u00e9mentaires, apr\u00e8s avoir pris connaissance par mail ou par t\u00e9l\u00e9phone des disponibilit\u00e9s de chaque animatrice-teur\/coordinatrice-teur de l\u2019\u00e9quipe respective<\/i><\/b>.<\/p>\t\t\t\t\t\t\t\t<\/div>\n\t\t\t\t<div class=\"elementor-element elementor-element-f29e532 elementor-widget elementor-widget-spacer\" data-id=\"f29e532\" data-element_type=\"widget\" data-e-type=\"widget\" data-widget_type=\"spacer.default\">\n\t\t\t\t\t\t\t<div class=\"elementor-spacer\">\n\t\t\t<div class=\"elementor-spacer-inner\"><\/div>\n\t\t<\/div>\n\t\t\t\t\t\t<\/div>\n\t\t\t\t<div class=\"elementor-element elementor-element-3f43265 elementor-widget elementor-widget-spacer\" data-id=\"3f43265\" data-element_type=\"widget\" data-e-type=\"widget\" data-widget_type=\"spacer.default\">\n\t\t\t\t\t\t\t<div class=\"elementor-spacer\">\n\t\t\t<div class=\"elementor-spacer-inner\"><\/div>\n\t\t<\/div>\n\t\t\t\t\t\t<\/div>\n\t\t\t\t\t<\/div>\n\t\t\t\t<\/div>\n\t\t\t\t<\/div>\n\t\t","protected":false},"excerpt":{"rendered":"<p>\u00a0 O\u00f9 nous trouver ? (cliquer sur les plans pour acc\u00e9der \u00e0 Google Maps) Espace RERS Les Passages centre-ville, si\u00e8ge social du R\u00e9seau d&rsquo;\u00c9changes R\u00e9ciproques de Savoirs\u00ae \u00c9vry Centre-Essonne. Il [&hellip;]<\/p>\n","protected":false},"author":1,"featured_media":0,"parent":0,"menu_order":23,"comment_status":"closed","ping_status":"closed","template":"","meta":{"_acf_changed":false,"_uag_custom_page_level_css":"","site-sidebar-layout":"default","site-content-layout":"","ast-site-content-layout":"default","site-content-style":"default","site-sidebar-style":"default","ast-global-header-display":"","ast-banner-title-visibility":"","ast-main-header-display":"","ast-hfb-above-header-display":"","ast-hfb-below-header-display":"","ast-hfb-mobile-header-display":"","site-post-title":"","ast-breadcrumbs-content":"","ast-featured-img":"","footer-sml-layout":"","ast-disable-related-posts":"","theme-transparent-header-meta":"","adv-header-id-meta":"","stick-header-meta":"","header-above-stick-meta":"","header-main-stick-meta":"","header-below-stick-meta":"","astra-migrate-meta-layouts":"default","ast-page-background-enabled":"default","ast-page-background-meta":{"desktop":{"background-color":"var(--ast-global-color-5)","background-image":"","background-repeat":"repeat","background-position":"center center","background-size":"auto","background-attachment":"scroll","background-type":"","background-media":"","overlay-type":"","overlay-color":"","overlay-opacity":"","overlay-gradient":""},"tablet":{"background-color":"","background-image":"","background-repeat":"repeat","background-position":"center center","background-size":"auto","background-attachment":"scroll","background-type":"","background-media":"","overlay-type":"","overlay-color":"","overlay-opacity":"","overlay-gradient":""},"mobile":{"background-color":"","background-image":"","background-repeat":"repeat","background-position":"center center","background-size":"auto","background-attachment":"scroll","background-type":"","background-media":"","overlay-type":"","overlay-color":"","overlay-opacity":"","overlay-gradient":""}},"ast-content-background-meta":{"desktop":{"background-color":"var(--ast-global-color-4)","background-image":"","background-repeat":"repeat","background-position":"center center","background-size":"auto","background-attachment":"scroll","background-type":"","background-media":"","overlay-type":"","overlay-color":"","overlay-opacity":"","overlay-gradient":""},"tablet":{"background-color":"var(--ast-global-color-4)","background-image":"","background-repeat":"repeat","background-position":"center center","background-size":"auto","background-attachment":"scroll","background-type":"","background-media":"","overlay-type":"","overlay-color":"","overlay-opacity":"","overlay-gradient":""},"mobile":{"background-color":"var(--ast-global-color-4)","background-image":"","background-repeat":"repeat","background-position":"center center","background-size":"auto","background-attachment":"scroll","background-type":"","background-media":"","overlay-type":"","overlay-color":"","overlay-opacity":"","overlay-gradient":""}},"_EventAllDay":false,"_EventTimezone":"","_EventStartDate":"","_EventEndDate":"","_EventStartDateUTC":"","_EventEndDateUTC":"","_EventShowMap":false,"_EventShowMapLink":false,"_EventURL":"","_EventCost":"","_EventCostDescription":"","_EventCurrencySymbol":"","_EventCurrencyCode":"","_EventCurrencyPosition":"","_EventDateTimeSeparator":"","_EventTimeRangeSeparator":"","_EventOrganizerID":[],"_EventVenueID":[],"_OrganizerEmail":"","_OrganizerPhone":"","_OrganizerWebsite":"","_VenueAddress":"","_VenueCity":"","_VenueCountry":"","_VenueProvince":"","_VenueState":"","_VenueZip":"","_VenuePhone":"","_VenueURL":"","_VenueStateProvince":"","_VenueLat":"","_VenueLng":"","_VenueShowMap":false,"_VenueShowMapLink":false,"footnotes":""},"class_list":["post-20","page","type-page","status-publish","hentry"],"acf":[],"uagb_featured_image_src":{"full":false,"thumbnail":false,"medium":false,"medium_large":false,"large":false,"1536x1536":false,"2048x2048":false},"uagb_author_info":{"display_name":"fbred","author_link":"https:\/\/www.rers-evry-bdd.fr\/author\/fbred\/"},"uagb_comment_info":0,"uagb_excerpt":"\u00a0 O\u00f9 nous trouver ? (cliquer sur les plans pour acc\u00e9der \u00e0 Google Maps) Espace RERS Les Passages centre-ville, si\u00e8ge social du R\u00e9seau d&rsquo;\u00c9changes R\u00e9ciproques de Savoirs\u00ae \u00c9vry Centre-Essonne. Il [&hellip;]","_links":{"self":[{"href":"https:\/\/www.rers-evry-bdd.fr\/index.php\/wp-json\/wp\/v2\/pages\/20","targetHints":{"allow":["GET"]}}],"collection":[{"href":"https:\/\/www.rers-evry-bdd.fr\/index.php\/wp-json\/wp\/v2\/pages"}],"about":[{"href":"https:\/\/www.rers-evry-bdd.fr\/index.php\/wp-json\/wp\/v2\/types\/page"}],"author":[{"embeddable":true,"href":"https:\/\/www.rers-evry-bdd.fr\/index.php\/wp-json\/wp\/v2\/users\/1"}],"replies":[{"embeddable":true,"href":"https:\/\/www.rers-evry-bdd.fr\/index.php\/wp-json\/wp\/v2\/comments?post=20"}],"version-history":[{"count":106,"href":"https:\/\/www.rers-evry-bdd.fr\/index.php\/wp-json\/wp\/v2\/pages\/20\/revisions"}],"predecessor-version":[{"id":8563,"href":"https:\/\/www.rers-evry-bdd.fr\/index.php\/wp-json\/wp\/v2\/pages\/20\/revisions\/8563"}],"wp:attachment":[{"href":"https:\/\/www.rers-evry-bdd.fr\/index.php\/wp-json\/wp\/v2\/media?parent=20"}],"curies":[{"name":"wp","href":"https:\/\/api.w.org\/{rel}","templated":true}]}}