{"id":25,"date":"2019-02-08T17:32:54","date_gmt":"2019-02-08T16:32:54","guid":{"rendered":"https:\/\/www.rers-evry-bdd.fr\/index.php\/les-jeudis-de-la-laicite\/"},"modified":"2025-09-09T15:22:20","modified_gmt":"2025-09-09T13:22:20","slug":"parlons-laicite","status":"publish","type":"page","link":"https:\/\/www.rers-evry-bdd.fr\/index.php\/demandes-offres-savoirs-rers-centre-essonne\/echanges-collectifs-en-cours\/parlons-laicite\/","title":{"rendered":"Parlons La\u00efcit\u00e9"},"content":{"rendered":"\t\t<div data-elementor-type=\"wp-page\" data-elementor-id=\"25\" class=\"elementor elementor-25\" data-elementor-post-type=\"page\">\n\t\t\t\t<div class=\"elementor-element elementor-element-72aa2807 e-flex e-con-boxed e-con e-parent\" data-id=\"72aa2807\" data-element_type=\"container\" data-e-type=\"container\">\n\t\t\t\t\t<div class=\"e-con-inner\">\n\t\t\t\t<div class=\"elementor-element elementor-element-1fd4619e elementor-widget__width-inherit elementor-widget elementor-widget-theme-post-featured-image elementor-widget-image\" data-id=\"1fd4619e\" data-element_type=\"widget\" data-e-type=\"widget\" data-widget_type=\"theme-post-featured-image.default\">\n\t\t\t\t\t\t\t\t\t\t\t\t\t\t\t<img fetchpriority=\"high\" decoding=\"async\" width=\"938\" height=\"198\" src=\"https:\/\/www.rers-evry-bdd.fr\/wp-content\/uploads\/2025\/04\/bandeau_echanges_savoirs.webp\" class=\"attachment-full size-full wp-image-5549\" alt=\"\" srcset=\"https:\/\/www.rers-evry-bdd.fr\/wp-content\/uploads\/2025\/04\/bandeau_echanges_savoirs.webp 938w, https:\/\/www.rers-evry-bdd.fr\/wp-content\/uploads\/2025\/04\/bandeau_echanges_savoirs-300x63.webp 300w, https:\/\/www.rers-evry-bdd.fr\/wp-content\/uploads\/2025\/04\/bandeau_echanges_savoirs-768x162.webp 768w\" sizes=\"(max-width: 938px) 100vw, 938px\" \/>\t\t\t\t\t\t\t\t\t\t\t\t\t\t\t<\/div>\n\t\t\t\t\t<\/div>\n\t\t\t\t<\/div>\n\t\t<div class=\"elementor-element elementor-element-57b3454c e-con-full e-flex e-con e-parent\" data-id=\"57b3454c\" data-element_type=\"container\" data-e-type=\"container\">\n\t\t\t\t<div class=\"elementor-element elementor-element-28aff53f elementor-nav-menu__align-start elementor-nav-menu--dropdown-mobile elementor-nav-menu__text-align-aside elementor-widget elementor-widget-nav-menu\" data-id=\"28aff53f\" data-element_type=\"widget\" data-e-type=\"widget\" data-settings=\"{&quot;submenu_icon&quot;:{&quot;value&quot;:&quot;&lt;svg aria-hidden=\\&quot;true\\&quot; class=\\&quot;fa-svg-chevron-down e-font-icon-svg e-fas-chevron-down\\&quot; viewBox=\\&quot;0 0 448 512\\&quot; xmlns=\\&quot;http:\\\/\\\/www.w3.org\\\/2000\\\/svg\\&quot;&gt;&lt;path d=\\&quot;M207.029 381.476L12.686 187.132c-9.373-9.373-9.373-24.569 0-33.941l22.667-22.667c9.357-9.357 24.522-9.375 33.901-.04L224 284.505l154.745-154.021c9.379-9.335 24.544-9.317 33.901.04l22.667 22.667c9.373 9.373 9.373 24.569 0 33.941L240.971 381.476c-9.373 9.372-24.569 9.372-33.942 0z\\&quot;&gt;&lt;\\\/path&gt;&lt;\\\/svg&gt;&quot;,&quot;library&quot;:&quot;fa-solid&quot;},&quot;layout&quot;:&quot;horizontal&quot;}\" data-widget_type=\"nav-menu.default\">\n\t\t\t\t\t\t\t\t<nav aria-label=\"Menu\" class=\"elementor-nav-menu--main elementor-nav-menu__container elementor-nav-menu--layout-horizontal e--pointer-none\">\n\t\t\t\t<ul id=\"menu-1-28aff53f\" class=\"elementor-nav-menu\"><li class=\"menu-item menu-item-type-post_type menu-item-object-page menu-item-home menu-item-6054\"><a href=\"https:\/\/www.rers-evry-bdd.fr\/\" class=\"elementor-item menu-link\">Accueil<\/a><\/li>\n<li class=\"menu-item menu-item-type-post_type menu-item-object-page menu-item-has-children menu-item-3654\"><a aria-expanded=\"false\" href=\"https:\/\/www.rers-evry-bdd.fr\/index.php\/qui-sommes-nous\/\" class=\"elementor-item menu-link\">Qui sommes-nous ?<span role=\"button\" class=\"dropdown-menu-toggle ast-header-navigation-arrow\" tabindex=\"0\" aria-expanded=\"false\" aria-label=\"Permutateur de Menu\" aria-haspopup=\"true\"><\/span><\/a>\n<ul class=\"sub-menu elementor-nav-menu--dropdown\">\n\t<li class=\"menu-item menu-item-type-post_type menu-item-object-page menu-item-2562\"><a href=\"https:\/\/www.rers-evry-bdd.fr\/index.php\/nos-valeurs-rers\/\" class=\"elementor-sub-item menu-link\">Nos valeurs<\/a><\/li>\n\t<li class=\"menu-item menu-item-type-post_type menu-item-object-page menu-item-2563\"><a href=\"https:\/\/www.rers-evry-bdd.fr\/index.php\/charte-rers-centre-essonne\/\" class=\"elementor-sub-item menu-link\">Charte des RERS<\/a><\/li>\n\t<li class=\"menu-item menu-item-type-post_type menu-item-object-page menu-item-2564\"><a href=\"https:\/\/www.rers-evry-bdd.fr\/index.php\/presentation-des-equipes\/\" class=\"elementor-sub-item menu-link\">L\u2019association et son organisation<\/a><\/li>\n\t<li class=\"menu-item menu-item-type-post_type menu-item-object-page menu-item-has-children menu-item-3788\"><a aria-expanded=\"false\" href=\"https:\/\/www.rers-evry-bdd.fr\/index.php\/communication\/\" class=\"elementor-sub-item menu-link\">La communication<span role=\"button\" class=\"dropdown-menu-toggle ast-header-navigation-arrow\" tabindex=\"0\" aria-expanded=\"false\" aria-label=\"Permutateur de Menu\" aria-haspopup=\"true\"><\/span><\/a>\n\t<ul class=\"sub-menu elementor-nav-menu--dropdown\">\n\t\t<li class=\"menu-item menu-item-type-post_type menu-item-object-page menu-item-2572\"><a href=\"https:\/\/www.rers-evry-bdd.fr\/index.php\/communication\/lettres-du-rers\/\" class=\"elementor-sub-item menu-link\">Les Lettres RERS<\/a><\/li>\n\t\t<li class=\"menu-item menu-item-type-post_type menu-item-object-page menu-item-2550\"><a href=\"https:\/\/www.rers-evry-bdd.fr\/index.php\/communication\/lir-lien-inter-rers\/\" class=\"elementor-sub-item menu-link\">LIR Lien Inter RERS<\/a><\/li>\n\t<\/ul>\n<\/li>\n\t<li class=\"menu-item menu-item-type-post_type menu-item-object-page menu-item-2565\"><a href=\"https:\/\/www.rers-evry-bdd.fr\/index.php\/partenaires-rers-centre-essonne\/\" class=\"elementor-sub-item menu-link\">Nos Partenaires<\/a><\/li>\n\t<li class=\"menu-item menu-item-type-post_type menu-item-object-page menu-item-has-children menu-item-4585\"><a aria-expanded=\"false\" href=\"https:\/\/www.rers-evry-bdd.fr\/index.php\/foresco-le-mouvement-des-rers\/\" class=\"elementor-sub-item menu-link\">FORESCO le Mouvement des RERS<span role=\"button\" class=\"dropdown-menu-toggle ast-header-navigation-arrow\" tabindex=\"0\" aria-expanded=\"false\" aria-label=\"Permutateur de Menu\" aria-haspopup=\"true\"><\/span><\/a>\n\t<ul class=\"sub-menu elementor-nav-menu--dropdown\">\n\t\t<li class=\"menu-item menu-item-type-post_type menu-item-object-page menu-item-8214\"><a href=\"https:\/\/www.rers-evry-bdd.fr\/index.php\/notre-histoire-nos-histoires-dans-le-reseau\/\" class=\"elementor-sub-item menu-link\">Fresque \u2013 Histoire des R\u00e9seaux<\/a><\/li>\n\t\t<li class=\"menu-item menu-item-type-post_type menu-item-object-page menu-item-4809\"><a href=\"https:\/\/www.rers-evry-bdd.fr\/index.php\/rencontres-automne-reseaux-des-rers\/\" class=\"elementor-sub-item menu-link\">Les Rencontres d\u2019automne<\/a><\/li>\n\t\t<li class=\"menu-item menu-item-type-post_type menu-item-object-page menu-item-3811\"><a href=\"https:\/\/www.rers-evry-bdd.fr\/index.php\/notre-histoire\/les-ags-de-foresco\/\" class=\"elementor-sub-item menu-link\">Les AGs de FORESCO<\/a><\/li>\n\t<\/ul>\n<\/li>\n\t<li class=\"menu-item menu-item-type-post_type menu-item-object-page menu-item-has-children menu-item-2566\"><a aria-expanded=\"false\" href=\"https:\/\/www.rers-evry-bdd.fr\/index.php\/notre-histoire\/\" class=\"elementor-sub-item menu-link\">Notre histoire<span role=\"button\" class=\"dropdown-menu-toggle ast-header-navigation-arrow\" tabindex=\"0\" aria-expanded=\"false\" aria-label=\"Permutateur de Menu\" aria-haspopup=\"true\"><\/span><\/a>\n\t<ul class=\"sub-menu elementor-nav-menu--dropdown\">\n\t\t<li class=\"menu-item menu-item-type-post_type menu-item-object-page menu-item-7936\"><a href=\"https:\/\/www.rers-evry-bdd.fr\/index.php\/notre-histoire-nos-histoires-dans-le-reseau\/\" class=\"elementor-sub-item menu-link\">Fresque \u2013 Histoire des R\u00e9seaux<\/a><\/li>\n\t\t<li class=\"menu-item menu-item-type-post_type menu-item-object-page menu-item-7692\"><a href=\"https:\/\/www.rers-evry-bdd.fr\/index.php\/qui-sommes-nous\/fete-des-45-ans\/\" class=\"elementor-sub-item menu-link\">F\u00eate des 45 ans<\/a><\/li>\n\t\t<li class=\"menu-item menu-item-type-post_type menu-item-object-page menu-item-2611\"><a href=\"https:\/\/www.rers-evry-bdd.fr\/index.php\/page-en-construction-2\/\" class=\"elementor-sub-item menu-link\">F\u00eate des 50 de FORESCO<\/a><\/li>\n\t<\/ul>\n<\/li>\n<\/ul>\n<\/li>\n<li class=\"menu-item menu-item-type-post_type menu-item-object-page menu-item-has-children menu-item-4611\"><a aria-expanded=\"false\" href=\"https:\/\/www.rers-evry-bdd.fr\/index.php\/demandes-offres-savoirs-rers-centre-essonne\/echanges-de-savoirs-evry-essonne\/\" class=\"elementor-item menu-link\">\u00c9changes de Savoirs<span role=\"button\" class=\"dropdown-menu-toggle ast-header-navigation-arrow\" tabindex=\"0\" aria-expanded=\"false\" aria-label=\"Permutateur de Menu\" aria-haspopup=\"true\"><\/span><\/a>\n<ul class=\"sub-menu elementor-nav-menu--dropdown\">\n\t<li class=\"menu-item menu-item-type-post_type menu-item-object-page menu-item-2568\"><a href=\"https:\/\/www.rers-evry-bdd.fr\/index.php\/demandes-offres-savoirs-rers-centre-essonne\/ca-se-passe-comment\/\" class=\"elementor-sub-item menu-link\">\u00c7a se passe comment ?<\/a><\/li>\n\t<li class=\"menu-item menu-item-type-post_type menu-item-object-page menu-item-2567\"><a href=\"https:\/\/www.rers-evry-bdd.fr\/index.php\/demandes-offres-savoirs-rers-centre-essonne\/\" class=\"elementor-sub-item menu-link\">Demandes\/Offres en attente\u2026<\/a><\/li>\n\t<li class=\"menu-item menu-item-type-post_type menu-item-object-page menu-item-has-children menu-item-2974\"><a aria-expanded=\"false\" href=\"https:\/\/www.rers-evry-bdd.fr\/index.php\/demandes-offres-savoirs-rers-centre-essonne\/echanges-collectifs-en-cours\/\" class=\"elementor-sub-item menu-link\">\u00c9changes collectifs de savoirs en cours<span role=\"button\" class=\"dropdown-menu-toggle ast-header-navigation-arrow\" tabindex=\"0\" aria-expanded=\"false\" aria-label=\"Permutateur de Menu\" aria-haspopup=\"true\"><\/span><\/a>\n\t<ul class=\"sub-menu elementor-nav-menu--dropdown\">\n\t\t<li class=\"menu-item menu-item-type-post_type menu-item-object-page menu-item-2569\"><a href=\"https:\/\/www.rers-evry-bdd.fr\/index.php\/demandes-offres-savoirs-rers-centre-essonne\/clas-rers-centre-essonne\/\" class=\"elementor-sub-item menu-link\">CLAS : les \u00e9changes de savoirs dans l\u2019accompagnement \u00e0 la scolarit\u00e9<\/a><\/li>\n\t\t<li class=\"menu-item menu-item-type-post_type menu-item-object-page menu-item-4949\"><a href=\"https:\/\/www.rers-evry-bdd.fr\/index.php\/demandes-offres-savoirs-rers-centre-essonne\/echanges-vacances-rers-centre-essonne\/\" class=\"elementor-sub-item menu-link\">Les \u00e9changes Vacances<\/a><\/li>\n\t\t<li class=\"menu-item menu-item-type-post_type menu-item-object-page menu-item-2578\"><a href=\"https:\/\/www.rers-evry-bdd.fr\/index.php\/demandes-offres-savoirs-rers-centre-essonne\/jardin-en-partage-rers-centre-essonne\/elementor-page-913\/\" class=\"elementor-sub-item menu-link\">Jardin en Partage<\/a><\/li>\n\t\t<li class=\"menu-item menu-item-type-post_type menu-item-object-page menu-item-3061\"><a href=\"https:\/\/www.rers-evry-bdd.fr\/index.php\/demandes-offres-savoirs-rers-centre-essonne\/echanges-collectifs-en-cours\/parlons-laicite\/\" class=\"elementor-sub-item menu-link\">Parlons La\u00efcit\u00e9<\/a><\/li>\n\t<\/ul>\n<\/li>\n\t<li class=\"menu-item menu-item-type-post_type menu-item-object-page menu-item-4596\"><a href=\"https:\/\/www.rers-evry-bdd.fr\/index.php\/page-en-construction-2\/exemple-echanges-de-savoirs-thesaurus\/\" class=\"elementor-sub-item menu-link\">Exemples d\u2019\u00e9changes de savoirs \u2013 th\u00e9saurus<\/a><\/li>\n<\/ul>\n<\/li>\n<li class=\"menu-item menu-item-type-post_type menu-item-object-page menu-item-has-children menu-item-4553\"><a aria-expanded=\"false\" href=\"https:\/\/www.rers-evry-bdd.fr\/index.php\/nos-projets\/\" class=\"elementor-item menu-link\">Nos projets<span role=\"button\" class=\"dropdown-menu-toggle ast-header-navigation-arrow\" tabindex=\"0\" aria-expanded=\"false\" aria-label=\"Permutateur de Menu\" aria-haspopup=\"true\"><\/span><\/a>\n<ul class=\"sub-menu elementor-nav-menu--dropdown\">\n\t<li class=\"menu-item menu-item-type-post_type menu-item-object-page menu-item-5020\"><a href=\"https:\/\/www.rers-evry-bdd.fr\/index.php\/projets-annee-rers-centre-essonne\/\" class=\"elementor-sub-item menu-link\">Les projets de l\u2019ann\u00e9e<\/a><\/li>\n\t<li class=\"menu-item menu-item-type-post_type menu-item-object-page menu-item-2577\"><a href=\"https:\/\/www.rers-evry-bdd.fr\/index.php\/clas-au-rers\/\" class=\"elementor-sub-item menu-link\">CLAS au RERS<\/a><\/li>\n\t<li class=\"menu-item menu-item-type-post_type menu-item-object-page menu-item-2570\"><a href=\"https:\/\/www.rers-evry-bdd.fr\/index.php\/demandes-offres-savoirs-rers-centre-essonne\/jardin-en-partage-rers-centre-essonne\/\" class=\"elementor-sub-item menu-link\">Jardin en Partage<\/a><\/li>\n\t<li class=\"menu-item menu-item-type-post_type menu-item-object-page menu-item-2554\"><a href=\"https:\/\/www.rers-evry-bdd.fr\/index.php\/ville-apprenante-evry-courcouronnes\/\" class=\"elementor-sub-item menu-link\">Avec \u00c9vry-Courcouronnes \u2013 Ville Apprenante<\/a><\/li>\n<\/ul>\n<\/li>\n<li class=\"menu-item menu-item-type-post_type menu-item-object-page menu-item-has-children menu-item-2555\"><a aria-expanded=\"false\" href=\"https:\/\/www.rers-evry-bdd.fr\/index.php\/demandes-offres-savoirs-rers-centre-essonne\/echanges-collectifs-en-cours\/formations-reciproques-rers\/\" class=\"elementor-item menu-link\">Nos formations<span role=\"button\" class=\"dropdown-menu-toggle ast-header-navigation-arrow\" tabindex=\"0\" aria-expanded=\"false\" aria-label=\"Permutateur de Menu\" aria-haspopup=\"true\"><\/span><\/a>\n<ul class=\"sub-menu elementor-nav-menu--dropdown\">\n\t<li class=\"menu-item menu-item-type-post_type menu-item-object-page menu-item-4491\"><a href=\"https:\/\/www.rers-evry-bdd.fr\/index.php\/co-formation-interne\/\" class=\"elementor-sub-item menu-link\">Co-formation interne<\/a><\/li>\n\t<li class=\"menu-item menu-item-type-post_type menu-item-object-page menu-item-4496\"><a href=\"https:\/\/www.rers-evry-bdd.fr\/index.php\/formations-foresco\/\" class=\"elementor-sub-item menu-link\">Formations FORESCO<\/a><\/li>\n<\/ul>\n<\/li>\n<li class=\"menu-item menu-item-type-post_type menu-item-object-page menu-item-2556\"><a href=\"https:\/\/www.rers-evry-bdd.fr\/index.php\/ou-nous-rencontrer-rers-centre-essonne\/\" class=\"elementor-item menu-link\">O\u00f9 nous trouver ?<\/a><\/li>\n<li class=\"menu-item menu-item-type-post_type menu-item-object-page menu-item-4454\"><a href=\"https:\/\/www.rers-evry-bdd.fr\/index.php\/ou-nous-rencontrer-rers-centre-essonne\/contacter-rers-evry-essonne\/\" class=\"elementor-item menu-link\">Nous contacter<\/a><\/li>\n<\/ul>\t\t\t<\/nav>\n\t\t\t\t\t\t<nav class=\"elementor-nav-menu--dropdown elementor-nav-menu__container\" aria-hidden=\"true\">\n\t\t\t\t<ul id=\"menu-2-28aff53f\" class=\"elementor-nav-menu\"><li class=\"menu-item menu-item-type-post_type menu-item-object-page menu-item-home menu-item-6054\"><a href=\"https:\/\/www.rers-evry-bdd.fr\/\" class=\"elementor-item menu-link\" tabindex=\"-1\">Accueil<\/a><\/li>\n<li class=\"menu-item menu-item-type-post_type menu-item-object-page menu-item-has-children menu-item-3654\"><a aria-expanded=\"false\" href=\"https:\/\/www.rers-evry-bdd.fr\/index.php\/qui-sommes-nous\/\" class=\"elementor-item menu-link\" tabindex=\"-1\">Qui sommes-nous ?<span role=\"button\" class=\"dropdown-menu-toggle ast-header-navigation-arrow\" tabindex=\"0\" aria-expanded=\"false\" aria-label=\"Permutateur de Menu\" aria-haspopup=\"true\"><\/span><\/a>\n<ul class=\"sub-menu elementor-nav-menu--dropdown\">\n\t<li class=\"menu-item menu-item-type-post_type menu-item-object-page menu-item-2562\"><a href=\"https:\/\/www.rers-evry-bdd.fr\/index.php\/nos-valeurs-rers\/\" class=\"elementor-sub-item menu-link\" tabindex=\"-1\">Nos valeurs<\/a><\/li>\n\t<li class=\"menu-item menu-item-type-post_type menu-item-object-page menu-item-2563\"><a href=\"https:\/\/www.rers-evry-bdd.fr\/index.php\/charte-rers-centre-essonne\/\" class=\"elementor-sub-item menu-link\" tabindex=\"-1\">Charte des RERS<\/a><\/li>\n\t<li class=\"menu-item menu-item-type-post_type menu-item-object-page menu-item-2564\"><a href=\"https:\/\/www.rers-evry-bdd.fr\/index.php\/presentation-des-equipes\/\" class=\"elementor-sub-item menu-link\" tabindex=\"-1\">L\u2019association et son organisation<\/a><\/li>\n\t<li class=\"menu-item menu-item-type-post_type menu-item-object-page menu-item-has-children menu-item-3788\"><a aria-expanded=\"false\" href=\"https:\/\/www.rers-evry-bdd.fr\/index.php\/communication\/\" class=\"elementor-sub-item menu-link\" tabindex=\"-1\">La communication<span role=\"button\" class=\"dropdown-menu-toggle ast-header-navigation-arrow\" tabindex=\"0\" aria-expanded=\"false\" aria-label=\"Permutateur de Menu\" aria-haspopup=\"true\"><\/span><\/a>\n\t<ul class=\"sub-menu elementor-nav-menu--dropdown\">\n\t\t<li class=\"menu-item menu-item-type-post_type menu-item-object-page menu-item-2572\"><a href=\"https:\/\/www.rers-evry-bdd.fr\/index.php\/communication\/lettres-du-rers\/\" class=\"elementor-sub-item menu-link\" tabindex=\"-1\">Les Lettres RERS<\/a><\/li>\n\t\t<li class=\"menu-item menu-item-type-post_type menu-item-object-page menu-item-2550\"><a href=\"https:\/\/www.rers-evry-bdd.fr\/index.php\/communication\/lir-lien-inter-rers\/\" class=\"elementor-sub-item menu-link\" tabindex=\"-1\">LIR Lien Inter RERS<\/a><\/li>\n\t<\/ul>\n<\/li>\n\t<li class=\"menu-item menu-item-type-post_type menu-item-object-page menu-item-2565\"><a href=\"https:\/\/www.rers-evry-bdd.fr\/index.php\/partenaires-rers-centre-essonne\/\" class=\"elementor-sub-item menu-link\" tabindex=\"-1\">Nos Partenaires<\/a><\/li>\n\t<li class=\"menu-item menu-item-type-post_type menu-item-object-page menu-item-has-children menu-item-4585\"><a aria-expanded=\"false\" href=\"https:\/\/www.rers-evry-bdd.fr\/index.php\/foresco-le-mouvement-des-rers\/\" class=\"elementor-sub-item menu-link\" tabindex=\"-1\">FORESCO le Mouvement des RERS<span role=\"button\" class=\"dropdown-menu-toggle ast-header-navigation-arrow\" tabindex=\"0\" aria-expanded=\"false\" aria-label=\"Permutateur de Menu\" aria-haspopup=\"true\"><\/span><\/a>\n\t<ul class=\"sub-menu elementor-nav-menu--dropdown\">\n\t\t<li class=\"menu-item menu-item-type-post_type menu-item-object-page menu-item-8214\"><a href=\"https:\/\/www.rers-evry-bdd.fr\/index.php\/notre-histoire-nos-histoires-dans-le-reseau\/\" class=\"elementor-sub-item menu-link\" tabindex=\"-1\">Fresque \u2013 Histoire des R\u00e9seaux<\/a><\/li>\n\t\t<li class=\"menu-item menu-item-type-post_type menu-item-object-page menu-item-4809\"><a href=\"https:\/\/www.rers-evry-bdd.fr\/index.php\/rencontres-automne-reseaux-des-rers\/\" class=\"elementor-sub-item menu-link\" tabindex=\"-1\">Les Rencontres d\u2019automne<\/a><\/li>\n\t\t<li class=\"menu-item menu-item-type-post_type menu-item-object-page menu-item-3811\"><a href=\"https:\/\/www.rers-evry-bdd.fr\/index.php\/notre-histoire\/les-ags-de-foresco\/\" class=\"elementor-sub-item menu-link\" tabindex=\"-1\">Les AGs de FORESCO<\/a><\/li>\n\t<\/ul>\n<\/li>\n\t<li class=\"menu-item menu-item-type-post_type menu-item-object-page menu-item-has-children menu-item-2566\"><a aria-expanded=\"false\" href=\"https:\/\/www.rers-evry-bdd.fr\/index.php\/notre-histoire\/\" class=\"elementor-sub-item menu-link\" tabindex=\"-1\">Notre histoire<span role=\"button\" class=\"dropdown-menu-toggle ast-header-navigation-arrow\" tabindex=\"0\" aria-expanded=\"false\" aria-label=\"Permutateur de Menu\" aria-haspopup=\"true\"><\/span><\/a>\n\t<ul class=\"sub-menu elementor-nav-menu--dropdown\">\n\t\t<li class=\"menu-item menu-item-type-post_type menu-item-object-page menu-item-7936\"><a href=\"https:\/\/www.rers-evry-bdd.fr\/index.php\/notre-histoire-nos-histoires-dans-le-reseau\/\" class=\"elementor-sub-item menu-link\" tabindex=\"-1\">Fresque \u2013 Histoire des R\u00e9seaux<\/a><\/li>\n\t\t<li class=\"menu-item menu-item-type-post_type menu-item-object-page menu-item-7692\"><a href=\"https:\/\/www.rers-evry-bdd.fr\/index.php\/qui-sommes-nous\/fete-des-45-ans\/\" class=\"elementor-sub-item menu-link\" tabindex=\"-1\">F\u00eate des 45 ans<\/a><\/li>\n\t\t<li class=\"menu-item menu-item-type-post_type menu-item-object-page menu-item-2611\"><a href=\"https:\/\/www.rers-evry-bdd.fr\/index.php\/page-en-construction-2\/\" class=\"elementor-sub-item menu-link\" tabindex=\"-1\">F\u00eate des 50 de FORESCO<\/a><\/li>\n\t<\/ul>\n<\/li>\n<\/ul>\n<\/li>\n<li class=\"menu-item menu-item-type-post_type menu-item-object-page menu-item-has-children menu-item-4611\"><a aria-expanded=\"false\" href=\"https:\/\/www.rers-evry-bdd.fr\/index.php\/demandes-offres-savoirs-rers-centre-essonne\/echanges-de-savoirs-evry-essonne\/\" class=\"elementor-item menu-link\" tabindex=\"-1\">\u00c9changes de Savoirs<span role=\"button\" class=\"dropdown-menu-toggle ast-header-navigation-arrow\" tabindex=\"0\" aria-expanded=\"false\" aria-label=\"Permutateur de Menu\" aria-haspopup=\"true\"><\/span><\/a>\n<ul class=\"sub-menu elementor-nav-menu--dropdown\">\n\t<li class=\"menu-item menu-item-type-post_type menu-item-object-page menu-item-2568\"><a href=\"https:\/\/www.rers-evry-bdd.fr\/index.php\/demandes-offres-savoirs-rers-centre-essonne\/ca-se-passe-comment\/\" class=\"elementor-sub-item menu-link\" tabindex=\"-1\">\u00c7a se passe comment ?<\/a><\/li>\n\t<li class=\"menu-item menu-item-type-post_type menu-item-object-page menu-item-2567\"><a href=\"https:\/\/www.rers-evry-bdd.fr\/index.php\/demandes-offres-savoirs-rers-centre-essonne\/\" class=\"elementor-sub-item menu-link\" tabindex=\"-1\">Demandes\/Offres en attente\u2026<\/a><\/li>\n\t<li class=\"menu-item menu-item-type-post_type menu-item-object-page menu-item-has-children menu-item-2974\"><a aria-expanded=\"false\" href=\"https:\/\/www.rers-evry-bdd.fr\/index.php\/demandes-offres-savoirs-rers-centre-essonne\/echanges-collectifs-en-cours\/\" class=\"elementor-sub-item menu-link\" tabindex=\"-1\">\u00c9changes collectifs de savoirs en cours<span role=\"button\" class=\"dropdown-menu-toggle ast-header-navigation-arrow\" tabindex=\"0\" aria-expanded=\"false\" aria-label=\"Permutateur de Menu\" aria-haspopup=\"true\"><\/span><\/a>\n\t<ul class=\"sub-menu elementor-nav-menu--dropdown\">\n\t\t<li class=\"menu-item menu-item-type-post_type menu-item-object-page menu-item-2569\"><a href=\"https:\/\/www.rers-evry-bdd.fr\/index.php\/demandes-offres-savoirs-rers-centre-essonne\/clas-rers-centre-essonne\/\" class=\"elementor-sub-item menu-link\" tabindex=\"-1\">CLAS : les \u00e9changes de savoirs dans l\u2019accompagnement \u00e0 la scolarit\u00e9<\/a><\/li>\n\t\t<li class=\"menu-item menu-item-type-post_type menu-item-object-page menu-item-4949\"><a href=\"https:\/\/www.rers-evry-bdd.fr\/index.php\/demandes-offres-savoirs-rers-centre-essonne\/echanges-vacances-rers-centre-essonne\/\" class=\"elementor-sub-item menu-link\" tabindex=\"-1\">Les \u00e9changes Vacances<\/a><\/li>\n\t\t<li class=\"menu-item menu-item-type-post_type menu-item-object-page menu-item-2578\"><a href=\"https:\/\/www.rers-evry-bdd.fr\/index.php\/demandes-offres-savoirs-rers-centre-essonne\/jardin-en-partage-rers-centre-essonne\/elementor-page-913\/\" class=\"elementor-sub-item menu-link\" tabindex=\"-1\">Jardin en Partage<\/a><\/li>\n\t\t<li class=\"menu-item menu-item-type-post_type menu-item-object-page menu-item-3061\"><a href=\"https:\/\/www.rers-evry-bdd.fr\/index.php\/demandes-offres-savoirs-rers-centre-essonne\/echanges-collectifs-en-cours\/parlons-laicite\/\" class=\"elementor-sub-item menu-link\" tabindex=\"-1\">Parlons La\u00efcit\u00e9<\/a><\/li>\n\t<\/ul>\n<\/li>\n\t<li class=\"menu-item menu-item-type-post_type menu-item-object-page menu-item-4596\"><a href=\"https:\/\/www.rers-evry-bdd.fr\/index.php\/page-en-construction-2\/exemple-echanges-de-savoirs-thesaurus\/\" class=\"elementor-sub-item menu-link\" tabindex=\"-1\">Exemples d\u2019\u00e9changes de savoirs \u2013 th\u00e9saurus<\/a><\/li>\n<\/ul>\n<\/li>\n<li class=\"menu-item menu-item-type-post_type menu-item-object-page menu-item-has-children menu-item-4553\"><a aria-expanded=\"false\" href=\"https:\/\/www.rers-evry-bdd.fr\/index.php\/nos-projets\/\" class=\"elementor-item menu-link\" tabindex=\"-1\">Nos projets<span role=\"button\" class=\"dropdown-menu-toggle ast-header-navigation-arrow\" tabindex=\"0\" aria-expanded=\"false\" aria-label=\"Permutateur de Menu\" aria-haspopup=\"true\"><\/span><\/a>\n<ul class=\"sub-menu elementor-nav-menu--dropdown\">\n\t<li class=\"menu-item menu-item-type-post_type menu-item-object-page menu-item-5020\"><a href=\"https:\/\/www.rers-evry-bdd.fr\/index.php\/projets-annee-rers-centre-essonne\/\" class=\"elementor-sub-item menu-link\" tabindex=\"-1\">Les projets de l\u2019ann\u00e9e<\/a><\/li>\n\t<li class=\"menu-item menu-item-type-post_type menu-item-object-page menu-item-2577\"><a href=\"https:\/\/www.rers-evry-bdd.fr\/index.php\/clas-au-rers\/\" class=\"elementor-sub-item menu-link\" tabindex=\"-1\">CLAS au RERS<\/a><\/li>\n\t<li class=\"menu-item menu-item-type-post_type menu-item-object-page menu-item-2570\"><a href=\"https:\/\/www.rers-evry-bdd.fr\/index.php\/demandes-offres-savoirs-rers-centre-essonne\/jardin-en-partage-rers-centre-essonne\/\" class=\"elementor-sub-item menu-link\" tabindex=\"-1\">Jardin en Partage<\/a><\/li>\n\t<li class=\"menu-item menu-item-type-post_type menu-item-object-page menu-item-2554\"><a href=\"https:\/\/www.rers-evry-bdd.fr\/index.php\/ville-apprenante-evry-courcouronnes\/\" class=\"elementor-sub-item menu-link\" tabindex=\"-1\">Avec \u00c9vry-Courcouronnes \u2013 Ville Apprenante<\/a><\/li>\n<\/ul>\n<\/li>\n<li class=\"menu-item menu-item-type-post_type menu-item-object-page menu-item-has-children menu-item-2555\"><a aria-expanded=\"false\" href=\"https:\/\/www.rers-evry-bdd.fr\/index.php\/demandes-offres-savoirs-rers-centre-essonne\/echanges-collectifs-en-cours\/formations-reciproques-rers\/\" class=\"elementor-item menu-link\" tabindex=\"-1\">Nos formations<span role=\"button\" class=\"dropdown-menu-toggle ast-header-navigation-arrow\" tabindex=\"0\" aria-expanded=\"false\" aria-label=\"Permutateur de Menu\" aria-haspopup=\"true\"><\/span><\/a>\n<ul class=\"sub-menu elementor-nav-menu--dropdown\">\n\t<li class=\"menu-item menu-item-type-post_type menu-item-object-page menu-item-4491\"><a href=\"https:\/\/www.rers-evry-bdd.fr\/index.php\/co-formation-interne\/\" class=\"elementor-sub-item menu-link\" tabindex=\"-1\">Co-formation interne<\/a><\/li>\n\t<li class=\"menu-item menu-item-type-post_type menu-item-object-page menu-item-4496\"><a href=\"https:\/\/www.rers-evry-bdd.fr\/index.php\/formations-foresco\/\" class=\"elementor-sub-item menu-link\" tabindex=\"-1\">Formations FORESCO<\/a><\/li>\n<\/ul>\n<\/li>\n<li class=\"menu-item menu-item-type-post_type menu-item-object-page menu-item-2556\"><a href=\"https:\/\/www.rers-evry-bdd.fr\/index.php\/ou-nous-rencontrer-rers-centre-essonne\/\" class=\"elementor-item menu-link\" tabindex=\"-1\">O\u00f9 nous trouver ?<\/a><\/li>\n<li class=\"menu-item menu-item-type-post_type menu-item-object-page menu-item-4454\"><a href=\"https:\/\/www.rers-evry-bdd.fr\/index.php\/ou-nous-rencontrer-rers-centre-essonne\/contacter-rers-evry-essonne\/\" class=\"elementor-item menu-link\" tabindex=\"-1\">Nous contacter<\/a><\/li>\n<\/ul>\t\t\t<\/nav>\n\t\t\t\t\t\t<\/div>\n\t\t\t\t<div class=\"elementor-element elementor-element-963424e elementor-widget elementor-widget-page-title\" data-id=\"963424e\" data-element_type=\"widget\" data-e-type=\"widget\" data-widget_type=\"page-title.default\">\n\t\t\t\t<div class=\"elementor-widget-container\">\n\t\t\t\t\t\t\t\n\t\t<div class=\"hfe-page-title hfe-page-title-wrapper elementor-widget-heading\">\n\n\t\t\t\t\t\t\t\t\t\t\t<a href=\"https:\/\/www.rers-evry-bdd.fr\">\n\t\t\t\t\t\t<h1 class=\"elementor-heading-title elementor-size-default\">\n\t\t\t\t\t\t\t\t\n\t\t\t\tParlons La\u00efcit\u00e9  \n\t\t\t<\/h1 > \n\t\t\t\t\t\t\t\t\t<\/a>\n\t\t\t\t\t<\/div>\n\t\t\t\t\t\t<\/div>\n\t\t\t\t<\/div>\n\t\t\t\t<\/div>\n\t\t<div class=\"elementor-element elementor-element-0522d60 e-flex e-con-boxed e-con e-parent\" data-id=\"0522d60\" data-element_type=\"container\" data-e-type=\"container\">\n\t\t\t\t\t<div class=\"e-con-inner\">\n\t\t\t\t<div class=\"elementor-element elementor-element-5b379bb elementor-widget elementor-widget-spacer\" data-id=\"5b379bb\" data-element_type=\"widget\" data-e-type=\"widget\" data-widget_type=\"spacer.default\">\n\t\t\t\t\t\t\t<div class=\"elementor-spacer\">\n\t\t\t<div class=\"elementor-spacer-inner\"><\/div>\n\t\t<\/div>\n\t\t\t\t\t\t<\/div>\n\t\t\t\t\t<\/div>\n\t\t\t\t<\/div>\n\t\t<div class=\"elementor-element elementor-element-3f10e40 e-flex e-con-boxed e-con e-parent\" data-id=\"3f10e40\" data-element_type=\"container\" data-e-type=\"container\">\n\t\t\t\t\t<div class=\"e-con-inner\">\n\t\t\t\t<div class=\"elementor-element elementor-element-4e6b2b03 elementor-widget elementor-widget-text-editor\" data-id=\"4e6b2b03\" data-element_type=\"widget\" data-e-type=\"widget\" data-widget_type=\"text-editor.default\">\n\t\t\t\t\t\t\t\t\t<p style=\"text-align: justify;\"><span style=\"font-size: 12pt;\">Nous nous retrouvons <strong>chaque premier jeudi du mois<\/strong> pour des \u00e9changes sur la La\u00efcit\u00e9\u00a0 de<strong> 17h<\/strong> <strong>\u00e0 19h<\/strong><\/span><span style=\"font-size: 12pt;\"><strong> \u00e0 la MJC Centre social Simone Signoret ou \u00e0 la Maison de Quartier Jacques Pr\u00e9vert<\/strong><\/span><\/p><p style=\"text-align: justify;\"><span style=\"font-size: 12pt;\">Nous nous appuyons sur l\u2019article 1 de la charte des R\u00e9seaux d\u2019\u00c9changes R\u00e9ciproques de Savoirs<sup>\u00ae<\/sup> : \u201cLes RERS, groupes d\u2019\u00c9ducation Populaire, sont constitu\u00e9s de citoyen(nes), sans distinctions d\u2019\u00e2ge, de conviction politique ou religieuse ni d\u2019origine culturelle ou sociale.\u201d<br \/><\/span><\/p><p style=\"text-align: justify;\"><span style=\"font-size: 12pt;\">Le respect et la libert\u00e9 absolue de conscience sont naturels au R\u00e9seau RERS, cela va sans dire, mais \u00e7a va mieux en le disant.<br \/><\/span><\/p><p><span class=\"ng-scope\">Les d\u00e9bats de \u00ab\u00a0Parlons la\u00efcit\u00e9\u00a0\u00bb\u00a0 sont enregistr\u00e9s sous forme d&rsquo;\u00e9missions de radio <strong>\u201cParlons La\u00efcit\u00e9\u201d <\/strong>sur <a href=\"https:\/\/www.youtube.com\/channel\/UC0nzbpUrs-JxmdgUcoryTMQ\" target=\"_blank\" rel=\"noopener\"><strong>Youtube<\/strong><\/a><strong>.<\/strong><br \/>Voici le lien pour \u00e9couter le <strong>dernier d\u00e9bat<\/strong>, cliquer sur l&rsquo;image :<\/span><\/p>\t\t\t\t\t\t\t\t<\/div>\n\t\t\t\t\t<\/div>\n\t\t\t\t<\/div>\n\t\t<div class=\"elementor-element elementor-element-37bb637 e-flex e-con-boxed e-con e-parent\" data-id=\"37bb637\" data-element_type=\"container\" data-e-type=\"container\">\n\t\t\t\t\t<div class=\"e-con-inner\">\n\t\t\t\t<div class=\"elementor-element elementor-element-f6a3083 elementor-widget elementor-widget-image\" data-id=\"f6a3083\" data-element_type=\"widget\" data-e-type=\"widget\" data-widget_type=\"image.default\">\n\t\t\t\t\t\t\t\t\t\t\t\t\t\t\t\t<a href=\"https:\/\/www.youtube.com\/watch?v=vDI6huAomFg\" target=\"_blank\" rel=\"noopener\">\n\t\t\t\t\t\t\t<img decoding=\"async\" src=\"https:\/\/www.rers-evry-bdd.fr\/wp-content\/uploads\/elementor\/thumbs\/emission_laicite-qqaavhdn9pcibmsot0mfbif8dm0q6dqzei2lc599vk.jpg\" title=\"Youtube emissions La\u00efcit\u00e9 RERS\" alt=\"Youtube emissions La\u00efcit\u00e9 RERS\" loading=\"lazy\" \/>\t\t\t\t\t\t\t\t<\/a>\n\t\t\t\t\t\t\t\t\t\t\t\t\t\t\t<\/div>\n\t\t\t\t\t<\/div>\n\t\t\t\t<\/div>\n\t\t<div class=\"elementor-element elementor-element-b50e872 e-flex e-con-boxed e-con e-parent\" data-id=\"b50e872\" data-element_type=\"container\" data-e-type=\"container\">\n\t\t\t\t\t<div class=\"e-con-inner\">\n\t\t\t\t<div class=\"elementor-element elementor-element-d839943 elementor-widget__width-initial elementor-widget elementor-widget-image\" data-id=\"d839943\" data-element_type=\"widget\" data-e-type=\"widget\" data-widget_type=\"image.default\">\n\t\t\t\t\t\t\t\t\t\t\t\t\t\t\t<img decoding=\"async\" src=\"https:\/\/www.rers-evry-bdd.fr\/wp-content\/uploads\/elementor\/thumbs\/bandeau_colore-qqaavm2utswvie0l2zqwygqpoa99xsvwqavosr1ekc.jpg\" title=\"bandeau_colore\" alt=\"bandeau_colore\" loading=\"lazy\" \/>\t\t\t\t\t\t\t\t\t\t\t\t\t\t\t<\/div>\n\t\t\t\t\t<\/div>\n\t\t\t\t<\/div>\n\t\t<div class=\"elementor-element elementor-element-3092251 e-flex e-con-boxed e-con e-parent\" data-id=\"3092251\" data-element_type=\"container\" data-e-type=\"container\">\n\t\t\t\t\t<div class=\"e-con-inner\">\n\t\t\t\t<div class=\"elementor-element elementor-element-bdb815a elementor-widget elementor-widget-text-editor\" data-id=\"bdb815a\" data-element_type=\"widget\" data-e-type=\"widget\" data-widget_type=\"text-editor.default\">\n\t\t\t\t\t\t\t\t\t<p><strong><span style=\"color: #800080;\">C&rsquo;\u00e9tait le 3 avril 2025<\/span>,<\/strong><\/p><p><strong>La\u00efcit\u00e9 et th\u00e9orie de l&rsquo;\u00e9volution<\/strong>, avec M. Gr\u00e9gory Quiquempois, Professeur de SVT<\/p><p><strong><span style=\"color: #800080;\">C&rsquo;\u00e9tait le 6 mars 2025<\/span>,<\/strong><\/p><p><a href=\"https:\/\/www.youtube.com\/watch?v=bEVWMqAk9Ew&amp;ab_channel=RERSde%C3%89vryCentre-Essonne\" target=\"_blank\" rel=\"noopener\"><strong>La\u00efcit\u00e9 et complotisme<\/strong><\/a>, avec M. Rudy Reichstadt, Journaliste<\/p><p><span style=\"color: #800080;\"><strong>C&rsquo;\u00e9tait le 6 f\u00e9vrier 2025<\/strong><\/span><strong>,<\/strong><\/p><p><a href=\"https:\/\/www.youtube.com\/watch?v=rVVsWR0JBAY&amp;ab_channel=RERSde%C3%89vryCentre-Essonne\" target=\"_blank\" rel=\"noopener\"><strong>La\u00efcit\u00e9 face aux faux la\u00efques<\/strong><\/a>, avec Mme Aline Girard, Secr\u00e9taire g\u00e9n\u00e9rale Unit\u00e9 La\u00efque<\/p>\t\t\t\t\t\t\t\t<\/div>\n\t\t\t\t\t<\/div>\n\t\t\t\t<\/div>\n\t\t<div class=\"elementor-element elementor-element-204cced e-flex e-con-boxed e-con e-parent\" data-id=\"204cced\" data-element_type=\"container\" data-e-type=\"container\">\n\t\t\t\t\t<div class=\"e-con-inner\">\n\t\t\t\t<div class=\"elementor-element elementor-element-c8e83df elementor-widget__width-initial elementor-widget elementor-widget-image\" data-id=\"c8e83df\" data-element_type=\"widget\" data-e-type=\"widget\" data-widget_type=\"image.default\">\n\t\t\t\t\t\t\t\t\t\t\t\t\t\t\t<img decoding=\"async\" src=\"https:\/\/www.rers-evry-bdd.fr\/wp-content\/uploads\/elementor\/thumbs\/bandeau_colore-qqaavm2utswvie0l2zqwygqpoa99xsvwqavosr1ekc.jpg\" title=\"bandeau_colore\" alt=\"bandeau_colore\" loading=\"lazy\" \/>\t\t\t\t\t\t\t\t\t\t\t\t\t\t\t<\/div>\n\t\t\t\t\t<\/div>\n\t\t\t\t<\/div>\n\t\t<div class=\"elementor-element elementor-element-af58898 e-flex e-con-boxed e-con e-parent\" data-id=\"af58898\" data-element_type=\"container\" data-e-type=\"container\">\n\t\t\t\t\t<div class=\"e-con-inner\">\n\t\t\t\t<div class=\"elementor-element elementor-element-61f2848 elementor-widget elementor-widget-text-editor\" data-id=\"61f2848\" data-element_type=\"widget\" data-e-type=\"widget\" data-widget_type=\"text-editor.default\">\n\t\t\t\t\t\t\t\t\t<p style=\"text-align: left;\"><span style=\"color: #7a7a7a;\"><strong><span style=\"color: #800080;\">C&rsquo;\u00e9tait le 5 d\u00e9cembre 2024<\/span>,<\/strong><\/span><\/p><p><strong>La\u00efcit\u00e9 et sport<\/strong>, avec M. Maxime Moulazadeh, Commentateur sportif<\/p><p style=\"text-align: left;\"><span style=\"color: #7a7a7a;\"><strong><span style=\"color: #800080;\">C&rsquo;\u00e9tait le 6 juin 2024<\/span>,<\/strong><br \/><\/span><\/p><p><a href=\"https:\/\/www.youtube.com\/watch?v=XpbI_NA6Suc&amp;list=PLOWMZqN7CNDmYhqqGlHCpBcz_luX0CA_g&amp;index=31\" target=\"_blank\" rel=\"noopener\"><strong>La\u00efcit\u00e9 et \u00e9thique<\/strong><\/a>, avec M. Dominique Lamoureux, R\u00e9f\u00e9rent \u00c9thique du pacte mondial des Nations Unies<\/p><p><span style=\"color: #800080;\"><strong>C&rsquo;\u00e9tait le 4 avril 2024<\/strong><\/span><span style=\"color: #000000;\"><strong>,<\/strong><\/span><\/p><p><a href=\"https:\/\/www.youtube.com\/watch?v=1k77A47grG0&amp;ab_channel=RERSde%C3%89vryCentre-Essonne\" target=\"_blank\" rel=\"noopener\"><strong>La\u00efcit\u00e9 et mouvements LGBT<\/strong><\/a>, avec M. Arnaud Abel, Pr\u00e9sident de l&rsquo;association \u201cFiert\u00e9s Citoyennes\u201d<\/p><p><span style=\"color: #000000;\"><strong><span style=\"color: #800080;\">C&rsquo;\u00e9tait le 7 mars 2024<\/span>,<\/strong><\/span><\/p><p><strong>La\u00efcit\u00e9 et racisme<\/strong>, avec Mme H\u00e9l\u00e8ne Bouniol, co-pr\u00e9sidente r\u00e9seau \u00c9ducation D\u00e9l\u00e9gu\u00e9e \u00e0 la formation des militants de LICRA<\/p><p>Accueillis par la MJC Simone Signoret, nous \u00e9tions nombreux, une grosse vingtaine, \u00e0 venir \u00e9couter Mme H\u00e9l\u00e8ne Bouniol co-pr\u00e9sidente au sein de la Licra (Ligue internationale contre le racisme et l\u2019antis\u00e9mitisme) puis \u00e0 d\u00e9battre avec elle.<\/p><p>Quelques points d\u00e9battus :<br \/>Les jeunes (et peut-\u00eatre les moins jeunes aussi) connaissent bien le racisme mais souvent ne connaissent m\u00eame pas le mot \u201cantis\u00e9mitisme\u201d.<\/p><p>On parle de jud\u00e9ophobie par rapport \u00e0 la religion et d&rsquo;antis\u00e9mitisme plut\u00f4t par rapport \u00e0 la notion de race. Mais cette notion de race a \u00e9t\u00e9 abandonn\u00e9e, parce que inexacte, en ce qui concerne l&rsquo;esp\u00e8ce humaine.<\/p><p>La\u00efcit\u00e9 : libert\u00e9 de penser, de croire ou ne pas croire. C&rsquo;est l&rsquo;\u00e9cole pour tous. L&rsquo;\u00e9cole ne se conteste pas.<\/p><p>N\u00e9cessit\u00e9 d&rsquo;ateliers de d\u00e9veloppement de l&rsquo;esprit critique.<br \/>C. T.<\/p><p><span style=\"color: #000000;\"><strong><span style=\"color: #800080;\">C&rsquo;\u00e9tait le 1er f\u00e9vrier 2024<\/span>,<\/strong><\/span><\/p><p><a href=\"https:\/\/www.youtube.com\/watch?v=pmOWfRgGvpg&amp;ab_channel=RERSde%C3%89vryCentre-Essonne\" target=\"_blank\" rel=\"noopener\"><strong>La\u00efcit\u00e9 et syst\u00e8me scolaire<\/strong><\/a>, avec M. Iannis Roder, secr\u00e9taire g\u00e9n\u00e9ral adjoint du Conseil des Sages de la la\u00efcit\u00e9 du minist\u00e8re de l&rsquo;\u00c9ducation Nationale et de la Jeunesse.<\/p>\t\t\t\t\t\t\t\t<\/div>\n\t\t\t\t\t<\/div>\n\t\t\t\t<\/div>\n\t\t<div class=\"elementor-element elementor-element-2e04bdf e-flex e-con-boxed e-con e-parent\" data-id=\"2e04bdf\" data-element_type=\"container\" data-e-type=\"container\">\n\t\t\t\t\t<div class=\"e-con-inner\">\n\t\t\t\t<div class=\"elementor-element elementor-element-d7130a6 elementor-widget__width-initial elementor-widget elementor-widget-image\" data-id=\"d7130a6\" data-element_type=\"widget\" data-e-type=\"widget\" data-widget_type=\"image.default\">\n\t\t\t\t\t\t\t\t\t\t\t\t\t\t\t<img decoding=\"async\" src=\"https:\/\/www.rers-evry-bdd.fr\/wp-content\/uploads\/elementor\/thumbs\/bandeau_colore-qqaavm2utswvie0l2zqwygqpoa99xsvwqavosr1ekc.jpg\" title=\"bandeau_colore\" alt=\"bandeau_colore\" loading=\"lazy\" \/>\t\t\t\t\t\t\t\t\t\t\t\t\t\t\t<\/div>\n\t\t\t\t\t<\/div>\n\t\t\t\t<\/div>\n\t\t<div class=\"elementor-element elementor-element-2a99fb0 e-flex e-con-boxed e-con e-parent\" data-id=\"2a99fb0\" data-element_type=\"container\" data-e-type=\"container\">\n\t\t\t\t\t<div class=\"e-con-inner\">\n\t\t\t\t<div class=\"elementor-element elementor-element-396ab11 elementor-widget elementor-widget-text-editor\" data-id=\"396ab11\" data-element_type=\"widget\" data-e-type=\"widget\" data-widget_type=\"text-editor.default\">\n\t\t\t\t\t\t\t\t\t<p style=\"text-align: left;\"><span style=\"color: #7a7a7a;\"><strong><span style=\"color: #800080;\">C&rsquo;\u00e9tait le 1 juin 2023<\/span>,<\/strong><\/span><\/p><p><a href=\"https:\/\/www.youtube.com\/watch?v=BGSW61eWFvE&amp;ab_channel=RERSde%C3%89vryCentre-Essonne\" target=\"_blank\" rel=\"noopener\"><strong>La\u00efcit\u00e9 et libert\u00e9s individuelles<\/strong><\/a>, avec M. Laurent Kupferman, \u00c9crivain essayiste<\/p><p style=\"text-align: left;\"><span style=\"color: #7a7a7a;\"><strong><span style=\"color: #800080;\">C&rsquo;\u00e9tait le 4 mai 2023<\/span>,<\/strong><br \/><\/span><\/p><p><a href=\"https:\/\/www.youtube.com\/watch?v=W7p_tqQ-CFg&amp;ab_channel=RERSde%C3%89vryCentre-Essonne\" target=\"_blank\" rel=\"noopener\"><strong>La\u00efcit\u00e9 et Turquie<\/strong><\/a>, avec Mme Arzu Torun, Journaliste et autrice \u201cLe Printemps en nous\u201d<\/p><p><span style=\"color: #800080;\"><strong>C&rsquo;\u00e9tait le 6 avril 2023<\/strong><\/span><span style=\"color: #000000;\"><strong>,<\/strong><\/span><\/p><p><a href=\"https:\/\/www.youtube.com\/watch?v=-C9guk-UpGI&amp;ab_channel=RERSde%C3%89vryCentre-Essonne\" target=\"_blank\" rel=\"noopener\"><strong>La\u00efcit\u00e9, comprendre la radicalisation<\/strong><\/a>, avec M. St\u00e9phane Lacombe, Formateur et consultant sur les questions de coh\u00e9sion sociale et radicalisation<\/p><p><span style=\"color: #000000;\"><strong><span style=\"color: #800080;\">C&rsquo;\u00e9tait le 2 mars 2023<\/span>,<\/strong><\/span><\/p><p><a href=\"https:\/\/www.youtube.com\/watch?v=YapiwrO3znw&amp;ab_channel=RERSde%C3%89vryCentre-Essonne\" target=\"_blank\" rel=\"noopener\"><strong>La\u00efcit\u00e9 et Amphit\u00e9\u00e2tre Sharb \u00e0 la Sorbonne<\/strong><\/a>, avec Mme Floriane Gouget, Pr\u00e9sidente de l&rsquo;association \u00e9tudiante Dernier Espoir<\/p><p><span style=\"color: #000000;\"><strong><span style=\"color: #800080;\">C&rsquo;\u00e9tait le 2 f\u00e9vrier 2023<\/span>,<\/strong><\/span><\/p><p><a href=\"https:\/\/www.youtube.com\/watch?v=3HW2u0OeIIM&amp;ab_channel=RERSde%C3%89vryCentre-Essonne\" target=\"_blank\" rel=\"noopener\"><strong>La\u00efcit\u00e9, cancel culture et woke<\/strong><\/a>, avec M. Jean-No\u00ebl Amad\u00e9i, Directeur g\u00e9n\u00e9ral d\u2019Actions pour les Collectivit\u00e9s Territoriales et Initiatives Sociales, Sportives, Culturelles et \u00c9ducatives (ACTISE)<\/p><p><span style=\"color: #363636;\"><strong><span style=\"color: #800080;\">C&rsquo;\u00e9tait le 5 janvier 2023<\/span>,<\/strong><\/span><\/p><p><a href=\"https:\/\/www.youtube.com\/watch?v=7r3Rf4hwa8Q&amp;ab_channel=RERSde%C3%89vryCentre-Essonne\" target=\"_blank\" rel=\"noopener\"><strong>La\u00efcit\u00e9, <\/strong><strong>histoire de la Pens\u00e9e libre<\/strong><\/a>, avec M. Thierry Mesny, D\u00e9l\u00e9gu\u00e9 aux questions la\u00efques de l\u2019Association Des Libres Penseurs de France (ADLPF)<\/p>\t\t\t\t\t\t\t\t<\/div>\n\t\t\t\t\t<\/div>\n\t\t\t\t<\/div>\n\t\t<div class=\"elementor-element elementor-element-77d0bae e-flex e-con-boxed e-con e-parent\" data-id=\"77d0bae\" data-element_type=\"container\" data-e-type=\"container\">\n\t\t\t\t\t<div class=\"e-con-inner\">\n\t\t\t\t<div class=\"elementor-element elementor-element-1923ded elementor-widget__width-initial elementor-widget elementor-widget-image\" data-id=\"1923ded\" data-element_type=\"widget\" data-e-type=\"widget\" data-widget_type=\"image.default\">\n\t\t\t\t\t\t\t\t\t\t\t\t\t\t\t<img decoding=\"async\" src=\"https:\/\/www.rers-evry-bdd.fr\/wp-content\/uploads\/elementor\/thumbs\/bandeau_colore-qqaavm2utswvie0l2zqwygqpoa99xsvwqavosr1ekc.jpg\" title=\"bandeau_colore\" alt=\"bandeau_colore\" loading=\"lazy\" \/>\t\t\t\t\t\t\t\t\t\t\t\t\t\t\t<\/div>\n\t\t\t\t\t<\/div>\n\t\t\t\t<\/div>\n\t\t<div class=\"elementor-element elementor-element-3f5d976 e-flex e-con-boxed e-con e-parent\" data-id=\"3f5d976\" data-element_type=\"container\" data-e-type=\"container\">\n\t\t\t\t\t<div class=\"e-con-inner\">\n\t\t\t\t<div class=\"elementor-element elementor-element-c094abe elementor-widget elementor-widget-text-editor\" data-id=\"c094abe\" data-element_type=\"widget\" data-e-type=\"widget\" data-widget_type=\"text-editor.default\">\n\t\t\t\t\t\t\t\t\t<p style=\"text-align: left;\"><span style=\"color: #7a7a7a;\"><strong><span style=\"color: #800080;\">C&rsquo;\u00e9tait le 1 d\u00e9cembre 2022<\/span>,<\/strong><\/span><\/p><p><strong>Radicalisation et La\u00efcit\u00e9<\/strong>, avec M. Emmanuel-Pierre GUITTET, Chercheur qualifi\u00e9 et membre du programme de recherche AFFECT (\u00e9valuation des politiques belges de d\u00e9radicalisation)<\/p><p style=\"text-align: left;\"><span style=\"color: #7a7a7a;\"><strong><span style=\"color: #800080;\">C&rsquo;\u00e9tait le 6 octobre 2022<\/span>,<\/strong><br \/><\/span><\/p><p><a href=\"https:\/\/www.youtube.com\/watch?v=-wF0t4DQX7Y&amp;ab_channel=RERSde%C3%89vryCentre-Essonne\" target=\"_blank\" rel=\"noopener\"><strong>La\u00efcit\u00e9 et \u00e9lus locaux<\/strong><\/a>, avec M. Thomas Urdy, conseiller en charge de la r\u00e9alisation avec les \u00e9lus de la la\u00eecit\u00e9 au cabinet de la ministre d\u00e9l\u00e9gu\u00e9e aupr\u00e8s du ministre de l\u2019Int\u00e9rieur, charg\u00e9e de la citoyennet\u00e9<\/p><p><span style=\"color: #800080;\"><strong>C&rsquo;\u00e9tait le 1 septembre 2022<\/strong><\/span><span style=\"color: #000000;\"><strong>,<\/strong><\/span><\/p><p><a href=\"https:\/\/www.youtube.com\/watch?v=HTySKrgXytE&amp;ab_channel=RERSde%C3%89vryCentre-Essonne\" target=\"_blank\" rel=\"noopener\"><strong>La\u00efcit\u00e9 et \u201cfin de vie<\/strong><\/a>\u201d, avec M. Fran\u00e7ois Lambert, Avocat<\/p><p><span style=\"color: #000000;\"><strong><span style=\"color: #800080;\">C&rsquo;\u00e9tait le 2 juin 2022<\/span>,<\/strong><\/span><\/p><p><a href=\"https:\/\/www.youtube.com\/watch?v=YapiwrO3znw&amp;ab_channel=RERSde%C3%89vryCentre-Essonne\" target=\"_blank\" rel=\"noopener\"><strong>La\u00efcit\u00e9 et Luxemburg<\/strong><\/a>, avec M. Michel Seelig, pr\u00e9sident du conseil de l\u2019IUT de Metz de l\u2019universit\u00e9 de Lorraine<\/p><p><span style=\"color: #000000;\"><strong><span style=\"color: #800080;\">C&rsquo;\u00e9tait le 5 mai 2022<\/span>,<\/strong><\/span><\/p><p><a href=\"https:\/\/www.youtube.com\/watch?v=cyJBBbtRdvE&amp;ab_channel=RERSde%C3%89vryCentre-Essonne\" target=\"_blank\" rel=\"noopener\"><strong>Adolescents et La\u00efcit\u00e9<\/strong><\/a>, avec Mme Jacqueline Costa Lascoux, Directrice au CNRS, vice-Pr\u00e9sidente du cercle Condorcet de Lyon, experte Unesco Dialogue Euro-Arabe<\/p><p><span style=\"color: #363636;\"><strong><span style=\"color: #800080;\">C&rsquo;\u00e9tait le 7 avril 2022<\/span>,<\/strong><\/span><\/p><p><a href=\"https:\/\/www.youtube.com\/watch?v=IoXz5TrNL6k&amp;ab_channel=RERSde%C3%89vryCentre-Essonne\" target=\"_blank\" rel=\"noopener\"><strong>Europe et La\u00efcit\u00e9<\/strong><\/a>, avec Mme Martine Cerf, Secr\u00e9taire g\u00e9n\u00e9rale \u00c9GALE (\u00c9galit\u00e9, La\u00efcit\u00e9, Europe Tous ensemble, Tous \u00c9gaux)<\/p><p><strong><span style=\"color: #800080;\">C&rsquo;\u00e9tait le 3 mars 2022<\/span>,<\/strong><\/p><p><a href=\"https:\/\/www.youtube.com\/watch?v=aUq3RB0Z2B8&amp;ab_channel=RERSde%C3%89vryCentre-Essonne\" target=\"_blank\" rel=\"noopener\"><strong>La\u00efcit\u00e9 et droit des femmes<\/strong><\/a>, avec Mme Mich\u00e8le Vian\u00e8s, Fondatrice de l\u2019association Regards de Femmes<\/p><p><strong><span style=\"color: #800080;\">C&rsquo;\u00e9tait le 3 f\u00e9vrier 2022<\/span>,<\/strong><\/p><p><a href=\"https:\/\/www.youtube.com\/watch?v=QBpz2fUj-VM&amp;ab_channel=RERSde%C3%89vryCentre-Essonne\" target=\"_blank\" rel=\"noopener\"><strong>La\u00efcit\u00e9 et et fragment de vie de violences faites aux femmes<\/strong><\/a>, avec Mme Julie, \u00e9tudiante en Maths et informatiques appliqu\u00e9es au sciences humaines et sociales<\/p>\t\t\t\t\t\t\t\t<\/div>\n\t\t\t\t\t<\/div>\n\t\t\t\t<\/div>\n\t\t<div class=\"elementor-element elementor-element-45fd263 e-flex e-con-boxed e-con e-parent\" data-id=\"45fd263\" data-element_type=\"container\" data-e-type=\"container\">\n\t\t\t\t\t<div class=\"e-con-inner\">\n\t\t\t\t<div class=\"elementor-element elementor-element-a7a6ca7 elementor-widget__width-initial elementor-widget elementor-widget-image\" data-id=\"a7a6ca7\" data-element_type=\"widget\" data-e-type=\"widget\" data-widget_type=\"image.default\">\n\t\t\t\t\t\t\t\t\t\t\t\t\t\t\t<img decoding=\"async\" src=\"https:\/\/www.rers-evry-bdd.fr\/wp-content\/uploads\/elementor\/thumbs\/bandeau_colore-qqaavm2utswvie0l2zqwygqpoa99xsvwqavosr1ekc.jpg\" title=\"bandeau_colore\" alt=\"bandeau_colore\" loading=\"lazy\" \/>\t\t\t\t\t\t\t\t\t\t\t\t\t\t\t<\/div>\n\t\t\t\t\t<\/div>\n\t\t\t\t<\/div>\n\t\t<div class=\"elementor-element elementor-element-a46e62b e-flex e-con-boxed e-con e-parent\" data-id=\"a46e62b\" data-element_type=\"container\" data-e-type=\"container\">\n\t\t\t\t\t<div class=\"e-con-inner\">\n\t\t\t\t<div class=\"elementor-element elementor-element-2816096 elementor-widget elementor-widget-text-editor\" data-id=\"2816096\" data-element_type=\"widget\" data-e-type=\"widget\" data-widget_type=\"text-editor.default\">\n\t\t\t\t\t\t\t\t\t<p style=\"text-align: left;\"><span style=\"color: #7a7a7a;\"><strong><span style=\"color: #800080;\">C&rsquo;\u00e9tait le 2 d\u00e9cembre 2021<\/span>,<\/strong><\/span><\/p><p><span style=\"color: #0000ff;\"><a style=\"color: #0000ff;\" href=\"https:\/\/www.youtube.com\/watch?v=ufRPuZH6KDE&amp;ab_channel=RERSde%C3%89vryCentre-Essonne\" target=\"_blank\" rel=\"noopener\"><strong>La\u00efcit\u00e9 et h\u00f4pital<\/strong><\/a><\/span>, avec M. Dominique Peljak, Directeur de l\u2019h\u00f4pital de Melun<\/p><p style=\"text-align: left;\"><span style=\"color: #7a7a7a;\"><strong><span style=\"color: #800080;\">C&rsquo;\u00e9tait le 5 novembre 2021<\/span>,<\/strong><br \/><\/span><\/p><p><span style=\"color: #0000ff;\"><a style=\"color: #0000ff;\" href=\"https:\/\/www.youtube.com\/watch?v=eLbYlCZtYwQ&amp;ab_channel=RERSde%C3%89vryCentre-Essonne\" target=\"_blank\" rel=\"noopener\"><strong>La\u00efcit\u00e9 en Belgique<\/strong><\/a><\/span>, avec Mme Nadia Geerts, Ma\u00eetre-assistante en philosophie, Haute \u00c9cole de Bruxelles Brabant<\/p><p><span style=\"color: #800080;\"><strong>C&rsquo;\u00e9tait le 7 octobre 2021<\/strong><\/span><span style=\"color: #000000;\"><strong>,<\/strong><\/span><\/p><p><span style=\"color: #0000ff;\"><a style=\"color: #0000ff;\" href=\"https:\/\/www.youtube.com\/watch?v=H6BDRxZnptQ&amp;ab_channel=RERSde%C3%89vryCentre-Essonne\" target=\"_blank\" rel=\"noopener\"><strong>La\u00efcit\u00e9 et transhumanisme<\/strong><\/a><\/span>, avec Dija Sow, m\u00e9decin g\u00e9n\u00e9raliste, passionn\u00e9e de philosophie et de nouvelles technologies<\/p><p><span style=\"color: #000000;\"><strong><span style=\"color: #800080;\">C&rsquo;\u00e9tait le 2 septembre 2021<\/span>,<\/strong><\/span><\/p><p><strong><span style=\"color: #0000ff;\"><a style=\"color: #0000ff;\" href=\"https:\/\/www.youtube.com\/watch?v=CL7VbiLHrCg&amp;ab_channel=RERSde%C3%89vryCentre-Essonne\" target=\"_blank\" rel=\"noopener\">La\u00efcit\u00e9 et les enjeux de la libert\u00e9 de conscience dans les Balkans<\/a><\/span><\/strong>, avec M. Antoine Chicha, membre du RERS \u00c9changes de Savoirs de S\u00e9nart<\/p><p><span style=\"color: #000000;\"><strong><span style=\"color: #800080;\">C&rsquo;\u00e9tait le 3 juin 2021<\/span>,<\/strong><\/span><\/p><p><strong><span style=\"color: #0000ff;\"><a style=\"color: #0000ff;\" href=\"https:\/\/www.youtube.com\/watch?v=Q1rvXjoTU-Q&amp;ab_channel=RERSde%C3%89vryCentre-Essonne\" target=\"_blank\" rel=\"noopener\">La\u00efcit\u00e9<\/a> et Droit<\/span><\/strong>, avec M. Pierre Juston, Doctorant en Droit<\/p>\t\t\t\t\t\t\t\t<\/div>\n\t\t\t\t\t<\/div>\n\t\t\t\t<\/div>\n\t\t<div class=\"elementor-element elementor-element-c6dffe3 e-flex e-con-boxed e-con e-parent\" data-id=\"c6dffe3\" data-element_type=\"container\" data-e-type=\"container\">\n\t\t\t\t\t<div class=\"e-con-inner\">\n\t\t\t\t<div class=\"elementor-element elementor-element-e9de0f8 elementor-widget__width-initial elementor-widget elementor-widget-image\" data-id=\"e9de0f8\" data-element_type=\"widget\" data-e-type=\"widget\" data-widget_type=\"image.default\">\n\t\t\t\t\t\t\t\t\t\t\t\t\t\t\t<img decoding=\"async\" src=\"https:\/\/www.rers-evry-bdd.fr\/wp-content\/uploads\/elementor\/thumbs\/bandeau_colore-qqaavm2utswvie0l2zqwygqpoa99xsvwqavosr1ekc.jpg\" title=\"bandeau_colore\" alt=\"bandeau_colore\" loading=\"lazy\" \/>\t\t\t\t\t\t\t\t\t\t\t\t\t\t\t<\/div>\n\t\t\t\t\t<\/div>\n\t\t\t\t<\/div>\n\t\t<div class=\"elementor-element elementor-element-b5f3cab e-grid e-con-boxed e-con e-parent\" data-id=\"b5f3cab\" data-element_type=\"container\" data-e-type=\"container\">\n\t\t\t\t\t<div class=\"e-con-inner\">\n\t\t\t\t<div class=\"elementor-element elementor-element-a3a5a66 elementor-widget__width-initial elementor-widget elementor-widget-text-editor\" data-id=\"a3a5a66\" data-element_type=\"widget\" data-e-type=\"widget\" data-widget_type=\"text-editor.default\">\n\t\t\t\t\t\t\t\t\t<p><span style=\"color: #800080;\"><strong>C&rsquo;\u00e9tait le 3 septembre 2020<\/strong><\/span><\/p><p>Dans le cadre des JEUDIS de la LA\u00cfCIT\u00c9 nous avons pu voir ou revoir le si instructif et si touchant film de Gilles PERRET \u201cLA SOCIALE\u201d qui retrace la naissance et la mise en place de la S\u00e9curit\u00e9 Sociale.<br \/>Cette institution fran\u00e7aise nous la devons \u00e0 la pugnacit\u00e9 de quelques hommes et plus principalement d&rsquo;Ambroise CROIZAT.<\/p><p>Ouvrier sid\u00e9rurgiste, il deviendra Secr\u00e9taire G\u00e9n\u00e9ral de la CGT puis D\u00e9put\u00e9 et enfin Ministre du Travail. C&rsquo;est lors de ces fonctions qu&rsquo;il am\u00e9liorera le syst\u00e8me de protection sociale que nous connaissons aujourd&rsquo;hui et dont parfois nous oublions combien il est pr\u00e9cieux.<\/p>\t\t\t\t\t\t\t\t<\/div>\n\t\t\t\t<div class=\"elementor-element elementor-element-6acfac8 elementor-widget elementor-widget-image\" data-id=\"6acfac8\" data-element_type=\"widget\" data-e-type=\"widget\" data-widget_type=\"image.default\">\n\t\t\t\t\t\t\t\t\t\t\t\t\t\t\t<img decoding=\"async\" width=\"200\" height=\"300\" src=\"https:\/\/www.rers-evry-bdd.fr\/wp-content\/uploads\/2019\/02\/la_sociale_film-200x300.jpg\" class=\"attachment-medium size-medium wp-image-207\" alt=\"affiche film La Sociale\" srcset=\"https:\/\/www.rers-evry-bdd.fr\/wp-content\/uploads\/2019\/02\/la_sociale_film-200x300.jpg 200w, https:\/\/www.rers-evry-bdd.fr\/wp-content\/uploads\/2019\/02\/la_sociale_film-683x1024.jpg 683w, https:\/\/www.rers-evry-bdd.fr\/wp-content\/uploads\/2019\/02\/la_sociale_film.jpg 720w\" sizes=\"(max-width: 200px) 100vw, 200px\" \/>\t\t\t\t\t\t\t\t\t\t\t\t\t\t\t<\/div>\n\t\t\t\t\t<\/div>\n\t\t\t\t<\/div>\n\t\t<div class=\"elementor-element elementor-element-942031a e-flex e-con-boxed e-con e-parent\" data-id=\"942031a\" data-element_type=\"container\" data-e-type=\"container\">\n\t\t\t\t\t<div class=\"e-con-inner\">\n\t\t\t\t<div class=\"elementor-element elementor-element-998960f elementor-widget__width-initial elementor-widget elementor-widget-image\" data-id=\"998960f\" data-element_type=\"widget\" data-e-type=\"widget\" data-widget_type=\"image.default\">\n\t\t\t\t\t\t\t\t\t\t\t\t\t\t\t<img decoding=\"async\" src=\"https:\/\/www.rers-evry-bdd.fr\/wp-content\/uploads\/elementor\/thumbs\/bandeau_colore-qqaavm2utswvie0l2zqwygqpoa99xsvwqavosr1ekc.jpg\" title=\"bandeau_colore\" alt=\"bandeau_colore\" loading=\"lazy\" \/>\t\t\t\t\t\t\t\t\t\t\t\t\t\t\t<\/div>\n\t\t\t\t\t<\/div>\n\t\t\t\t<\/div>\n\t\t<div class=\"elementor-element elementor-element-7b9092b e-flex e-con-boxed e-con e-parent\" data-id=\"7b9092b\" data-element_type=\"container\" data-e-type=\"container\">\n\t\t\t\t\t<div class=\"e-con-inner\">\n\t\t\t\t<div class=\"elementor-element elementor-element-2933394 elementor-widget elementor-widget-text-editor\" data-id=\"2933394\" data-element_type=\"widget\" data-e-type=\"widget\" data-widget_type=\"text-editor.default\">\n\t\t\t\t\t\t\t\t\t<p><span style=\"color: #800080;\"><strong>C&rsquo;\u00e9tait le 8 mars 2020<\/strong><\/span><\/p><p>Dans le cadre de la LA\u00cfCIT\u00c9 un groupe de r\u00e9seauteurs a \u00e9chang\u00e9 apr\u00e8s avoir fait une lecture commune sur un article. Il s&rsquo;agissait d&rsquo;une premi\u00e8re qui a conduit \u00e0 des \u00e9changes riches pour chaque participant. D\u00e9sormais chaque lundi \u00e0 partir de 14h au local du RERS les Pyramides se tiendra un \u00e9change-lecture sur les th\u00e9matiques de la La\u00efcit\u00e9.<\/p>\t\t\t\t\t\t\t\t<\/div>\n\t\t\t\t\t<\/div>\n\t\t\t\t<\/div>\n\t\t<div class=\"elementor-element elementor-element-fffd8e4 e-grid e-con-boxed e-con e-parent\" data-id=\"fffd8e4\" data-element_type=\"container\" data-e-type=\"container\">\n\t\t\t\t\t<div class=\"e-con-inner\">\n\t\t\t\t<div class=\"elementor-element elementor-element-36a63d5 elementor-invisible elementor-widget elementor-widget-image\" data-id=\"36a63d5\" data-element_type=\"widget\" data-e-type=\"widget\" data-settings=\"{&quot;_animation&quot;:&quot;fadeInLeft&quot;}\" data-widget_type=\"image.default\">\n\t\t\t\t\t\t\t\t\t\t\t\t\t\t\t\t<a href=\"https:\/\/www.rers-evry-bdd.fr\/wp-content\/uploads\/2025\/04\/IMG_20181218_172406laicite_prix_18dec18.jpg\" data-elementor-open-lightbox=\"yes\" data-elementor-lightbox-title=\"IMG_20181218_172406laicite_prix_18dec18\" data-e-action-hash=\"#elementor-action%3Aaction%3Dlightbox%26settings%3DeyJpZCI6NTY0NSwidXJsIjoiaHR0cHM6XC9cL3d3dy5yZXJzLWV2cnktYmRkLmZyXC93cC1jb250ZW50XC91cGxvYWRzXC8yMDI1XC8wNFwvSU1HXzIwMTgxMjE4XzE3MjQwNmxhaWNpdGVfcHJpeF8xOGRlYzE4LndlYnAifQ%3D%3D\">\n\t\t\t\t\t\t\t<img decoding=\"async\" src=\"https:\/\/www.rers-evry-bdd.fr\/wp-content\/uploads\/elementor\/thumbs\/IMG_20181218_172406laicite_prix_18dec18-r3ru6sqo5nagyv9uv21litr8myqwy3ed26l3ca1lm8.webp\" title=\"IMG_20181218_172406laicite_prix_18dec18\" alt=\"IMG_20181218_172406laicite_prix_18dec18\" loading=\"lazy\" \/>\t\t\t\t\t\t\t\t<\/a>\n\t\t\t\t\t\t\t\t\t\t\t\t\t\t\t<\/div>\n\t\t\t\t<div class=\"elementor-element elementor-element-5622f45 elementor-widget elementor-widget-text-editor\" data-id=\"5622f45\" data-element_type=\"widget\" data-e-type=\"widget\" data-widget_type=\"text-editor.default\">\n\t\t\t\t\t\t\t\t\t&nbsp;\n\n<span style=\"color: #ff6600;\"><strong>C&rsquo;\u00e9tait le 18 d\u00e9cembre 2018,<\/strong><\/span>\n\n<span style=\"color: #ff6600;\"><strong>le R\u00e9seau RERS a re\u00e7u le prix d&rsquo;honneur de la La\u00efcit\u00e9 d\u00e9cern\u00e9 par la Ville d&rsquo;\u00c9vry.<\/strong><\/span>\t\t\t\t\t\t\t\t<\/div>\n\t\t\t\t\t<\/div>\n\t\t\t\t<\/div>\n\t\t<div class=\"elementor-element elementor-element-775826b e-flex e-con-boxed e-con e-parent\" data-id=\"775826b\" data-element_type=\"container\" data-e-type=\"container\">\n\t\t\t\t\t<div class=\"e-con-inner\">\n\t\t\t\t<div class=\"elementor-element elementor-element-39405b6 elementor-widget__width-initial elementor-widget elementor-widget-image\" data-id=\"39405b6\" data-element_type=\"widget\" data-e-type=\"widget\" data-widget_type=\"image.default\">\n\t\t\t\t\t\t\t\t\t\t\t\t\t\t\t<img decoding=\"async\" src=\"https:\/\/www.rers-evry-bdd.fr\/wp-content\/uploads\/elementor\/thumbs\/bandeau_colore-qqaavm2utswvie0l2zqwygqpoa99xsvwqavosr1ekc.jpg\" title=\"bandeau_colore\" alt=\"bandeau_colore\" loading=\"lazy\" \/>\t\t\t\t\t\t\t\t\t\t\t\t\t\t\t<\/div>\n\t\t\t\t\t<\/div>\n\t\t\t\t<\/div>\n\t\t<div class=\"elementor-element elementor-element-3db50b3 e-grid e-con-boxed e-con e-parent\" data-id=\"3db50b3\" data-element_type=\"container\" data-e-type=\"container\">\n\t\t\t\t\t<div class=\"e-con-inner\">\n\t\t\t\t<div class=\"elementor-element elementor-element-f053ae4 elementor-widget elementor-widget-text-editor\" data-id=\"f053ae4\" data-element_type=\"widget\" data-e-type=\"widget\" data-widget_type=\"text-editor.default\">\n\t\t\t\t\t\t\t\t\t<p>\u00a0<\/p><p><span style=\"color: #800080;\"><strong>C&rsquo;\u00e9tait le 6 d\u00e9cembre 2018<\/strong> <\/span><\/p><p><strong>Un grand \u00e9change sur la La\u00efcit\u00e9 avec \u00c9ddy KHALDI<br \/><\/strong><\/p><p>a eu lieu au <strong>R\u00e9seau d\u2019\u00c9changes R\u00e9ciproques de Savoirs<\/strong><sup>\u00ae<\/sup> dans le local Les Pyramides. Des membres du RERS offreurs et demandeurs de savoirs et des membres du Conseil de Quartier assistaient \u00e0 cet \u00e9change.<\/p><p>Cette soir\u00e9e a \u00e9t\u00e9 initi\u00e9e par M. <strong>\u00c9ddy KHALDI,<\/strong> D\u00e9l\u00e9gu\u00e9 D\u00e9partemental de l\u2019\u00c9ducation Nationale et auteur de \u201c<a href=\"http:\/\/www.rers.fr\/index.php\" target=\"_blank\" rel=\"noopener noreferrer\">L\u2019ABC de la La\u00efcit\u00e9<\/a>\u201d, \u00e0 partir de la pr\u00e9sentation d\u2019une vid\u00e9o pour introduire le sujet, en montrant des interpr\u00e9tations diverses et antinomiques il est possible d\u2019\u00e9viter les commentaires pr\u00e9cipit\u00e9s.<\/p><p>Nous avons ainsi pu voir que la la\u00efcit\u00e9 est le principe juridique garant de la libert\u00e9 absolue de conscience et de la neutralit\u00e9 des institutions. Chacun est libre de croire ou de ne pas croire, de pratiquer sa religion, ou d\u2019en changer, en toute libert\u00e9\u00a0: nous sommes des citoyens libres et \u00e9gaux en droits. Par sa Constitution, la R\u00e9publique est \u201cindivisible, la\u00efque, d\u00e9mocratique et sociale\u201d, elle \u201cassure l&rsquo;\u00e9galit\u00e9 devant la loi de tous les citoyens sans distinction d&rsquo;origine, de race ou de religion. Elle respecte toutes les croyances\u201d.<\/p>\t\t\t\t\t\t\t\t<\/div>\n\t\t\t\t<div class=\"elementor-element elementor-element-28f18c0 elementor-invisible elementor-widget elementor-widget-image\" data-id=\"28f18c0\" data-element_type=\"widget\" data-e-type=\"widget\" data-settings=\"{&quot;_animation&quot;:&quot;fadeInRight&quot;,&quot;_animation_delay&quot;:0}\" data-widget_type=\"image.default\">\n\t\t\t\t\t\t\t\t\t\t\t\t\t\t\t\t<a href=\"https:\/\/www.rers-evry-bdd.fr\/wp-content\/uploads\/2025\/04\/IMG_2360_laicite_e_khaldi18dec06.jpg\" data-elementor-open-lightbox=\"yes\" data-elementor-lightbox-title=\"IMG_2360_laicite_e_khaldi18dec06\" data-e-action-hash=\"#elementor-action%3Aaction%3Dlightbox%26settings%3DeyJpZCI6NTY0NiwidXJsIjoiaHR0cHM6XC9cL3d3dy5yZXJzLWV2cnktYmRkLmZyXC93cC1jb250ZW50XC91cGxvYWRzXC8yMDI1XC8wNFwvSU1HXzIzNjBfbGFpY2l0ZV9lX2toYWxkaTE4ZGVjMDYud2VicCJ9\">\n\t\t\t\t\t\t\t<img decoding=\"async\" src=\"https:\/\/www.rers-evry-bdd.fr\/wp-content\/uploads\/elementor\/thumbs\/IMG_2360_laicite_e_khaldi18dec06-r3rua0cti9oqmwlx3y0pjikxpcx28v5ci2ttdba6dq.webp\" title=\"IMG_2360_laicite_e_khaldi18dec06\" alt=\"IMG_2360_laicite_e_khaldi18dec06\" loading=\"lazy\" \/>\t\t\t\t\t\t\t\t<\/a>\n\t\t\t\t\t\t\t\t\t\t\t\t\t\t\t<\/div>\n\t\t\t\t\t<\/div>\n\t\t\t\t<\/div>\n\t\t<div class=\"elementor-element elementor-element-b787ef6 e-flex e-con-boxed e-con e-parent\" data-id=\"b787ef6\" data-element_type=\"container\" data-e-type=\"container\">\n\t\t\t\t\t<div class=\"e-con-inner\">\n\t\t\t\t<div class=\"elementor-element elementor-element-3bcb647 elementor-widget__width-initial elementor-widget elementor-widget-image\" data-id=\"3bcb647\" data-element_type=\"widget\" data-e-type=\"widget\" data-widget_type=\"image.default\">\n\t\t\t\t\t\t\t\t\t\t\t\t\t\t\t<img decoding=\"async\" src=\"https:\/\/www.rers-evry-bdd.fr\/wp-content\/uploads\/elementor\/thumbs\/bandeau_colore-qqaavm2utswvie0l2zqwygqpoa99xsvwqavosr1ekc.jpg\" title=\"bandeau_colore\" alt=\"bandeau_colore\" loading=\"lazy\" \/>\t\t\t\t\t\t\t\t\t\t\t\t\t\t\t<\/div>\n\t\t\t\t\t<\/div>\n\t\t\t\t<\/div>\n\t\t<div class=\"elementor-element elementor-element-8b41470 e-flex e-con-boxed e-con e-parent\" data-id=\"8b41470\" data-element_type=\"container\" data-e-type=\"container\">\n\t\t\t\t\t<div class=\"e-con-inner\">\n\t\t\t\t<div class=\"elementor-element elementor-element-e88b863 elementor-widget elementor-widget-spacer\" data-id=\"e88b863\" data-element_type=\"widget\" data-e-type=\"widget\" data-widget_type=\"spacer.default\">\n\t\t\t\t\t\t\t<div class=\"elementor-spacer\">\n\t\t\t<div class=\"elementor-spacer-inner\"><\/div>\n\t\t<\/div>\n\t\t\t\t\t\t<\/div>\n\t\t\t\t<div class=\"elementor-element elementor-element-95b304a elementor-widget elementor-widget-spacer\" data-id=\"95b304a\" data-element_type=\"widget\" data-e-type=\"widget\" data-widget_type=\"spacer.default\">\n\t\t\t\t\t\t\t<div class=\"elementor-spacer\">\n\t\t\t<div class=\"elementor-spacer-inner\"><\/div>\n\t\t<\/div>\n\t\t\t\t\t\t<\/div>\n\t\t\t\t\t<\/div>\n\t\t\t\t<\/div>\n\t\t\t\t<\/div>\n\t\t","protected":false},"excerpt":{"rendered":"<p>Parlons La\u00efcit\u00e9 Nous nous retrouvons chaque premier jeudi du mois pour des \u00e9changes sur la La\u00efcit\u00e9\u00a0 de 17h \u00e0 19h \u00e0 la MJC Centre social Simone Signoret ou \u00e0 la [&hellip;]<\/p>\n","protected":false},"author":1,"featured_media":5549,"parent":2722,"menu_order":6,"comment_status":"closed","ping_status":"closed","template":"","meta":{"_acf_changed":false,"_uag_custom_page_level_css":"","site-sidebar-layout":"default","site-content-layout":"","ast-site-content-layout":"","site-content-style":"default","site-sidebar-style":"default","ast-global-header-display":"","ast-banner-title-visibility":"","ast-main-header-display":"","ast-hfb-above-header-display":"","ast-hfb-below-header-display":"","ast-hfb-mobile-header-display":"","site-post-title":"disabled","ast-breadcrumbs-content":"","ast-featured-img":"","footer-sml-layout":"","ast-disable-related-posts":"","theme-transparent-header-meta":"","adv-header-id-meta":"","stick-header-meta":"","header-above-stick-meta":"","header-main-stick-meta":"","header-below-stick-meta":"","astra-migrate-meta-layouts":"default","ast-page-background-enabled":"default","ast-page-background-meta":{"desktop":{"background-color":"var(--ast-global-color-5)","background-image":"","background-repeat":"repeat","background-position":"center center","background-size":"auto","background-attachment":"scroll","background-type":"","background-media":"","overlay-type":"","overlay-color":"","overlay-opacity":"","overlay-gradient":""},"tablet":{"background-color":"","background-image":"","background-repeat":"repeat","background-position":"center center","background-size":"auto","background-attachment":"scroll","background-type":"","background-media":"","overlay-type":"","overlay-color":"","overlay-opacity":"","overlay-gradient":""},"mobile":{"background-color":"","background-image":"","background-repeat":"repeat","background-position":"center center","background-size":"auto","background-attachment":"scroll","background-type":"","background-media":"","overlay-type":"","overlay-color":"","overlay-opacity":"","overlay-gradient":""}},"ast-content-background-meta":{"desktop":{"background-color":"var(--ast-global-color-4)","background-image":"","background-repeat":"repeat","background-position":"center center","background-size":"auto","background-attachment":"scroll","background-type":"","background-media":"","overlay-type":"","overlay-color":"","overlay-opacity":"","overlay-gradient":""},"tablet":{"background-color":"var(--ast-global-color-4)","background-image":"","background-repeat":"repeat","background-position":"center center","background-size":"auto","background-attachment":"scroll","background-type":"","background-media":"","overlay-type":"","overlay-color":"","overlay-opacity":"","overlay-gradient":""},"mobile":{"background-color":"var(--ast-global-color-4)","background-image":"","background-repeat":"repeat","background-position":"center center","background-size":"auto","background-attachment":"scroll","background-type":"","background-media":"","overlay-type":"","overlay-color":"","overlay-opacity":"","overlay-gradient":""}},"_EventAllDay":false,"_EventTimezone":"","_EventStartDate":"","_EventEndDate":"","_EventStartDateUTC":"","_EventEndDateUTC":"","_EventShowMap":false,"_EventShowMapLink":false,"_EventURL":"","_EventCost":"","_EventCostDescription":"","_EventCurrencySymbol":"","_EventCurrencyCode":"","_EventCurrencyPosition":"","_EventDateTimeSeparator":"","_EventTimeRangeSeparator":"","_EventOrganizerID":[],"_EventVenueID":[],"_OrganizerEmail":"","_OrganizerPhone":"","_OrganizerWebsite":"","_VenueAddress":"","_VenueCity":"","_VenueCountry":"","_VenueProvince":"","_VenueState":"","_VenueZip":"","_VenuePhone":"","_VenueURL":"","_VenueStateProvince":"","_VenueLat":"","_VenueLng":"","_VenueShowMap":false,"_VenueShowMapLink":false,"footnotes":""},"class_list":["post-25","page","type-page","status-publish","has-post-thumbnail","hentry"],"acf":[],"uagb_featured_image_src":{"full":["https:\/\/www.rers-evry-bdd.fr\/wp-content\/uploads\/2025\/04\/bandeau_echanges_savoirs.webp",938,198,false],"thumbnail":["https:\/\/www.rers-evry-bdd.fr\/wp-content\/uploads\/2025\/04\/bandeau_echanges_savoirs-150x150.webp",150,150,true],"medium":["https:\/\/www.rers-evry-bdd.fr\/wp-content\/uploads\/2025\/04\/bandeau_echanges_savoirs-300x63.webp",300,63,true],"medium_large":["https:\/\/www.rers-evry-bdd.fr\/wp-content\/uploads\/2025\/04\/bandeau_echanges_savoirs-768x162.webp",768,162,true],"large":["https:\/\/www.rers-evry-bdd.fr\/wp-content\/uploads\/2025\/04\/bandeau_echanges_savoirs.webp",938,198,false],"1536x1536":["https:\/\/www.rers-evry-bdd.fr\/wp-content\/uploads\/2025\/04\/bandeau_echanges_savoirs.webp",938,198,false],"2048x2048":["https:\/\/www.rers-evry-bdd.fr\/wp-content\/uploads\/2025\/04\/bandeau_echanges_savoirs.webp",938,198,false]},"uagb_author_info":{"display_name":"fbred","author_link":"https:\/\/www.rers-evry-bdd.fr\/author\/fbred\/"},"uagb_comment_info":0,"uagb_excerpt":"Parlons La\u00efcit\u00e9 Nous nous retrouvons chaque premier jeudi du mois pour des \u00e9changes sur la La\u00efcit\u00e9\u00a0 de 17h \u00e0 19h \u00e0 la MJC Centre social Simone Signoret ou \u00e0 la [&hellip;]","_links":{"self":[{"href":"https:\/\/www.rers-evry-bdd.fr\/index.php\/wp-json\/wp\/v2\/pages\/25","targetHints":{"allow":["GET"]}}],"collection":[{"href":"https:\/\/www.rers-evry-bdd.fr\/index.php\/wp-json\/wp\/v2\/pages"}],"about":[{"href":"https:\/\/www.rers-evry-bdd.fr\/index.php\/wp-json\/wp\/v2\/types\/page"}],"author":[{"embeddable":true,"href":"https:\/\/www.rers-evry-bdd.fr\/index.php\/wp-json\/wp\/v2\/users\/1"}],"replies":[{"embeddable":true,"href":"https:\/\/www.rers-evry-bdd.fr\/index.php\/wp-json\/wp\/v2\/comments?post=25"}],"version-history":[{"count":232,"href":"https:\/\/www.rers-evry-bdd.fr\/index.php\/wp-json\/wp\/v2\/pages\/25\/revisions"}],"predecessor-version":[{"id":7373,"href":"https:\/\/www.rers-evry-bdd.fr\/index.php\/wp-json\/wp\/v2\/pages\/25\/revisions\/7373"}],"up":[{"embeddable":true,"href":"https:\/\/www.rers-evry-bdd.fr\/index.php\/wp-json\/wp\/v2\/pages\/2722"}],"wp:featuredmedia":[{"embeddable":true,"href":"https:\/\/www.rers-evry-bdd.fr\/index.php\/wp-json\/wp\/v2\/media\/5549"}],"wp:attachment":[{"href":"https:\/\/www.rers-evry-bdd.fr\/index.php\/wp-json\/wp\/v2\/media?parent=25"}],"curies":[{"name":"wp","href":"https:\/\/api.w.org\/{rel}","templated":true}]}}