{"id":6,"date":"2018-10-13T02:12:05","date_gmt":"2018-10-13T00:12:05","guid":{"rendered":"https:\/\/www.rers-evry-bdd.fr\/index.php\/clas-au-rers\/"},"modified":"2026-04-10T19:27:33","modified_gmt":"2026-04-10T17:27:33","slug":"clas-au-rers","status":"publish","type":"page","link":"https:\/\/www.rers-evry-bdd.fr\/index.php\/clas-au-rers\/","title":{"rendered":"CLAS au RERS"},"content":{"rendered":"\t\t<div data-elementor-type=\"wp-page\" data-elementor-id=\"6\" class=\"elementor elementor-6\" data-elementor-post-type=\"page\">\n\t\t\t\t<div class=\"elementor-element elementor-element-4198461c e-flex e-con-boxed e-con e-parent\" data-id=\"4198461c\" data-element_type=\"container\" data-e-type=\"container\">\n\t\t\t\t\t<div class=\"e-con-inner\">\n\t\t\t\t<div class=\"elementor-element elementor-element-3003bd65 elementor-widget__width-inherit elementor-widget elementor-widget-theme-post-featured-image elementor-widget-image\" data-id=\"3003bd65\" data-element_type=\"widget\" data-e-type=\"widget\" data-widget_type=\"theme-post-featured-image.default\">\n\t\t\t\t\t\t\t\t\t\t\t\t\t\t\t<img fetchpriority=\"high\" decoding=\"async\" width=\"938\" height=\"198\" src=\"https:\/\/www.rers-evry-bdd.fr\/wp-content\/uploads\/2025\/12\/bandeau_projets.jpg\" class=\"attachment-full size-full wp-image-7891\" alt=\"\" srcset=\"https:\/\/www.rers-evry-bdd.fr\/wp-content\/uploads\/2025\/12\/bandeau_projets.jpg 938w, https:\/\/www.rers-evry-bdd.fr\/wp-content\/uploads\/2025\/12\/bandeau_projets-300x63.jpg 300w, https:\/\/www.rers-evry-bdd.fr\/wp-content\/uploads\/2025\/12\/bandeau_projets-768x162.jpg 768w\" sizes=\"(max-width: 938px) 100vw, 938px\" \/>\t\t\t\t\t\t\t\t\t\t\t\t\t\t\t<\/div>\n\t\t\t\t\t<\/div>\n\t\t\t\t<\/div>\n\t\t<div class=\"elementor-element elementor-element-6df6074f e-flex e-con-boxed e-con e-parent\" data-id=\"6df6074f\" data-element_type=\"container\" data-e-type=\"container\">\n\t\t\t\t\t<div class=\"e-con-inner\">\n\t\t\t\t<div class=\"elementor-element elementor-element-6a4c88c8 elementor-nav-menu__align-start elementor-nav-menu--dropdown-mobile elementor-nav-menu__text-align-aside elementor-widget elementor-widget-nav-menu\" data-id=\"6a4c88c8\" data-element_type=\"widget\" data-e-type=\"widget\" data-settings=\"{&quot;submenu_icon&quot;:{&quot;value&quot;:&quot;&lt;svg aria-hidden=\\&quot;true\\&quot; class=\\&quot;fa-svg-chevron-down e-font-icon-svg e-fas-chevron-down\\&quot; viewBox=\\&quot;0 0 448 512\\&quot; xmlns=\\&quot;http:\\\/\\\/www.w3.org\\\/2000\\\/svg\\&quot;&gt;&lt;path d=\\&quot;M207.029 381.476L12.686 187.132c-9.373-9.373-9.373-24.569 0-33.941l22.667-22.667c9.357-9.357 24.522-9.375 33.901-.04L224 284.505l154.745-154.021c9.379-9.335 24.544-9.317 33.901.04l22.667 22.667c9.373 9.373 9.373 24.569 0 33.941L240.971 381.476c-9.373 9.372-24.569 9.372-33.942 0z\\&quot;&gt;&lt;\\\/path&gt;&lt;\\\/svg&gt;&quot;,&quot;library&quot;:&quot;fa-solid&quot;},&quot;layout&quot;:&quot;horizontal&quot;}\" data-widget_type=\"nav-menu.default\">\n\t\t\t\t\t\t\t\t<nav aria-label=\"Menu\" class=\"elementor-nav-menu--main elementor-nav-menu__container elementor-nav-menu--layout-horizontal e--pointer-none\">\n\t\t\t\t<ul id=\"menu-1-6a4c88c8\" class=\"elementor-nav-menu\"><li class=\"menu-item menu-item-type-post_type menu-item-object-page menu-item-home menu-item-6054\"><a href=\"https:\/\/www.rers-evry-bdd.fr\/\" class=\"elementor-item menu-link\">Accueil<\/a><\/li>\n<li class=\"menu-item menu-item-type-post_type menu-item-object-page menu-item-has-children menu-item-3654\"><a aria-expanded=\"false\" href=\"https:\/\/www.rers-evry-bdd.fr\/index.php\/qui-sommes-nous\/\" class=\"elementor-item menu-link\">Qui sommes-nous ?<span role=\"button\" class=\"dropdown-menu-toggle ast-header-navigation-arrow\" tabindex=\"0\" aria-expanded=\"false\" aria-label=\"Permutateur de Menu\" aria-haspopup=\"true\"><\/span><\/a>\n<ul class=\"sub-menu elementor-nav-menu--dropdown\">\n\t<li class=\"menu-item menu-item-type-post_type menu-item-object-page menu-item-2562\"><a href=\"https:\/\/www.rers-evry-bdd.fr\/index.php\/nos-valeurs-rers\/\" class=\"elementor-sub-item menu-link\">Nos valeurs<\/a><\/li>\n\t<li class=\"menu-item menu-item-type-post_type menu-item-object-page menu-item-2563\"><a href=\"https:\/\/www.rers-evry-bdd.fr\/index.php\/charte-rers-centre-essonne\/\" class=\"elementor-sub-item menu-link\">Charte des RERS<\/a><\/li>\n\t<li class=\"menu-item menu-item-type-post_type menu-item-object-page menu-item-2564\"><a href=\"https:\/\/www.rers-evry-bdd.fr\/index.php\/presentation-des-equipes\/\" class=\"elementor-sub-item menu-link\">L\u2019association et son organisation<\/a><\/li>\n\t<li class=\"menu-item menu-item-type-post_type menu-item-object-page menu-item-has-children menu-item-3788\"><a aria-expanded=\"false\" href=\"https:\/\/www.rers-evry-bdd.fr\/index.php\/communication\/\" class=\"elementor-sub-item menu-link\">La communication<span role=\"button\" class=\"dropdown-menu-toggle ast-header-navigation-arrow\" tabindex=\"0\" aria-expanded=\"false\" aria-label=\"Permutateur de Menu\" aria-haspopup=\"true\"><\/span><\/a>\n\t<ul class=\"sub-menu elementor-nav-menu--dropdown\">\n\t\t<li class=\"menu-item menu-item-type-post_type menu-item-object-page menu-item-2572\"><a href=\"https:\/\/www.rers-evry-bdd.fr\/index.php\/communication\/lettres-du-rers\/\" class=\"elementor-sub-item menu-link\">Les Lettres RERS<\/a><\/li>\n\t\t<li class=\"menu-item menu-item-type-post_type menu-item-object-page menu-item-2550\"><a href=\"https:\/\/www.rers-evry-bdd.fr\/index.php\/communication\/lir-lien-inter-rers\/\" class=\"elementor-sub-item menu-link\">LIR Lien Inter RERS<\/a><\/li>\n\t<\/ul>\n<\/li>\n\t<li class=\"menu-item menu-item-type-post_type menu-item-object-page menu-item-2565\"><a href=\"https:\/\/www.rers-evry-bdd.fr\/index.php\/partenaires-rers-centre-essonne\/\" class=\"elementor-sub-item menu-link\">Nos Partenaires<\/a><\/li>\n\t<li class=\"menu-item menu-item-type-post_type menu-item-object-page menu-item-has-children menu-item-4585\"><a aria-expanded=\"false\" href=\"https:\/\/www.rers-evry-bdd.fr\/index.php\/foresco-le-mouvement-des-rers\/\" class=\"elementor-sub-item menu-link\">FORESCO le Mouvement des RERS<span role=\"button\" class=\"dropdown-menu-toggle ast-header-navigation-arrow\" tabindex=\"0\" aria-expanded=\"false\" aria-label=\"Permutateur de Menu\" aria-haspopup=\"true\"><\/span><\/a>\n\t<ul class=\"sub-menu elementor-nav-menu--dropdown\">\n\t\t<li class=\"menu-item menu-item-type-post_type menu-item-object-page menu-item-8214\"><a href=\"https:\/\/www.rers-evry-bdd.fr\/index.php\/notre-histoire-nos-histoires-dans-le-reseau\/\" class=\"elementor-sub-item menu-link\">Fresque \u2013 Histoire des R\u00e9seaux<\/a><\/li>\n\t\t<li class=\"menu-item menu-item-type-post_type menu-item-object-page menu-item-4809\"><a href=\"https:\/\/www.rers-evry-bdd.fr\/index.php\/rencontres-automne-reseaux-des-rers\/\" class=\"elementor-sub-item menu-link\">Les Rencontres d\u2019automne<\/a><\/li>\n\t\t<li class=\"menu-item menu-item-type-post_type menu-item-object-page menu-item-3811\"><a href=\"https:\/\/www.rers-evry-bdd.fr\/index.php\/notre-histoire\/les-ags-de-foresco\/\" class=\"elementor-sub-item menu-link\">Les AGs de FORESCO<\/a><\/li>\n\t<\/ul>\n<\/li>\n\t<li class=\"menu-item menu-item-type-post_type menu-item-object-page menu-item-has-children menu-item-2566\"><a aria-expanded=\"false\" href=\"https:\/\/www.rers-evry-bdd.fr\/index.php\/notre-histoire\/\" class=\"elementor-sub-item menu-link\">Notre histoire<span role=\"button\" class=\"dropdown-menu-toggle ast-header-navigation-arrow\" tabindex=\"0\" aria-expanded=\"false\" aria-label=\"Permutateur de Menu\" aria-haspopup=\"true\"><\/span><\/a>\n\t<ul class=\"sub-menu elementor-nav-menu--dropdown\">\n\t\t<li class=\"menu-item menu-item-type-post_type menu-item-object-page menu-item-7936\"><a href=\"https:\/\/www.rers-evry-bdd.fr\/index.php\/notre-histoire-nos-histoires-dans-le-reseau\/\" class=\"elementor-sub-item menu-link\">Fresque \u2013 Histoire des R\u00e9seaux<\/a><\/li>\n\t\t<li class=\"menu-item menu-item-type-post_type menu-item-object-page menu-item-7692\"><a href=\"https:\/\/www.rers-evry-bdd.fr\/index.php\/qui-sommes-nous\/fete-des-45-ans\/\" class=\"elementor-sub-item menu-link\">F\u00eate des 45 ans<\/a><\/li>\n\t\t<li class=\"menu-item menu-item-type-post_type menu-item-object-page menu-item-2611\"><a href=\"https:\/\/www.rers-evry-bdd.fr\/index.php\/page-en-construction-2\/\" class=\"elementor-sub-item menu-link\">F\u00eate des 50 de FORESCO<\/a><\/li>\n\t<\/ul>\n<\/li>\n<\/ul>\n<\/li>\n<li class=\"menu-item menu-item-type-post_type menu-item-object-page menu-item-has-children menu-item-4611\"><a aria-expanded=\"false\" href=\"https:\/\/www.rers-evry-bdd.fr\/index.php\/demandes-offres-savoirs-rers-centre-essonne\/echanges-de-savoirs-evry-essonne\/\" class=\"elementor-item menu-link\">\u00c9changes de Savoirs<span role=\"button\" class=\"dropdown-menu-toggle ast-header-navigation-arrow\" tabindex=\"0\" aria-expanded=\"false\" aria-label=\"Permutateur de Menu\" aria-haspopup=\"true\"><\/span><\/a>\n<ul class=\"sub-menu elementor-nav-menu--dropdown\">\n\t<li class=\"menu-item menu-item-type-post_type menu-item-object-page menu-item-2568\"><a href=\"https:\/\/www.rers-evry-bdd.fr\/index.php\/demandes-offres-savoirs-rers-centre-essonne\/ca-se-passe-comment\/\" class=\"elementor-sub-item menu-link\">\u00c7a se passe comment ?<\/a><\/li>\n\t<li class=\"menu-item menu-item-type-post_type menu-item-object-page menu-item-2567\"><a href=\"https:\/\/www.rers-evry-bdd.fr\/index.php\/demandes-offres-savoirs-rers-centre-essonne\/\" class=\"elementor-sub-item menu-link\">Demandes\/Offres en attente\u2026<\/a><\/li>\n\t<li class=\"menu-item menu-item-type-post_type menu-item-object-page menu-item-has-children menu-item-2974\"><a aria-expanded=\"false\" href=\"https:\/\/www.rers-evry-bdd.fr\/index.php\/demandes-offres-savoirs-rers-centre-essonne\/echanges-collectifs-en-cours\/\" class=\"elementor-sub-item menu-link\">\u00c9changes collectifs de savoirs en cours<span role=\"button\" class=\"dropdown-menu-toggle ast-header-navigation-arrow\" tabindex=\"0\" aria-expanded=\"false\" aria-label=\"Permutateur de Menu\" aria-haspopup=\"true\"><\/span><\/a>\n\t<ul class=\"sub-menu elementor-nav-menu--dropdown\">\n\t\t<li class=\"menu-item menu-item-type-post_type menu-item-object-page menu-item-2569\"><a href=\"https:\/\/www.rers-evry-bdd.fr\/index.php\/demandes-offres-savoirs-rers-centre-essonne\/clas-rers-centre-essonne\/\" class=\"elementor-sub-item menu-link\">CLAS : les \u00e9changes de savoirs dans l\u2019accompagnement \u00e0 la scolarit\u00e9<\/a><\/li>\n\t\t<li class=\"menu-item menu-item-type-post_type menu-item-object-page menu-item-4949\"><a href=\"https:\/\/www.rers-evry-bdd.fr\/index.php\/demandes-offres-savoirs-rers-centre-essonne\/echanges-vacances-rers-centre-essonne\/\" class=\"elementor-sub-item menu-link\">Les \u00e9changes Vacances<\/a><\/li>\n\t\t<li class=\"menu-item menu-item-type-post_type menu-item-object-page menu-item-2578\"><a href=\"https:\/\/www.rers-evry-bdd.fr\/index.php\/demandes-offres-savoirs-rers-centre-essonne\/jardin-en-partage-rers-centre-essonne\/elementor-page-913\/\" class=\"elementor-sub-item menu-link\">Jardin en Partage<\/a><\/li>\n\t\t<li class=\"menu-item menu-item-type-post_type menu-item-object-page menu-item-3061\"><a href=\"https:\/\/www.rers-evry-bdd.fr\/index.php\/demandes-offres-savoirs-rers-centre-essonne\/echanges-collectifs-en-cours\/parlons-laicite\/\" class=\"elementor-sub-item menu-link\">Parlons La\u00efcit\u00e9<\/a><\/li>\n\t<\/ul>\n<\/li>\n\t<li class=\"menu-item menu-item-type-post_type menu-item-object-page menu-item-4596\"><a href=\"https:\/\/www.rers-evry-bdd.fr\/index.php\/page-en-construction-2\/exemple-echanges-de-savoirs-thesaurus\/\" class=\"elementor-sub-item menu-link\">Exemples d\u2019\u00e9changes de savoirs \u2013 th\u00e9saurus<\/a><\/li>\n<\/ul>\n<\/li>\n<li class=\"menu-item menu-item-type-post_type menu-item-object-page menu-item-has-children menu-item-4553\"><a aria-expanded=\"false\" href=\"https:\/\/www.rers-evry-bdd.fr\/index.php\/nos-projets\/\" class=\"elementor-item menu-link\">Nos projets<span role=\"button\" class=\"dropdown-menu-toggle ast-header-navigation-arrow\" tabindex=\"0\" aria-expanded=\"false\" aria-label=\"Permutateur de Menu\" aria-haspopup=\"true\"><\/span><\/a>\n<ul class=\"sub-menu elementor-nav-menu--dropdown\">\n\t<li class=\"menu-item menu-item-type-post_type menu-item-object-page menu-item-5020\"><a href=\"https:\/\/www.rers-evry-bdd.fr\/index.php\/projets-annee-rers-centre-essonne\/\" class=\"elementor-sub-item menu-link\">Les projets de l\u2019ann\u00e9e<\/a><\/li>\n\t<li class=\"menu-item menu-item-type-post_type menu-item-object-page menu-item-2577\"><a href=\"https:\/\/www.rers-evry-bdd.fr\/index.php\/clas-au-rers\/\" class=\"elementor-sub-item menu-link\">CLAS au RERS<\/a><\/li>\n\t<li class=\"menu-item menu-item-type-post_type menu-item-object-page menu-item-2570\"><a href=\"https:\/\/www.rers-evry-bdd.fr\/index.php\/demandes-offres-savoirs-rers-centre-essonne\/jardin-en-partage-rers-centre-essonne\/\" class=\"elementor-sub-item menu-link\">Jardin en Partage<\/a><\/li>\n\t<li class=\"menu-item menu-item-type-post_type menu-item-object-page menu-item-2554\"><a href=\"https:\/\/www.rers-evry-bdd.fr\/index.php\/ville-apprenante-evry-courcouronnes\/\" class=\"elementor-sub-item menu-link\">Avec \u00c9vry-Courcouronnes \u2013 Ville Apprenante<\/a><\/li>\n<\/ul>\n<\/li>\n<li class=\"menu-item menu-item-type-post_type menu-item-object-page menu-item-has-children menu-item-2555\"><a aria-expanded=\"false\" href=\"https:\/\/www.rers-evry-bdd.fr\/index.php\/demandes-offres-savoirs-rers-centre-essonne\/echanges-collectifs-en-cours\/formations-reciproques-rers\/\" class=\"elementor-item menu-link\">Nos formations<span role=\"button\" class=\"dropdown-menu-toggle ast-header-navigation-arrow\" tabindex=\"0\" aria-expanded=\"false\" aria-label=\"Permutateur de Menu\" aria-haspopup=\"true\"><\/span><\/a>\n<ul class=\"sub-menu elementor-nav-menu--dropdown\">\n\t<li class=\"menu-item menu-item-type-post_type menu-item-object-page menu-item-4491\"><a href=\"https:\/\/www.rers-evry-bdd.fr\/index.php\/co-formation-interne\/\" class=\"elementor-sub-item menu-link\">Co-formation interne<\/a><\/li>\n\t<li class=\"menu-item menu-item-type-post_type menu-item-object-page menu-item-4496\"><a href=\"https:\/\/www.rers-evry-bdd.fr\/index.php\/formations-foresco\/\" class=\"elementor-sub-item menu-link\">Formations FORESCO<\/a><\/li>\n<\/ul>\n<\/li>\n<li class=\"menu-item menu-item-type-post_type menu-item-object-page menu-item-2556\"><a href=\"https:\/\/www.rers-evry-bdd.fr\/index.php\/ou-nous-rencontrer-rers-centre-essonne\/\" class=\"elementor-item menu-link\">O\u00f9 nous trouver ?<\/a><\/li>\n<li class=\"menu-item menu-item-type-post_type menu-item-object-page menu-item-4454\"><a href=\"https:\/\/www.rers-evry-bdd.fr\/index.php\/ou-nous-rencontrer-rers-centre-essonne\/contacter-rers-evry-essonne\/\" class=\"elementor-item menu-link\">Nous contacter<\/a><\/li>\n<\/ul>\t\t\t<\/nav>\n\t\t\t\t\t\t<nav class=\"elementor-nav-menu--dropdown elementor-nav-menu__container\" aria-hidden=\"true\">\n\t\t\t\t<ul id=\"menu-2-6a4c88c8\" class=\"elementor-nav-menu\"><li class=\"menu-item menu-item-type-post_type menu-item-object-page menu-item-home menu-item-6054\"><a href=\"https:\/\/www.rers-evry-bdd.fr\/\" class=\"elementor-item menu-link\" tabindex=\"-1\">Accueil<\/a><\/li>\n<li class=\"menu-item menu-item-type-post_type menu-item-object-page menu-item-has-children menu-item-3654\"><a aria-expanded=\"false\" href=\"https:\/\/www.rers-evry-bdd.fr\/index.php\/qui-sommes-nous\/\" class=\"elementor-item menu-link\" tabindex=\"-1\">Qui sommes-nous ?<span role=\"button\" class=\"dropdown-menu-toggle ast-header-navigation-arrow\" tabindex=\"0\" aria-expanded=\"false\" aria-label=\"Permutateur de Menu\" aria-haspopup=\"true\"><\/span><\/a>\n<ul class=\"sub-menu elementor-nav-menu--dropdown\">\n\t<li class=\"menu-item menu-item-type-post_type menu-item-object-page menu-item-2562\"><a href=\"https:\/\/www.rers-evry-bdd.fr\/index.php\/nos-valeurs-rers\/\" class=\"elementor-sub-item menu-link\" tabindex=\"-1\">Nos valeurs<\/a><\/li>\n\t<li class=\"menu-item menu-item-type-post_type menu-item-object-page menu-item-2563\"><a href=\"https:\/\/www.rers-evry-bdd.fr\/index.php\/charte-rers-centre-essonne\/\" class=\"elementor-sub-item menu-link\" tabindex=\"-1\">Charte des RERS<\/a><\/li>\n\t<li class=\"menu-item menu-item-type-post_type menu-item-object-page menu-item-2564\"><a href=\"https:\/\/www.rers-evry-bdd.fr\/index.php\/presentation-des-equipes\/\" class=\"elementor-sub-item menu-link\" tabindex=\"-1\">L\u2019association et son organisation<\/a><\/li>\n\t<li class=\"menu-item menu-item-type-post_type menu-item-object-page menu-item-has-children menu-item-3788\"><a aria-expanded=\"false\" href=\"https:\/\/www.rers-evry-bdd.fr\/index.php\/communication\/\" class=\"elementor-sub-item menu-link\" tabindex=\"-1\">La communication<span role=\"button\" class=\"dropdown-menu-toggle ast-header-navigation-arrow\" tabindex=\"0\" aria-expanded=\"false\" aria-label=\"Permutateur de Menu\" aria-haspopup=\"true\"><\/span><\/a>\n\t<ul class=\"sub-menu elementor-nav-menu--dropdown\">\n\t\t<li class=\"menu-item menu-item-type-post_type menu-item-object-page menu-item-2572\"><a href=\"https:\/\/www.rers-evry-bdd.fr\/index.php\/communication\/lettres-du-rers\/\" class=\"elementor-sub-item menu-link\" tabindex=\"-1\">Les Lettres RERS<\/a><\/li>\n\t\t<li class=\"menu-item menu-item-type-post_type menu-item-object-page menu-item-2550\"><a href=\"https:\/\/www.rers-evry-bdd.fr\/index.php\/communication\/lir-lien-inter-rers\/\" class=\"elementor-sub-item menu-link\" tabindex=\"-1\">LIR Lien Inter RERS<\/a><\/li>\n\t<\/ul>\n<\/li>\n\t<li class=\"menu-item menu-item-type-post_type menu-item-object-page menu-item-2565\"><a href=\"https:\/\/www.rers-evry-bdd.fr\/index.php\/partenaires-rers-centre-essonne\/\" class=\"elementor-sub-item menu-link\" tabindex=\"-1\">Nos Partenaires<\/a><\/li>\n\t<li class=\"menu-item menu-item-type-post_type menu-item-object-page menu-item-has-children menu-item-4585\"><a aria-expanded=\"false\" href=\"https:\/\/www.rers-evry-bdd.fr\/index.php\/foresco-le-mouvement-des-rers\/\" class=\"elementor-sub-item menu-link\" tabindex=\"-1\">FORESCO le Mouvement des RERS<span role=\"button\" class=\"dropdown-menu-toggle ast-header-navigation-arrow\" tabindex=\"0\" aria-expanded=\"false\" aria-label=\"Permutateur de Menu\" aria-haspopup=\"true\"><\/span><\/a>\n\t<ul class=\"sub-menu elementor-nav-menu--dropdown\">\n\t\t<li class=\"menu-item menu-item-type-post_type menu-item-object-page menu-item-8214\"><a href=\"https:\/\/www.rers-evry-bdd.fr\/index.php\/notre-histoire-nos-histoires-dans-le-reseau\/\" class=\"elementor-sub-item menu-link\" tabindex=\"-1\">Fresque \u2013 Histoire des R\u00e9seaux<\/a><\/li>\n\t\t<li class=\"menu-item menu-item-type-post_type menu-item-object-page menu-item-4809\"><a href=\"https:\/\/www.rers-evry-bdd.fr\/index.php\/rencontres-automne-reseaux-des-rers\/\" class=\"elementor-sub-item menu-link\" tabindex=\"-1\">Les Rencontres d\u2019automne<\/a><\/li>\n\t\t<li class=\"menu-item menu-item-type-post_type menu-item-object-page menu-item-3811\"><a href=\"https:\/\/www.rers-evry-bdd.fr\/index.php\/notre-histoire\/les-ags-de-foresco\/\" class=\"elementor-sub-item menu-link\" tabindex=\"-1\">Les AGs de FORESCO<\/a><\/li>\n\t<\/ul>\n<\/li>\n\t<li class=\"menu-item menu-item-type-post_type menu-item-object-page menu-item-has-children menu-item-2566\"><a aria-expanded=\"false\" href=\"https:\/\/www.rers-evry-bdd.fr\/index.php\/notre-histoire\/\" class=\"elementor-sub-item menu-link\" tabindex=\"-1\">Notre histoire<span role=\"button\" class=\"dropdown-menu-toggle ast-header-navigation-arrow\" tabindex=\"0\" aria-expanded=\"false\" aria-label=\"Permutateur de Menu\" aria-haspopup=\"true\"><\/span><\/a>\n\t<ul class=\"sub-menu elementor-nav-menu--dropdown\">\n\t\t<li class=\"menu-item menu-item-type-post_type menu-item-object-page menu-item-7936\"><a href=\"https:\/\/www.rers-evry-bdd.fr\/index.php\/notre-histoire-nos-histoires-dans-le-reseau\/\" class=\"elementor-sub-item menu-link\" tabindex=\"-1\">Fresque \u2013 Histoire des R\u00e9seaux<\/a><\/li>\n\t\t<li class=\"menu-item menu-item-type-post_type menu-item-object-page menu-item-7692\"><a href=\"https:\/\/www.rers-evry-bdd.fr\/index.php\/qui-sommes-nous\/fete-des-45-ans\/\" class=\"elementor-sub-item menu-link\" tabindex=\"-1\">F\u00eate des 45 ans<\/a><\/li>\n\t\t<li class=\"menu-item menu-item-type-post_type menu-item-object-page menu-item-2611\"><a href=\"https:\/\/www.rers-evry-bdd.fr\/index.php\/page-en-construction-2\/\" class=\"elementor-sub-item menu-link\" tabindex=\"-1\">F\u00eate des 50 de FORESCO<\/a><\/li>\n\t<\/ul>\n<\/li>\n<\/ul>\n<\/li>\n<li class=\"menu-item menu-item-type-post_type menu-item-object-page menu-item-has-children menu-item-4611\"><a aria-expanded=\"false\" href=\"https:\/\/www.rers-evry-bdd.fr\/index.php\/demandes-offres-savoirs-rers-centre-essonne\/echanges-de-savoirs-evry-essonne\/\" class=\"elementor-item menu-link\" tabindex=\"-1\">\u00c9changes de Savoirs<span role=\"button\" class=\"dropdown-menu-toggle ast-header-navigation-arrow\" tabindex=\"0\" aria-expanded=\"false\" aria-label=\"Permutateur de Menu\" aria-haspopup=\"true\"><\/span><\/a>\n<ul class=\"sub-menu elementor-nav-menu--dropdown\">\n\t<li class=\"menu-item menu-item-type-post_type menu-item-object-page menu-item-2568\"><a href=\"https:\/\/www.rers-evry-bdd.fr\/index.php\/demandes-offres-savoirs-rers-centre-essonne\/ca-se-passe-comment\/\" class=\"elementor-sub-item menu-link\" tabindex=\"-1\">\u00c7a se passe comment ?<\/a><\/li>\n\t<li class=\"menu-item menu-item-type-post_type menu-item-object-page menu-item-2567\"><a href=\"https:\/\/www.rers-evry-bdd.fr\/index.php\/demandes-offres-savoirs-rers-centre-essonne\/\" class=\"elementor-sub-item menu-link\" tabindex=\"-1\">Demandes\/Offres en attente\u2026<\/a><\/li>\n\t<li class=\"menu-item menu-item-type-post_type menu-item-object-page menu-item-has-children menu-item-2974\"><a aria-expanded=\"false\" href=\"https:\/\/www.rers-evry-bdd.fr\/index.php\/demandes-offres-savoirs-rers-centre-essonne\/echanges-collectifs-en-cours\/\" class=\"elementor-sub-item menu-link\" tabindex=\"-1\">\u00c9changes collectifs de savoirs en cours<span role=\"button\" class=\"dropdown-menu-toggle ast-header-navigation-arrow\" tabindex=\"0\" aria-expanded=\"false\" aria-label=\"Permutateur de Menu\" aria-haspopup=\"true\"><\/span><\/a>\n\t<ul class=\"sub-menu elementor-nav-menu--dropdown\">\n\t\t<li class=\"menu-item menu-item-type-post_type menu-item-object-page menu-item-2569\"><a href=\"https:\/\/www.rers-evry-bdd.fr\/index.php\/demandes-offres-savoirs-rers-centre-essonne\/clas-rers-centre-essonne\/\" class=\"elementor-sub-item menu-link\" tabindex=\"-1\">CLAS : les \u00e9changes de savoirs dans l\u2019accompagnement \u00e0 la scolarit\u00e9<\/a><\/li>\n\t\t<li class=\"menu-item menu-item-type-post_type menu-item-object-page menu-item-4949\"><a href=\"https:\/\/www.rers-evry-bdd.fr\/index.php\/demandes-offres-savoirs-rers-centre-essonne\/echanges-vacances-rers-centre-essonne\/\" class=\"elementor-sub-item menu-link\" tabindex=\"-1\">Les \u00e9changes Vacances<\/a><\/li>\n\t\t<li class=\"menu-item menu-item-type-post_type menu-item-object-page menu-item-2578\"><a href=\"https:\/\/www.rers-evry-bdd.fr\/index.php\/demandes-offres-savoirs-rers-centre-essonne\/jardin-en-partage-rers-centre-essonne\/elementor-page-913\/\" class=\"elementor-sub-item menu-link\" tabindex=\"-1\">Jardin en Partage<\/a><\/li>\n\t\t<li class=\"menu-item menu-item-type-post_type menu-item-object-page menu-item-3061\"><a href=\"https:\/\/www.rers-evry-bdd.fr\/index.php\/demandes-offres-savoirs-rers-centre-essonne\/echanges-collectifs-en-cours\/parlons-laicite\/\" class=\"elementor-sub-item menu-link\" tabindex=\"-1\">Parlons La\u00efcit\u00e9<\/a><\/li>\n\t<\/ul>\n<\/li>\n\t<li class=\"menu-item menu-item-type-post_type menu-item-object-page menu-item-4596\"><a href=\"https:\/\/www.rers-evry-bdd.fr\/index.php\/page-en-construction-2\/exemple-echanges-de-savoirs-thesaurus\/\" class=\"elementor-sub-item menu-link\" tabindex=\"-1\">Exemples d\u2019\u00e9changes de savoirs \u2013 th\u00e9saurus<\/a><\/li>\n<\/ul>\n<\/li>\n<li class=\"menu-item menu-item-type-post_type menu-item-object-page menu-item-has-children menu-item-4553\"><a aria-expanded=\"false\" href=\"https:\/\/www.rers-evry-bdd.fr\/index.php\/nos-projets\/\" class=\"elementor-item menu-link\" tabindex=\"-1\">Nos projets<span role=\"button\" class=\"dropdown-menu-toggle ast-header-navigation-arrow\" tabindex=\"0\" aria-expanded=\"false\" aria-label=\"Permutateur de Menu\" aria-haspopup=\"true\"><\/span><\/a>\n<ul class=\"sub-menu elementor-nav-menu--dropdown\">\n\t<li class=\"menu-item menu-item-type-post_type menu-item-object-page menu-item-5020\"><a href=\"https:\/\/www.rers-evry-bdd.fr\/index.php\/projets-annee-rers-centre-essonne\/\" class=\"elementor-sub-item menu-link\" tabindex=\"-1\">Les projets de l\u2019ann\u00e9e<\/a><\/li>\n\t<li class=\"menu-item menu-item-type-post_type menu-item-object-page menu-item-2577\"><a href=\"https:\/\/www.rers-evry-bdd.fr\/index.php\/clas-au-rers\/\" class=\"elementor-sub-item menu-link\" tabindex=\"-1\">CLAS au RERS<\/a><\/li>\n\t<li class=\"menu-item menu-item-type-post_type menu-item-object-page menu-item-2570\"><a href=\"https:\/\/www.rers-evry-bdd.fr\/index.php\/demandes-offres-savoirs-rers-centre-essonne\/jardin-en-partage-rers-centre-essonne\/\" class=\"elementor-sub-item menu-link\" tabindex=\"-1\">Jardin en Partage<\/a><\/li>\n\t<li class=\"menu-item menu-item-type-post_type menu-item-object-page menu-item-2554\"><a href=\"https:\/\/www.rers-evry-bdd.fr\/index.php\/ville-apprenante-evry-courcouronnes\/\" class=\"elementor-sub-item menu-link\" tabindex=\"-1\">Avec \u00c9vry-Courcouronnes \u2013 Ville Apprenante<\/a><\/li>\n<\/ul>\n<\/li>\n<li class=\"menu-item menu-item-type-post_type menu-item-object-page menu-item-has-children menu-item-2555\"><a aria-expanded=\"false\" href=\"https:\/\/www.rers-evry-bdd.fr\/index.php\/demandes-offres-savoirs-rers-centre-essonne\/echanges-collectifs-en-cours\/formations-reciproques-rers\/\" class=\"elementor-item menu-link\" tabindex=\"-1\">Nos formations<span role=\"button\" class=\"dropdown-menu-toggle ast-header-navigation-arrow\" tabindex=\"0\" aria-expanded=\"false\" aria-label=\"Permutateur de Menu\" aria-haspopup=\"true\"><\/span><\/a>\n<ul class=\"sub-menu elementor-nav-menu--dropdown\">\n\t<li class=\"menu-item menu-item-type-post_type menu-item-object-page menu-item-4491\"><a href=\"https:\/\/www.rers-evry-bdd.fr\/index.php\/co-formation-interne\/\" class=\"elementor-sub-item menu-link\" tabindex=\"-1\">Co-formation interne<\/a><\/li>\n\t<li class=\"menu-item menu-item-type-post_type menu-item-object-page menu-item-4496\"><a href=\"https:\/\/www.rers-evry-bdd.fr\/index.php\/formations-foresco\/\" class=\"elementor-sub-item menu-link\" tabindex=\"-1\">Formations FORESCO<\/a><\/li>\n<\/ul>\n<\/li>\n<li class=\"menu-item menu-item-type-post_type menu-item-object-page menu-item-2556\"><a href=\"https:\/\/www.rers-evry-bdd.fr\/index.php\/ou-nous-rencontrer-rers-centre-essonne\/\" class=\"elementor-item menu-link\" tabindex=\"-1\">O\u00f9 nous trouver ?<\/a><\/li>\n<li class=\"menu-item menu-item-type-post_type menu-item-object-page menu-item-4454\"><a href=\"https:\/\/www.rers-evry-bdd.fr\/index.php\/ou-nous-rencontrer-rers-centre-essonne\/contacter-rers-evry-essonne\/\" class=\"elementor-item menu-link\" tabindex=\"-1\">Nous contacter<\/a><\/li>\n<\/ul>\t\t\t<\/nav>\n\t\t\t\t\t\t<\/div>\n\t\t\t\t\t<\/div>\n\t\t\t\t<\/div>\n\t\t<div class=\"elementor-element elementor-element-1399aa4 e-flex e-con-boxed e-con e-parent\" data-id=\"1399aa4\" data-element_type=\"container\" data-e-type=\"container\">\n\t\t\t\t\t<div class=\"e-con-inner\">\n\t\t\t\t<div class=\"elementor-element elementor-element-1b3ec68 elementor-widget elementor-widget-page-title\" data-id=\"1b3ec68\" data-element_type=\"widget\" data-e-type=\"widget\" data-widget_type=\"page-title.default\">\n\t\t\t\t<div class=\"elementor-widget-container\">\n\t\t\t\t\t\t\t\n\t\t<div class=\"hfe-page-title hfe-page-title-wrapper elementor-widget-heading\">\n\n\t\t\t\t\t\t\t\t\t\t\t<a href=\"https:\/\/www.rers-evry-bdd.fr\">\n\t\t\t\t\t\t<h1 class=\"elementor-heading-title elementor-size-default\">\n\t\t\t\t\t\t\t\t\n\t\t\t\tCLAS au RERS  \n\t\t\t<\/h1 > \n\t\t\t\t\t\t\t\t\t<\/a>\n\t\t\t\t\t<\/div>\n\t\t\t\t\t\t<\/div>\n\t\t\t\t<\/div>\n\t\t\t\t<div class=\"elementor-element elementor-element-1737455 elementor-widget elementor-widget-text-editor\" data-id=\"1737455\" data-element_type=\"widget\" data-e-type=\"widget\" data-widget_type=\"text-editor.default\">\n\t\t\t\t\t\t\t\t\t<p>\u00a0<span style=\"font-size: 12pt;\"><strong>CLAS : Contrat Local d\u2019Accompagnement \u00e0 la Scolarit\u00e9<\/strong><\/span><\/p><p style=\"text-align: justify; font-family: Tahoma;\"><span style=\"font-size: 12pt;\">Des difficult\u00e9s scolaires, parfois importantes, rencontr\u00e9es par les enfants sont souvent exprim\u00e9es par les familles qui fr\u00e9quentent notre association. <\/span><\/p><p style=\"text-align: justify; font-family: Tahoma;\"><span style=\"font-size: 12pt;\">Des professeurs d&rsquo;\u00c9cole conseillent \u00e0 certains parents d&rsquo;inscrire leurs enfants aux sessions CLAS du RERS.<\/span><\/p>\t\t\t\t\t\t\t\t<\/div>\n\t\t\t\t\t<\/div>\n\t\t\t\t<\/div>\n\t\t<div class=\"elementor-element elementor-element-e1aa89d e-flex e-con-boxed e-con e-parent\" data-id=\"e1aa89d\" data-element_type=\"container\" data-e-type=\"container\">\n\t\t\t\t\t<div class=\"e-con-inner\">\n\t\t<div class=\"elementor-element elementor-element-3fe3361 e-con-full e-flex e-con e-child\" data-id=\"3fe3361\" data-element_type=\"container\" data-e-type=\"container\">\n\t\t\t\t<div class=\"elementor-element elementor-element-a10e74d elementor-widget elementor-widget-text-editor\" data-id=\"a10e74d\" data-element_type=\"widget\" data-e-type=\"widget\" data-widget_type=\"text-editor.default\">\n\t\t\t\t\t\t\t\t\t<p><strong>Les attentes\u00a0:<\/strong><\/p><p>\u2013 Des enfants : beaucoup d\u2019enfants en difficult\u00e9s scolaires de tous ordres, beaucoup de demandes de leur part pour les aider dans leurs apprentissages.<\/p><p>\u2013 Des parents : besoin d\u2019une structure d\u2019accueil sur le quartier et d\u2019accompagnement dans la scolarit\u00e9 de leur enfant notamment pour se rapprocher et appr\u00e9hender ce qu\u2019est le syst\u00e8me \u00e9ducatif fran\u00e7ais et comment il fonctionne.<\/p><p>\u2013 Des \u00e9quipes \u00e9ducatives et des partenaires : besoin d\u2019orienter des enfants en fragilit\u00e9s vers des structures CLAS.<\/p><p><strong>Notre Projet\u00a0:<\/strong><\/p><p>Accueillir des groupes d&rsquo;enfants, chacun deux fois par semaine. Chaque groupe sera accompagn\u00e9 par plusieurs adultes b\u00e9n\u00e9voles pour organiser un maximum d&rsquo;\u00e9changes de savoirs entre les enfants et si n\u00e9cessaire assurer un accompagnement plus individualis\u00e9.<\/p><p><strong>Objectifs du Projet CLAS au sein du RERS :<\/strong><\/p><p>\u2013 Donner envie d\u2019apprendre, de d\u00e9couvrir et de s\u2019ouvrir aux autres ;<\/p><p>\u2013 Stimuler la curiosit\u00e9 de l\u2019enfant et l\u2019amener \u00e0 un processus de raisonnement qui lui donne envie d\u2019apprendre plus et de comprendre ;<\/p><p>\u2013 Amener les parents \u00e0 se rendre compte que l\u2019activit\u00e9 purement scolaire n\u2019est pas la seule fa\u00e7on d\u2019acqu\u00e9rir du savoir et de susciter l\u2019envie d\u2019apprendre ;<\/p><p>\u2013 Favoriser, au cours de sorties et de rencontres r\u00e9guli\u00e8res, les contacts informels qui permettent de faire mieux comprendre la richesse et les effets de cette fa\u00e7on d\u2019apprendre ;<\/p><p>\u2013 Inciter les parents \u00e0 participer aux \u00e9changes de savoirs, aux sorties culturelles\u00a0 et aux \u00e9v\u00e8nements festifs du RERS, mis en place et organis\u00e9s en collaboration avec eux et l&rsquo;\u00e9quipe d&rsquo;animation du RERS.<\/p><p>\u00a0<\/p><p>Les parents qui fr\u00e9quentent notre association souhaitent inscrire leur enfant car ils ont entendu parler du dispositif CLAS par d\u2019autres enfants ou d\u2019autres parents.<br \/>Il est expliqu\u00e9 aux parents des enfants inscrits d\u00e8s la rentr\u00e9e :<\/p><p>&#8211; ce qu\u2019est pr\u00e9cis\u00e9ment l\u2019accompagnement \u00e0 la scolarit\u00e9 et le mode de fonctionnement en groupe<br \/>&#8211; en quoi l\u2019entraide et l\u2019\u00e9change de savoirs entre enfants les aident dans la valorisation de leurs acquis, de leur estime d\u2019eux-m\u00eames, pour leur permettre d\u2019acc\u00e9der progressivement \u00e0 une certaine autonomie<br \/>&#8211; que le R\u00e9seau a des contacts avec les directeurs d\u2019\u00e9tablissements scolaires et que s\u2019ils rencontrent des difficult\u00e9s avec l\u2019\u00e9cole de leur enfant, des b\u00e9n\u00e9voles ou salari\u00e9s du R\u00e9seau les soutiendront dans le dialogue n\u00e9cessaire avec celle-ci.<\/p><p>Le R\u00e9seau fonctionne en \u00e9troite collaboration avec les familles et il est demand\u00e9 aux parents de participer aux rencontres parentales du CLAS. Nous avons par ailleurs cr\u00e9\u00e9 un groupe d\u2019entraide parentale au sein du R\u00e9seau, groupe auquel les familles peuvent se joindre.<\/p>\t\t\t\t\t\t\t\t<\/div>\n\t\t\t\t<div class=\"elementor-element elementor-element-389fd2e elementor-widget elementor-widget-text-editor\" data-id=\"389fd2e\" data-element_type=\"widget\" data-e-type=\"widget\" data-widget_type=\"text-editor.default\">\n\t\t\t\t\t\t\t\t\t<p><strong>Histoire du CLAS au RERS :<\/strong><\/p><p>Sans refaire pr\u00e9cis\u00e9ment l&rsquo;histoire, nous avons, au fil du temps, fait plusieurs propositions :<\/p><ul><li>Un partenariat avec l\u2019\u00e9cole des Coquibus (voisine de l&rsquo;Espace RERS Les Passages centre-ville) o\u00f9 le RERS est intervenu tous les mardis soirs de 16h30 \u00e0 18h30 pour y organiser des \u00e9changes de savoirs entre enfants et avec le soutien de la directrice de l\u2019\u00e9cole. Ceux-ci ont donn\u00e9 lieu \u00e0 de nombreuses cr\u00e9ations collectives, (projet th\u00e9\u00e2tre, expo sur la la\u00efcit\u00e9 et la citoyennet\u00e9, \u00e9critures d\u2019un journal, semaines sans \u00e9cran, \u2026).<br \/>Ce type de partenariat facilite les relations avec les enfants, certains de leurs parents et les enseignants.<\/li><\/ul><ul><li>Une aide aux devoirs, le mercredi, bas\u00e9e sur le volontariat. La demande \u00e9tait forte.<\/li><li>Une adh\u00e9sion \u00e0 la charte nationale du CLAS (Contrat Local d\u2019Accompagnement \u00e0 la Scolarit\u00e9) sous l&rsquo;\u00e9gide de la CAF (Caisse d&rsquo;Allocations Familiales) afin de d\u00e9velopper notre activit\u00e9 et l\u00e9gitimer notre intervention aupr\u00e8s des familles et de nos partenaires.<\/li><\/ul><p>\u00a0<\/p>\t\t\t\t\t\t\t\t<\/div>\n\t\t\t\t<\/div>\n\t\t<div class=\"elementor-element elementor-element-f30bd78 e-con-full e-flex e-con e-child\" data-id=\"f30bd78\" data-element_type=\"container\" data-e-type=\"container\">\n\t\t<div class=\"elementor-element elementor-element-bf107f1 e-con-full e-flex e-con e-child\" data-id=\"bf107f1\" data-element_type=\"container\" data-e-type=\"container\">\n\t\t\t\t<div class=\"elementor-element elementor-element-5ee80de elementor-invisible elementor-widget elementor-widget-image\" data-id=\"5ee80de\" data-element_type=\"widget\" data-e-type=\"widget\" data-settings=\"{&quot;_animation&quot;:&quot;fadeInRight&quot;}\" data-widget_type=\"image.default\">\n\t\t\t\t\t\t\t\t\t\t\t\t<figure class=\"wp-caption\">\n\t\t\t\t\t\t\t\t\t\t<img decoding=\"async\" src=\"https:\/\/www.rers-evry-bdd.fr\/wp-content\/uploads\/elementor\/thumbs\/CLAS-entraide-scolaire-flou-scaled-r333iyvykkbqanrw3sg34isrrva3wp7wcynvv9ejlk.webp\" title=\"oppo_1026\" alt=\"oppo_1026\" loading=\"lazy\" \/>\t\t\t\t\t\t\t\t\t\t\t<figcaption class=\"widget-image-caption wp-caption-text\">Entraide entre les enfants du CLAS par bin\u00f4me ou trin\u00f4me<\/figcaption>\n\t\t\t\t\t\t\t\t\t\t<\/figure>\n\t\t\t\t\t\t\t\t\t<\/div>\n\t\t\t\t<\/div>\n\t\t<div class=\"elementor-element elementor-element-8ac2adc e-con-full e-flex e-con e-child\" data-id=\"8ac2adc\" data-element_type=\"container\" data-e-type=\"container\">\n\t\t\t\t<div class=\"elementor-element elementor-element-e42de30 elementor-widget elementor-widget-text-editor\" data-id=\"e42de30\" data-element_type=\"widget\" data-e-type=\"widget\" data-widget_type=\"text-editor.default\">\n\t\t\t\t\t\t\t\t\t<p><strong>D\u00e9roul\u00e9 d\u2019une session CLAS :<\/strong><\/p><p><strong>1er temps<\/strong> : Accueil des enfants<br \/>Valoriser les acquis du jour dans le cadre d\u2019un \u00e9change informel : Qu\u2019as-tu appris aujourd\u2019hui ? De quoi as-tu besoin\/ Qu\u2019as-tu envie \u201cd\u2019offrir\u201d? Nous cr\u00e9erons au d\u00e9but de chaque s\u00e9ance un tableau recensant les offres et les demandes du jour.<\/p><p><strong>2nd temps\u00a0<\/strong>: Les \u00e9changes<br \/>Nous faisons en sorte que chaque demande soit satisfaite afin que les enfants puissent \u00eatre en capacit\u00e9 \u00e0 l\u2019issue de la s\u00e9ance de faire leur travail en autonomie.<\/p><p><strong>3\u00e8me temps<\/strong> : Ateliers culturels ou sportifs<br \/>Utiliser le jeu comme support d\u2019apprentissage ou comment apprendre en jouant, en pratiquant des arts plastiques, en allant \u00e0 la biblioth\u00e8que\u2026<\/p><p><strong>4\u00e8me temps<\/strong> : Bilan des \u00e9changes du jour et valorisation de la participation de chacun.<\/p><p><strong>5\u00e8me temps<\/strong> : Accueil des familles et sollicitation pour qu\u2019elles participent aux s\u00e9ances.<br \/>Un bilan trimestriel est fait avec chaque enfant afin qu&rsquo;il puisse suivre sa progression mais aussi valoriser ses progr\u00e8s aupr\u00e8s de ses parents et\/ou de son enseignant.<\/p>\t\t\t\t\t\t\t\t<\/div>\n\t\t\t\t<div class=\"elementor-element elementor-element-894ce2f elementor-invisible elementor-widget elementor-widget-image\" data-id=\"894ce2f\" data-element_type=\"widget\" data-e-type=\"widget\" data-settings=\"{&quot;_animation&quot;:&quot;fadeInRight&quot;}\" data-widget_type=\"image.default\">\n\t\t\t\t\t\t\t\t\t\t\t\t<figure class=\"wp-caption\">\n\t\t\t\t\t\t\t\t\t\t<img decoding=\"async\" src=\"https:\/\/www.rers-evry-bdd.fr\/wp-content\/uploads\/elementor\/thumbs\/CLAS-qz1hc3cw7ketvmgysin4wkmtikljwvd3l92r0mrfzs.jpg\" title=\"CLAS\" alt=\"CLAS\" loading=\"lazy\" \/>\t\t\t\t\t\t\t\t\t\t\t<figcaption class=\"widget-image-caption wp-caption-text\">Jeu de lettres, d'\u00e9criture et de concentration en \u00e9quipe<\/figcaption>\n\t\t\t\t\t\t\t\t\t\t<\/figure>\n\t\t\t\t\t\t\t\t\t<\/div>\n\t\t\t\t<\/div>\n\t\t\t\t<\/div>\n\t\t\t\t\t<\/div>\n\t\t\t\t<\/div>\n\t\t<div class=\"elementor-element elementor-element-3094f25 e-flex e-con-boxed e-con e-parent\" data-id=\"3094f25\" data-element_type=\"container\" data-e-type=\"container\">\n\t\t\t\t\t<div class=\"e-con-inner\">\n\t\t\t\t<div class=\"elementor-element elementor-element-6110edd elementor-widget elementor-widget-spacer\" data-id=\"6110edd\" data-element_type=\"widget\" data-e-type=\"widget\" data-widget_type=\"spacer.default\">\n\t\t\t\t\t\t\t<div class=\"elementor-spacer\">\n\t\t\t<div class=\"elementor-spacer-inner\"><\/div>\n\t\t<\/div>\n\t\t\t\t\t\t<\/div>\n\t\t\t\t<div class=\"elementor-element elementor-element-aba7b74 elementor-widget elementor-widget-spacer\" data-id=\"aba7b74\" data-element_type=\"widget\" data-e-type=\"widget\" data-widget_type=\"spacer.default\">\n\t\t\t\t\t\t\t<div class=\"elementor-spacer\">\n\t\t\t<div class=\"elementor-spacer-inner\"><\/div>\n\t\t<\/div>\n\t\t\t\t\t\t<\/div>\n\t\t\t\t\t<\/div>\n\t\t\t\t<\/div>\n\t\t\t\t<\/div>\n\t\t","protected":false},"excerpt":{"rendered":"<p>CLAS au RERS \u00a0CLAS : Contrat Local d\u2019Accompagnement \u00e0 la Scolarit\u00e9 Des difficult\u00e9s scolaires, parfois importantes, rencontr\u00e9es par les enfants sont souvent exprim\u00e9es par les familles qui fr\u00e9quentent notre association. [&hellip;]<\/p>\n","protected":false},"author":1,"featured_media":7891,"parent":0,"menu_order":28,"comment_status":"closed","ping_status":"closed","template":"","meta":{"_acf_changed":false,"_uag_custom_page_level_css":"","site-sidebar-layout":"default","site-content-layout":"","ast-site-content-layout":"","site-content-style":"default","site-sidebar-style":"default","ast-global-header-display":"","ast-banner-title-visibility":"","ast-main-header-display":"","ast-hfb-above-header-display":"","ast-hfb-below-header-display":"","ast-hfb-mobile-header-display":"","site-post-title":"disabled","ast-breadcrumbs-content":"","ast-featured-img":"","footer-sml-layout":"","ast-disable-related-posts":"","theme-transparent-header-meta":"","adv-header-id-meta":"","stick-header-meta":"","header-above-stick-meta":"","header-main-stick-meta":"","header-below-stick-meta":"","astra-migrate-meta-layouts":"default","ast-page-background-enabled":"default","ast-page-background-meta":{"desktop":{"background-color":"var(--ast-global-color-5)","background-image":"","background-repeat":"repeat","background-position":"center center","background-size":"auto","background-attachment":"scroll","background-type":"","background-media":"","overlay-type":"","overlay-color":"","overlay-opacity":"","overlay-gradient":""},"tablet":{"background-color":"","background-image":"","background-repeat":"repeat","background-position":"center center","background-size":"auto","background-attachment":"scroll","background-type":"","background-media":"","overlay-type":"","overlay-color":"","overlay-opacity":"","overlay-gradient":""},"mobile":{"background-color":"","background-image":"","background-repeat":"repeat","background-position":"center center","background-size":"auto","background-attachment":"scroll","background-type":"","background-media":"","overlay-type":"","overlay-color":"","overlay-opacity":"","overlay-gradient":""}},"ast-content-background-meta":{"desktop":{"background-color":"var(--ast-global-color-4)","background-image":"","background-repeat":"repeat","background-position":"center center","background-size":"auto","background-attachment":"scroll","background-type":"","background-media":"","overlay-type":"","overlay-color":"","overlay-opacity":"","overlay-gradient":""},"tablet":{"background-color":"var(--ast-global-color-4)","background-image":"","background-repeat":"repeat","background-position":"center center","background-size":"auto","background-attachment":"scroll","background-type":"","background-media":"","overlay-type":"","overlay-color":"","overlay-opacity":"","overlay-gradient":""},"mobile":{"background-color":"var(--ast-global-color-4)","background-image":"","background-repeat":"repeat","background-position":"center center","background-size":"auto","background-attachment":"scroll","background-type":"","background-media":"","overlay-type":"","overlay-color":"","overlay-opacity":"","overlay-gradient":""}},"_EventAllDay":false,"_EventTimezone":"","_EventStartDate":"","_EventEndDate":"","_EventStartDateUTC":"","_EventEndDateUTC":"","_EventShowMap":false,"_EventShowMapLink":false,"_EventURL":"","_EventCost":"","_EventCostDescription":"","_EventCurrencySymbol":"","_EventCurrencyCode":"","_EventCurrencyPosition":"","_EventDateTimeSeparator":"","_EventTimeRangeSeparator":"","_EventOrganizerID":[],"_EventVenueID":[],"_OrganizerEmail":"","_OrganizerPhone":"","_OrganizerWebsite":"","_VenueAddress":"","_VenueCity":"","_VenueCountry":"","_VenueProvince":"","_VenueState":"","_VenueZip":"","_VenuePhone":"","_VenueURL":"","_VenueStateProvince":"","_VenueLat":"","_VenueLng":"","_VenueShowMap":false,"_VenueShowMapLink":false,"footnotes":""},"class_list":["post-6","page","type-page","status-publish","has-post-thumbnail","hentry"],"acf":[],"uagb_featured_image_src":{"full":["https:\/\/www.rers-evry-bdd.fr\/wp-content\/uploads\/2025\/12\/bandeau_projets.jpg",938,198,false],"thumbnail":["https:\/\/www.rers-evry-bdd.fr\/wp-content\/uploads\/2025\/12\/bandeau_projets-150x150.jpg",150,150,true],"medium":["https:\/\/www.rers-evry-bdd.fr\/wp-content\/uploads\/2025\/12\/bandeau_projets-300x63.jpg",300,63,true],"medium_large":["https:\/\/www.rers-evry-bdd.fr\/wp-content\/uploads\/2025\/12\/bandeau_projets-768x162.jpg",768,162,true],"large":["https:\/\/www.rers-evry-bdd.fr\/wp-content\/uploads\/2025\/12\/bandeau_projets.jpg",938,198,false],"1536x1536":["https:\/\/www.rers-evry-bdd.fr\/wp-content\/uploads\/2025\/12\/bandeau_projets.jpg",938,198,false],"2048x2048":["https:\/\/www.rers-evry-bdd.fr\/wp-content\/uploads\/2025\/12\/bandeau_projets.jpg",938,198,false]},"uagb_author_info":{"display_name":"fbred","author_link":"https:\/\/www.rers-evry-bdd.fr\/author\/fbred\/"},"uagb_comment_info":0,"uagb_excerpt":"CLAS au RERS \u00a0CLAS : Contrat Local d\u2019Accompagnement \u00e0 la Scolarit\u00e9 Des difficult\u00e9s scolaires, parfois importantes, rencontr\u00e9es par les enfants sont souvent exprim\u00e9es par les familles qui fr\u00e9quentent notre association. [&hellip;]","_links":{"self":[{"href":"https:\/\/www.rers-evry-bdd.fr\/index.php\/wp-json\/wp\/v2\/pages\/6","targetHints":{"allow":["GET"]}}],"collection":[{"href":"https:\/\/www.rers-evry-bdd.fr\/index.php\/wp-json\/wp\/v2\/pages"}],"about":[{"href":"https:\/\/www.rers-evry-bdd.fr\/index.php\/wp-json\/wp\/v2\/types\/page"}],"author":[{"embeddable":true,"href":"https:\/\/www.rers-evry-bdd.fr\/index.php\/wp-json\/wp\/v2\/users\/1"}],"replies":[{"embeddable":true,"href":"https:\/\/www.rers-evry-bdd.fr\/index.php\/wp-json\/wp\/v2\/comments?post=6"}],"version-history":[{"count":167,"href":"https:\/\/www.rers-evry-bdd.fr\/index.php\/wp-json\/wp\/v2\/pages\/6\/revisions"}],"predecessor-version":[{"id":7582,"href":"https:\/\/www.rers-evry-bdd.fr\/index.php\/wp-json\/wp\/v2\/pages\/6\/revisions\/7582"}],"wp:featuredmedia":[{"embeddable":true,"href":"https:\/\/www.rers-evry-bdd.fr\/index.php\/wp-json\/wp\/v2\/media\/7891"}],"wp:attachment":[{"href":"https:\/\/www.rers-evry-bdd.fr\/index.php\/wp-json\/wp\/v2\/media?parent=6"}],"curies":[{"name":"wp","href":"https:\/\/api.w.org\/{rel}","templated":true}]}}