{"id":610,"date":"2024-11-28T11:39:31","date_gmt":"2024-11-28T10:39:31","guid":{"rendered":"https:\/\/www.rers-evry-bdd.fr\/?page_id=610"},"modified":"2026-04-10T19:27:33","modified_gmt":"2026-04-10T17:27:33","slug":"notre-histoire","status":"publish","type":"page","link":"https:\/\/www.rers-evry-bdd.fr\/index.php\/notre-histoire\/","title":{"rendered":"Notre histoire"},"content":{"rendered":"\t\t<div data-elementor-type=\"wp-page\" data-elementor-id=\"610\" class=\"elementor elementor-610\" data-elementor-post-type=\"page\">\n\t\t\t\t<div class=\"elementor-element elementor-element-199e9a98 e-flex e-con-boxed e-con e-parent\" data-id=\"199e9a98\" data-element_type=\"container\" data-e-type=\"container\">\n\t\t\t\t\t<div class=\"e-con-inner\">\n\t\t\t\t<div class=\"elementor-element elementor-element-e4a3191 elementor-widget elementor-widget-theme-site-logo elementor-widget-image\" data-id=\"e4a3191\" data-element_type=\"widget\" data-e-type=\"widget\" data-widget_type=\"theme-site-logo.default\">\n\t\t\t\t\t\t\t\t\t\t\t<a href=\"https:\/\/www.rers-evry-bdd.fr\">\n\t\t\t<img fetchpriority=\"high\" decoding=\"async\" width=\"1270\" height=\"270\" src=\"https:\/\/www.rers-evry-bdd.fr\/wp-content\/uploads\/2025\/02\/bandeau_offres_demandes_texte.webp\" class=\"attachment-full size-full wp-image-2789\" alt=\"\" srcset=\"https:\/\/www.rers-evry-bdd.fr\/wp-content\/uploads\/2025\/02\/bandeau_offres_demandes_texte.webp 1270w, https:\/\/www.rers-evry-bdd.fr\/wp-content\/uploads\/2025\/02\/bandeau_offres_demandes_texte-300x64.webp 300w, https:\/\/www.rers-evry-bdd.fr\/wp-content\/uploads\/2025\/02\/bandeau_offres_demandes_texte-1024x218.webp 1024w, https:\/\/www.rers-evry-bdd.fr\/wp-content\/uploads\/2025\/02\/bandeau_offres_demandes_texte-768x163.webp 768w\" sizes=\"(max-width: 1270px) 100vw, 1270px\" \/>\t\t\t\t<\/a>\n\t\t\t\t\t\t\t\t\t\t\t<\/div>\n\t\t\t\t<div class=\"elementor-element elementor-element-4135128 elementor-nav-menu__align-start elementor-nav-menu--dropdown-mobile elementor-nav-menu__text-align-aside elementor-widget elementor-widget-nav-menu\" data-id=\"4135128\" data-element_type=\"widget\" data-e-type=\"widget\" data-settings=\"{&quot;submenu_icon&quot;:{&quot;value&quot;:&quot;&lt;svg aria-hidden=\\&quot;true\\&quot; class=\\&quot;fa-svg-chevron-down e-font-icon-svg e-fas-chevron-down\\&quot; viewBox=\\&quot;0 0 448 512\\&quot; xmlns=\\&quot;http:\\\/\\\/www.w3.org\\\/2000\\\/svg\\&quot;&gt;&lt;path d=\\&quot;M207.029 381.476L12.686 187.132c-9.373-9.373-9.373-24.569 0-33.941l22.667-22.667c9.357-9.357 24.522-9.375 33.901-.04L224 284.505l154.745-154.021c9.379-9.335 24.544-9.317 33.901.04l22.667 22.667c9.373 9.373 9.373 24.569 0 33.941L240.971 381.476c-9.373 9.372-24.569 9.372-33.942 0z\\&quot;&gt;&lt;\\\/path&gt;&lt;\\\/svg&gt;&quot;,&quot;library&quot;:&quot;fa-solid&quot;},&quot;layout&quot;:&quot;horizontal&quot;}\" data-widget_type=\"nav-menu.default\">\n\t\t\t\t\t\t\t\t<nav aria-label=\"Menu\" class=\"elementor-nav-menu--main elementor-nav-menu__container elementor-nav-menu--layout-horizontal e--pointer-none\">\n\t\t\t\t<ul id=\"menu-1-4135128\" class=\"elementor-nav-menu\"><li class=\"menu-item menu-item-type-post_type menu-item-object-page menu-item-home menu-item-6054\"><a href=\"https:\/\/www.rers-evry-bdd.fr\/\" class=\"elementor-item menu-link\">Accueil<\/a><\/li>\n<li class=\"menu-item menu-item-type-post_type menu-item-object-page menu-item-has-children menu-item-3654\"><a aria-expanded=\"false\" href=\"https:\/\/www.rers-evry-bdd.fr\/index.php\/qui-sommes-nous\/\" class=\"elementor-item menu-link\">Qui sommes-nous ?<span role=\"button\" class=\"dropdown-menu-toggle ast-header-navigation-arrow\" tabindex=\"0\" aria-expanded=\"false\" aria-label=\"Permutateur de Menu\" aria-haspopup=\"true\"><\/span><\/a>\n<ul class=\"sub-menu elementor-nav-menu--dropdown\">\n\t<li class=\"menu-item menu-item-type-post_type menu-item-object-page menu-item-2562\"><a href=\"https:\/\/www.rers-evry-bdd.fr\/index.php\/nos-valeurs-rers\/\" class=\"elementor-sub-item menu-link\">Nos valeurs<\/a><\/li>\n\t<li class=\"menu-item menu-item-type-post_type menu-item-object-page menu-item-2563\"><a href=\"https:\/\/www.rers-evry-bdd.fr\/index.php\/charte-rers-centre-essonne\/\" class=\"elementor-sub-item menu-link\">Charte des RERS<\/a><\/li>\n\t<li class=\"menu-item menu-item-type-post_type menu-item-object-page menu-item-2564\"><a href=\"https:\/\/www.rers-evry-bdd.fr\/index.php\/presentation-des-equipes\/\" class=\"elementor-sub-item menu-link\">L\u2019association et son organisation<\/a><\/li>\n\t<li class=\"menu-item menu-item-type-post_type menu-item-object-page menu-item-has-children menu-item-3788\"><a aria-expanded=\"false\" href=\"https:\/\/www.rers-evry-bdd.fr\/index.php\/communication\/\" class=\"elementor-sub-item menu-link\">La communication<span role=\"button\" class=\"dropdown-menu-toggle ast-header-navigation-arrow\" tabindex=\"0\" aria-expanded=\"false\" aria-label=\"Permutateur de Menu\" aria-haspopup=\"true\"><\/span><\/a>\n\t<ul class=\"sub-menu elementor-nav-menu--dropdown\">\n\t\t<li class=\"menu-item menu-item-type-post_type menu-item-object-page menu-item-2572\"><a href=\"https:\/\/www.rers-evry-bdd.fr\/index.php\/communication\/lettres-du-rers\/\" class=\"elementor-sub-item menu-link\">Les Lettres RERS<\/a><\/li>\n\t\t<li class=\"menu-item menu-item-type-post_type menu-item-object-page menu-item-2550\"><a href=\"https:\/\/www.rers-evry-bdd.fr\/index.php\/communication\/lir-lien-inter-rers\/\" class=\"elementor-sub-item menu-link\">LIR Lien Inter RERS<\/a><\/li>\n\t<\/ul>\n<\/li>\n\t<li class=\"menu-item menu-item-type-post_type menu-item-object-page menu-item-2565\"><a href=\"https:\/\/www.rers-evry-bdd.fr\/index.php\/partenaires-rers-centre-essonne\/\" class=\"elementor-sub-item menu-link\">Nos Partenaires<\/a><\/li>\n\t<li class=\"menu-item menu-item-type-post_type menu-item-object-page menu-item-has-children menu-item-4585\"><a aria-expanded=\"false\" href=\"https:\/\/www.rers-evry-bdd.fr\/index.php\/foresco-le-mouvement-des-rers\/\" class=\"elementor-sub-item menu-link\">FORESCO le Mouvement des RERS<span role=\"button\" class=\"dropdown-menu-toggle ast-header-navigation-arrow\" tabindex=\"0\" aria-expanded=\"false\" aria-label=\"Permutateur de Menu\" aria-haspopup=\"true\"><\/span><\/a>\n\t<ul class=\"sub-menu elementor-nav-menu--dropdown\">\n\t\t<li class=\"menu-item menu-item-type-post_type menu-item-object-page menu-item-8214\"><a href=\"https:\/\/www.rers-evry-bdd.fr\/index.php\/notre-histoire-nos-histoires-dans-le-reseau\/\" class=\"elementor-sub-item menu-link\">Fresque \u2013 Histoire des R\u00e9seaux<\/a><\/li>\n\t\t<li class=\"menu-item menu-item-type-post_type menu-item-object-page menu-item-4809\"><a href=\"https:\/\/www.rers-evry-bdd.fr\/index.php\/rencontres-automne-reseaux-des-rers\/\" class=\"elementor-sub-item menu-link\">Les Rencontres d\u2019automne<\/a><\/li>\n\t\t<li class=\"menu-item menu-item-type-post_type menu-item-object-page menu-item-3811\"><a href=\"https:\/\/www.rers-evry-bdd.fr\/index.php\/notre-histoire\/les-ags-de-foresco\/\" class=\"elementor-sub-item menu-link\">Les AGs de FORESCO<\/a><\/li>\n\t<\/ul>\n<\/li>\n\t<li class=\"menu-item menu-item-type-post_type menu-item-object-page menu-item-has-children menu-item-2566\"><a aria-expanded=\"false\" href=\"https:\/\/www.rers-evry-bdd.fr\/index.php\/notre-histoire\/\" class=\"elementor-sub-item menu-link\">Notre histoire<span role=\"button\" class=\"dropdown-menu-toggle ast-header-navigation-arrow\" tabindex=\"0\" aria-expanded=\"false\" aria-label=\"Permutateur de Menu\" aria-haspopup=\"true\"><\/span><\/a>\n\t<ul class=\"sub-menu elementor-nav-menu--dropdown\">\n\t\t<li class=\"menu-item menu-item-type-post_type menu-item-object-page menu-item-7936\"><a href=\"https:\/\/www.rers-evry-bdd.fr\/index.php\/notre-histoire-nos-histoires-dans-le-reseau\/\" class=\"elementor-sub-item menu-link\">Fresque \u2013 Histoire des R\u00e9seaux<\/a><\/li>\n\t\t<li class=\"menu-item menu-item-type-post_type menu-item-object-page menu-item-7692\"><a href=\"https:\/\/www.rers-evry-bdd.fr\/index.php\/qui-sommes-nous\/fete-des-45-ans\/\" class=\"elementor-sub-item menu-link\">F\u00eate des 45 ans<\/a><\/li>\n\t\t<li class=\"menu-item menu-item-type-post_type menu-item-object-page menu-item-2611\"><a href=\"https:\/\/www.rers-evry-bdd.fr\/index.php\/page-en-construction-2\/\" class=\"elementor-sub-item menu-link\">F\u00eate des 50 de FORESCO<\/a><\/li>\n\t<\/ul>\n<\/li>\n<\/ul>\n<\/li>\n<li class=\"menu-item menu-item-type-post_type menu-item-object-page menu-item-has-children menu-item-4611\"><a aria-expanded=\"false\" href=\"https:\/\/www.rers-evry-bdd.fr\/index.php\/demandes-offres-savoirs-rers-centre-essonne\/echanges-de-savoirs-evry-essonne\/\" class=\"elementor-item menu-link\">\u00c9changes de Savoirs<span role=\"button\" class=\"dropdown-menu-toggle ast-header-navigation-arrow\" tabindex=\"0\" aria-expanded=\"false\" aria-label=\"Permutateur de Menu\" aria-haspopup=\"true\"><\/span><\/a>\n<ul class=\"sub-menu elementor-nav-menu--dropdown\">\n\t<li class=\"menu-item menu-item-type-post_type menu-item-object-page menu-item-2568\"><a href=\"https:\/\/www.rers-evry-bdd.fr\/index.php\/demandes-offres-savoirs-rers-centre-essonne\/ca-se-passe-comment\/\" class=\"elementor-sub-item menu-link\">\u00c7a se passe comment ?<\/a><\/li>\n\t<li class=\"menu-item menu-item-type-post_type menu-item-object-page menu-item-2567\"><a href=\"https:\/\/www.rers-evry-bdd.fr\/index.php\/demandes-offres-savoirs-rers-centre-essonne\/\" class=\"elementor-sub-item menu-link\">Demandes\/Offres en attente\u2026<\/a><\/li>\n\t<li class=\"menu-item menu-item-type-post_type menu-item-object-page menu-item-has-children menu-item-2974\"><a aria-expanded=\"false\" href=\"https:\/\/www.rers-evry-bdd.fr\/index.php\/demandes-offres-savoirs-rers-centre-essonne\/echanges-collectifs-en-cours\/\" class=\"elementor-sub-item menu-link\">\u00c9changes collectifs de savoirs en cours<span role=\"button\" class=\"dropdown-menu-toggle ast-header-navigation-arrow\" tabindex=\"0\" aria-expanded=\"false\" aria-label=\"Permutateur de Menu\" aria-haspopup=\"true\"><\/span><\/a>\n\t<ul class=\"sub-menu elementor-nav-menu--dropdown\">\n\t\t<li class=\"menu-item menu-item-type-post_type menu-item-object-page menu-item-2569\"><a href=\"https:\/\/www.rers-evry-bdd.fr\/index.php\/demandes-offres-savoirs-rers-centre-essonne\/clas-rers-centre-essonne\/\" class=\"elementor-sub-item menu-link\">CLAS : les \u00e9changes de savoirs dans l\u2019accompagnement \u00e0 la scolarit\u00e9<\/a><\/li>\n\t\t<li class=\"menu-item menu-item-type-post_type menu-item-object-page menu-item-4949\"><a href=\"https:\/\/www.rers-evry-bdd.fr\/index.php\/demandes-offres-savoirs-rers-centre-essonne\/echanges-vacances-rers-centre-essonne\/\" class=\"elementor-sub-item menu-link\">Les \u00e9changes Vacances<\/a><\/li>\n\t\t<li class=\"menu-item menu-item-type-post_type menu-item-object-page menu-item-2578\"><a href=\"https:\/\/www.rers-evry-bdd.fr\/index.php\/demandes-offres-savoirs-rers-centre-essonne\/jardin-en-partage-rers-centre-essonne\/elementor-page-913\/\" class=\"elementor-sub-item menu-link\">Jardin en Partage<\/a><\/li>\n\t\t<li class=\"menu-item menu-item-type-post_type menu-item-object-page menu-item-3061\"><a href=\"https:\/\/www.rers-evry-bdd.fr\/index.php\/demandes-offres-savoirs-rers-centre-essonne\/echanges-collectifs-en-cours\/parlons-laicite\/\" class=\"elementor-sub-item menu-link\">Parlons La\u00efcit\u00e9<\/a><\/li>\n\t<\/ul>\n<\/li>\n\t<li class=\"menu-item menu-item-type-post_type menu-item-object-page menu-item-4596\"><a href=\"https:\/\/www.rers-evry-bdd.fr\/index.php\/page-en-construction-2\/exemple-echanges-de-savoirs-thesaurus\/\" class=\"elementor-sub-item menu-link\">Exemples d\u2019\u00e9changes de savoirs \u2013 th\u00e9saurus<\/a><\/li>\n<\/ul>\n<\/li>\n<li class=\"menu-item menu-item-type-post_type menu-item-object-page menu-item-has-children menu-item-4553\"><a aria-expanded=\"false\" href=\"https:\/\/www.rers-evry-bdd.fr\/index.php\/nos-projets\/\" class=\"elementor-item menu-link\">Nos projets<span role=\"button\" class=\"dropdown-menu-toggle ast-header-navigation-arrow\" tabindex=\"0\" aria-expanded=\"false\" aria-label=\"Permutateur de Menu\" aria-haspopup=\"true\"><\/span><\/a>\n<ul class=\"sub-menu elementor-nav-menu--dropdown\">\n\t<li class=\"menu-item menu-item-type-post_type menu-item-object-page menu-item-5020\"><a href=\"https:\/\/www.rers-evry-bdd.fr\/index.php\/projets-annee-rers-centre-essonne\/\" class=\"elementor-sub-item menu-link\">Les projets de l\u2019ann\u00e9e<\/a><\/li>\n\t<li class=\"menu-item menu-item-type-post_type menu-item-object-page menu-item-2577\"><a href=\"https:\/\/www.rers-evry-bdd.fr\/index.php\/clas-au-rers\/\" class=\"elementor-sub-item menu-link\">CLAS au RERS<\/a><\/li>\n\t<li class=\"menu-item menu-item-type-post_type menu-item-object-page menu-item-2570\"><a href=\"https:\/\/www.rers-evry-bdd.fr\/index.php\/demandes-offres-savoirs-rers-centre-essonne\/jardin-en-partage-rers-centre-essonne\/\" class=\"elementor-sub-item menu-link\">Jardin en Partage<\/a><\/li>\n\t<li class=\"menu-item menu-item-type-post_type menu-item-object-page menu-item-2554\"><a href=\"https:\/\/www.rers-evry-bdd.fr\/index.php\/ville-apprenante-evry-courcouronnes\/\" class=\"elementor-sub-item menu-link\">Avec \u00c9vry-Courcouronnes \u2013 Ville Apprenante<\/a><\/li>\n<\/ul>\n<\/li>\n<li class=\"menu-item menu-item-type-post_type menu-item-object-page menu-item-has-children menu-item-2555\"><a aria-expanded=\"false\" href=\"https:\/\/www.rers-evry-bdd.fr\/index.php\/demandes-offres-savoirs-rers-centre-essonne\/echanges-collectifs-en-cours\/formations-reciproques-rers\/\" class=\"elementor-item menu-link\">Nos formations<span role=\"button\" class=\"dropdown-menu-toggle ast-header-navigation-arrow\" tabindex=\"0\" aria-expanded=\"false\" aria-label=\"Permutateur de Menu\" aria-haspopup=\"true\"><\/span><\/a>\n<ul class=\"sub-menu elementor-nav-menu--dropdown\">\n\t<li class=\"menu-item menu-item-type-post_type menu-item-object-page menu-item-4491\"><a href=\"https:\/\/www.rers-evry-bdd.fr\/index.php\/co-formation-interne\/\" class=\"elementor-sub-item menu-link\">Co-formation interne<\/a><\/li>\n\t<li class=\"menu-item menu-item-type-post_type menu-item-object-page menu-item-4496\"><a href=\"https:\/\/www.rers-evry-bdd.fr\/index.php\/formations-foresco\/\" class=\"elementor-sub-item menu-link\">Formations FORESCO<\/a><\/li>\n<\/ul>\n<\/li>\n<li class=\"menu-item menu-item-type-post_type menu-item-object-page menu-item-2556\"><a href=\"https:\/\/www.rers-evry-bdd.fr\/index.php\/ou-nous-rencontrer-rers-centre-essonne\/\" class=\"elementor-item menu-link\">O\u00f9 nous trouver ?<\/a><\/li>\n<li class=\"menu-item menu-item-type-post_type menu-item-object-page menu-item-4454\"><a href=\"https:\/\/www.rers-evry-bdd.fr\/index.php\/ou-nous-rencontrer-rers-centre-essonne\/contacter-rers-evry-essonne\/\" class=\"elementor-item menu-link\">Nous contacter<\/a><\/li>\n<\/ul>\t\t\t<\/nav>\n\t\t\t\t\t\t<nav class=\"elementor-nav-menu--dropdown elementor-nav-menu__container\" aria-hidden=\"true\">\n\t\t\t\t<ul id=\"menu-2-4135128\" class=\"elementor-nav-menu\"><li class=\"menu-item menu-item-type-post_type menu-item-object-page menu-item-home menu-item-6054\"><a href=\"https:\/\/www.rers-evry-bdd.fr\/\" class=\"elementor-item menu-link\" tabindex=\"-1\">Accueil<\/a><\/li>\n<li class=\"menu-item menu-item-type-post_type menu-item-object-page menu-item-has-children menu-item-3654\"><a aria-expanded=\"false\" href=\"https:\/\/www.rers-evry-bdd.fr\/index.php\/qui-sommes-nous\/\" class=\"elementor-item menu-link\" tabindex=\"-1\">Qui sommes-nous ?<span role=\"button\" class=\"dropdown-menu-toggle ast-header-navigation-arrow\" tabindex=\"0\" aria-expanded=\"false\" aria-label=\"Permutateur de Menu\" aria-haspopup=\"true\"><\/span><\/a>\n<ul class=\"sub-menu elementor-nav-menu--dropdown\">\n\t<li class=\"menu-item menu-item-type-post_type menu-item-object-page menu-item-2562\"><a href=\"https:\/\/www.rers-evry-bdd.fr\/index.php\/nos-valeurs-rers\/\" class=\"elementor-sub-item menu-link\" tabindex=\"-1\">Nos valeurs<\/a><\/li>\n\t<li class=\"menu-item menu-item-type-post_type menu-item-object-page menu-item-2563\"><a href=\"https:\/\/www.rers-evry-bdd.fr\/index.php\/charte-rers-centre-essonne\/\" class=\"elementor-sub-item menu-link\" tabindex=\"-1\">Charte des RERS<\/a><\/li>\n\t<li class=\"menu-item menu-item-type-post_type menu-item-object-page menu-item-2564\"><a href=\"https:\/\/www.rers-evry-bdd.fr\/index.php\/presentation-des-equipes\/\" class=\"elementor-sub-item menu-link\" tabindex=\"-1\">L\u2019association et son organisation<\/a><\/li>\n\t<li class=\"menu-item menu-item-type-post_type menu-item-object-page menu-item-has-children menu-item-3788\"><a aria-expanded=\"false\" href=\"https:\/\/www.rers-evry-bdd.fr\/index.php\/communication\/\" class=\"elementor-sub-item menu-link\" tabindex=\"-1\">La communication<span role=\"button\" class=\"dropdown-menu-toggle ast-header-navigation-arrow\" tabindex=\"0\" aria-expanded=\"false\" aria-label=\"Permutateur de Menu\" aria-haspopup=\"true\"><\/span><\/a>\n\t<ul class=\"sub-menu elementor-nav-menu--dropdown\">\n\t\t<li class=\"menu-item menu-item-type-post_type menu-item-object-page menu-item-2572\"><a href=\"https:\/\/www.rers-evry-bdd.fr\/index.php\/communication\/lettres-du-rers\/\" class=\"elementor-sub-item menu-link\" tabindex=\"-1\">Les Lettres RERS<\/a><\/li>\n\t\t<li class=\"menu-item menu-item-type-post_type menu-item-object-page menu-item-2550\"><a href=\"https:\/\/www.rers-evry-bdd.fr\/index.php\/communication\/lir-lien-inter-rers\/\" class=\"elementor-sub-item menu-link\" tabindex=\"-1\">LIR Lien Inter RERS<\/a><\/li>\n\t<\/ul>\n<\/li>\n\t<li class=\"menu-item menu-item-type-post_type menu-item-object-page menu-item-2565\"><a href=\"https:\/\/www.rers-evry-bdd.fr\/index.php\/partenaires-rers-centre-essonne\/\" class=\"elementor-sub-item menu-link\" tabindex=\"-1\">Nos Partenaires<\/a><\/li>\n\t<li class=\"menu-item menu-item-type-post_type menu-item-object-page menu-item-has-children menu-item-4585\"><a aria-expanded=\"false\" href=\"https:\/\/www.rers-evry-bdd.fr\/index.php\/foresco-le-mouvement-des-rers\/\" class=\"elementor-sub-item menu-link\" tabindex=\"-1\">FORESCO le Mouvement des RERS<span role=\"button\" class=\"dropdown-menu-toggle ast-header-navigation-arrow\" tabindex=\"0\" aria-expanded=\"false\" aria-label=\"Permutateur de Menu\" aria-haspopup=\"true\"><\/span><\/a>\n\t<ul class=\"sub-menu elementor-nav-menu--dropdown\">\n\t\t<li class=\"menu-item menu-item-type-post_type menu-item-object-page menu-item-8214\"><a href=\"https:\/\/www.rers-evry-bdd.fr\/index.php\/notre-histoire-nos-histoires-dans-le-reseau\/\" class=\"elementor-sub-item menu-link\" tabindex=\"-1\">Fresque \u2013 Histoire des R\u00e9seaux<\/a><\/li>\n\t\t<li class=\"menu-item menu-item-type-post_type menu-item-object-page menu-item-4809\"><a href=\"https:\/\/www.rers-evry-bdd.fr\/index.php\/rencontres-automne-reseaux-des-rers\/\" class=\"elementor-sub-item menu-link\" tabindex=\"-1\">Les Rencontres d\u2019automne<\/a><\/li>\n\t\t<li class=\"menu-item menu-item-type-post_type menu-item-object-page menu-item-3811\"><a href=\"https:\/\/www.rers-evry-bdd.fr\/index.php\/notre-histoire\/les-ags-de-foresco\/\" class=\"elementor-sub-item menu-link\" tabindex=\"-1\">Les AGs de FORESCO<\/a><\/li>\n\t<\/ul>\n<\/li>\n\t<li class=\"menu-item menu-item-type-post_type menu-item-object-page menu-item-has-children menu-item-2566\"><a aria-expanded=\"false\" href=\"https:\/\/www.rers-evry-bdd.fr\/index.php\/notre-histoire\/\" class=\"elementor-sub-item menu-link\" tabindex=\"-1\">Notre histoire<span role=\"button\" class=\"dropdown-menu-toggle ast-header-navigation-arrow\" tabindex=\"0\" aria-expanded=\"false\" aria-label=\"Permutateur de Menu\" aria-haspopup=\"true\"><\/span><\/a>\n\t<ul class=\"sub-menu elementor-nav-menu--dropdown\">\n\t\t<li class=\"menu-item menu-item-type-post_type menu-item-object-page menu-item-7936\"><a href=\"https:\/\/www.rers-evry-bdd.fr\/index.php\/notre-histoire-nos-histoires-dans-le-reseau\/\" class=\"elementor-sub-item menu-link\" tabindex=\"-1\">Fresque \u2013 Histoire des R\u00e9seaux<\/a><\/li>\n\t\t<li class=\"menu-item menu-item-type-post_type menu-item-object-page menu-item-7692\"><a href=\"https:\/\/www.rers-evry-bdd.fr\/index.php\/qui-sommes-nous\/fete-des-45-ans\/\" class=\"elementor-sub-item menu-link\" tabindex=\"-1\">F\u00eate des 45 ans<\/a><\/li>\n\t\t<li class=\"menu-item menu-item-type-post_type menu-item-object-page menu-item-2611\"><a href=\"https:\/\/www.rers-evry-bdd.fr\/index.php\/page-en-construction-2\/\" class=\"elementor-sub-item menu-link\" tabindex=\"-1\">F\u00eate des 50 de FORESCO<\/a><\/li>\n\t<\/ul>\n<\/li>\n<\/ul>\n<\/li>\n<li class=\"menu-item menu-item-type-post_type menu-item-object-page menu-item-has-children menu-item-4611\"><a aria-expanded=\"false\" href=\"https:\/\/www.rers-evry-bdd.fr\/index.php\/demandes-offres-savoirs-rers-centre-essonne\/echanges-de-savoirs-evry-essonne\/\" class=\"elementor-item menu-link\" tabindex=\"-1\">\u00c9changes de Savoirs<span role=\"button\" class=\"dropdown-menu-toggle ast-header-navigation-arrow\" tabindex=\"0\" aria-expanded=\"false\" aria-label=\"Permutateur de Menu\" aria-haspopup=\"true\"><\/span><\/a>\n<ul class=\"sub-menu elementor-nav-menu--dropdown\">\n\t<li class=\"menu-item menu-item-type-post_type menu-item-object-page menu-item-2568\"><a href=\"https:\/\/www.rers-evry-bdd.fr\/index.php\/demandes-offres-savoirs-rers-centre-essonne\/ca-se-passe-comment\/\" class=\"elementor-sub-item menu-link\" tabindex=\"-1\">\u00c7a se passe comment ?<\/a><\/li>\n\t<li class=\"menu-item menu-item-type-post_type menu-item-object-page menu-item-2567\"><a href=\"https:\/\/www.rers-evry-bdd.fr\/index.php\/demandes-offres-savoirs-rers-centre-essonne\/\" class=\"elementor-sub-item menu-link\" tabindex=\"-1\">Demandes\/Offres en attente\u2026<\/a><\/li>\n\t<li class=\"menu-item menu-item-type-post_type menu-item-object-page menu-item-has-children menu-item-2974\"><a aria-expanded=\"false\" href=\"https:\/\/www.rers-evry-bdd.fr\/index.php\/demandes-offres-savoirs-rers-centre-essonne\/echanges-collectifs-en-cours\/\" class=\"elementor-sub-item menu-link\" tabindex=\"-1\">\u00c9changes collectifs de savoirs en cours<span role=\"button\" class=\"dropdown-menu-toggle ast-header-navigation-arrow\" tabindex=\"0\" aria-expanded=\"false\" aria-label=\"Permutateur de Menu\" aria-haspopup=\"true\"><\/span><\/a>\n\t<ul class=\"sub-menu elementor-nav-menu--dropdown\">\n\t\t<li class=\"menu-item menu-item-type-post_type menu-item-object-page menu-item-2569\"><a href=\"https:\/\/www.rers-evry-bdd.fr\/index.php\/demandes-offres-savoirs-rers-centre-essonne\/clas-rers-centre-essonne\/\" class=\"elementor-sub-item menu-link\" tabindex=\"-1\">CLAS : les \u00e9changes de savoirs dans l\u2019accompagnement \u00e0 la scolarit\u00e9<\/a><\/li>\n\t\t<li class=\"menu-item menu-item-type-post_type menu-item-object-page menu-item-4949\"><a href=\"https:\/\/www.rers-evry-bdd.fr\/index.php\/demandes-offres-savoirs-rers-centre-essonne\/echanges-vacances-rers-centre-essonne\/\" class=\"elementor-sub-item menu-link\" tabindex=\"-1\">Les \u00e9changes Vacances<\/a><\/li>\n\t\t<li class=\"menu-item menu-item-type-post_type menu-item-object-page menu-item-2578\"><a href=\"https:\/\/www.rers-evry-bdd.fr\/index.php\/demandes-offres-savoirs-rers-centre-essonne\/jardin-en-partage-rers-centre-essonne\/elementor-page-913\/\" class=\"elementor-sub-item menu-link\" tabindex=\"-1\">Jardin en Partage<\/a><\/li>\n\t\t<li class=\"menu-item menu-item-type-post_type menu-item-object-page menu-item-3061\"><a href=\"https:\/\/www.rers-evry-bdd.fr\/index.php\/demandes-offres-savoirs-rers-centre-essonne\/echanges-collectifs-en-cours\/parlons-laicite\/\" class=\"elementor-sub-item menu-link\" tabindex=\"-1\">Parlons La\u00efcit\u00e9<\/a><\/li>\n\t<\/ul>\n<\/li>\n\t<li class=\"menu-item menu-item-type-post_type menu-item-object-page menu-item-4596\"><a href=\"https:\/\/www.rers-evry-bdd.fr\/index.php\/page-en-construction-2\/exemple-echanges-de-savoirs-thesaurus\/\" class=\"elementor-sub-item menu-link\" tabindex=\"-1\">Exemples d\u2019\u00e9changes de savoirs \u2013 th\u00e9saurus<\/a><\/li>\n<\/ul>\n<\/li>\n<li class=\"menu-item menu-item-type-post_type menu-item-object-page menu-item-has-children menu-item-4553\"><a aria-expanded=\"false\" href=\"https:\/\/www.rers-evry-bdd.fr\/index.php\/nos-projets\/\" class=\"elementor-item menu-link\" tabindex=\"-1\">Nos projets<span role=\"button\" class=\"dropdown-menu-toggle ast-header-navigation-arrow\" tabindex=\"0\" aria-expanded=\"false\" aria-label=\"Permutateur de Menu\" aria-haspopup=\"true\"><\/span><\/a>\n<ul class=\"sub-menu elementor-nav-menu--dropdown\">\n\t<li class=\"menu-item menu-item-type-post_type menu-item-object-page menu-item-5020\"><a href=\"https:\/\/www.rers-evry-bdd.fr\/index.php\/projets-annee-rers-centre-essonne\/\" class=\"elementor-sub-item menu-link\" tabindex=\"-1\">Les projets de l\u2019ann\u00e9e<\/a><\/li>\n\t<li class=\"menu-item menu-item-type-post_type menu-item-object-page menu-item-2577\"><a href=\"https:\/\/www.rers-evry-bdd.fr\/index.php\/clas-au-rers\/\" class=\"elementor-sub-item menu-link\" tabindex=\"-1\">CLAS au RERS<\/a><\/li>\n\t<li class=\"menu-item menu-item-type-post_type menu-item-object-page menu-item-2570\"><a href=\"https:\/\/www.rers-evry-bdd.fr\/index.php\/demandes-offres-savoirs-rers-centre-essonne\/jardin-en-partage-rers-centre-essonne\/\" class=\"elementor-sub-item menu-link\" tabindex=\"-1\">Jardin en Partage<\/a><\/li>\n\t<li class=\"menu-item menu-item-type-post_type menu-item-object-page menu-item-2554\"><a href=\"https:\/\/www.rers-evry-bdd.fr\/index.php\/ville-apprenante-evry-courcouronnes\/\" class=\"elementor-sub-item menu-link\" tabindex=\"-1\">Avec \u00c9vry-Courcouronnes \u2013 Ville Apprenante<\/a><\/li>\n<\/ul>\n<\/li>\n<li class=\"menu-item menu-item-type-post_type menu-item-object-page menu-item-has-children menu-item-2555\"><a aria-expanded=\"false\" href=\"https:\/\/www.rers-evry-bdd.fr\/index.php\/demandes-offres-savoirs-rers-centre-essonne\/echanges-collectifs-en-cours\/formations-reciproques-rers\/\" class=\"elementor-item menu-link\" tabindex=\"-1\">Nos formations<span role=\"button\" class=\"dropdown-menu-toggle ast-header-navigation-arrow\" tabindex=\"0\" aria-expanded=\"false\" aria-label=\"Permutateur de Menu\" aria-haspopup=\"true\"><\/span><\/a>\n<ul class=\"sub-menu elementor-nav-menu--dropdown\">\n\t<li class=\"menu-item menu-item-type-post_type menu-item-object-page menu-item-4491\"><a href=\"https:\/\/www.rers-evry-bdd.fr\/index.php\/co-formation-interne\/\" class=\"elementor-sub-item menu-link\" tabindex=\"-1\">Co-formation interne<\/a><\/li>\n\t<li class=\"menu-item menu-item-type-post_type menu-item-object-page menu-item-4496\"><a href=\"https:\/\/www.rers-evry-bdd.fr\/index.php\/formations-foresco\/\" class=\"elementor-sub-item menu-link\" tabindex=\"-1\">Formations FORESCO<\/a><\/li>\n<\/ul>\n<\/li>\n<li class=\"menu-item menu-item-type-post_type menu-item-object-page menu-item-2556\"><a href=\"https:\/\/www.rers-evry-bdd.fr\/index.php\/ou-nous-rencontrer-rers-centre-essonne\/\" class=\"elementor-item menu-link\" tabindex=\"-1\">O\u00f9 nous trouver ?<\/a><\/li>\n<li class=\"menu-item menu-item-type-post_type menu-item-object-page menu-item-4454\"><a href=\"https:\/\/www.rers-evry-bdd.fr\/index.php\/ou-nous-rencontrer-rers-centre-essonne\/contacter-rers-evry-essonne\/\" class=\"elementor-item menu-link\" tabindex=\"-1\">Nous contacter<\/a><\/li>\n<\/ul>\t\t\t<\/nav>\n\t\t\t\t\t\t<\/div>\n\t\t\t\t\t<\/div>\n\t\t\t\t<\/div>\n\t\t<div class=\"elementor-element elementor-element-464a6585 e-flex e-con-boxed e-con e-parent\" data-id=\"464a6585\" data-element_type=\"container\" data-e-type=\"container\">\n\t\t\t\t\t<div class=\"e-con-inner\">\n\t\t\t\t\t<\/div>\n\t\t\t\t<\/div>\n\t\t<div class=\"elementor-element elementor-element-336925ac e-flex e-con-boxed e-con e-parent\" data-id=\"336925ac\" data-element_type=\"container\" data-e-type=\"container\">\n\t\t\t\t\t<div class=\"e-con-inner\">\n\t\t\t\t<div class=\"elementor-element elementor-element-5f7d6482 elementor-widget elementor-widget-text-editor\" data-id=\"5f7d6482\" data-element_type=\"widget\" data-e-type=\"widget\" data-widget_type=\"text-editor.default\">\n\t\t\t\t\t\t\t\t\t<p>\u00a0<\/p>\n<p>Le premier R\u00e9seau d&rsquo;\u00c9changes R\u00e9ciproques de Savoirs<sup>\u00ae<\/sup> est n\u00e9 en 1971, \u00e0 Orly. Au d\u00e9marrage du R\u00e9seau, une soixantaine de personnes rassembl\u00e9es autour du projet par Claire et Marc H\u00e9ber-Suffrin : \u00e9l\u00e8ves, anciens \u00e9l\u00e8ves, parents, \u00e9ducateurs de pr\u00e9vention, enseignants, biblioth\u00e9caires municipales, membres d&rsquo;associations, travailleurs sociaux, voisins, amis, commer\u00e7ants.<\/p>\n<p>En 1979, na\u00eet le R\u00e9seau d&rsquo;\u00c9vry \u00e0 partir d&rsquo;habitants, d&rsquo;une commission extra-municipale des Affaires Sociales et de la Mission d&rsquo;\u00c9ducation Permanente ; pour encourager le \u201cmieux vivre ensemble\u201d et permettre l&rsquo;acc\u00e8s \u00e0 une d\u00e9marche de formation permanente&#8230;<\/p>\n<p>C&rsquo;est \u00e0 partir de 1985 et en s&rsquo;appuyant sur l&rsquo;exemple de ce r\u00e9seau de formation r\u00e9ciproque et de cr\u00e9ations collectives que les R\u00e9seaux d&rsquo;\u00c9changes R\u00e9ciproques de Savoirs<sup>\u00ae<\/sup> se sont d\u00e9velopp\u00e9s en France puis dans d&rsquo;autres pays et d&rsquo;autres continents : dans des villes, des quartiers, des cantons ruraux et des villages, des \u00e9tablissements scolaires ou dans des activit\u00e9s p\u00e9riscolaires, dans la formation des enseignants et en entreprise.<\/p>\n<p><!-- \/wp:paragraph --><!-- wp:paragraph --><\/p>\n<p><strong><span style=\"color: #800080;\">Des principes<\/span><br \/><\/strong>Un postulat : tout un chacun sait beaucoup de choses. Tout un chacun est ignorant.<br \/>Une proposition : tout un chacun est invit\u00e9 \u00e0 demander des savoirs et \u00e0 en offrir.<br \/>Un passage aux actes : tout un chacun peut apprendre et enseigner, transmettre, partager ses savoirs (ou apprendre \u00e0 le faire)&#8230;<br \/>Extrait du livre de Claire et Marc H\u00e9ber-Suffrin \u201cPenser, apprendre, agir en R\u00e9seaux\u201d aux \u00c9ditions Chronique sociale &#8211; Juin 2012.<\/p>\n<p><!-- \/wp:paragraph --><!-- wp:paragraph --><\/p>\n<p><!-- \/wp:paragraph --><!-- wp:paragraph --><\/p>\n<p><span style=\"color: #800080;\"><strong>L&rsquo;histoire du Mouvement des RERS en quelques dates :<\/strong><\/span><\/p>\n<p><em>\u201cLe simple d\u00e9sir p\u00e9dagogique d\u2019\u00e9veiller l\u2019esprit des enfants a conduit \u00e0 une aventure\/ouverture\u2026ouvrir l\u2019\u00e9cole, s\u2019ouvrir soi-m\u00eame, ouvrir l\u2019autre\u2026 En offrant satisfaction \u00e0 la curiosit\u00e9 naturelle des enfants.<\/em>\u201d<\/p>\n<p>C\u2019\u00e9tait \u00e0 Orly au d\u00e9but des ann\u00e9es 70, au premier poste d\u2019institutrice de Claire H\u00e9ber-Suffrin.<\/p>\n<p><strong><span style=\"color: #800080;\">1971 \u00e0 1976<\/span>\u00a0<\/strong>: Premi\u00e8re exp\u00e9rience \u00e0 Orly <br \/>A partir d&rsquo;une \u00e9cole primaire et de la coop\u00e9ration avec des acteurs de la ville, pour cr\u00e9er du lien social, favoriser la r\u00e9ussite scolaire et aider \u00e0 l&rsquo;ouverture de l&rsquo;\u00e9cole sur la cit\u00e9.<\/p>\n<p>Quelques ann\u00e9es plus tard, \u00c9vry ville Nouvelle, en plein chantier\u2026 en reconstruisant le projet \u00e0 \u00c9vry, sur l\u2019initiative de la commission extramunicipale aux affaires sociales, de la Mission d\u2019\u00c9ducation Permanente et de Claire et Marc H\u00e9ber-Suffrin, les R\u00e9seaux rendent possibles les \u00e9changes pour tous et par tous, l\u2019\u00e9laboration collective d\u2019une parole dans la cit\u00e9.<\/p>\n<p><strong><span style=\"color: #800080;\">1979<\/span>\u00a0<\/strong>: Naissance du R\u00e9seau d&rsquo;\u00c9vry.<\/p>\n<p>Cela a commenc\u00e9 par des contacts personnels qu\u2019ont pris une vingtaine de personnes particuli\u00e8rement int\u00e9ress\u00e9es par le projet\u2026 il s\u2019agit d\u2019une exp\u00e9rience forc\u00e9ment limit\u00e9e dans un premier temps mais destin\u00e9e \u00e0 s\u2019\u00e9tendre sur l\u2019ensemble de la ville\u2026 Claire H\u00e9ber-Suffrin fait appel aux personnes pr\u00e9sentes : \u201cque celles qui se sentent d\u00e9sireuses de participer \u00e0 l\u2019action projet\u00e9e fassent elles-m\u00eames des offres et des demandes de savoirs, contactent des personnes de leurs r\u00e9seaux relationnels et recueillent des r\u00e9ponses aux offres et demandes ou de nouvelles offres et demandes. Les participants agiront en fonction de leur disponibilit\u00e9. La r\u00e9union suivante permettra de faire le point sur les premi\u00e8res offres et demandes de savoirs qui seront apparues et d\u2019une fa\u00e7on g\u00e9n\u00e9rale sur les r\u00e9actions \u00e0 ce projet.\u201d Commission extra-municipale des affaires sociales, Mairie d\u2019\u00c9vry-1979.<\/p>\n<p>Naissance donc, \u00e0 partir d&rsquo;habitants, d&rsquo;une commission extra-municipale des Affaires Sociales et de la Mission d&rsquo;\u00c9ducation Permanente ; pour encourager le \u201cmieux vivre ensemble\u201d et permettre l&rsquo;acc\u00e8s \u00e0 une d\u00e9marche de formation permanente.<\/p>\n<p><strong><span style=\"color: #800080;\">1980<\/span>\u00a0<\/strong>: Premiers \u00e9changes avec l\u2019appui de la Mission d\u2019\u00c9ducation Permanente (M.E.P.) et du bureau d\u2019Aide Sociale.<br \/>\u201cLe R\u00e9seau s\u2019est d\u00e9velopp\u00e9\u2026 dans la discr\u00e9tion et la conviction, on se sentait entreprenant, t\u00e2tonnant : minorit\u00e9 peut-\u00eatre mais active, port\u00e9e par des intuitions, des questionnements, sans contraintes administratives\u201d.<\/p>\n<p><strong><span style=\"color: #800080;\">1981<\/span>\u00a0<\/strong>: Premiers poste salari\u00e9 avec l\u2019appui de la Mission d\u2019\u00c9ducation.<\/p>\n<p><strong><span style=\"color: #800080;\">1984<\/span>\u00a0<\/strong>: Constitution du R\u00e9seau d&rsquo;\u00c9vry en \u201cAssociation pour le d\u00e9veloppement des R\u00e9seaux de Formation R\u00e9ciproque et de Cr\u00e9ation Collective\u201d au vue du nombre croissant de participants aux \u00e9changes de savoirs et la n\u00e9cessit\u00e9 de se structurer.<\/p>\n<p><strong><span style=\"color: #800080;\">1985<\/span>\u00a0<\/strong>: Recherche-action dans le r\u00e9seau d\u2019\u00c9vry, en lien avec l\u2019Institut National de la Recherche P\u00e9dagogique (INRP-\u00c9ducation Nationale), avec Nadine Bouvier\u00a0: Comment les participants aux R\u00e9seaux construisent leurs m\u00e9thodes pour apprendre et enseigner ?<\/p>\n<p>D\u00e9but du d\u00e9veloppement des r\u00e9seaux en France et \u00e9laboration de la Charte en inter-R\u00e9seaux. Mise en place des stages de formation \u00e0 l\u2019animation des R\u00e9seaux, d\u00e9marrage des rencontres Inter R\u00e9seaux nationales : le Mouvement est en route.<\/p>\n<p><strong><span style=\"color: #800080;\">1987<\/span>\u00a0<\/strong>: Les 25 R\u00e9seaux existants d\u00e9cident de constituer l&rsquo;association \u201cMouvement des R\u00e9seaux d&rsquo;\u00c9changes R\u00e9ciproques de Savoirs<sup>\u00ae<\/sup>\u201d (MRERS), association nationale qui devient le r\u00e9seau des R\u00e9seaux, afin de mieux confronter leurs pratiques et de mutualiser leurs acquis.<\/p>\n<p>1er colloque des\u00a0 \u201cR\u00e9seaux d&rsquo;\u00c9changes R\u00e9ciproques de Savoirs<sup>\u00ae<\/sup>\u201d.<\/p>\n<p>Premiers pas en Europe : naissance d&rsquo;un R\u00e9seau en Belgique.<\/p>\n<p><strong><span style=\"color: #800080;\">1989<\/span>\u00a0<\/strong>: Colloque \u00e0 Evry \u201c\u00c9changer des savoirs, c&rsquo;est changer la vie\u201d : \u00e9changes de pratiques, th\u00e9orisation, reconnaissance par les \u00e9lus et les p\u00e9dagogues.<\/p>\n<p>1\u00e8re Universit\u00e9 d&rsquo;\u00e9t\u00e9 du MRERS pour des enseignants.<\/p>\n<p>80 r\u00e9seaux sont r\u00e9pertori\u00e9s.<\/p>\n<p>A \u00c9vry, tentative de d\u00e9centralisation des \u00e9quipes d\u2019animation dans les quartiers d\u2019\u00c9vry pour une meilleure gestion des offres et des demandes de savoirs.<\/p>\n<p>D\u00e9veloppement des r\u00e9seaux en Suisse.<\/p>\n<p><strong><span style=\"color: #800080;\">1991<\/span>\u00a0<\/strong>: Universit\u00e9 d&rsquo;\u00e9t\u00e9 financ\u00e9e par l&rsquo;\u00c9ducation Nationale (enseignants, animateurs de R\u00e9seaux, \u00e9l\u00e8ves,\u2026)<\/p>\n<p>Colloque europ\u00e9en \u00e0 Dunkerque \u201cPari sur l&rsquo;intelligence et le lien social\u201d.<\/p>\n<p>Promotion du projet dans la Communaut\u00e9 \u00c9conomique Europ\u00e9enne.<\/p>\n<p><span style=\"color: #800080;\"><strong>1993\u00a0<\/strong><\/span>: 1\u00e8re coordination europ\u00e9enne des R\u00e9seaux.<\/p>\n<p>D\u00e9veloppement d&rsquo;un R\u00e9seau au Br\u00e9sil.<\/p>\n<p><strong><span style=\"color: #800080;\">1995<\/span>\u00a0<\/strong>: Mise en place des Formations Professionnelles et d\u2019un dipl\u00f4me \u00e9quivalent \u00e0 une ma\u00eetrise (le DUEPS, Dipl\u00f4me Universitaire d\u2019\u00e9tude des pratiques Sociales) en partenariat avec l&rsquo;Universit\u00e9 de Tours.<\/p>\n<p>D\u00e9marrage d&rsquo;un R\u00e9seau au Burundi.<\/p>\n<p><strong><span style=\"color: #800080;\">1998<\/span>\u00a0<\/strong>: Participation au Mouvement pour un D\u00e9veloppement Solidaire (MDS).<\/p>\n<p>Cr\u00e9ation d&rsquo;un site Internet du Mouvement.<\/p>\n<p>Cr\u00e9ation d\u2019un Laboratoire de recherche en lien avec l&rsquo;Institut National de Recherche P\u00e9dagogique et l&rsquo;Universit\u00e9 de Tours.<\/p>\n<p><strong><span style=\"color: #800080;\">2003<\/span>\u00a0:<\/strong> Environ 100 000 personnes se c\u00f4toient dans les 700 r\u00e9seaux fran\u00e7ais et \u00e9trangers.<\/p>\n<p><span style=\"color: #800080;\"><strong>2004<\/strong>\u00a0<\/span>: Organisation des <strong>1\u00e8res rencontres internationales des R\u00e9seaux d\u2019\u00e9changes de savoirs <\/strong>au G\u00e9nop\u00f4le d\u2019\u00c9vry, 500 personnes accueillies.<\/p>\n<p><span style=\"color: #800080;\"><strong>2008<\/strong><\/span> : Rencontres internationales en novembre au G\u00e9nop\u00f4le d\u2019\u00c9vry : \u201cEn quoi la r\u00e9ciprocit\u00e9 construit-elle des solidarit\u00e9s ?\u201d<\/p>\n<p>R\u00e9daction et parution d\u2019un ouvrage collectif\u00a0 \u201cParier sur la r\u00e9ciprocit\u00e9 \u2013 Vivre la solidarit\u00e9\u201d.<\/p>\n<p><span style=\"color: #800080;\"><strong>2009<\/strong><\/span> : Le Mouvement des R\u00e9seaux de France MRERS devient FORESCO (FOrmation R\u00e9ciproque \u2013 \u00c9changes de Savoirs \u2013 cr\u00e9ations Collectives).<\/p>\n<p><span style=\"color: #800080;\"><strong>2010<\/strong><\/span> : <strong>Cr\u00e9ation du prix de la R\u00e9ciprocit\u00e9<\/strong> remis pour cette premi\u00e8re ann\u00e9e-l\u00e0 \u00e0 Robert Sol\u00e9, \u00e9crivain et journaliste fran\u00e7ais, pour son roman \u201cMazag\u201d o\u00f9 son h\u00e9ros, \u00e0 l\u2019instar de ce qui se passe dans les RERS, invite \u00e0 \u201cOser demander, recevoir avec g\u00e9n\u00e9rosit\u00e9, ne pas rendre forc\u00e9ment\u201d.<\/p>\n<p>Ce prix, qui sera d\u00e8s lors remis chaque ann\u00e9e, reconnait des \u201cpratiques\u201d de r\u00e9ciprocit\u00e9 dans tous les champs de notre soci\u00e9t\u00e9 mais n\u2019est jamais remis \u00e0 un RERS.<\/p>\n<p><span style=\"color: #800080;\"><strong>2013<\/strong><\/span> : Cr\u00e9ation d\u2019un inter-R\u00e9seaux, sur la dynamique des Universit\u00e9s d\u2019\u00e9t\u00e9, concernant l\u2019\u00e9cole et le p\u00e9riscolaire.<\/p>\n<p><span style=\"color: #800080;\"><strong>2016<\/strong>\u00a0<\/span>: Rencontres Internationales en juin aux Ar\u00e8nes d\u2019\u00c9vry \u201cLa force de la r\u00e9ciprocit\u00e9 et de la coop\u00e9ration pour apprendre\u201d.<\/p>\n<p><span style=\"color: #800080;\"><strong>2017<\/strong><\/span> : Reconnaissance des RERS en tant que \u201cAssociation \u00e9ducative compl\u00e9mentaire de l\u2019enseignement public\u201d\u00a0 par l\u2019\u00c9ducation Nationale.<\/p>\n<p><span style=\"color: #800080;\"><strong>2021<\/strong><\/span>\u00a0: <strong>F\u00eate des 50 ans du Mouvement FORESCO<\/strong> \u00e0 Strasbourg, des \u00e9changes d\u2019exp\u00e9rience, des ateliers, des intervenants passionnants\u00a0: Andr\u00e9 Giordan, Philippe Meirieu, Gaston Pineau, \u2026<\/p>\n<p>Prix du \u201cFonds MAIF \u00c9ducation 2021\u201d pour notre projet \u00e9changes de savoirs et d\u2019exp\u00e9riences sur la la\u00efcit\u00e9 lors de la f\u00eate des 50 ans du Mouvement.<\/p>\n<p><strong><span style=\"color: #800080;\">2022<\/span><\/strong> : Relance de l\u2019inter-R\u00e9seaux Essonne et voisins : \u00c9tampes, \u00c9vry-Courcouronnes, Itteville, Villiers-sur-Orge, Arpajon, Orly,\u2026<br \/>Assembl\u00e9e G\u00e9n\u00e9rale en pr\u00e9sence le 17 mai : Quel bonheur de se retrouver !<br \/>Participation au \u201c<strong>Grand Bazar des Savoirs<\/strong>\u201d organis\u00e9 par le Th\u00e9\u00e2tre de l\u2019Agora &#8211; Sc\u00e8ne Nationale de l&rsquo;Essonne et la Ville Apprenante.<\/p>\n<p><strong><span style=\"color: #800080;\">2023<\/span><\/strong> : F\u00eate des savoirs partag\u00e9s du lundi 9 octobre au mercredi 18 octobre<br \/>Participation d\u2019un groupe de jeunes du r\u00e9seau \u00e0 la rencontre inter-jeunes des RERS au <strong>Forum international \u201c\u00c9cole Dehors\u201d <\/strong>\u00e0 Poitiers.<\/p>\n<p><strong><span style=\"color: #800080;\">2024<\/span><\/strong> : Habilitation \u201cCentre Social\u201d par la CAF. Le RERS d\u2019\u00c9vry Centre-Essonne devient Centre Social Exp\u00e9rimental (d\u00e9marche sp\u00e9cifique d\u2019\u00e9changes r\u00e9ciproques de savoirs) Ouvert (partenaires nombreux et divers) \u00c9clat\u00e9 (plusieurs lieux permettant \u00e0 la fois la proximit\u00e9 et la mobilit\u00e9 entre quartiers.<\/p>\n<p><strong><span style=\"color: #800080;\">2025<\/span><\/strong> : F\u00eate des 45 ans d&rsquo;existence du RERS d\u2019\u00c9vry Centre-Essonne \u00e0 \u00c9vry-Courcouronnes.<\/p>\n<p>\u00a0<\/p>\n<p><span style=\"color: #800080;\">Une histoire, du RERS d&rsquo;\u00c9vry centre-Essonne et du Mouvement, plus d\u00e9tall\u00e9e<\/span> : <strong><a href=\"https:\/\/www.rers-evry-bdd.fr\/wp-content\/uploads\/2025\/02\/Histoire-RERS-chrono-decroissante.pdf\" target=\"_blank\" rel=\"noopener\">Lire la suite<\/a><\/strong><\/p>\n<!-- \/wp:paragraph --><!-- wp:paragraph --><!-- \/wp:paragraph -->\t\t\t\t\t\t\t\t<\/div>\n\t\t\t\t<div class=\"elementor-element elementor-element-dfd2252 elementor-widget elementor-widget-spacer\" data-id=\"dfd2252\" data-element_type=\"widget\" data-e-type=\"widget\" data-widget_type=\"spacer.default\">\n\t\t\t\t\t\t\t<div class=\"elementor-spacer\">\n\t\t\t<div class=\"elementor-spacer-inner\"><\/div>\n\t\t<\/div>\n\t\t\t\t\t\t<\/div>\n\t\t\t\t\t<\/div>\n\t\t\t\t<\/div>\n\t\t\t\t<\/div>\n\t\t","protected":false},"excerpt":{"rendered":"<p>\u00a0 Le premier R\u00e9seau d&rsquo;\u00c9changes R\u00e9ciproques de Savoirs\u00ae est n\u00e9 en 1971, \u00e0 Orly. Au d\u00e9marrage du R\u00e9seau, une soixantaine de personnes rassembl\u00e9es autour du projet par Claire et Marc [&hellip;]<\/p>\n","protected":false},"author":1,"featured_media":0,"parent":0,"menu_order":26,"comment_status":"closed","ping_status":"closed","template":"","meta":{"_acf_changed":false,"_uag_custom_page_level_css":"","site-sidebar-layout":"default","site-content-layout":"","ast-site-content-layout":"default","site-content-style":"default","site-sidebar-style":"default","ast-global-header-display":"","ast-banner-title-visibility":"","ast-main-header-display":"","ast-hfb-above-header-display":"","ast-hfb-below-header-display":"","ast-hfb-mobile-header-display":"","site-post-title":"","ast-breadcrumbs-content":"","ast-featured-img":"","footer-sml-layout":"","ast-disable-related-posts":"","theme-transparent-header-meta":"","adv-header-id-meta":"","stick-header-meta":"","header-above-stick-meta":"","header-main-stick-meta":"","header-below-stick-meta":"","astra-migrate-meta-layouts":"default","ast-page-background-enabled":"default","ast-page-background-meta":{"desktop":{"background-color":"var(--ast-global-color-5)","background-image":"","background-repeat":"repeat","background-position":"center center","background-size":"auto","background-attachment":"scroll","background-type":"","background-media":"","overlay-type":"","overlay-color":"","overlay-opacity":"","overlay-gradient":""},"tablet":{"background-color":"","background-image":"","background-repeat":"repeat","background-position":"center center","background-size":"auto","background-attachment":"scroll","background-type":"","background-media":"","overlay-type":"","overlay-color":"","overlay-opacity":"","overlay-gradient":""},"mobile":{"background-color":"","background-image":"","background-repeat":"repeat","background-position":"center center","background-size":"auto","background-attachment":"scroll","background-type":"","background-media":"","overlay-type":"","overlay-color":"","overlay-opacity":"","overlay-gradient":""}},"ast-content-background-meta":{"desktop":{"background-color":"var(--ast-global-color-4)","background-image":"","background-repeat":"repeat","background-position":"center center","background-size":"auto","background-attachment":"scroll","background-type":"","background-media":"","overlay-type":"","overlay-color":"","overlay-opacity":"","overlay-gradient":""},"tablet":{"background-color":"var(--ast-global-color-4)","background-image":"","background-repeat":"repeat","background-position":"center center","background-size":"auto","background-attachment":"scroll","background-type":"","background-media":"","overlay-type":"","overlay-color":"","overlay-opacity":"","overlay-gradient":""},"mobile":{"background-color":"var(--ast-global-color-4)","background-image":"","background-repeat":"repeat","background-position":"center center","background-size":"auto","background-attachment":"scroll","background-type":"","background-media":"","overlay-type":"","overlay-color":"","overlay-opacity":"","overlay-gradient":""}},"_EventAllDay":false,"_EventTimezone":"","_EventStartDate":"","_EventEndDate":"","_EventStartDateUTC":"","_EventEndDateUTC":"","_EventShowMap":false,"_EventShowMapLink":false,"_EventURL":"","_EventCost":"","_EventCostDescription":"","_EventCurrencySymbol":"","_EventCurrencyCode":"","_EventCurrencyPosition":"","_EventDateTimeSeparator":"","_EventTimeRangeSeparator":"","_EventOrganizerID":[],"_EventVenueID":[],"_OrganizerEmail":"","_OrganizerPhone":"","_OrganizerWebsite":"","_VenueAddress":"","_VenueCity":"","_VenueCountry":"","_VenueProvince":"","_VenueState":"","_VenueZip":"","_VenuePhone":"","_VenueURL":"","_VenueStateProvince":"","_VenueLat":"","_VenueLng":"","_VenueShowMap":false,"_VenueShowMapLink":false,"footnotes":""},"class_list":["post-610","page","type-page","status-publish","hentry"],"acf":[],"uagb_featured_image_src":{"full":false,"thumbnail":false,"medium":false,"medium_large":false,"large":false,"1536x1536":false,"2048x2048":false},"uagb_author_info":{"display_name":"fbred","author_link":"https:\/\/www.rers-evry-bdd.fr\/author\/fbred\/"},"uagb_comment_info":0,"uagb_excerpt":"\u00a0 Le premier R\u00e9seau d&rsquo;\u00c9changes R\u00e9ciproques de Savoirs\u00ae est n\u00e9 en 1971, \u00e0 Orly. Au d\u00e9marrage du R\u00e9seau, une soixantaine de personnes rassembl\u00e9es autour du projet par Claire et Marc [&hellip;]","_links":{"self":[{"href":"https:\/\/www.rers-evry-bdd.fr\/index.php\/wp-json\/wp\/v2\/pages\/610","targetHints":{"allow":["GET"]}}],"collection":[{"href":"https:\/\/www.rers-evry-bdd.fr\/index.php\/wp-json\/wp\/v2\/pages"}],"about":[{"href":"https:\/\/www.rers-evry-bdd.fr\/index.php\/wp-json\/wp\/v2\/types\/page"}],"author":[{"embeddable":true,"href":"https:\/\/www.rers-evry-bdd.fr\/index.php\/wp-json\/wp\/v2\/users\/1"}],"replies":[{"embeddable":true,"href":"https:\/\/www.rers-evry-bdd.fr\/index.php\/wp-json\/wp\/v2\/comments?post=610"}],"version-history":[{"count":105,"href":"https:\/\/www.rers-evry-bdd.fr\/index.php\/wp-json\/wp\/v2\/pages\/610\/revisions"}],"predecessor-version":[{"id":8144,"href":"https:\/\/www.rers-evry-bdd.fr\/index.php\/wp-json\/wp\/v2\/pages\/610\/revisions\/8144"}],"wp:attachment":[{"href":"https:\/\/www.rers-evry-bdd.fr\/index.php\/wp-json\/wp\/v2\/media?parent=610"}],"curies":[{"name":"wp","href":"https:\/\/api.w.org\/{rel}","templated":true}]}}