{"id":653,"date":"2024-12-20T12:09:05","date_gmt":"2024-12-20T11:09:05","guid":{"rendered":"https:\/\/www.rers-evry-bdd.fr\/?page_id=653"},"modified":"2025-06-08T13:15:22","modified_gmt":"2025-06-08T11:15:22","slug":"les-ags-de-foresco","status":"publish","type":"page","link":"https:\/\/www.rers-evry-bdd.fr\/index.php\/notre-histoire\/les-ags-de-foresco\/","title":{"rendered":"Les AGs de FORESCO"},"content":{"rendered":"\t\t<div data-elementor-type=\"wp-page\" data-elementor-id=\"653\" class=\"elementor elementor-653\" data-elementor-post-type=\"page\">\n\t\t\t\t<div class=\"elementor-element elementor-element-aca508e e-flex e-con-boxed e-con e-parent\" data-id=\"aca508e\" data-element_type=\"container\" data-e-type=\"container\">\n\t\t\t\t\t<div class=\"e-con-inner\">\n\t\t\t\t<div class=\"elementor-element elementor-element-5c71f8f3 elementor-widget elementor-widget-theme-site-logo elementor-widget-image\" data-id=\"5c71f8f3\" data-element_type=\"widget\" data-e-type=\"widget\" data-widget_type=\"theme-site-logo.default\">\n\t\t\t\t\t\t\t\t\t\t\t<a href=\"https:\/\/www.rers-evry-bdd.fr\">\n\t\t\t<img fetchpriority=\"high\" decoding=\"async\" width=\"1270\" height=\"270\" src=\"https:\/\/www.rers-evry-bdd.fr\/wp-content\/uploads\/2025\/02\/bandeau_offres_demandes_texte.webp\" class=\"attachment-full size-full wp-image-2789\" alt=\"\" srcset=\"https:\/\/www.rers-evry-bdd.fr\/wp-content\/uploads\/2025\/02\/bandeau_offres_demandes_texte.webp 1270w, https:\/\/www.rers-evry-bdd.fr\/wp-content\/uploads\/2025\/02\/bandeau_offres_demandes_texte-300x64.webp 300w, https:\/\/www.rers-evry-bdd.fr\/wp-content\/uploads\/2025\/02\/bandeau_offres_demandes_texte-1024x218.webp 1024w, https:\/\/www.rers-evry-bdd.fr\/wp-content\/uploads\/2025\/02\/bandeau_offres_demandes_texte-768x163.webp 768w\" sizes=\"(max-width: 1270px) 100vw, 1270px\" \/>\t\t\t\t<\/a>\n\t\t\t\t\t\t\t\t\t\t\t<\/div>\n\t\t\t\t<div class=\"elementor-element elementor-element-32f82253 elementor-nav-menu__align-start elementor-nav-menu--dropdown-mobile elementor-nav-menu__text-align-aside elementor-widget elementor-widget-nav-menu\" data-id=\"32f82253\" data-element_type=\"widget\" data-e-type=\"widget\" data-settings=\"{&quot;submenu_icon&quot;:{&quot;value&quot;:&quot;&lt;svg aria-hidden=\\&quot;true\\&quot; class=\\&quot;fa-svg-chevron-down e-font-icon-svg e-fas-chevron-down\\&quot; viewBox=\\&quot;0 0 448 512\\&quot; xmlns=\\&quot;http:\\\/\\\/www.w3.org\\\/2000\\\/svg\\&quot;&gt;&lt;path d=\\&quot;M207.029 381.476L12.686 187.132c-9.373-9.373-9.373-24.569 0-33.941l22.667-22.667c9.357-9.357 24.522-9.375 33.901-.04L224 284.505l154.745-154.021c9.379-9.335 24.544-9.317 33.901.04l22.667 22.667c9.373 9.373 9.373 24.569 0 33.941L240.971 381.476c-9.373 9.372-24.569 9.372-33.942 0z\\&quot;&gt;&lt;\\\/path&gt;&lt;\\\/svg&gt;&quot;,&quot;library&quot;:&quot;fa-solid&quot;},&quot;layout&quot;:&quot;horizontal&quot;}\" data-widget_type=\"nav-menu.default\">\n\t\t\t\t\t\t\t\t<nav aria-label=\"Menu\" class=\"elementor-nav-menu--main elementor-nav-menu__container elementor-nav-menu--layout-horizontal e--pointer-none\">\n\t\t\t\t<ul id=\"menu-1-32f82253\" class=\"elementor-nav-menu\"><li class=\"menu-item menu-item-type-post_type menu-item-object-page menu-item-home menu-item-6054\"><a href=\"https:\/\/www.rers-evry-bdd.fr\/\" class=\"elementor-item menu-link\">Accueil<\/a><\/li>\n<li class=\"menu-item menu-item-type-post_type menu-item-object-page menu-item-has-children menu-item-3654\"><a aria-expanded=\"false\" href=\"https:\/\/www.rers-evry-bdd.fr\/index.php\/qui-sommes-nous\/\" class=\"elementor-item menu-link\">Qui sommes-nous ?<span role=\"button\" class=\"dropdown-menu-toggle ast-header-navigation-arrow\" tabindex=\"0\" aria-expanded=\"false\" aria-label=\"Permutateur de Menu\" aria-haspopup=\"true\"><\/span><\/a>\n<ul class=\"sub-menu elementor-nav-menu--dropdown\">\n\t<li class=\"menu-item menu-item-type-post_type menu-item-object-page menu-item-2562\"><a href=\"https:\/\/www.rers-evry-bdd.fr\/index.php\/nos-valeurs-rers\/\" class=\"elementor-sub-item menu-link\">Nos valeurs<\/a><\/li>\n\t<li class=\"menu-item menu-item-type-post_type menu-item-object-page menu-item-2563\"><a href=\"https:\/\/www.rers-evry-bdd.fr\/index.php\/charte-rers-centre-essonne\/\" class=\"elementor-sub-item menu-link\">Charte des RERS<\/a><\/li>\n\t<li class=\"menu-item menu-item-type-post_type menu-item-object-page menu-item-2564\"><a href=\"https:\/\/www.rers-evry-bdd.fr\/index.php\/presentation-des-equipes\/\" class=\"elementor-sub-item menu-link\">L\u2019association et son organisation<\/a><\/li>\n\t<li class=\"menu-item menu-item-type-post_type menu-item-object-page menu-item-has-children menu-item-3788\"><a aria-expanded=\"false\" href=\"https:\/\/www.rers-evry-bdd.fr\/index.php\/communication\/\" class=\"elementor-sub-item menu-link\">La communication<span role=\"button\" class=\"dropdown-menu-toggle ast-header-navigation-arrow\" tabindex=\"0\" aria-expanded=\"false\" aria-label=\"Permutateur de Menu\" aria-haspopup=\"true\"><\/span><\/a>\n\t<ul class=\"sub-menu elementor-nav-menu--dropdown\">\n\t\t<li class=\"menu-item menu-item-type-post_type menu-item-object-page menu-item-2572\"><a href=\"https:\/\/www.rers-evry-bdd.fr\/index.php\/communication\/lettres-du-rers\/\" class=\"elementor-sub-item menu-link\">Les Lettres RERS<\/a><\/li>\n\t\t<li class=\"menu-item menu-item-type-post_type menu-item-object-page menu-item-2550\"><a href=\"https:\/\/www.rers-evry-bdd.fr\/index.php\/communication\/lir-lien-inter-rers\/\" class=\"elementor-sub-item menu-link\">LIR Lien Inter RERS<\/a><\/li>\n\t<\/ul>\n<\/li>\n\t<li class=\"menu-item menu-item-type-post_type menu-item-object-page menu-item-2565\"><a href=\"https:\/\/www.rers-evry-bdd.fr\/index.php\/partenaires-rers-centre-essonne\/\" class=\"elementor-sub-item menu-link\">Nos Partenaires<\/a><\/li>\n\t<li class=\"menu-item menu-item-type-post_type menu-item-object-page menu-item-has-children menu-item-4585\"><a aria-expanded=\"false\" href=\"https:\/\/www.rers-evry-bdd.fr\/index.php\/foresco-le-mouvement-des-rers\/\" class=\"elementor-sub-item menu-link\">FORESCO le Mouvement des RERS<span role=\"button\" class=\"dropdown-menu-toggle ast-header-navigation-arrow\" tabindex=\"0\" aria-expanded=\"false\" aria-label=\"Permutateur de Menu\" aria-haspopup=\"true\"><\/span><\/a>\n\t<ul class=\"sub-menu elementor-nav-menu--dropdown\">\n\t\t<li class=\"menu-item menu-item-type-post_type menu-item-object-page menu-item-8214\"><a href=\"https:\/\/www.rers-evry-bdd.fr\/index.php\/notre-histoire-nos-histoires-dans-le-reseau\/\" class=\"elementor-sub-item menu-link\">Fresque \u2013 Histoire des R\u00e9seaux<\/a><\/li>\n\t\t<li class=\"menu-item menu-item-type-post_type menu-item-object-page menu-item-4809\"><a href=\"https:\/\/www.rers-evry-bdd.fr\/index.php\/rencontres-automne-reseaux-des-rers\/\" class=\"elementor-sub-item menu-link\">Les Rencontres d\u2019automne<\/a><\/li>\n\t\t<li class=\"menu-item menu-item-type-post_type menu-item-object-page menu-item-3811\"><a href=\"https:\/\/www.rers-evry-bdd.fr\/index.php\/notre-histoire\/les-ags-de-foresco\/\" class=\"elementor-sub-item menu-link\">Les AGs de FORESCO<\/a><\/li>\n\t<\/ul>\n<\/li>\n\t<li class=\"menu-item menu-item-type-post_type menu-item-object-page menu-item-has-children menu-item-2566\"><a aria-expanded=\"false\" href=\"https:\/\/www.rers-evry-bdd.fr\/index.php\/notre-histoire\/\" class=\"elementor-sub-item menu-link\">Notre histoire<span role=\"button\" class=\"dropdown-menu-toggle ast-header-navigation-arrow\" tabindex=\"0\" aria-expanded=\"false\" aria-label=\"Permutateur de Menu\" aria-haspopup=\"true\"><\/span><\/a>\n\t<ul class=\"sub-menu elementor-nav-menu--dropdown\">\n\t\t<li class=\"menu-item menu-item-type-post_type menu-item-object-page menu-item-7936\"><a href=\"https:\/\/www.rers-evry-bdd.fr\/index.php\/notre-histoire-nos-histoires-dans-le-reseau\/\" class=\"elementor-sub-item menu-link\">Fresque \u2013 Histoire des R\u00e9seaux<\/a><\/li>\n\t\t<li class=\"menu-item menu-item-type-post_type menu-item-object-page menu-item-7692\"><a href=\"https:\/\/www.rers-evry-bdd.fr\/index.php\/qui-sommes-nous\/fete-des-45-ans\/\" class=\"elementor-sub-item menu-link\">F\u00eate des 45 ans<\/a><\/li>\n\t\t<li class=\"menu-item menu-item-type-post_type menu-item-object-page menu-item-2611\"><a href=\"https:\/\/www.rers-evry-bdd.fr\/index.php\/page-en-construction-2\/\" class=\"elementor-sub-item menu-link\">F\u00eate des 50 de FORESCO<\/a><\/li>\n\t<\/ul>\n<\/li>\n<\/ul>\n<\/li>\n<li class=\"menu-item menu-item-type-post_type menu-item-object-page menu-item-has-children menu-item-4611\"><a aria-expanded=\"false\" href=\"https:\/\/www.rers-evry-bdd.fr\/index.php\/demandes-offres-savoirs-rers-centre-essonne\/echanges-de-savoirs-evry-essonne\/\" class=\"elementor-item menu-link\">\u00c9changes de Savoirs<span role=\"button\" class=\"dropdown-menu-toggle ast-header-navigation-arrow\" tabindex=\"0\" aria-expanded=\"false\" aria-label=\"Permutateur de Menu\" aria-haspopup=\"true\"><\/span><\/a>\n<ul class=\"sub-menu elementor-nav-menu--dropdown\">\n\t<li class=\"menu-item menu-item-type-post_type menu-item-object-page menu-item-2568\"><a href=\"https:\/\/www.rers-evry-bdd.fr\/index.php\/demandes-offres-savoirs-rers-centre-essonne\/ca-se-passe-comment\/\" class=\"elementor-sub-item menu-link\">\u00c7a se passe comment ?<\/a><\/li>\n\t<li class=\"menu-item menu-item-type-post_type menu-item-object-page menu-item-2567\"><a href=\"https:\/\/www.rers-evry-bdd.fr\/index.php\/demandes-offres-savoirs-rers-centre-essonne\/\" class=\"elementor-sub-item menu-link\">Demandes\/Offres en attente\u2026<\/a><\/li>\n\t<li class=\"menu-item menu-item-type-post_type menu-item-object-page menu-item-has-children menu-item-2974\"><a aria-expanded=\"false\" href=\"https:\/\/www.rers-evry-bdd.fr\/index.php\/demandes-offres-savoirs-rers-centre-essonne\/echanges-collectifs-en-cours\/\" class=\"elementor-sub-item menu-link\">\u00c9changes collectifs de savoirs en cours<span role=\"button\" class=\"dropdown-menu-toggle ast-header-navigation-arrow\" tabindex=\"0\" aria-expanded=\"false\" aria-label=\"Permutateur de Menu\" aria-haspopup=\"true\"><\/span><\/a>\n\t<ul class=\"sub-menu elementor-nav-menu--dropdown\">\n\t\t<li class=\"menu-item menu-item-type-post_type menu-item-object-page menu-item-2569\"><a href=\"https:\/\/www.rers-evry-bdd.fr\/index.php\/demandes-offres-savoirs-rers-centre-essonne\/clas-rers-centre-essonne\/\" class=\"elementor-sub-item menu-link\">CLAS : les \u00e9changes de savoirs dans l\u2019accompagnement \u00e0 la scolarit\u00e9<\/a><\/li>\n\t\t<li class=\"menu-item menu-item-type-post_type menu-item-object-page menu-item-4949\"><a href=\"https:\/\/www.rers-evry-bdd.fr\/index.php\/demandes-offres-savoirs-rers-centre-essonne\/echanges-vacances-rers-centre-essonne\/\" class=\"elementor-sub-item menu-link\">Les \u00e9changes Vacances<\/a><\/li>\n\t\t<li class=\"menu-item menu-item-type-post_type menu-item-object-page menu-item-2578\"><a href=\"https:\/\/www.rers-evry-bdd.fr\/index.php\/demandes-offres-savoirs-rers-centre-essonne\/jardin-en-partage-rers-centre-essonne\/elementor-page-913\/\" class=\"elementor-sub-item menu-link\">Jardin en Partage<\/a><\/li>\n\t\t<li class=\"menu-item menu-item-type-post_type menu-item-object-page menu-item-3061\"><a href=\"https:\/\/www.rers-evry-bdd.fr\/index.php\/demandes-offres-savoirs-rers-centre-essonne\/echanges-collectifs-en-cours\/parlons-laicite\/\" class=\"elementor-sub-item menu-link\">Parlons La\u00efcit\u00e9<\/a><\/li>\n\t<\/ul>\n<\/li>\n\t<li class=\"menu-item menu-item-type-post_type menu-item-object-page menu-item-4596\"><a href=\"https:\/\/www.rers-evry-bdd.fr\/index.php\/page-en-construction-2\/exemple-echanges-de-savoirs-thesaurus\/\" class=\"elementor-sub-item menu-link\">Exemples d\u2019\u00e9changes de savoirs \u2013 th\u00e9saurus<\/a><\/li>\n<\/ul>\n<\/li>\n<li class=\"menu-item menu-item-type-post_type menu-item-object-page menu-item-has-children menu-item-4553\"><a aria-expanded=\"false\" href=\"https:\/\/www.rers-evry-bdd.fr\/index.php\/nos-projets\/\" class=\"elementor-item menu-link\">Nos projets<span role=\"button\" class=\"dropdown-menu-toggle ast-header-navigation-arrow\" tabindex=\"0\" aria-expanded=\"false\" aria-label=\"Permutateur de Menu\" aria-haspopup=\"true\"><\/span><\/a>\n<ul class=\"sub-menu elementor-nav-menu--dropdown\">\n\t<li class=\"menu-item menu-item-type-post_type menu-item-object-page menu-item-5020\"><a href=\"https:\/\/www.rers-evry-bdd.fr\/index.php\/projets-annee-rers-centre-essonne\/\" class=\"elementor-sub-item menu-link\">Les projets de l\u2019ann\u00e9e<\/a><\/li>\n\t<li class=\"menu-item menu-item-type-post_type menu-item-object-page menu-item-2577\"><a href=\"https:\/\/www.rers-evry-bdd.fr\/index.php\/clas-au-rers\/\" class=\"elementor-sub-item menu-link\">CLAS au RERS<\/a><\/li>\n\t<li class=\"menu-item menu-item-type-post_type menu-item-object-page menu-item-2570\"><a href=\"https:\/\/www.rers-evry-bdd.fr\/index.php\/demandes-offres-savoirs-rers-centre-essonne\/jardin-en-partage-rers-centre-essonne\/\" class=\"elementor-sub-item menu-link\">Jardin en Partage<\/a><\/li>\n\t<li class=\"menu-item menu-item-type-post_type menu-item-object-page menu-item-2554\"><a href=\"https:\/\/www.rers-evry-bdd.fr\/index.php\/ville-apprenante-evry-courcouronnes\/\" class=\"elementor-sub-item menu-link\">Avec \u00c9vry-Courcouronnes \u2013 Ville Apprenante<\/a><\/li>\n<\/ul>\n<\/li>\n<li class=\"menu-item menu-item-type-post_type menu-item-object-page menu-item-has-children menu-item-2555\"><a aria-expanded=\"false\" href=\"https:\/\/www.rers-evry-bdd.fr\/index.php\/demandes-offres-savoirs-rers-centre-essonne\/echanges-collectifs-en-cours\/formations-reciproques-rers\/\" class=\"elementor-item menu-link\">Nos formations<span role=\"button\" class=\"dropdown-menu-toggle ast-header-navigation-arrow\" tabindex=\"0\" aria-expanded=\"false\" aria-label=\"Permutateur de Menu\" aria-haspopup=\"true\"><\/span><\/a>\n<ul class=\"sub-menu elementor-nav-menu--dropdown\">\n\t<li class=\"menu-item menu-item-type-post_type menu-item-object-page menu-item-4491\"><a href=\"https:\/\/www.rers-evry-bdd.fr\/index.php\/co-formation-interne\/\" class=\"elementor-sub-item menu-link\">Co-formation interne<\/a><\/li>\n\t<li class=\"menu-item menu-item-type-post_type menu-item-object-page menu-item-4496\"><a href=\"https:\/\/www.rers-evry-bdd.fr\/index.php\/formations-foresco\/\" class=\"elementor-sub-item menu-link\">Formations FORESCO<\/a><\/li>\n<\/ul>\n<\/li>\n<li class=\"menu-item menu-item-type-post_type menu-item-object-page menu-item-2556\"><a href=\"https:\/\/www.rers-evry-bdd.fr\/index.php\/ou-nous-rencontrer-rers-centre-essonne\/\" class=\"elementor-item menu-link\">O\u00f9 nous trouver ?<\/a><\/li>\n<li class=\"menu-item menu-item-type-post_type menu-item-object-page menu-item-4454\"><a href=\"https:\/\/www.rers-evry-bdd.fr\/index.php\/ou-nous-rencontrer-rers-centre-essonne\/contacter-rers-evry-essonne\/\" class=\"elementor-item menu-link\">Nous contacter<\/a><\/li>\n<\/ul>\t\t\t<\/nav>\n\t\t\t\t\t\t<nav class=\"elementor-nav-menu--dropdown elementor-nav-menu__container\" aria-hidden=\"true\">\n\t\t\t\t<ul id=\"menu-2-32f82253\" class=\"elementor-nav-menu\"><li class=\"menu-item menu-item-type-post_type menu-item-object-page menu-item-home menu-item-6054\"><a href=\"https:\/\/www.rers-evry-bdd.fr\/\" class=\"elementor-item menu-link\" tabindex=\"-1\">Accueil<\/a><\/li>\n<li class=\"menu-item menu-item-type-post_type menu-item-object-page menu-item-has-children menu-item-3654\"><a aria-expanded=\"false\" href=\"https:\/\/www.rers-evry-bdd.fr\/index.php\/qui-sommes-nous\/\" class=\"elementor-item menu-link\" tabindex=\"-1\">Qui sommes-nous ?<span role=\"button\" class=\"dropdown-menu-toggle ast-header-navigation-arrow\" tabindex=\"0\" aria-expanded=\"false\" aria-label=\"Permutateur de Menu\" aria-haspopup=\"true\"><\/span><\/a>\n<ul class=\"sub-menu elementor-nav-menu--dropdown\">\n\t<li class=\"menu-item menu-item-type-post_type menu-item-object-page menu-item-2562\"><a href=\"https:\/\/www.rers-evry-bdd.fr\/index.php\/nos-valeurs-rers\/\" class=\"elementor-sub-item menu-link\" tabindex=\"-1\">Nos valeurs<\/a><\/li>\n\t<li class=\"menu-item menu-item-type-post_type menu-item-object-page menu-item-2563\"><a href=\"https:\/\/www.rers-evry-bdd.fr\/index.php\/charte-rers-centre-essonne\/\" class=\"elementor-sub-item menu-link\" tabindex=\"-1\">Charte des RERS<\/a><\/li>\n\t<li class=\"menu-item menu-item-type-post_type menu-item-object-page menu-item-2564\"><a href=\"https:\/\/www.rers-evry-bdd.fr\/index.php\/presentation-des-equipes\/\" class=\"elementor-sub-item menu-link\" tabindex=\"-1\">L\u2019association et son organisation<\/a><\/li>\n\t<li class=\"menu-item menu-item-type-post_type menu-item-object-page menu-item-has-children menu-item-3788\"><a aria-expanded=\"false\" href=\"https:\/\/www.rers-evry-bdd.fr\/index.php\/communication\/\" class=\"elementor-sub-item menu-link\" tabindex=\"-1\">La communication<span role=\"button\" class=\"dropdown-menu-toggle ast-header-navigation-arrow\" tabindex=\"0\" aria-expanded=\"false\" aria-label=\"Permutateur de Menu\" aria-haspopup=\"true\"><\/span><\/a>\n\t<ul class=\"sub-menu elementor-nav-menu--dropdown\">\n\t\t<li class=\"menu-item menu-item-type-post_type menu-item-object-page menu-item-2572\"><a href=\"https:\/\/www.rers-evry-bdd.fr\/index.php\/communication\/lettres-du-rers\/\" class=\"elementor-sub-item menu-link\" tabindex=\"-1\">Les Lettres RERS<\/a><\/li>\n\t\t<li class=\"menu-item menu-item-type-post_type menu-item-object-page menu-item-2550\"><a href=\"https:\/\/www.rers-evry-bdd.fr\/index.php\/communication\/lir-lien-inter-rers\/\" class=\"elementor-sub-item menu-link\" tabindex=\"-1\">LIR Lien Inter RERS<\/a><\/li>\n\t<\/ul>\n<\/li>\n\t<li class=\"menu-item menu-item-type-post_type menu-item-object-page menu-item-2565\"><a href=\"https:\/\/www.rers-evry-bdd.fr\/index.php\/partenaires-rers-centre-essonne\/\" class=\"elementor-sub-item menu-link\" tabindex=\"-1\">Nos Partenaires<\/a><\/li>\n\t<li class=\"menu-item menu-item-type-post_type menu-item-object-page menu-item-has-children menu-item-4585\"><a aria-expanded=\"false\" href=\"https:\/\/www.rers-evry-bdd.fr\/index.php\/foresco-le-mouvement-des-rers\/\" class=\"elementor-sub-item menu-link\" tabindex=\"-1\">FORESCO le Mouvement des RERS<span role=\"button\" class=\"dropdown-menu-toggle ast-header-navigation-arrow\" tabindex=\"0\" aria-expanded=\"false\" aria-label=\"Permutateur de Menu\" aria-haspopup=\"true\"><\/span><\/a>\n\t<ul class=\"sub-menu elementor-nav-menu--dropdown\">\n\t\t<li class=\"menu-item menu-item-type-post_type menu-item-object-page menu-item-8214\"><a href=\"https:\/\/www.rers-evry-bdd.fr\/index.php\/notre-histoire-nos-histoires-dans-le-reseau\/\" class=\"elementor-sub-item menu-link\" tabindex=\"-1\">Fresque \u2013 Histoire des R\u00e9seaux<\/a><\/li>\n\t\t<li class=\"menu-item menu-item-type-post_type menu-item-object-page menu-item-4809\"><a href=\"https:\/\/www.rers-evry-bdd.fr\/index.php\/rencontres-automne-reseaux-des-rers\/\" class=\"elementor-sub-item menu-link\" tabindex=\"-1\">Les Rencontres d\u2019automne<\/a><\/li>\n\t\t<li class=\"menu-item menu-item-type-post_type menu-item-object-page menu-item-3811\"><a href=\"https:\/\/www.rers-evry-bdd.fr\/index.php\/notre-histoire\/les-ags-de-foresco\/\" class=\"elementor-sub-item menu-link\" tabindex=\"-1\">Les AGs de FORESCO<\/a><\/li>\n\t<\/ul>\n<\/li>\n\t<li class=\"menu-item menu-item-type-post_type menu-item-object-page menu-item-has-children menu-item-2566\"><a aria-expanded=\"false\" href=\"https:\/\/www.rers-evry-bdd.fr\/index.php\/notre-histoire\/\" class=\"elementor-sub-item menu-link\" tabindex=\"-1\">Notre histoire<span role=\"button\" class=\"dropdown-menu-toggle ast-header-navigation-arrow\" tabindex=\"0\" aria-expanded=\"false\" aria-label=\"Permutateur de Menu\" aria-haspopup=\"true\"><\/span><\/a>\n\t<ul class=\"sub-menu elementor-nav-menu--dropdown\">\n\t\t<li class=\"menu-item menu-item-type-post_type menu-item-object-page menu-item-7936\"><a href=\"https:\/\/www.rers-evry-bdd.fr\/index.php\/notre-histoire-nos-histoires-dans-le-reseau\/\" class=\"elementor-sub-item menu-link\" tabindex=\"-1\">Fresque \u2013 Histoire des R\u00e9seaux<\/a><\/li>\n\t\t<li class=\"menu-item menu-item-type-post_type menu-item-object-page menu-item-7692\"><a href=\"https:\/\/www.rers-evry-bdd.fr\/index.php\/qui-sommes-nous\/fete-des-45-ans\/\" class=\"elementor-sub-item menu-link\" tabindex=\"-1\">F\u00eate des 45 ans<\/a><\/li>\n\t\t<li class=\"menu-item menu-item-type-post_type menu-item-object-page menu-item-2611\"><a href=\"https:\/\/www.rers-evry-bdd.fr\/index.php\/page-en-construction-2\/\" class=\"elementor-sub-item menu-link\" tabindex=\"-1\">F\u00eate des 50 de FORESCO<\/a><\/li>\n\t<\/ul>\n<\/li>\n<\/ul>\n<\/li>\n<li class=\"menu-item menu-item-type-post_type menu-item-object-page menu-item-has-children menu-item-4611\"><a aria-expanded=\"false\" href=\"https:\/\/www.rers-evry-bdd.fr\/index.php\/demandes-offres-savoirs-rers-centre-essonne\/echanges-de-savoirs-evry-essonne\/\" class=\"elementor-item menu-link\" tabindex=\"-1\">\u00c9changes de Savoirs<span role=\"button\" class=\"dropdown-menu-toggle ast-header-navigation-arrow\" tabindex=\"0\" aria-expanded=\"false\" aria-label=\"Permutateur de Menu\" aria-haspopup=\"true\"><\/span><\/a>\n<ul class=\"sub-menu elementor-nav-menu--dropdown\">\n\t<li class=\"menu-item menu-item-type-post_type menu-item-object-page menu-item-2568\"><a href=\"https:\/\/www.rers-evry-bdd.fr\/index.php\/demandes-offres-savoirs-rers-centre-essonne\/ca-se-passe-comment\/\" class=\"elementor-sub-item menu-link\" tabindex=\"-1\">\u00c7a se passe comment ?<\/a><\/li>\n\t<li class=\"menu-item menu-item-type-post_type menu-item-object-page menu-item-2567\"><a href=\"https:\/\/www.rers-evry-bdd.fr\/index.php\/demandes-offres-savoirs-rers-centre-essonne\/\" class=\"elementor-sub-item menu-link\" tabindex=\"-1\">Demandes\/Offres en attente\u2026<\/a><\/li>\n\t<li class=\"menu-item menu-item-type-post_type menu-item-object-page menu-item-has-children menu-item-2974\"><a aria-expanded=\"false\" href=\"https:\/\/www.rers-evry-bdd.fr\/index.php\/demandes-offres-savoirs-rers-centre-essonne\/echanges-collectifs-en-cours\/\" class=\"elementor-sub-item menu-link\" tabindex=\"-1\">\u00c9changes collectifs de savoirs en cours<span role=\"button\" class=\"dropdown-menu-toggle ast-header-navigation-arrow\" tabindex=\"0\" aria-expanded=\"false\" aria-label=\"Permutateur de Menu\" aria-haspopup=\"true\"><\/span><\/a>\n\t<ul class=\"sub-menu elementor-nav-menu--dropdown\">\n\t\t<li class=\"menu-item menu-item-type-post_type menu-item-object-page menu-item-2569\"><a href=\"https:\/\/www.rers-evry-bdd.fr\/index.php\/demandes-offres-savoirs-rers-centre-essonne\/clas-rers-centre-essonne\/\" class=\"elementor-sub-item menu-link\" tabindex=\"-1\">CLAS : les \u00e9changes de savoirs dans l\u2019accompagnement \u00e0 la scolarit\u00e9<\/a><\/li>\n\t\t<li class=\"menu-item menu-item-type-post_type menu-item-object-page menu-item-4949\"><a href=\"https:\/\/www.rers-evry-bdd.fr\/index.php\/demandes-offres-savoirs-rers-centre-essonne\/echanges-vacances-rers-centre-essonne\/\" class=\"elementor-sub-item menu-link\" tabindex=\"-1\">Les \u00e9changes Vacances<\/a><\/li>\n\t\t<li class=\"menu-item menu-item-type-post_type menu-item-object-page menu-item-2578\"><a href=\"https:\/\/www.rers-evry-bdd.fr\/index.php\/demandes-offres-savoirs-rers-centre-essonne\/jardin-en-partage-rers-centre-essonne\/elementor-page-913\/\" class=\"elementor-sub-item menu-link\" tabindex=\"-1\">Jardin en Partage<\/a><\/li>\n\t\t<li class=\"menu-item menu-item-type-post_type menu-item-object-page menu-item-3061\"><a href=\"https:\/\/www.rers-evry-bdd.fr\/index.php\/demandes-offres-savoirs-rers-centre-essonne\/echanges-collectifs-en-cours\/parlons-laicite\/\" class=\"elementor-sub-item menu-link\" tabindex=\"-1\">Parlons La\u00efcit\u00e9<\/a><\/li>\n\t<\/ul>\n<\/li>\n\t<li class=\"menu-item menu-item-type-post_type menu-item-object-page menu-item-4596\"><a href=\"https:\/\/www.rers-evry-bdd.fr\/index.php\/page-en-construction-2\/exemple-echanges-de-savoirs-thesaurus\/\" class=\"elementor-sub-item menu-link\" tabindex=\"-1\">Exemples d\u2019\u00e9changes de savoirs \u2013 th\u00e9saurus<\/a><\/li>\n<\/ul>\n<\/li>\n<li class=\"menu-item menu-item-type-post_type menu-item-object-page menu-item-has-children menu-item-4553\"><a aria-expanded=\"false\" href=\"https:\/\/www.rers-evry-bdd.fr\/index.php\/nos-projets\/\" class=\"elementor-item menu-link\" tabindex=\"-1\">Nos projets<span role=\"button\" class=\"dropdown-menu-toggle ast-header-navigation-arrow\" tabindex=\"0\" aria-expanded=\"false\" aria-label=\"Permutateur de Menu\" aria-haspopup=\"true\"><\/span><\/a>\n<ul class=\"sub-menu elementor-nav-menu--dropdown\">\n\t<li class=\"menu-item menu-item-type-post_type menu-item-object-page menu-item-5020\"><a href=\"https:\/\/www.rers-evry-bdd.fr\/index.php\/projets-annee-rers-centre-essonne\/\" class=\"elementor-sub-item menu-link\" tabindex=\"-1\">Les projets de l\u2019ann\u00e9e<\/a><\/li>\n\t<li class=\"menu-item menu-item-type-post_type menu-item-object-page menu-item-2577\"><a href=\"https:\/\/www.rers-evry-bdd.fr\/index.php\/clas-au-rers\/\" class=\"elementor-sub-item menu-link\" tabindex=\"-1\">CLAS au RERS<\/a><\/li>\n\t<li class=\"menu-item menu-item-type-post_type menu-item-object-page menu-item-2570\"><a href=\"https:\/\/www.rers-evry-bdd.fr\/index.php\/demandes-offres-savoirs-rers-centre-essonne\/jardin-en-partage-rers-centre-essonne\/\" class=\"elementor-sub-item menu-link\" tabindex=\"-1\">Jardin en Partage<\/a><\/li>\n\t<li class=\"menu-item menu-item-type-post_type menu-item-object-page menu-item-2554\"><a href=\"https:\/\/www.rers-evry-bdd.fr\/index.php\/ville-apprenante-evry-courcouronnes\/\" class=\"elementor-sub-item menu-link\" tabindex=\"-1\">Avec \u00c9vry-Courcouronnes \u2013 Ville Apprenante<\/a><\/li>\n<\/ul>\n<\/li>\n<li class=\"menu-item menu-item-type-post_type menu-item-object-page menu-item-has-children menu-item-2555\"><a aria-expanded=\"false\" href=\"https:\/\/www.rers-evry-bdd.fr\/index.php\/demandes-offres-savoirs-rers-centre-essonne\/echanges-collectifs-en-cours\/formations-reciproques-rers\/\" class=\"elementor-item menu-link\" tabindex=\"-1\">Nos formations<span role=\"button\" class=\"dropdown-menu-toggle ast-header-navigation-arrow\" tabindex=\"0\" aria-expanded=\"false\" aria-label=\"Permutateur de Menu\" aria-haspopup=\"true\"><\/span><\/a>\n<ul class=\"sub-menu elementor-nav-menu--dropdown\">\n\t<li class=\"menu-item menu-item-type-post_type menu-item-object-page menu-item-4491\"><a href=\"https:\/\/www.rers-evry-bdd.fr\/index.php\/co-formation-interne\/\" class=\"elementor-sub-item menu-link\" tabindex=\"-1\">Co-formation interne<\/a><\/li>\n\t<li class=\"menu-item menu-item-type-post_type menu-item-object-page menu-item-4496\"><a href=\"https:\/\/www.rers-evry-bdd.fr\/index.php\/formations-foresco\/\" class=\"elementor-sub-item menu-link\" tabindex=\"-1\">Formations FORESCO<\/a><\/li>\n<\/ul>\n<\/li>\n<li class=\"menu-item menu-item-type-post_type menu-item-object-page menu-item-2556\"><a href=\"https:\/\/www.rers-evry-bdd.fr\/index.php\/ou-nous-rencontrer-rers-centre-essonne\/\" class=\"elementor-item menu-link\" tabindex=\"-1\">O\u00f9 nous trouver ?<\/a><\/li>\n<li class=\"menu-item menu-item-type-post_type menu-item-object-page menu-item-4454\"><a href=\"https:\/\/www.rers-evry-bdd.fr\/index.php\/ou-nous-rencontrer-rers-centre-essonne\/contacter-rers-evry-essonne\/\" class=\"elementor-item menu-link\" tabindex=\"-1\">Nous contacter<\/a><\/li>\n<\/ul>\t\t\t<\/nav>\n\t\t\t\t\t\t<\/div>\n\t\t\t\t\t<\/div>\n\t\t\t\t<\/div>\n\t\t<div class=\"elementor-element elementor-element-470dc1c2 e-flex e-con-boxed e-con e-parent\" data-id=\"470dc1c2\" data-element_type=\"container\" data-e-type=\"container\">\n\t\t\t\t\t<div class=\"e-con-inner\">\n\t\t\t\t\t<\/div>\n\t\t\t\t<\/div>\n\t\t<div class=\"elementor-element elementor-element-975ccc4 e-flex e-con-boxed e-con e-parent\" data-id=\"975ccc4\" data-element_type=\"container\" data-e-type=\"container\">\n\t\t\t\t\t<div class=\"e-con-inner\">\n\t\t\t\t<div class=\"elementor-element elementor-element-48739366 elementor-widget elementor-widget-page-title\" data-id=\"48739366\" data-element_type=\"widget\" data-e-type=\"widget\" data-widget_type=\"page-title.default\">\n\t\t\t\t<div class=\"elementor-widget-container\">\n\t\t\t\t\t\t\t\n\t\t<div class=\"hfe-page-title hfe-page-title-wrapper elementor-widget-heading\">\n\n\t\t\t\t\t\t\t\t\t\t\t<a href=\"https:\/\/www.rers-evry-bdd.fr\">\n\t\t\t\t\t\t<h1 class=\"elementor-heading-title elementor-size-default\">\n\t\t\t\t\t\t\t\t\n\t\t\t\tLes AGs de FORESCO  \n\t\t\t<\/h1 > \n\t\t\t\t\t\t\t\t\t<\/a>\n\t\t\t\t\t<\/div>\n\t\t\t\t\t\t<\/div>\n\t\t\t\t<\/div>\n\t\t\t\t\t<\/div>\n\t\t\t\t<\/div>\n\t\t<div class=\"elementor-element elementor-element-1aab960 e-con-full e-flex e-con e-parent\" data-id=\"1aab960\" data-element_type=\"container\" data-e-type=\"container\">\n\t\t\t\t<div class=\"elementor-element elementor-element-a9378b2 elementor-widget elementor-widget-text-editor\" data-id=\"a9378b2\" data-element_type=\"widget\" data-e-type=\"widget\" data-widget_type=\"text-editor.default\">\n\t\t\t\t\t\t\t\t\t<p><span style=\"color: #363636;\"><span style=\"color: #800080;\"><strong>En 2025 l&rsquo;Assembl\u00e9e G\u00e9n\u00e9rale du Mouvement des R\u00e9seaux d&rsquo;\u00c9changes R\u00e9ciproques de Savoirs<sup>\u00ae<\/sup> de France <\/strong><strong>FORESCO<\/strong> <\/span><strong><span style=\"color: #800080;\">a eu lieu \u00e0 Orly<\/span> <\/strong><\/span><\/p><p><span style=\"color: #363636;\"><strong>les samedi 17 et dimanche 18 mai<\/strong><\/span><\/p><p><span style=\"color: #363636;\">Nous remercions chaleureusemnt toute l&rsquo;\u00e9quipe du R.E.S.O. RERS d&rsquo;Orly qui nous avait r\u00e9serv\u00e9 un accueil tr\u00e8s convivial. <\/span><\/p><p><span style=\"color: #363636;\">L&rsquo;Assembl\u00e9e G\u00e9n\u00e9rale de FORESCO est toujours un temps ressour\u00e7ant pour chaque RERS et chacun de nous..<\/span><span style=\"color: #363636;\">.<\/span><\/p>\t\t\t\t\t\t\t\t<\/div>\n\t\t\t\t<div class=\"elementor-element elementor-element-84f3baf elementor-widget elementor-widget-spacer\" data-id=\"84f3baf\" data-element_type=\"widget\" data-e-type=\"widget\" data-widget_type=\"spacer.default\">\n\t\t\t\t\t\t\t<div class=\"elementor-spacer\">\n\t\t\t<div class=\"elementor-spacer-inner\"><\/div>\n\t\t<\/div>\n\t\t\t\t\t\t<\/div>\n\t\t\t\t<\/div>\n\t\t<div class=\"elementor-element elementor-element-9c77afd e-flex e-con-boxed e-con e-parent\" data-id=\"9c77afd\" data-element_type=\"container\" data-e-type=\"container\">\n\t\t\t\t\t<div class=\"e-con-inner\">\n\t\t<div class=\"elementor-element elementor-element-273438a e-con-full e-flex e-con e-child\" data-id=\"273438a\" data-element_type=\"container\" data-e-type=\"container\">\n\t\t\t\t<div class=\"elementor-element elementor-element-9237ea8 elementor-widget elementor-widget-text-editor\" data-id=\"9237ea8\" data-element_type=\"widget\" data-e-type=\"widget\" data-widget_type=\"text-editor.default\">\n\t\t\t\t\t\t\t\t\t<p><strong>Au programme de l&rsquo;AG FORESCO :<\/strong><\/p><p><strong>Le SAMEDI 17 mai<\/strong><br \/>Ouverture de l\u2019Assembl\u00e9e G\u00e9n\u00e9rale par Tina Albanese-Steltzen (pr\u00e9sidente de FORESCO) et Claire H\u00e9ber-Suffrin et une partie de l&rsquo;\u00e9quipe du RERS d&rsquo;Orly<\/p><p>&#8211; Rappel des orientations : se raconter nos histoires de r\u00e9seaux, aller plus loin dans la r\u00e9ciprocit\u00e9 ;<\/p><p>&#8211; Par petits groupes, on se donne des nouvelles de nos r\u00e9seaux, les \u00e9v\u00e8nements marquants, les r\u00e9ussites, les difficult\u00e9s.<\/p><p>&#8211; Rapports d\u2019activit\u00e9, financier et votes.<\/p><p>Copieux d\u00e9jeuner concoct\u00e9 par l&rsquo;association Mieux Chez Soi, pris sur place.<\/p><p>&#8211; Par petits groupes, on se projette dans nos r\u00e9seaux, dans le Mouvement des r\u00e9seaux, on d\u00e9bat sur les points \u00e0 am\u00e9liorer, les id\u00e9es \u00e0 innover&#8230;<\/p>\t\t\t\t\t\t\t\t<\/div>\n\t\t\t\t<div class=\"elementor-element elementor-element-ab98962 elementor-widget__width-initial elementor-widget elementor-widget-image\" data-id=\"ab98962\" data-element_type=\"widget\" data-e-type=\"widget\" data-widget_type=\"image.default\">\n\t\t\t\t\t\t\t\t\t\t\t\t\t\t\t<img decoding=\"async\" width=\"1920\" height=\"1279\" src=\"https:\/\/www.rers-evry-bdd.fr\/wp-content\/uploads\/2025\/06\/ROB_5107RS-scaled.webp\" class=\"attachment-full size-full wp-image-6886\" alt=\"\" srcset=\"https:\/\/www.rers-evry-bdd.fr\/wp-content\/uploads\/2025\/06\/ROB_5107RS-scaled.webp 1920w, https:\/\/www.rers-evry-bdd.fr\/wp-content\/uploads\/2025\/06\/ROB_5107RS-300x200.webp 300w, https:\/\/www.rers-evry-bdd.fr\/wp-content\/uploads\/2025\/06\/ROB_5107RS-1024x682.webp 1024w, https:\/\/www.rers-evry-bdd.fr\/wp-content\/uploads\/2025\/06\/ROB_5107RS-768x512.webp 768w, https:\/\/www.rers-evry-bdd.fr\/wp-content\/uploads\/2025\/06\/ROB_5107RS-1536x1023.webp 1536w\" sizes=\"(max-width: 1920px) 100vw, 1920px\" \/>\t\t\t\t\t\t\t\t\t\t\t\t\t\t\t<\/div>\n\t\t\t\t<div class=\"elementor-element elementor-element-8cf7437 elementor-widget elementor-widget-spacer\" data-id=\"8cf7437\" data-element_type=\"widget\" data-e-type=\"widget\" data-widget_type=\"spacer.default\">\n\t\t\t\t\t\t\t<div class=\"elementor-spacer\">\n\t\t\t<div class=\"elementor-spacer-inner\"><\/div>\n\t\t<\/div>\n\t\t\t\t\t\t<\/div>\n\t\t\t\t<div class=\"elementor-element elementor-element-8b8ce4e elementor-widget elementor-widget-text-editor\" data-id=\"8b8ce4e\" data-element_type=\"widget\" data-e-type=\"widget\" data-widget_type=\"text-editor.default\">\n\t\t\t\t\t\t\t\t\t<p><strong>Le DIMANCHE 18 mai<\/strong><br \/>\u00c9changes sur les orientations et projets.<br \/>Volont\u00e9 de plus d&rsquo;\u00e9changes entre r\u00e9seaux :<br \/>&#8211; sur les formations internes,<br \/>&#8211; sur le Centre de ressources,<br \/>&#8211; sur des sujets communs : CLAS, RERS en Quartier Prioritaire de la Ville, lien RERS et Conseils citoyens de quartier,&#8230;<\/p>\t\t\t\t\t\t\t\t<\/div>\n\t\t\t\t<\/div>\n\t\t<div class=\"elementor-element elementor-element-9b16115 e-con-full e-flex e-con e-child\" data-id=\"9b16115\" data-element_type=\"container\" data-e-type=\"container\">\n\t\t\t\t<div class=\"elementor-element elementor-element-1602fbc elementor-widget elementor-widget-spacer\" data-id=\"1602fbc\" data-element_type=\"widget\" data-e-type=\"widget\" data-widget_type=\"spacer.default\">\n\t\t\t\t\t\t\t<div class=\"elementor-spacer\">\n\t\t\t<div class=\"elementor-spacer-inner\"><\/div>\n\t\t<\/div>\n\t\t\t\t\t\t<\/div>\n\t\t\t\t<div class=\"elementor-element elementor-element-87f9185 elementor-widget elementor-widget-image\" data-id=\"87f9185\" data-element_type=\"widget\" data-e-type=\"widget\" data-widget_type=\"image.default\">\n\t\t\t\t\t\t\t\t\t\t\t\t\t\t\t<img decoding=\"async\" width=\"1024\" height=\"541\" src=\"https:\/\/www.rers-evry-bdd.fr\/wp-content\/uploads\/2025\/06\/AG_foresco_2025-1024x541.webp\" class=\"attachment-large size-large wp-image-6904\" alt=\"\" srcset=\"https:\/\/www.rers-evry-bdd.fr\/wp-content\/uploads\/2025\/06\/AG_foresco_2025-1024x541.webp 1024w, https:\/\/www.rers-evry-bdd.fr\/wp-content\/uploads\/2025\/06\/AG_foresco_2025-300x158.webp 300w, https:\/\/www.rers-evry-bdd.fr\/wp-content\/uploads\/2025\/06\/AG_foresco_2025-768x406.webp 768w, https:\/\/www.rers-evry-bdd.fr\/wp-content\/uploads\/2025\/06\/AG_foresco_2025-1536x811.webp 1536w, https:\/\/www.rers-evry-bdd.fr\/wp-content\/uploads\/2025\/06\/AG_foresco_2025-scaled.webp 1920w\" sizes=\"(max-width: 1024px) 100vw, 1024px\" \/>\t\t\t\t\t\t\t\t\t\t\t\t\t\t\t<\/div>\n\t\t\t\t<div class=\"elementor-element elementor-element-2b20b7f elementor-widget elementor-widget-spacer\" data-id=\"2b20b7f\" data-element_type=\"widget\" data-e-type=\"widget\" data-widget_type=\"spacer.default\">\n\t\t\t\t\t\t\t<div class=\"elementor-spacer\">\n\t\t\t<div class=\"elementor-spacer-inner\"><\/div>\n\t\t<\/div>\n\t\t\t\t\t\t<\/div>\n\t\t\t\t<div class=\"elementor-element elementor-element-c735f2b elementor-widget elementor-widget-text-editor\" data-id=\"c735f2b\" data-element_type=\"widget\" data-e-type=\"widget\" data-widget_type=\"text-editor.default\">\n\t\t\t\t\t\t\t\t\t<p>A 18h remise du <strong>Prix de la R\u00e9ciprocit\u00e9<\/strong> comme tous les ans. Cette ann\u00e9e le prix est remis \u00e0 <strong>Emmanuelle Jouet, <\/strong>chercheuse en sciences de l\u2019\u00e9ducation et <strong>Olivier Las Vergnas<\/strong>, chercheur en astronomie.<\/p><p>Un beau discours leur a \u00e9t\u00e9 d\u00e9di\u00e9, <a href=\"https:\/\/www.rers-evry-bdd.fr\/wp-content\/uploads\/2025\/06\/Discours_Prix_de_la_reciprocite_Emmanuelle_et_Olivier_mg.pdf\" target=\"_blank\" rel=\"noopener\"><strong>lire la suite&#8230;<\/strong><\/a><\/p>\t\t\t\t\t\t\t\t<\/div>\n\t\t\t\t<div class=\"elementor-element elementor-element-64b87ec elementor-widget elementor-widget-spacer\" data-id=\"64b87ec\" data-element_type=\"widget\" data-e-type=\"widget\" data-widget_type=\"spacer.default\">\n\t\t\t\t\t\t\t<div class=\"elementor-spacer\">\n\t\t\t<div class=\"elementor-spacer-inner\"><\/div>\n\t\t<\/div>\n\t\t\t\t\t\t<\/div>\n\t\t\t\t<div class=\"elementor-element elementor-element-19b0468 elementor-widget elementor-widget-image\" data-id=\"19b0468\" data-element_type=\"widget\" data-e-type=\"widget\" data-widget_type=\"image.default\">\n\t\t\t\t\t\t\t\t\t\t\t\t\t\t\t<img loading=\"lazy\" decoding=\"async\" width=\"1024\" height=\"608\" src=\"https:\/\/www.rers-evry-bdd.fr\/wp-content\/uploads\/2025\/06\/AG_foresco_equipe_Orly_2025-1024x608.webp\" class=\"attachment-large size-large wp-image-6942\" alt=\"\" srcset=\"https:\/\/www.rers-evry-bdd.fr\/wp-content\/uploads\/2025\/06\/AG_foresco_equipe_Orly_2025-1024x608.webp 1024w, https:\/\/www.rers-evry-bdd.fr\/wp-content\/uploads\/2025\/06\/AG_foresco_equipe_Orly_2025-300x178.webp 300w, https:\/\/www.rers-evry-bdd.fr\/wp-content\/uploads\/2025\/06\/AG_foresco_equipe_Orly_2025-768x456.webp 768w, https:\/\/www.rers-evry-bdd.fr\/wp-content\/uploads\/2025\/06\/AG_foresco_equipe_Orly_2025-1536x911.webp 1536w, https:\/\/www.rers-evry-bdd.fr\/wp-content\/uploads\/2025\/06\/AG_foresco_equipe_Orly_2025-scaled.webp 1920w\" sizes=\"(max-width: 1024px) 100vw, 1024px\" \/>\t\t\t\t\t\t\t\t\t\t\t\t\t\t\t<\/div>\n\t\t\t\t<div class=\"elementor-element elementor-element-a43e29f elementor-widget elementor-widget-spacer\" data-id=\"a43e29f\" data-element_type=\"widget\" data-e-type=\"widget\" data-widget_type=\"spacer.default\">\n\t\t\t\t\t\t\t<div class=\"elementor-spacer\">\n\t\t\t<div class=\"elementor-spacer-inner\"><\/div>\n\t\t<\/div>\n\t\t\t\t\t\t<\/div>\n\t\t\t\t<\/div>\n\t\t\t\t\t<\/div>\n\t\t\t\t<\/div>\n\t\t<div class=\"elementor-element elementor-element-5601462 e-flex e-con-boxed e-con e-parent\" data-id=\"5601462\" data-element_type=\"container\" data-e-type=\"container\">\n\t\t\t\t\t<div class=\"e-con-inner\">\n\t\t\t\t<div class=\"elementor-element elementor-element-37c99c3 elementor-widget__width-initial elementor-widget elementor-widget-image\" data-id=\"37c99c3\" data-element_type=\"widget\" data-e-type=\"widget\" data-widget_type=\"image.default\">\n\t\t\t\t\t\t\t\t\t\t\t\t\t\t\t<img decoding=\"async\" src=\"https:\/\/www.rers-evry-bdd.fr\/wp-content\/uploads\/elementor\/thumbs\/bandeau_colore-qqaavm2utswvie0l2zqwygqpoa99xsvwqavosr1ekc.jpg\" title=\"bandeau_colore\" alt=\"bandeau_colore\" loading=\"lazy\" \/>\t\t\t\t\t\t\t\t\t\t\t\t\t\t\t<\/div>\n\t\t\t\t\t<\/div>\n\t\t\t\t<\/div>\n\t\t<div class=\"elementor-element elementor-element-60fb51a e-con-full e-flex e-con e-parent\" data-id=\"60fb51a\" data-element_type=\"container\" data-e-type=\"container\">\n\t\t\t\t<div class=\"elementor-element elementor-element-adab687 elementor-widget elementor-widget-text-editor\" data-id=\"adab687\" data-element_type=\"widget\" data-e-type=\"widget\" data-widget_type=\"text-editor.default\">\n\t\t\t\t\t\t\t\t\t<p><span style=\"color: #363636;\"><span style=\"color: #800080;\"><strong>En 2024 l&rsquo;Assembl\u00e9e G\u00e9n\u00e9rale du Mouvement des R\u00e9seaux d&rsquo;\u00c9changes R\u00e9ciproques de Savoirs<sup>\u00ae<\/sup> de France <\/strong><strong>FORESCO<\/strong> <\/span><strong><span style=\"color: #800080;\">a eu lieu \u00e0 \u00c9vry-Courcouronnes<\/span> <\/strong><\/span><\/p><p><span style=\"color: #363636;\"><strong>les samedi 25 et dimanche 26 mai<\/strong><\/span><\/p><p><span style=\"color: #363636;\">L&rsquo;Assembl\u00e9e G\u00e9n\u00e9rale de FORESCO est toujours un enrichissant moment \u00a0de rencontres avec d&rsquo;autres R\u00e9seaux.<\/span><\/p><p><span style=\"color: #363636;\">Elle a \u00e9t\u00e9 pr\u00e9par\u00e9e par l\u2019\u00c9quipe d&rsquo;Animation Nationale accompagn\u00e9e cette ann\u00e9e par l&rsquo;Inter-r\u00e9seaux Essonne et voisins.<\/span><\/p>\t\t\t\t\t\t\t\t<\/div>\n\t\t\t\t<div class=\"elementor-element elementor-element-13949f8 elementor-widget elementor-widget-spacer\" data-id=\"13949f8\" data-element_type=\"widget\" data-e-type=\"widget\" data-widget_type=\"spacer.default\">\n\t\t\t\t\t\t\t<div class=\"elementor-spacer\">\n\t\t\t<div class=\"elementor-spacer-inner\"><\/div>\n\t\t<\/div>\n\t\t\t\t\t\t<\/div>\n\t\t\t\t<\/div>\n\t\t<div class=\"elementor-element elementor-element-539b342 e-flex e-con-boxed e-con e-parent\" data-id=\"539b342\" data-element_type=\"container\" data-e-type=\"container\">\n\t\t\t\t\t<div class=\"e-con-inner\">\n\t\t<div class=\"elementor-element elementor-element-a951996 e-con-full e-flex e-con e-child\" data-id=\"a951996\" data-element_type=\"container\" data-e-type=\"container\">\n\t\t\t\t<div class=\"elementor-element elementor-element-88b4819 elementor-widget elementor-widget-text-editor\" data-id=\"88b4819\" data-element_type=\"widget\" data-e-type=\"widget\" data-widget_type=\"text-editor.default\">\n\t\t\t\t\t\t\t\t\t<p><strong>Au programme de l&rsquo;AG FORESCO :<\/strong><\/p><p><strong>Le samedi 25 mai<\/strong><br \/>Ouverture de l\u2019Assembl\u00e9e G\u00e9n\u00e9rale par Tina Albanese-Steltzen (pr\u00e9sidente de FORESCO) et Claire H\u00e9ber-Suffrin<br \/>&#8211; Rappel des orientations : se raconter nos histoires de r\u00e9seaux, aller plus loin dans la r\u00e9ciprocit\u00e9,<br \/>&#8211; Rappel de l&rsquo;Histoire du prix de la R\u00e9ciprocit\u00e9 depuis 2010<\/p><p>Rapports d\u2019activit\u00e9, financier et votes.<\/p><p>Apr\u00e8s un d\u00e9jeuner pris sur place, on se donne, par petits groupes, des nouvelles de nos r\u00e9seaux, les \u00e9v\u00e8nements marquants, les r\u00e9ussites, les difficult\u00e9s.<\/p>\t\t\t\t\t\t\t\t<\/div>\n\t\t\t\t<div class=\"elementor-element elementor-element-392589a elementor-widget elementor-widget-image\" data-id=\"392589a\" data-element_type=\"widget\" data-e-type=\"widget\" data-widget_type=\"image.default\">\n\t\t\t\t\t\t\t\t\t\t\t\t\t\t\t<img decoding=\"async\" src=\"https:\/\/www.rers-evry-bdd.fr\/wp-content\/uploads\/elementor\/thumbs\/kfWfdGRLtKPL-r31cs4ye4e76w4nx6hkpducdaxk6ppjr7kk464cg0o.webp\" title=\"kfWfdGRLtKPL\" alt=\"kfWfdGRLtKPL\" loading=\"lazy\" \/>\t\t\t\t\t\t\t\t\t\t\t\t\t\t\t<\/div>\n\t\t\t\t<div class=\"elementor-element elementor-element-f8ebc5d elementor-widget elementor-widget-text-editor\" data-id=\"f8ebc5d\" data-element_type=\"widget\" data-e-type=\"widget\" data-widget_type=\"text-editor.default\">\n\t\t\t\t\t\t\t\t\t<p><strong>Le dimanche 26 mai<\/strong><br \/>\u00c9changes sur les orientations et projets.<br \/>Volont\u00e9 de plus d&rsquo;\u00e9changes entre r\u00e9seaux :<br \/>&#8211; sur les formations internes,<br \/>&#8211; sur le Centre de ressources,<br \/>&#8211; sur des sujets communs : CLAS, RERS en Quartier Prioritaire de la Ville, lien RERS et Conseils citoyen de quartier,&#8230;<\/p><p>A 11h30 pr\u00e9sentation des candidats pour l&rsquo;\u00c9quipe Nationale d&rsquo;Animation, \u00e9lection.<br \/>D\u00e9bat sur le lieu de l\u2019 Assembl\u00e9e G\u00e9n\u00e9rale 2025<\/p><p><strong>Pr\u00e9sentation du nouveau Logo<\/strong><br \/>Refonte de l&rsquo;image de FORESCO pour les 50 prochaines ann\u00e9es, l&rsquo;ancien Logo datait de 1995.<\/p>\t\t\t\t\t\t\t\t<\/div>\n\t\t\t\t<\/div>\n\t\t<div class=\"elementor-element elementor-element-9a31871 e-con-full e-flex e-con e-child\" data-id=\"9a31871\" data-element_type=\"container\" data-e-type=\"container\">\n\t\t\t\t<div class=\"elementor-element elementor-element-cecdb39 elementor-widget elementor-widget-spacer\" data-id=\"cecdb39\" data-element_type=\"widget\" data-e-type=\"widget\" data-widget_type=\"spacer.default\">\n\t\t\t\t\t\t\t<div class=\"elementor-spacer\">\n\t\t\t<div class=\"elementor-spacer-inner\"><\/div>\n\t\t<\/div>\n\t\t\t\t\t\t<\/div>\n\t\t\t\t<div class=\"elementor-element elementor-element-ce5bde7 elementor-widget elementor-widget-image\" data-id=\"ce5bde7\" data-element_type=\"widget\" data-e-type=\"widget\" data-widget_type=\"image.default\">\n\t\t\t\t\t\t\t\t\t\t\t\t\t\t\t<img loading=\"lazy\" decoding=\"async\" width=\"334\" height=\"220\" src=\"https:\/\/www.rers-evry-bdd.fr\/wp-content\/uploads\/2025\/03\/AG_foresco_2024.webp\" class=\"attachment-large size-large wp-image-3832\" alt=\"\" srcset=\"https:\/\/www.rers-evry-bdd.fr\/wp-content\/uploads\/2025\/03\/AG_foresco_2024.webp 334w, https:\/\/www.rers-evry-bdd.fr\/wp-content\/uploads\/2025\/03\/AG_foresco_2024-300x198.webp 300w\" sizes=\"(max-width: 334px) 100vw, 334px\" \/>\t\t\t\t\t\t\t\t\t\t\t\t\t\t\t<\/div>\n\t\t\t\t<div class=\"elementor-element elementor-element-d4feb75 elementor-widget elementor-widget-spacer\" data-id=\"d4feb75\" data-element_type=\"widget\" data-e-type=\"widget\" data-widget_type=\"spacer.default\">\n\t\t\t\t\t\t\t<div class=\"elementor-spacer\">\n\t\t\t<div class=\"elementor-spacer-inner\"><\/div>\n\t\t<\/div>\n\t\t\t\t\t\t<\/div>\n\t\t\t\t<div class=\"elementor-element elementor-element-41c717a elementor-widget elementor-widget-text-editor\" data-id=\"41c717a\" data-element_type=\"widget\" data-e-type=\"widget\" data-widget_type=\"text-editor.default\">\n\t\t\t\t\t\t\t\t\t<p>A 18h Remise du <strong>prix de la R\u00e9ciprocit\u00e9<\/strong> comme tous les ans. Cette ann\u00e9e le prix est remis \u00e0 <strong>Patrick Valentin<\/strong>, philosophe du travail, entrepreneur social et vice-pr\u00e9sident fondateur de l&rsquo;exp\u00e9rimentation <strong>\u201cTerritoires z\u00e9ro ch\u00f4meur de longue dur\u00e9e\u201d.<\/strong><\/p>\t\t\t\t\t\t\t\t<\/div>\n\t\t\t\t<div class=\"elementor-element elementor-element-41defef elementor-widget elementor-widget-spacer\" data-id=\"41defef\" data-element_type=\"widget\" data-e-type=\"widget\" data-widget_type=\"spacer.default\">\n\t\t\t\t\t\t\t<div class=\"elementor-spacer\">\n\t\t\t<div class=\"elementor-spacer-inner\"><\/div>\n\t\t<\/div>\n\t\t\t\t\t\t<\/div>\n\t\t\t\t<div class=\"elementor-element elementor-element-2b455e2 elementor-widget elementor-widget-spacer\" data-id=\"2b455e2\" data-element_type=\"widget\" data-e-type=\"widget\" data-widget_type=\"spacer.default\">\n\t\t\t\t\t\t\t<div class=\"elementor-spacer\">\n\t\t\t<div class=\"elementor-spacer-inner\"><\/div>\n\t\t<\/div>\n\t\t\t\t\t\t<\/div>\n\t\t\t\t<div class=\"elementor-element elementor-element-64cbd9e elementor-widget elementor-widget-spacer\" data-id=\"64cbd9e\" data-element_type=\"widget\" data-e-type=\"widget\" data-widget_type=\"spacer.default\">\n\t\t\t\t\t\t\t<div class=\"elementor-spacer\">\n\t\t\t<div class=\"elementor-spacer-inner\"><\/div>\n\t\t<\/div>\n\t\t\t\t\t\t<\/div>\n\t\t\t\t<div class=\"elementor-element elementor-element-545af36 elementor-widget elementor-widget-image\" data-id=\"545af36\" data-element_type=\"widget\" data-e-type=\"widget\" data-widget_type=\"image.default\">\n\t\t\t\t\t\t\t\t\t\t\t\t\t\t\t<img decoding=\"async\" src=\"https:\/\/www.rers-evry-bdd.fr\/wp-content\/uploads\/elementor\/thumbs\/Mouvement_logo-scaled-r31ewz9ffqrj7yl01rh4or43kkxrn5n4c9nhzb5ym0.webp\" title=\"Mouvement_logo\" alt=\"Mouvement_logo\" loading=\"lazy\" \/>\t\t\t\t\t\t\t\t\t\t\t\t\t\t\t<\/div>\n\t\t\t\t<\/div>\n\t\t\t\t\t<\/div>\n\t\t\t\t<\/div>\n\t\t<div class=\"elementor-element elementor-element-0193721 e-flex e-con-boxed e-con e-parent\" data-id=\"0193721\" data-element_type=\"container\" data-e-type=\"container\">\n\t\t\t\t\t<div class=\"e-con-inner\">\n\t\t\t\t<div class=\"elementor-element elementor-element-2c51d74 elementor-widget__width-initial elementor-widget elementor-widget-image\" data-id=\"2c51d74\" data-element_type=\"widget\" data-e-type=\"widget\" data-widget_type=\"image.default\">\n\t\t\t\t\t\t\t\t\t\t\t\t\t\t\t<img decoding=\"async\" src=\"https:\/\/www.rers-evry-bdd.fr\/wp-content\/uploads\/elementor\/thumbs\/bandeau_colore-qqaavm2utswvie0l2zqwygqpoa99xsvwqavosr1ekc.jpg\" title=\"bandeau_colore\" alt=\"bandeau_colore\" loading=\"lazy\" \/>\t\t\t\t\t\t\t\t\t\t\t\t\t\t\t<\/div>\n\t\t\t\t\t<\/div>\n\t\t\t\t<\/div>\n\t\t<div class=\"elementor-element elementor-element-8aa1b6b e-flex e-con-boxed e-con e-parent\" data-id=\"8aa1b6b\" data-element_type=\"container\" data-e-type=\"container\">\n\t\t\t\t\t<div class=\"e-con-inner\">\n\t\t\t\t<div class=\"elementor-element elementor-element-b3b3abe elementor-widget elementor-widget-spacer\" data-id=\"b3b3abe\" data-element_type=\"widget\" data-e-type=\"widget\" data-widget_type=\"spacer.default\">\n\t\t\t\t\t\t\t<div class=\"elementor-spacer\">\n\t\t\t<div class=\"elementor-spacer-inner\"><\/div>\n\t\t<\/div>\n\t\t\t\t\t\t<\/div>\n\t\t\t\t<div class=\"elementor-element elementor-element-d103238 elementor-widget elementor-widget-spacer\" data-id=\"d103238\" data-element_type=\"widget\" data-e-type=\"widget\" data-widget_type=\"spacer.default\">\n\t\t\t\t\t\t\t<div class=\"elementor-spacer\">\n\t\t\t<div class=\"elementor-spacer-inner\"><\/div>\n\t\t<\/div>\n\t\t\t\t\t\t<\/div>\n\t\t\t\t<div class=\"elementor-element elementor-element-ec3106b elementor-widget elementor-widget-spacer\" data-id=\"ec3106b\" data-element_type=\"widget\" data-e-type=\"widget\" data-widget_type=\"spacer.default\">\n\t\t\t\t\t\t\t<div class=\"elementor-spacer\">\n\t\t\t<div class=\"elementor-spacer-inner\"><\/div>\n\t\t<\/div>\n\t\t\t\t\t\t<\/div>\n\t\t\t\t\t<\/div>\n\t\t\t\t<\/div>\n\t\t\t\t<\/div>\n\t\t","protected":false},"excerpt":{"rendered":"<p>Les AGs de FORESCO En 2025 l&rsquo;Assembl\u00e9e G\u00e9n\u00e9rale du Mouvement des R\u00e9seaux d&rsquo;\u00c9changes R\u00e9ciproques de Savoirs\u00ae de France FORESCO a eu lieu \u00e0 Orly les samedi 17 et dimanche 18 [&hellip;]<\/p>\n","protected":false},"author":1,"featured_media":0,"parent":610,"menu_order":15,"comment_status":"closed","ping_status":"closed","template":"","meta":{"_acf_changed":false,"_uag_custom_page_level_css":"","site-sidebar-layout":"default","site-content-layout":"","ast-site-content-layout":"default","site-content-style":"default","site-sidebar-style":"default","ast-global-header-display":"","ast-banner-title-visibility":"","ast-main-header-display":"","ast-hfb-above-header-display":"","ast-hfb-below-header-display":"","ast-hfb-mobile-header-display":"","site-post-title":"","ast-breadcrumbs-content":"","ast-featured-img":"","footer-sml-layout":"","ast-disable-related-posts":"","theme-transparent-header-meta":"","adv-header-id-meta":"","stick-header-meta":"","header-above-stick-meta":"","header-main-stick-meta":"","header-below-stick-meta":"","astra-migrate-meta-layouts":"default","ast-page-background-enabled":"default","ast-page-background-meta":{"desktop":{"background-color":"var(--ast-global-color-5)","background-image":"","background-repeat":"repeat","background-position":"center center","background-size":"auto","background-attachment":"scroll","background-type":"","background-media":"","overlay-type":"","overlay-color":"","overlay-opacity":"","overlay-gradient":""},"tablet":{"background-color":"","background-image":"","background-repeat":"repeat","background-position":"center center","background-size":"auto","background-attachment":"scroll","background-type":"","background-media":"","overlay-type":"","overlay-color":"","overlay-opacity":"","overlay-gradient":""},"mobile":{"background-color":"","background-image":"","background-repeat":"repeat","background-position":"center center","background-size":"auto","background-attachment":"scroll","background-type":"","background-media":"","overlay-type":"","overlay-color":"","overlay-opacity":"","overlay-gradient":""}},"ast-content-background-meta":{"desktop":{"background-color":"var(--ast-global-color-4)","background-image":"","background-repeat":"repeat","background-position":"center center","background-size":"auto","background-attachment":"scroll","background-type":"","background-media":"","overlay-type":"","overlay-color":"","overlay-opacity":"","overlay-gradient":""},"tablet":{"background-color":"var(--ast-global-color-4)","background-image":"","background-repeat":"repeat","background-position":"center center","background-size":"auto","background-attachment":"scroll","background-type":"","background-media":"","overlay-type":"","overlay-color":"","overlay-opacity":"","overlay-gradient":""},"mobile":{"background-color":"var(--ast-global-color-4)","background-image":"","background-repeat":"repeat","background-position":"center center","background-size":"auto","background-attachment":"scroll","background-type":"","background-media":"","overlay-type":"","overlay-color":"","overlay-opacity":"","overlay-gradient":""}},"_EventAllDay":false,"_EventTimezone":"","_EventStartDate":"","_EventEndDate":"","_EventStartDateUTC":"","_EventEndDateUTC":"","_EventShowMap":false,"_EventShowMapLink":false,"_EventURL":"","_EventCost":"","_EventCostDescription":"","_EventCurrencySymbol":"","_EventCurrencyCode":"","_EventCurrencyPosition":"","_EventDateTimeSeparator":"","_EventTimeRangeSeparator":"","_EventOrganizerID":[],"_EventVenueID":[],"_OrganizerEmail":"","_OrganizerPhone":"","_OrganizerWebsite":"","_VenueAddress":"","_VenueCity":"","_VenueCountry":"","_VenueProvince":"","_VenueState":"","_VenueZip":"","_VenuePhone":"","_VenueURL":"","_VenueStateProvince":"","_VenueLat":"","_VenueLng":"","_VenueShowMap":false,"_VenueShowMapLink":false,"footnotes":""},"class_list":["post-653","page","type-page","status-publish","hentry"],"acf":[],"uagb_featured_image_src":{"full":false,"thumbnail":false,"medium":false,"medium_large":false,"large":false,"1536x1536":false,"2048x2048":false},"uagb_author_info":{"display_name":"fbred","author_link":"https:\/\/www.rers-evry-bdd.fr\/author\/fbred\/"},"uagb_comment_info":0,"uagb_excerpt":"Les AGs de FORESCO En 2025 l&rsquo;Assembl\u00e9e G\u00e9n\u00e9rale du Mouvement des R\u00e9seaux d&rsquo;\u00c9changes R\u00e9ciproques de Savoirs\u00ae de France FORESCO a eu lieu \u00e0 Orly les samedi 17 et dimanche 18 [&hellip;]","_links":{"self":[{"href":"https:\/\/www.rers-evry-bdd.fr\/index.php\/wp-json\/wp\/v2\/pages\/653","targetHints":{"allow":["GET"]}}],"collection":[{"href":"https:\/\/www.rers-evry-bdd.fr\/index.php\/wp-json\/wp\/v2\/pages"}],"about":[{"href":"https:\/\/www.rers-evry-bdd.fr\/index.php\/wp-json\/wp\/v2\/types\/page"}],"author":[{"embeddable":true,"href":"https:\/\/www.rers-evry-bdd.fr\/index.php\/wp-json\/wp\/v2\/users\/1"}],"replies":[{"embeddable":true,"href":"https:\/\/www.rers-evry-bdd.fr\/index.php\/wp-json\/wp\/v2\/comments?post=653"}],"version-history":[{"count":127,"href":"https:\/\/www.rers-evry-bdd.fr\/index.php\/wp-json\/wp\/v2\/pages\/653\/revisions"}],"predecessor-version":[{"id":6955,"href":"https:\/\/www.rers-evry-bdd.fr\/index.php\/wp-json\/wp\/v2\/pages\/653\/revisions\/6955"}],"up":[{"embeddable":true,"href":"https:\/\/www.rers-evry-bdd.fr\/index.php\/wp-json\/wp\/v2\/pages\/610"}],"wp:attachment":[{"href":"https:\/\/www.rers-evry-bdd.fr\/index.php\/wp-json\/wp\/v2\/media?parent=653"}],"curies":[{"name":"wp","href":"https:\/\/api.w.org\/{rel}","templated":true}]}}