{"id":987,"date":"2024-12-25T23:46:50","date_gmt":"2024-12-25T22:46:50","guid":{"rendered":"https:\/\/www.rers-evry-bdd.fr\/?page_id=987"},"modified":"2025-05-13T01:56:39","modified_gmt":"2025-05-12T23:56:39","slug":"comptes-rendus-conseil-jardin-en-partage","status":"publish","type":"page","link":"https:\/\/www.rers-evry-bdd.fr\/index.php\/demandes-offres-savoirs-rers-centre-essonne\/jardin-en-partage-rers-centre-essonne\/comptes-rendus-conseil-jardin-en-partage\/","title":{"rendered":"Comptes-rendus de Conseil Jardin en Partage"},"content":{"rendered":"\t\t<div data-elementor-type=\"wp-page\" data-elementor-id=\"987\" class=\"elementor elementor-987\" data-elementor-post-type=\"page\">\n\t\t\t\t<div class=\"elementor-element elementor-element-37fb42d4 e-flex e-con-boxed e-con e-parent\" data-id=\"37fb42d4\" data-element_type=\"container\" data-e-type=\"container\">\n\t\t\t\t\t<div class=\"e-con-inner\">\n\t\t\t\t<div class=\"elementor-element elementor-element-730ff49e elementor-widget__width-inherit elementor-widget elementor-widget-theme-post-featured-image elementor-widget-image\" data-id=\"730ff49e\" data-element_type=\"widget\" data-e-type=\"widget\" data-widget_type=\"theme-post-featured-image.default\">\n\t\t\t\t\t\t\t\t\t\t\t\t\t\t\t<img fetchpriority=\"high\" decoding=\"async\" width=\"938\" height=\"198\" src=\"https:\/\/www.rers-evry-bdd.fr\/wp-content\/uploads\/2025\/04\/bandeau_echanges_savoirs.webp\" class=\"attachment-full size-full wp-image-5549\" alt=\"\" srcset=\"https:\/\/www.rers-evry-bdd.fr\/wp-content\/uploads\/2025\/04\/bandeau_echanges_savoirs.webp 938w, https:\/\/www.rers-evry-bdd.fr\/wp-content\/uploads\/2025\/04\/bandeau_echanges_savoirs-300x63.webp 300w, https:\/\/www.rers-evry-bdd.fr\/wp-content\/uploads\/2025\/04\/bandeau_echanges_savoirs-768x162.webp 768w\" sizes=\"(max-width: 938px) 100vw, 938px\" \/>\t\t\t\t\t\t\t\t\t\t\t\t\t\t\t<\/div>\n\t\t\t\t<div class=\"elementor-element elementor-element-5a4fa492 elementor-nav-menu__align-start elementor-nav-menu--dropdown-mobile elementor-nav-menu__text-align-aside elementor-widget elementor-widget-nav-menu\" data-id=\"5a4fa492\" data-element_type=\"widget\" data-e-type=\"widget\" data-settings=\"{&quot;submenu_icon&quot;:{&quot;value&quot;:&quot;&lt;svg aria-hidden=\\&quot;true\\&quot; class=\\&quot;fa-svg-chevron-down e-font-icon-svg e-fas-chevron-down\\&quot; viewBox=\\&quot;0 0 448 512\\&quot; xmlns=\\&quot;http:\\\/\\\/www.w3.org\\\/2000\\\/svg\\&quot;&gt;&lt;path d=\\&quot;M207.029 381.476L12.686 187.132c-9.373-9.373-9.373-24.569 0-33.941l22.667-22.667c9.357-9.357 24.522-9.375 33.901-.04L224 284.505l154.745-154.021c9.379-9.335 24.544-9.317 33.901.04l22.667 22.667c9.373 9.373 9.373 24.569 0 33.941L240.971 381.476c-9.373 9.372-24.569 9.372-33.942 0z\\&quot;&gt;&lt;\\\/path&gt;&lt;\\\/svg&gt;&quot;,&quot;library&quot;:&quot;fa-solid&quot;},&quot;layout&quot;:&quot;horizontal&quot;}\" data-widget_type=\"nav-menu.default\">\n\t\t\t\t\t\t\t\t<nav aria-label=\"Menu\" class=\"elementor-nav-menu--main elementor-nav-menu__container elementor-nav-menu--layout-horizontal e--pointer-none\">\n\t\t\t\t<ul id=\"menu-1-5a4fa492\" class=\"elementor-nav-menu\"><li class=\"menu-item menu-item-type-post_type menu-item-object-page menu-item-home menu-item-6054\"><a href=\"https:\/\/www.rers-evry-bdd.fr\/\" class=\"elementor-item menu-link\">Accueil<\/a><\/li>\n<li class=\"menu-item menu-item-type-post_type menu-item-object-page menu-item-has-children menu-item-3654\"><a aria-expanded=\"false\" href=\"https:\/\/www.rers-evry-bdd.fr\/index.php\/qui-sommes-nous\/\" class=\"elementor-item menu-link\">Qui sommes-nous ?<span role=\"button\" class=\"dropdown-menu-toggle ast-header-navigation-arrow\" tabindex=\"0\" aria-expanded=\"false\" aria-label=\"Permutateur de Menu\" aria-haspopup=\"true\"><\/span><\/a>\n<ul class=\"sub-menu elementor-nav-menu--dropdown\">\n\t<li class=\"menu-item menu-item-type-post_type menu-item-object-page menu-item-2562\"><a href=\"https:\/\/www.rers-evry-bdd.fr\/index.php\/nos-valeurs-rers\/\" class=\"elementor-sub-item menu-link\">Nos valeurs<\/a><\/li>\n\t<li class=\"menu-item menu-item-type-post_type menu-item-object-page menu-item-2563\"><a href=\"https:\/\/www.rers-evry-bdd.fr\/index.php\/charte-rers-centre-essonne\/\" class=\"elementor-sub-item menu-link\">Charte des RERS<\/a><\/li>\n\t<li class=\"menu-item menu-item-type-post_type menu-item-object-page menu-item-2564\"><a href=\"https:\/\/www.rers-evry-bdd.fr\/index.php\/presentation-des-equipes\/\" class=\"elementor-sub-item menu-link\">L\u2019association et son organisation<\/a><\/li>\n\t<li class=\"menu-item menu-item-type-post_type menu-item-object-page menu-item-has-children menu-item-3788\"><a aria-expanded=\"false\" href=\"https:\/\/www.rers-evry-bdd.fr\/index.php\/communication\/\" class=\"elementor-sub-item menu-link\">La communication<span role=\"button\" class=\"dropdown-menu-toggle ast-header-navigation-arrow\" tabindex=\"0\" aria-expanded=\"false\" aria-label=\"Permutateur de Menu\" aria-haspopup=\"true\"><\/span><\/a>\n\t<ul class=\"sub-menu elementor-nav-menu--dropdown\">\n\t\t<li class=\"menu-item menu-item-type-post_type menu-item-object-page menu-item-2572\"><a href=\"https:\/\/www.rers-evry-bdd.fr\/index.php\/communication\/lettres-du-rers\/\" class=\"elementor-sub-item menu-link\">Les Lettres RERS<\/a><\/li>\n\t\t<li class=\"menu-item menu-item-type-post_type menu-item-object-page menu-item-2550\"><a href=\"https:\/\/www.rers-evry-bdd.fr\/index.php\/communication\/lir-lien-inter-rers\/\" class=\"elementor-sub-item menu-link\">LIR Lien Inter RERS<\/a><\/li>\n\t<\/ul>\n<\/li>\n\t<li class=\"menu-item menu-item-type-post_type menu-item-object-page menu-item-2565\"><a href=\"https:\/\/www.rers-evry-bdd.fr\/index.php\/partenaires-rers-centre-essonne\/\" class=\"elementor-sub-item menu-link\">Nos Partenaires<\/a><\/li>\n\t<li class=\"menu-item menu-item-type-post_type menu-item-object-page menu-item-has-children menu-item-4585\"><a aria-expanded=\"false\" href=\"https:\/\/www.rers-evry-bdd.fr\/index.php\/foresco-le-mouvement-des-rers\/\" class=\"elementor-sub-item menu-link\">FORESCO le Mouvement des RERS<span role=\"button\" class=\"dropdown-menu-toggle ast-header-navigation-arrow\" tabindex=\"0\" aria-expanded=\"false\" aria-label=\"Permutateur de Menu\" aria-haspopup=\"true\"><\/span><\/a>\n\t<ul class=\"sub-menu elementor-nav-menu--dropdown\">\n\t\t<li class=\"menu-item menu-item-type-post_type menu-item-object-page menu-item-8214\"><a href=\"https:\/\/www.rers-evry-bdd.fr\/index.php\/notre-histoire-nos-histoires-dans-le-reseau\/\" class=\"elementor-sub-item menu-link\">Fresque \u2013 Histoire des R\u00e9seaux<\/a><\/li>\n\t\t<li class=\"menu-item menu-item-type-post_type menu-item-object-page menu-item-4809\"><a href=\"https:\/\/www.rers-evry-bdd.fr\/index.php\/rencontres-automne-reseaux-des-rers\/\" class=\"elementor-sub-item menu-link\">Les Rencontres d\u2019automne<\/a><\/li>\n\t\t<li class=\"menu-item menu-item-type-post_type menu-item-object-page menu-item-3811\"><a href=\"https:\/\/www.rers-evry-bdd.fr\/index.php\/notre-histoire\/les-ags-de-foresco\/\" class=\"elementor-sub-item menu-link\">Les AGs de FORESCO<\/a><\/li>\n\t<\/ul>\n<\/li>\n\t<li class=\"menu-item menu-item-type-post_type menu-item-object-page menu-item-has-children menu-item-2566\"><a aria-expanded=\"false\" href=\"https:\/\/www.rers-evry-bdd.fr\/index.php\/notre-histoire\/\" class=\"elementor-sub-item menu-link\">Notre histoire<span role=\"button\" class=\"dropdown-menu-toggle ast-header-navigation-arrow\" tabindex=\"0\" aria-expanded=\"false\" aria-label=\"Permutateur de Menu\" aria-haspopup=\"true\"><\/span><\/a>\n\t<ul class=\"sub-menu elementor-nav-menu--dropdown\">\n\t\t<li class=\"menu-item menu-item-type-post_type menu-item-object-page menu-item-7936\"><a href=\"https:\/\/www.rers-evry-bdd.fr\/index.php\/notre-histoire-nos-histoires-dans-le-reseau\/\" class=\"elementor-sub-item menu-link\">Fresque \u2013 Histoire des R\u00e9seaux<\/a><\/li>\n\t\t<li class=\"menu-item menu-item-type-post_type menu-item-object-page menu-item-7692\"><a href=\"https:\/\/www.rers-evry-bdd.fr\/index.php\/qui-sommes-nous\/fete-des-45-ans\/\" class=\"elementor-sub-item menu-link\">F\u00eate des 45 ans<\/a><\/li>\n\t\t<li class=\"menu-item menu-item-type-post_type menu-item-object-page menu-item-2611\"><a href=\"https:\/\/www.rers-evry-bdd.fr\/index.php\/page-en-construction-2\/\" class=\"elementor-sub-item menu-link\">F\u00eate des 50 de FORESCO<\/a><\/li>\n\t<\/ul>\n<\/li>\n<\/ul>\n<\/li>\n<li class=\"menu-item menu-item-type-post_type menu-item-object-page menu-item-has-children menu-item-4611\"><a aria-expanded=\"false\" href=\"https:\/\/www.rers-evry-bdd.fr\/index.php\/demandes-offres-savoirs-rers-centre-essonne\/echanges-de-savoirs-evry-essonne\/\" class=\"elementor-item menu-link\">\u00c9changes de Savoirs<span role=\"button\" class=\"dropdown-menu-toggle ast-header-navigation-arrow\" tabindex=\"0\" aria-expanded=\"false\" aria-label=\"Permutateur de Menu\" aria-haspopup=\"true\"><\/span><\/a>\n<ul class=\"sub-menu elementor-nav-menu--dropdown\">\n\t<li class=\"menu-item menu-item-type-post_type menu-item-object-page menu-item-2568\"><a href=\"https:\/\/www.rers-evry-bdd.fr\/index.php\/demandes-offres-savoirs-rers-centre-essonne\/ca-se-passe-comment\/\" class=\"elementor-sub-item menu-link\">\u00c7a se passe comment ?<\/a><\/li>\n\t<li class=\"menu-item menu-item-type-post_type menu-item-object-page menu-item-2567\"><a href=\"https:\/\/www.rers-evry-bdd.fr\/index.php\/demandes-offres-savoirs-rers-centre-essonne\/\" class=\"elementor-sub-item menu-link\">Demandes\/Offres en attente\u2026<\/a><\/li>\n\t<li class=\"menu-item menu-item-type-post_type menu-item-object-page menu-item-has-children menu-item-2974\"><a aria-expanded=\"false\" href=\"https:\/\/www.rers-evry-bdd.fr\/index.php\/demandes-offres-savoirs-rers-centre-essonne\/echanges-collectifs-en-cours\/\" class=\"elementor-sub-item menu-link\">\u00c9changes collectifs de savoirs en cours<span role=\"button\" class=\"dropdown-menu-toggle ast-header-navigation-arrow\" tabindex=\"0\" aria-expanded=\"false\" aria-label=\"Permutateur de Menu\" aria-haspopup=\"true\"><\/span><\/a>\n\t<ul class=\"sub-menu elementor-nav-menu--dropdown\">\n\t\t<li class=\"menu-item menu-item-type-post_type menu-item-object-page menu-item-2569\"><a href=\"https:\/\/www.rers-evry-bdd.fr\/index.php\/demandes-offres-savoirs-rers-centre-essonne\/clas-rers-centre-essonne\/\" class=\"elementor-sub-item menu-link\">CLAS : les \u00e9changes de savoirs dans l\u2019accompagnement \u00e0 la scolarit\u00e9<\/a><\/li>\n\t\t<li class=\"menu-item menu-item-type-post_type menu-item-object-page menu-item-4949\"><a href=\"https:\/\/www.rers-evry-bdd.fr\/index.php\/demandes-offres-savoirs-rers-centre-essonne\/echanges-vacances-rers-centre-essonne\/\" class=\"elementor-sub-item menu-link\">Les \u00e9changes Vacances<\/a><\/li>\n\t\t<li class=\"menu-item menu-item-type-post_type menu-item-object-page menu-item-2578\"><a href=\"https:\/\/www.rers-evry-bdd.fr\/index.php\/demandes-offres-savoirs-rers-centre-essonne\/jardin-en-partage-rers-centre-essonne\/elementor-page-913\/\" class=\"elementor-sub-item menu-link\">Jardin en Partage<\/a><\/li>\n\t\t<li class=\"menu-item menu-item-type-post_type menu-item-object-page menu-item-3061\"><a href=\"https:\/\/www.rers-evry-bdd.fr\/index.php\/demandes-offres-savoirs-rers-centre-essonne\/echanges-collectifs-en-cours\/parlons-laicite\/\" class=\"elementor-sub-item menu-link\">Parlons La\u00efcit\u00e9<\/a><\/li>\n\t<\/ul>\n<\/li>\n\t<li class=\"menu-item menu-item-type-post_type menu-item-object-page menu-item-4596\"><a href=\"https:\/\/www.rers-evry-bdd.fr\/index.php\/page-en-construction-2\/exemple-echanges-de-savoirs-thesaurus\/\" class=\"elementor-sub-item menu-link\">Exemples d\u2019\u00e9changes de savoirs \u2013 th\u00e9saurus<\/a><\/li>\n<\/ul>\n<\/li>\n<li class=\"menu-item menu-item-type-post_type menu-item-object-page menu-item-has-children menu-item-4553\"><a aria-expanded=\"false\" href=\"https:\/\/www.rers-evry-bdd.fr\/index.php\/nos-projets\/\" class=\"elementor-item menu-link\">Nos projets<span role=\"button\" class=\"dropdown-menu-toggle ast-header-navigation-arrow\" tabindex=\"0\" aria-expanded=\"false\" aria-label=\"Permutateur de Menu\" aria-haspopup=\"true\"><\/span><\/a>\n<ul class=\"sub-menu elementor-nav-menu--dropdown\">\n\t<li class=\"menu-item menu-item-type-post_type menu-item-object-page menu-item-5020\"><a href=\"https:\/\/www.rers-evry-bdd.fr\/index.php\/projets-annee-rers-centre-essonne\/\" class=\"elementor-sub-item menu-link\">Les projets de l\u2019ann\u00e9e<\/a><\/li>\n\t<li class=\"menu-item menu-item-type-post_type menu-item-object-page menu-item-2577\"><a href=\"https:\/\/www.rers-evry-bdd.fr\/index.php\/clas-au-rers\/\" class=\"elementor-sub-item menu-link\">CLAS au RERS<\/a><\/li>\n\t<li class=\"menu-item menu-item-type-post_type menu-item-object-page menu-item-2570\"><a href=\"https:\/\/www.rers-evry-bdd.fr\/index.php\/demandes-offres-savoirs-rers-centre-essonne\/jardin-en-partage-rers-centre-essonne\/\" class=\"elementor-sub-item menu-link\">Jardin en Partage<\/a><\/li>\n\t<li class=\"menu-item menu-item-type-post_type menu-item-object-page menu-item-2554\"><a href=\"https:\/\/www.rers-evry-bdd.fr\/index.php\/ville-apprenante-evry-courcouronnes\/\" class=\"elementor-sub-item menu-link\">Avec \u00c9vry-Courcouronnes \u2013 Ville Apprenante<\/a><\/li>\n<\/ul>\n<\/li>\n<li class=\"menu-item menu-item-type-post_type menu-item-object-page menu-item-has-children menu-item-2555\"><a aria-expanded=\"false\" href=\"https:\/\/www.rers-evry-bdd.fr\/index.php\/demandes-offres-savoirs-rers-centre-essonne\/echanges-collectifs-en-cours\/formations-reciproques-rers\/\" class=\"elementor-item menu-link\">Nos formations<span role=\"button\" class=\"dropdown-menu-toggle ast-header-navigation-arrow\" tabindex=\"0\" aria-expanded=\"false\" aria-label=\"Permutateur de Menu\" aria-haspopup=\"true\"><\/span><\/a>\n<ul class=\"sub-menu elementor-nav-menu--dropdown\">\n\t<li class=\"menu-item menu-item-type-post_type menu-item-object-page menu-item-4491\"><a href=\"https:\/\/www.rers-evry-bdd.fr\/index.php\/co-formation-interne\/\" class=\"elementor-sub-item menu-link\">Co-formation interne<\/a><\/li>\n\t<li class=\"menu-item menu-item-type-post_type menu-item-object-page menu-item-4496\"><a href=\"https:\/\/www.rers-evry-bdd.fr\/index.php\/formations-foresco\/\" class=\"elementor-sub-item menu-link\">Formations FORESCO<\/a><\/li>\n<\/ul>\n<\/li>\n<li class=\"menu-item menu-item-type-post_type menu-item-object-page menu-item-2556\"><a href=\"https:\/\/www.rers-evry-bdd.fr\/index.php\/ou-nous-rencontrer-rers-centre-essonne\/\" class=\"elementor-item menu-link\">O\u00f9 nous trouver ?<\/a><\/li>\n<li class=\"menu-item menu-item-type-post_type menu-item-object-page menu-item-4454\"><a href=\"https:\/\/www.rers-evry-bdd.fr\/index.php\/ou-nous-rencontrer-rers-centre-essonne\/contacter-rers-evry-essonne\/\" class=\"elementor-item menu-link\">Nous contacter<\/a><\/li>\n<\/ul>\t\t\t<\/nav>\n\t\t\t\t\t\t<nav class=\"elementor-nav-menu--dropdown elementor-nav-menu__container\" aria-hidden=\"true\">\n\t\t\t\t<ul id=\"menu-2-5a4fa492\" class=\"elementor-nav-menu\"><li class=\"menu-item menu-item-type-post_type menu-item-object-page menu-item-home menu-item-6054\"><a href=\"https:\/\/www.rers-evry-bdd.fr\/\" class=\"elementor-item menu-link\" tabindex=\"-1\">Accueil<\/a><\/li>\n<li class=\"menu-item menu-item-type-post_type menu-item-object-page menu-item-has-children menu-item-3654\"><a aria-expanded=\"false\" href=\"https:\/\/www.rers-evry-bdd.fr\/index.php\/qui-sommes-nous\/\" class=\"elementor-item menu-link\" tabindex=\"-1\">Qui sommes-nous ?<span role=\"button\" class=\"dropdown-menu-toggle ast-header-navigation-arrow\" tabindex=\"0\" aria-expanded=\"false\" aria-label=\"Permutateur de Menu\" aria-haspopup=\"true\"><\/span><\/a>\n<ul class=\"sub-menu elementor-nav-menu--dropdown\">\n\t<li class=\"menu-item menu-item-type-post_type menu-item-object-page menu-item-2562\"><a href=\"https:\/\/www.rers-evry-bdd.fr\/index.php\/nos-valeurs-rers\/\" class=\"elementor-sub-item menu-link\" tabindex=\"-1\">Nos valeurs<\/a><\/li>\n\t<li class=\"menu-item menu-item-type-post_type menu-item-object-page menu-item-2563\"><a href=\"https:\/\/www.rers-evry-bdd.fr\/index.php\/charte-rers-centre-essonne\/\" class=\"elementor-sub-item menu-link\" tabindex=\"-1\">Charte des RERS<\/a><\/li>\n\t<li class=\"menu-item menu-item-type-post_type menu-item-object-page menu-item-2564\"><a href=\"https:\/\/www.rers-evry-bdd.fr\/index.php\/presentation-des-equipes\/\" class=\"elementor-sub-item menu-link\" tabindex=\"-1\">L\u2019association et son organisation<\/a><\/li>\n\t<li class=\"menu-item menu-item-type-post_type menu-item-object-page menu-item-has-children menu-item-3788\"><a aria-expanded=\"false\" href=\"https:\/\/www.rers-evry-bdd.fr\/index.php\/communication\/\" class=\"elementor-sub-item menu-link\" tabindex=\"-1\">La communication<span role=\"button\" class=\"dropdown-menu-toggle ast-header-navigation-arrow\" tabindex=\"0\" aria-expanded=\"false\" aria-label=\"Permutateur de Menu\" aria-haspopup=\"true\"><\/span><\/a>\n\t<ul class=\"sub-menu elementor-nav-menu--dropdown\">\n\t\t<li class=\"menu-item menu-item-type-post_type menu-item-object-page menu-item-2572\"><a href=\"https:\/\/www.rers-evry-bdd.fr\/index.php\/communication\/lettres-du-rers\/\" class=\"elementor-sub-item menu-link\" tabindex=\"-1\">Les Lettres RERS<\/a><\/li>\n\t\t<li class=\"menu-item menu-item-type-post_type menu-item-object-page menu-item-2550\"><a href=\"https:\/\/www.rers-evry-bdd.fr\/index.php\/communication\/lir-lien-inter-rers\/\" class=\"elementor-sub-item menu-link\" tabindex=\"-1\">LIR Lien Inter RERS<\/a><\/li>\n\t<\/ul>\n<\/li>\n\t<li class=\"menu-item menu-item-type-post_type menu-item-object-page menu-item-2565\"><a href=\"https:\/\/www.rers-evry-bdd.fr\/index.php\/partenaires-rers-centre-essonne\/\" class=\"elementor-sub-item menu-link\" tabindex=\"-1\">Nos Partenaires<\/a><\/li>\n\t<li class=\"menu-item menu-item-type-post_type menu-item-object-page menu-item-has-children menu-item-4585\"><a aria-expanded=\"false\" href=\"https:\/\/www.rers-evry-bdd.fr\/index.php\/foresco-le-mouvement-des-rers\/\" class=\"elementor-sub-item menu-link\" tabindex=\"-1\">FORESCO le Mouvement des RERS<span role=\"button\" class=\"dropdown-menu-toggle ast-header-navigation-arrow\" tabindex=\"0\" aria-expanded=\"false\" aria-label=\"Permutateur de Menu\" aria-haspopup=\"true\"><\/span><\/a>\n\t<ul class=\"sub-menu elementor-nav-menu--dropdown\">\n\t\t<li class=\"menu-item menu-item-type-post_type menu-item-object-page menu-item-8214\"><a href=\"https:\/\/www.rers-evry-bdd.fr\/index.php\/notre-histoire-nos-histoires-dans-le-reseau\/\" class=\"elementor-sub-item menu-link\" tabindex=\"-1\">Fresque \u2013 Histoire des R\u00e9seaux<\/a><\/li>\n\t\t<li class=\"menu-item menu-item-type-post_type menu-item-object-page menu-item-4809\"><a href=\"https:\/\/www.rers-evry-bdd.fr\/index.php\/rencontres-automne-reseaux-des-rers\/\" class=\"elementor-sub-item menu-link\" tabindex=\"-1\">Les Rencontres d\u2019automne<\/a><\/li>\n\t\t<li class=\"menu-item menu-item-type-post_type menu-item-object-page menu-item-3811\"><a href=\"https:\/\/www.rers-evry-bdd.fr\/index.php\/notre-histoire\/les-ags-de-foresco\/\" class=\"elementor-sub-item menu-link\" tabindex=\"-1\">Les AGs de FORESCO<\/a><\/li>\n\t<\/ul>\n<\/li>\n\t<li class=\"menu-item menu-item-type-post_type menu-item-object-page menu-item-has-children menu-item-2566\"><a aria-expanded=\"false\" href=\"https:\/\/www.rers-evry-bdd.fr\/index.php\/notre-histoire\/\" class=\"elementor-sub-item menu-link\" tabindex=\"-1\">Notre histoire<span role=\"button\" class=\"dropdown-menu-toggle ast-header-navigation-arrow\" tabindex=\"0\" aria-expanded=\"false\" aria-label=\"Permutateur de Menu\" aria-haspopup=\"true\"><\/span><\/a>\n\t<ul class=\"sub-menu elementor-nav-menu--dropdown\">\n\t\t<li class=\"menu-item menu-item-type-post_type menu-item-object-page menu-item-7936\"><a href=\"https:\/\/www.rers-evry-bdd.fr\/index.php\/notre-histoire-nos-histoires-dans-le-reseau\/\" class=\"elementor-sub-item menu-link\" tabindex=\"-1\">Fresque \u2013 Histoire des R\u00e9seaux<\/a><\/li>\n\t\t<li class=\"menu-item menu-item-type-post_type menu-item-object-page menu-item-7692\"><a href=\"https:\/\/www.rers-evry-bdd.fr\/index.php\/qui-sommes-nous\/fete-des-45-ans\/\" class=\"elementor-sub-item menu-link\" tabindex=\"-1\">F\u00eate des 45 ans<\/a><\/li>\n\t\t<li class=\"menu-item menu-item-type-post_type menu-item-object-page menu-item-2611\"><a href=\"https:\/\/www.rers-evry-bdd.fr\/index.php\/page-en-construction-2\/\" class=\"elementor-sub-item menu-link\" tabindex=\"-1\">F\u00eate des 50 de FORESCO<\/a><\/li>\n\t<\/ul>\n<\/li>\n<\/ul>\n<\/li>\n<li class=\"menu-item menu-item-type-post_type menu-item-object-page menu-item-has-children menu-item-4611\"><a aria-expanded=\"false\" href=\"https:\/\/www.rers-evry-bdd.fr\/index.php\/demandes-offres-savoirs-rers-centre-essonne\/echanges-de-savoirs-evry-essonne\/\" class=\"elementor-item menu-link\" tabindex=\"-1\">\u00c9changes de Savoirs<span role=\"button\" class=\"dropdown-menu-toggle ast-header-navigation-arrow\" tabindex=\"0\" aria-expanded=\"false\" aria-label=\"Permutateur de Menu\" aria-haspopup=\"true\"><\/span><\/a>\n<ul class=\"sub-menu elementor-nav-menu--dropdown\">\n\t<li class=\"menu-item menu-item-type-post_type menu-item-object-page menu-item-2568\"><a href=\"https:\/\/www.rers-evry-bdd.fr\/index.php\/demandes-offres-savoirs-rers-centre-essonne\/ca-se-passe-comment\/\" class=\"elementor-sub-item menu-link\" tabindex=\"-1\">\u00c7a se passe comment ?<\/a><\/li>\n\t<li class=\"menu-item menu-item-type-post_type menu-item-object-page menu-item-2567\"><a href=\"https:\/\/www.rers-evry-bdd.fr\/index.php\/demandes-offres-savoirs-rers-centre-essonne\/\" class=\"elementor-sub-item menu-link\" tabindex=\"-1\">Demandes\/Offres en attente\u2026<\/a><\/li>\n\t<li class=\"menu-item menu-item-type-post_type menu-item-object-page menu-item-has-children menu-item-2974\"><a aria-expanded=\"false\" href=\"https:\/\/www.rers-evry-bdd.fr\/index.php\/demandes-offres-savoirs-rers-centre-essonne\/echanges-collectifs-en-cours\/\" class=\"elementor-sub-item menu-link\" tabindex=\"-1\">\u00c9changes collectifs de savoirs en cours<span role=\"button\" class=\"dropdown-menu-toggle ast-header-navigation-arrow\" tabindex=\"0\" aria-expanded=\"false\" aria-label=\"Permutateur de Menu\" aria-haspopup=\"true\"><\/span><\/a>\n\t<ul class=\"sub-menu elementor-nav-menu--dropdown\">\n\t\t<li class=\"menu-item menu-item-type-post_type menu-item-object-page menu-item-2569\"><a href=\"https:\/\/www.rers-evry-bdd.fr\/index.php\/demandes-offres-savoirs-rers-centre-essonne\/clas-rers-centre-essonne\/\" class=\"elementor-sub-item menu-link\" tabindex=\"-1\">CLAS : les \u00e9changes de savoirs dans l\u2019accompagnement \u00e0 la scolarit\u00e9<\/a><\/li>\n\t\t<li class=\"menu-item menu-item-type-post_type menu-item-object-page menu-item-4949\"><a href=\"https:\/\/www.rers-evry-bdd.fr\/index.php\/demandes-offres-savoirs-rers-centre-essonne\/echanges-vacances-rers-centre-essonne\/\" class=\"elementor-sub-item menu-link\" tabindex=\"-1\">Les \u00e9changes Vacances<\/a><\/li>\n\t\t<li class=\"menu-item menu-item-type-post_type menu-item-object-page menu-item-2578\"><a href=\"https:\/\/www.rers-evry-bdd.fr\/index.php\/demandes-offres-savoirs-rers-centre-essonne\/jardin-en-partage-rers-centre-essonne\/elementor-page-913\/\" class=\"elementor-sub-item menu-link\" tabindex=\"-1\">Jardin en Partage<\/a><\/li>\n\t\t<li class=\"menu-item menu-item-type-post_type menu-item-object-page menu-item-3061\"><a href=\"https:\/\/www.rers-evry-bdd.fr\/index.php\/demandes-offres-savoirs-rers-centre-essonne\/echanges-collectifs-en-cours\/parlons-laicite\/\" class=\"elementor-sub-item menu-link\" tabindex=\"-1\">Parlons La\u00efcit\u00e9<\/a><\/li>\n\t<\/ul>\n<\/li>\n\t<li class=\"menu-item menu-item-type-post_type menu-item-object-page menu-item-4596\"><a href=\"https:\/\/www.rers-evry-bdd.fr\/index.php\/page-en-construction-2\/exemple-echanges-de-savoirs-thesaurus\/\" class=\"elementor-sub-item menu-link\" tabindex=\"-1\">Exemples d\u2019\u00e9changes de savoirs \u2013 th\u00e9saurus<\/a><\/li>\n<\/ul>\n<\/li>\n<li class=\"menu-item menu-item-type-post_type menu-item-object-page menu-item-has-children menu-item-4553\"><a aria-expanded=\"false\" href=\"https:\/\/www.rers-evry-bdd.fr\/index.php\/nos-projets\/\" class=\"elementor-item menu-link\" tabindex=\"-1\">Nos projets<span role=\"button\" class=\"dropdown-menu-toggle ast-header-navigation-arrow\" tabindex=\"0\" aria-expanded=\"false\" aria-label=\"Permutateur de Menu\" aria-haspopup=\"true\"><\/span><\/a>\n<ul class=\"sub-menu elementor-nav-menu--dropdown\">\n\t<li class=\"menu-item menu-item-type-post_type menu-item-object-page menu-item-5020\"><a href=\"https:\/\/www.rers-evry-bdd.fr\/index.php\/projets-annee-rers-centre-essonne\/\" class=\"elementor-sub-item menu-link\" tabindex=\"-1\">Les projets de l\u2019ann\u00e9e<\/a><\/li>\n\t<li class=\"menu-item menu-item-type-post_type menu-item-object-page menu-item-2577\"><a href=\"https:\/\/www.rers-evry-bdd.fr\/index.php\/clas-au-rers\/\" class=\"elementor-sub-item menu-link\" tabindex=\"-1\">CLAS au RERS<\/a><\/li>\n\t<li class=\"menu-item menu-item-type-post_type menu-item-object-page menu-item-2570\"><a href=\"https:\/\/www.rers-evry-bdd.fr\/index.php\/demandes-offres-savoirs-rers-centre-essonne\/jardin-en-partage-rers-centre-essonne\/\" class=\"elementor-sub-item menu-link\" tabindex=\"-1\">Jardin en Partage<\/a><\/li>\n\t<li class=\"menu-item menu-item-type-post_type menu-item-object-page menu-item-2554\"><a href=\"https:\/\/www.rers-evry-bdd.fr\/index.php\/ville-apprenante-evry-courcouronnes\/\" class=\"elementor-sub-item menu-link\" tabindex=\"-1\">Avec \u00c9vry-Courcouronnes \u2013 Ville Apprenante<\/a><\/li>\n<\/ul>\n<\/li>\n<li class=\"menu-item menu-item-type-post_type menu-item-object-page menu-item-has-children menu-item-2555\"><a aria-expanded=\"false\" href=\"https:\/\/www.rers-evry-bdd.fr\/index.php\/demandes-offres-savoirs-rers-centre-essonne\/echanges-collectifs-en-cours\/formations-reciproques-rers\/\" class=\"elementor-item menu-link\" tabindex=\"-1\">Nos formations<span role=\"button\" class=\"dropdown-menu-toggle ast-header-navigation-arrow\" tabindex=\"0\" aria-expanded=\"false\" aria-label=\"Permutateur de Menu\" aria-haspopup=\"true\"><\/span><\/a>\n<ul class=\"sub-menu elementor-nav-menu--dropdown\">\n\t<li class=\"menu-item menu-item-type-post_type menu-item-object-page menu-item-4491\"><a href=\"https:\/\/www.rers-evry-bdd.fr\/index.php\/co-formation-interne\/\" class=\"elementor-sub-item menu-link\" tabindex=\"-1\">Co-formation interne<\/a><\/li>\n\t<li class=\"menu-item menu-item-type-post_type menu-item-object-page menu-item-4496\"><a href=\"https:\/\/www.rers-evry-bdd.fr\/index.php\/formations-foresco\/\" class=\"elementor-sub-item menu-link\" tabindex=\"-1\">Formations FORESCO<\/a><\/li>\n<\/ul>\n<\/li>\n<li class=\"menu-item menu-item-type-post_type menu-item-object-page menu-item-2556\"><a href=\"https:\/\/www.rers-evry-bdd.fr\/index.php\/ou-nous-rencontrer-rers-centre-essonne\/\" class=\"elementor-item menu-link\" tabindex=\"-1\">O\u00f9 nous trouver ?<\/a><\/li>\n<li class=\"menu-item menu-item-type-post_type menu-item-object-page menu-item-4454\"><a href=\"https:\/\/www.rers-evry-bdd.fr\/index.php\/ou-nous-rencontrer-rers-centre-essonne\/contacter-rers-evry-essonne\/\" class=\"elementor-item menu-link\" tabindex=\"-1\">Nous contacter<\/a><\/li>\n<\/ul>\t\t\t<\/nav>\n\t\t\t\t\t\t<\/div>\n\t\t\t\t<div class=\"elementor-element elementor-element-84dfec0 elementor-widget elementor-widget-page-title\" data-id=\"84dfec0\" data-element_type=\"widget\" data-e-type=\"widget\" data-widget_type=\"page-title.default\">\n\t\t\t\t<div class=\"elementor-widget-container\">\n\t\t\t\t\t\t\t\n\t\t<div class=\"hfe-page-title hfe-page-title-wrapper elementor-widget-heading\">\n\n\t\t\t\t\t\t\t\t\t\t\t<a href=\"https:\/\/www.rers-evry-bdd.fr\">\n\t\t\t\t\t\t<h2 class=\"elementor-heading-title elementor-size-default\">\n\t\t\t\t\t\t\t\t\n\t\t\t\tComptes-rendus de Conseil Jardin en Partage  \n\t\t\t<\/h2 > \n\t\t\t\t\t\t\t\t\t<\/a>\n\t\t\t\t\t<\/div>\n\t\t\t\t\t\t<\/div>\n\t\t\t\t<\/div>\n\t\t\t\t\t<\/div>\n\t\t\t\t<\/div>\n\t\t<div class=\"elementor-element elementor-element-615b3b9 e-flex e-con-boxed e-con e-parent\" data-id=\"615b3b9\" data-element_type=\"container\" data-e-type=\"container\">\n\t\t\t\t\t<div class=\"e-con-inner\">\n\t\t<div class=\"elementor-element elementor-element-169126c e-con-full e-flex e-con e-child\" data-id=\"169126c\" data-element_type=\"container\" data-e-type=\"container\">\n\t\t\t\t<div class=\"elementor-element elementor-element-ee72736 elementor-widget elementor-widget-text-editor\" data-id=\"ee72736\" data-element_type=\"widget\" data-e-type=\"widget\" data-widget_type=\"text-editor.default\">\n\t\t\t\t\t\t\t\t\t<p>Lire ou t\u00e9l\u00e9charger le dernier compte-rendu <br \/>du Conseil du Jardin en Partage<\/p>\t\t\t\t\t\t\t\t<\/div>\n\t\t\t\t<div class=\"elementor-element elementor-element-28f8c34 elementor-widget elementor-widget-button\" data-id=\"28f8c34\" data-element_type=\"widget\" data-e-type=\"widget\" data-widget_type=\"button.default\">\n\t\t\t\t\t\t\t\t\t\t<a class=\"elementor-button elementor-button-link elementor-size-sm\" href=\"https:\/\/www.rers-evry-bdd.fr\/wp-content\/uploads\/2025\/03\/CONSEIL_JARDIN_EN_PARTAGE25mar05.pdf\" target=\"_blank\">\n\t\t\t\t\t\t<span class=\"elementor-button-content-wrapper\">\n\t\t\t\t\t\t\t\t\t<span class=\"elementor-button-text\">mar. 2025<\/span>\n\t\t\t\t\t<\/span>\n\t\t\t\t\t<\/a>\n\t\t\t\t\t\t\t\t<\/div>\n\t\t\t\t<div class=\"elementor-element elementor-element-1434042 elementor-widget elementor-widget-text-editor\" data-id=\"1434042\" data-element_type=\"widget\" data-e-type=\"widget\" data-widget_type=\"text-editor.default\">\n\t\t\t\t\t\t\t\t\t<p>Lire ou t\u00e9l\u00e9charger le dernier compte-rendu <br \/>du Conseil du Jardin en Partage<\/p>\t\t\t\t\t\t\t\t<\/div>\n\t\t\t\t<div class=\"elementor-element elementor-element-87ae12d elementor-widget elementor-widget-button\" data-id=\"87ae12d\" data-element_type=\"widget\" data-e-type=\"widget\" data-widget_type=\"button.default\">\n\t\t\t\t\t\t\t\t\t\t<a class=\"elementor-button elementor-button-link elementor-size-sm\" href=\"https:\/\/www.rers-evry-bdd.fr\/wp-content\/uploads\/2024\/12\/CONSEIL_JARDIN_EN_PARTAGE24Nov27.pdf\" target=\"_blank\">\n\t\t\t\t\t\t<span class=\"elementor-button-content-wrapper\">\n\t\t\t\t\t\t\t\t\t<span class=\"elementor-button-text\">nov. 2024<\/span>\n\t\t\t\t\t<\/span>\n\t\t\t\t\t<\/a>\n\t\t\t\t\t\t\t\t<\/div>\n\t\t\t\t<div class=\"elementor-element elementor-element-f66493e elementor-widget elementor-widget-text-editor\" data-id=\"f66493e\" data-element_type=\"widget\" data-e-type=\"widget\" data-widget_type=\"text-editor.default\">\n\t\t\t\t\t\t\t\t\t<p>Compte-rendu <br \/>du Conseil du Jardin en Partage<\/p>\t\t\t\t\t\t\t\t<\/div>\n\t\t\t\t<div class=\"elementor-element elementor-element-16ef184 elementor-widget elementor-widget-button\" data-id=\"16ef184\" data-element_type=\"widget\" data-e-type=\"widget\" data-widget_type=\"button.default\">\n\t\t\t\t\t\t\t\t\t\t<a class=\"elementor-button elementor-button-link elementor-size-sm\" href=\"https:\/\/www.rers-evry-bdd.fr\/wp-content\/uploads\/2024\/12\/CONSEIL_JARDIN_EN_PARTAGE24fev28.pdf\" target=\"_blank\">\n\t\t\t\t\t\t<span class=\"elementor-button-content-wrapper\">\n\t\t\t\t\t\t\t\t\t<span class=\"elementor-button-text\">fev. 2024<\/span>\n\t\t\t\t\t<\/span>\n\t\t\t\t\t<\/a>\n\t\t\t\t\t\t\t\t<\/div>\n\t\t\t\t<div class=\"elementor-element elementor-element-45a8690 elementor-widget elementor-widget-text-editor\" data-id=\"45a8690\" data-element_type=\"widget\" data-e-type=\"widget\" data-widget_type=\"text-editor.default\">\n\t\t\t\t\t\t\t\t\t<p>Compte-rendu <br \/>du Conseil du Jardin en Partage<\/p>\t\t\t\t\t\t\t\t<\/div>\n\t\t\t\t<div class=\"elementor-element elementor-element-c733d88 elementor-widget elementor-widget-button\" data-id=\"c733d88\" data-element_type=\"widget\" data-e-type=\"widget\" data-widget_type=\"button.default\">\n\t\t\t\t\t\t\t\t\t\t<a class=\"elementor-button elementor-button-link elementor-size-sm\" href=\"https:\/\/www.rers-evry-bdd.fr\/wp-content\/uploads\/2024\/12\/CONSEIL_JARDIN_EN_PARTAGE24jan24docx.pdf\" target=\"_blank\">\n\t\t\t\t\t\t<span class=\"elementor-button-content-wrapper\">\n\t\t\t\t\t\t\t\t\t<span class=\"elementor-button-text\">janv. 2024<\/span>\n\t\t\t\t\t<\/span>\n\t\t\t\t\t<\/a>\n\t\t\t\t\t\t\t\t<\/div>\n\t\t\t\t<div class=\"elementor-element elementor-element-68bfed2 elementor-widget elementor-widget-text-editor\" data-id=\"68bfed2\" data-element_type=\"widget\" data-e-type=\"widget\" data-widget_type=\"text-editor.default\">\n\t\t\t\t\t\t\t\t\t<p>Compte-rendu <br \/>du Conseil du Jardin en Partage<\/p>\t\t\t\t\t\t\t\t<\/div>\n\t\t\t\t<\/div>\n\t\t<div class=\"elementor-element elementor-element-7f1d52f e-con-full e-flex e-con e-child\" data-id=\"7f1d52f\" data-element_type=\"container\" data-e-type=\"container\">\n\t\t\t\t<div class=\"elementor-element elementor-element-4ff20ad elementor-widget elementor-widget-image\" data-id=\"4ff20ad\" data-element_type=\"widget\" data-e-type=\"widget\" data-widget_type=\"image.default\">\n\t\t\t\t\t\t\t\t\t\t\t\t\t\t\t<img decoding=\"async\" src=\"https:\/\/www.rers-evry-bdd.fr\/wp-content\/uploads\/elementor\/thumbs\/jardin_en_partage-scaled-qz9u6cq27axlr4xssmbrtozmstgjl7bltvfw1teess.jpg\" title=\"jardin_en_partage\" alt=\"jardin_en_partage\" loading=\"lazy\" \/>\t\t\t\t\t\t\t\t\t\t\t\t\t\t\t<\/div>\n\t\t\t\t<\/div>\n\t\t\t\t\t<\/div>\n\t\t\t\t<\/div>\n\t\t<div class=\"elementor-element elementor-element-35bb6be6 e-flex e-con-boxed e-con e-parent\" data-id=\"35bb6be6\" data-element_type=\"container\" data-e-type=\"container\">\n\t\t\t\t\t<div class=\"e-con-inner\">\n\t\t\t\t<div class=\"elementor-element elementor-element-798f1cf4 elementor-widget elementor-widget-spacer\" data-id=\"798f1cf4\" data-element_type=\"widget\" data-e-type=\"widget\" data-widget_type=\"spacer.default\">\n\t\t\t\t\t\t\t<div class=\"elementor-spacer\">\n\t\t\t<div class=\"elementor-spacer-inner\"><\/div>\n\t\t<\/div>\n\t\t\t\t\t\t<\/div>\n\t\t\t\t\t<\/div>\n\t\t\t\t<\/div>\n\t\t<div class=\"elementor-element elementor-element-401e3d27 e-flex e-con-boxed e-con e-parent\" data-id=\"401e3d27\" data-element_type=\"container\" data-e-type=\"container\">\n\t\t\t\t\t<div class=\"e-con-inner\">\n\t\t\t\t<div class=\"elementor-element elementor-element-2bf8e7eb elementor-widget elementor-widget-spacer\" data-id=\"2bf8e7eb\" data-element_type=\"widget\" data-e-type=\"widget\" data-widget_type=\"spacer.default\">\n\t\t\t\t\t\t\t<div class=\"elementor-spacer\">\n\t\t\t<div class=\"elementor-spacer-inner\"><\/div>\n\t\t<\/div>\n\t\t\t\t\t\t<\/div>\n\t\t\t\t\t<\/div>\n\t\t\t\t<\/div>\n\t\t\t\t<\/div>\n\t\t","protected":false},"excerpt":{"rendered":"<p>Comptes-rendus de Conseil Jardin en Partage Lire ou t\u00e9l\u00e9charger le dernier compte-rendu du Conseil du Jardin en Partage mar. 2025 Lire ou t\u00e9l\u00e9charger le dernier compte-rendu du Conseil du Jardin [&hellip;]<\/p>\n","protected":false},"author":1,"featured_media":5549,"parent":7,"menu_order":4,"comment_status":"closed","ping_status":"closed","template":"","meta":{"_acf_changed":false,"_uag_custom_page_level_css":"","site-sidebar-layout":"default","site-content-layout":"","ast-site-content-layout":"default","site-content-style":"default","site-sidebar-style":"default","ast-global-header-display":"","ast-banner-title-visibility":"","ast-main-header-display":"","ast-hfb-above-header-display":"","ast-hfb-below-header-display":"","ast-hfb-mobile-header-display":"","site-post-title":"","ast-breadcrumbs-content":"","ast-featured-img":"","footer-sml-layout":"","ast-disable-related-posts":"","theme-transparent-header-meta":"","adv-header-id-meta":"","stick-header-meta":"","header-above-stick-meta":"","header-main-stick-meta":"","header-below-stick-meta":"","astra-migrate-meta-layouts":"default","ast-page-background-enabled":"default","ast-page-background-meta":{"desktop":{"background-color":"var(--ast-global-color-5)","background-image":"","background-repeat":"repeat","background-position":"center center","background-size":"auto","background-attachment":"scroll","background-type":"","background-media":"","overlay-type":"","overlay-color":"","overlay-opacity":"","overlay-gradient":""},"tablet":{"background-color":"","background-image":"","background-repeat":"repeat","background-position":"center center","background-size":"auto","background-attachment":"scroll","background-type":"","background-media":"","overlay-type":"","overlay-color":"","overlay-opacity":"","overlay-gradient":""},"mobile":{"background-color":"","background-image":"","background-repeat":"repeat","background-position":"center center","background-size":"auto","background-attachment":"scroll","background-type":"","background-media":"","overlay-type":"","overlay-color":"","overlay-opacity":"","overlay-gradient":""}},"ast-content-background-meta":{"desktop":{"background-color":"var(--ast-global-color-4)","background-image":"","background-repeat":"repeat","background-position":"center center","background-size":"auto","background-attachment":"scroll","background-type":"","background-media":"","overlay-type":"","overlay-color":"","overlay-opacity":"","overlay-gradient":""},"tablet":{"background-color":"var(--ast-global-color-4)","background-image":"","background-repeat":"repeat","background-position":"center center","background-size":"auto","background-attachment":"scroll","background-type":"","background-media":"","overlay-type":"","overlay-color":"","overlay-opacity":"","overlay-gradient":""},"mobile":{"background-color":"var(--ast-global-color-4)","background-image":"","background-repeat":"repeat","background-position":"center center","background-size":"auto","background-attachment":"scroll","background-type":"","background-media":"","overlay-type":"","overlay-color":"","overlay-opacity":"","overlay-gradient":""}},"_EventAllDay":false,"_EventTimezone":"","_EventStartDate":"","_EventEndDate":"","_EventStartDateUTC":"","_EventEndDateUTC":"","_EventShowMap":false,"_EventShowMapLink":false,"_EventURL":"","_EventCost":"","_EventCostDescription":"","_EventCurrencySymbol":"","_EventCurrencyCode":"","_EventCurrencyPosition":"","_EventDateTimeSeparator":"","_EventTimeRangeSeparator":"","_EventOrganizerID":[],"_EventVenueID":[],"_OrganizerEmail":"","_OrganizerPhone":"","_OrganizerWebsite":"","_VenueAddress":"","_VenueCity":"","_VenueCountry":"","_VenueProvince":"","_VenueState":"","_VenueZip":"","_VenuePhone":"","_VenueURL":"","_VenueStateProvince":"","_VenueLat":"","_VenueLng":"","_VenueShowMap":false,"_VenueShowMapLink":false,"footnotes":""},"class_list":["post-987","page","type-page","status-publish","has-post-thumbnail","hentry"],"acf":[],"uagb_featured_image_src":{"full":["https:\/\/www.rers-evry-bdd.fr\/wp-content\/uploads\/2025\/04\/bandeau_echanges_savoirs.webp",938,198,false],"thumbnail":["https:\/\/www.rers-evry-bdd.fr\/wp-content\/uploads\/2025\/04\/bandeau_echanges_savoirs-150x150.webp",150,150,true],"medium":["https:\/\/www.rers-evry-bdd.fr\/wp-content\/uploads\/2025\/04\/bandeau_echanges_savoirs-300x63.webp",300,63,true],"medium_large":["https:\/\/www.rers-evry-bdd.fr\/wp-content\/uploads\/2025\/04\/bandeau_echanges_savoirs-768x162.webp",768,162,true],"large":["https:\/\/www.rers-evry-bdd.fr\/wp-content\/uploads\/2025\/04\/bandeau_echanges_savoirs.webp",938,198,false],"1536x1536":["https:\/\/www.rers-evry-bdd.fr\/wp-content\/uploads\/2025\/04\/bandeau_echanges_savoirs.webp",938,198,false],"2048x2048":["https:\/\/www.rers-evry-bdd.fr\/wp-content\/uploads\/2025\/04\/bandeau_echanges_savoirs.webp",938,198,false]},"uagb_author_info":{"display_name":"fbred","author_link":"https:\/\/www.rers-evry-bdd.fr\/author\/fbred\/"},"uagb_comment_info":0,"uagb_excerpt":"Comptes-rendus de Conseil Jardin en Partage Lire ou t\u00e9l\u00e9charger le dernier compte-rendu du Conseil du Jardin en Partage mar. 2025 Lire ou t\u00e9l\u00e9charger le dernier compte-rendu du Conseil du Jardin [&hellip;]","_links":{"self":[{"href":"https:\/\/www.rers-evry-bdd.fr\/index.php\/wp-json\/wp\/v2\/pages\/987","targetHints":{"allow":["GET"]}}],"collection":[{"href":"https:\/\/www.rers-evry-bdd.fr\/index.php\/wp-json\/wp\/v2\/pages"}],"about":[{"href":"https:\/\/www.rers-evry-bdd.fr\/index.php\/wp-json\/wp\/v2\/types\/page"}],"author":[{"embeddable":true,"href":"https:\/\/www.rers-evry-bdd.fr\/index.php\/wp-json\/wp\/v2\/users\/1"}],"replies":[{"embeddable":true,"href":"https:\/\/www.rers-evry-bdd.fr\/index.php\/wp-json\/wp\/v2\/comments?post=987"}],"version-history":[{"count":94,"href":"https:\/\/www.rers-evry-bdd.fr\/index.php\/wp-json\/wp\/v2\/pages\/987\/revisions"}],"predecessor-version":[{"id":6624,"href":"https:\/\/www.rers-evry-bdd.fr\/index.php\/wp-json\/wp\/v2\/pages\/987\/revisions\/6624"}],"up":[{"embeddable":true,"href":"https:\/\/www.rers-evry-bdd.fr\/index.php\/wp-json\/wp\/v2\/pages\/7"}],"wp:featuredmedia":[{"embeddable":true,"href":"https:\/\/www.rers-evry-bdd.fr\/index.php\/wp-json\/wp\/v2\/media\/5549"}],"wp:attachment":[{"href":"https:\/\/www.rers-evry-bdd.fr\/index.php\/wp-json\/wp\/v2\/media?parent=987"}],"curies":[{"name":"wp","href":"https:\/\/api.w.org\/{rel}","templated":true}]}}